{"id":11203,"date":"2020-10-06T15:30:39","date_gmt":"2020-10-06T13:30:39","guid":{"rendered":"https:\/\/www.imab-concept.it\/arredamento-zona-notte\/armadi\/"},"modified":"2024-10-10T11:03:59","modified_gmt":"2024-10-10T09:03:59","slug":"armoires","status":"publish","type":"page","link":"https:\/\/www.imab-concept.it\/fr\/nuit\/armoires\/","title":{"rendered":"Armoires"},"content":{"rendered":"<p><div class=\"fusion-fullwidth fullwidth-box fusion-builder-row-1 fusion-flex-container hundred-percent-fullwidth non-hundred-percent-height-scrolling\" style=\"background-color: rgba(255,255,255,0);background-position: center center;background-repeat: no-repeat;border-width: 0px 0px 0px 0px;border-color:#eae9e9;border-style:solid;\" ><div class=\"fusion-builder-row fusion-row fusion-flex-align-items-flex-start\" style=\"width:104% !important;max-width:104% !important;margin-left: calc(-4% \/ 2 );margin-right: calc(-4% \/ 2 );\"><div class=\"fusion-layout-column fusion_builder_column fusion-builder-column-0 fusion_builder_column_1_1 1_1 fusion-flex-column\"><div class=\"fusion-column-wrapper fusion-flex-justify-content-flex-start fusion-content-layout-column\" style=\"background-position:left top;background-repeat:no-repeat;-webkit-background-size:cover;-moz-background-size:cover;-o-background-size:cover;background-size:cover;padding: 0px 0px 0px 0px;\"><div class=\"fusion-slider-sc\"><div class=\"fusion-flexslider-loading flexslider flexslider-hover-type-none\" data-slideshow_autoplay=\"1\" data-slideshow_smooth_height=\"0\" data-slideshow_speed=\"3000\" style=\"max-width:100%;height:100%;\"><ul class=\"slides\"><li class=\"image\"><span class=\"fusion-image-hover-element hover-type-none\"><img decoding=\"async\" src=\"https:\/\/www.imab-concept.it\/wp-content\/uploads\/2024\/06\/armadi-sito_imab-concept.jpg\" width=\"2560\" height=\"900\" class=\"wp-image-12548\" srcset=\"https:\/\/www.imab-concept.it\/wp-content\/uploads\/2024\/06\/armadi-sito_imab-concept-200x70.jpg 200w, https:\/\/www.imab-concept.it\/wp-content\/uploads\/2024\/06\/armadi-sito_imab-concept-400x141.jpg 400w, https:\/\/www.imab-concept.it\/wp-content\/uploads\/2024\/06\/armadi-sito_imab-concept-600x211.jpg 600w, https:\/\/www.imab-concept.it\/wp-content\/uploads\/2024\/06\/armadi-sito_imab-concept-800x281.jpg 800w, https:\/\/www.imab-concept.it\/wp-content\/uploads\/2024\/06\/armadi-sito_imab-concept-1200x422.jpg 1200w, https:\/\/www.imab-concept.it\/wp-content\/uploads\/2024\/06\/armadi-sito_imab-concept.jpg 2560w\" sizes=\"(max-width: 1024px) 100vw, (max-width: 640px) 100vw, 2560px\" \/><\/span><\/li><\/ul><\/div><\/div><\/div><\/div><style type=\"text\/css\">.fusion-body .fusion-builder-column-0{width:100% !important;margin-top : 0px;margin-bottom : 0px;}.fusion-builder-column-0 > .fusion-column-wrapper {padding-top : 0px !important;padding-right : 0px !important;margin-right : 1.92%;padding-bottom : 0px !important;padding-left : 0px !important;margin-left : 1.92%;}@media only screen and (max-width:1024px) {.fusion-body .fusion-builder-column-0{width:100% !important;order : 0;}.fusion-builder-column-0 > .fusion-column-wrapper {margin-right : 1.92%;margin-left : 1.92%;}}@media only screen and (max-width:640px) {.fusion-body .fusion-builder-column-0{width:100% !important;order : 0;}.fusion-builder-column-0 > .fusion-column-wrapper {margin-right : 1.92%;margin-left : 1.92%;}}<\/style><\/div><style type=\"text\/css\">.fusion-body .fusion-flex-container.fusion-builder-row-1{ padding-top : 0px;margin-top : 0px;padding-right : 0px;padding-bottom : 0px;margin-bottom : 0px;padding-left : 0px;}<\/style><\/div><div class=\"fusion-fullwidth fullwidth-box fusion-builder-row-2 fusion-flex-container nonhundred-percent-fullwidth non-hundred-percent-height-scrolling fusion-animated\" style=\"background-color: rgba(255,255,255,0);background-position: center bottom;background-repeat: no-repeat;border-width: 0px 0px 0px 0px;border-color:#eae9e9;border-style:solid;\" data-animationType=\"fadeInUp\" data-animationDuration=\"0.3\" data-animationOffset=\"100%\" ><div class=\"fusion-builder-row fusion-row fusion-flex-align-items-flex-start fusion-flex-justify-content-center\" style=\"max-width:1445.6px;margin-left: calc(-4% \/ 2 );margin-right: calc(-4% \/ 2 );\"><div class=\"fusion-layout-column fusion_builder_column fusion-builder-column-1 fusion_builder_column_2_5 2_5 fusion-flex-column\"><div class=\"fusion-column-wrapper fusion-flex-justify-content-flex-start fusion-content-layout-column\" style=\"background-position:left top;background-repeat:no-repeat;-webkit-background-size:cover;-moz-background-size:cover;-o-background-size:cover;background-size:cover;padding: 0px 0px 0px 0px;\"><style type=\"text\/css\">@media only screen and (max-width:1024px) {.fusion-title.fusion-title-1{margin-top:8px!important;margin-bottom:16px!important;}}@media only screen and (max-width:640px) {.fusion-title.fusion-title-1{margin-top:8px!important;margin-bottom:16px!important;}}<\/style><div class=\"fusion-title title fusion-title-1 fusion-sep-none fusion-title-text fusion-title-size-two\" style=\"margin-top:8px;margin-bottom:16px;\"><h2 class=\"title-heading-left\" style=\"margin:0;\"><p style=\"text-align: left;\">Armoires<\/p><\/h2><\/div><\/div><\/div><style type=\"text\/css\">.fusion-body .fusion-builder-column-1{width:40% !important;margin-top : 25px;margin-bottom : 25px;}.fusion-builder-column-1 > .fusion-column-wrapper {padding-top : 0px !important;padding-right : 0px !important;margin-right : 4.8%;padding-bottom : 0px !important;padding-left : 0px !important;margin-left : 4.8%;}@media only screen and (max-width:1024px) {.fusion-body .fusion-builder-column-1{width:100% !important;order : 0;}.fusion-builder-column-1 > .fusion-column-wrapper {padding-right : 0% !important;margin-right : 0%;padding-left : 0% !important;margin-left : 0%;}}@media only screen and (max-width:640px) {.fusion-body .fusion-builder-column-1{width:100% !important;order : 0;margin-top : 0px;margin-bottom : 0px;}.fusion-builder-column-1 > .fusion-column-wrapper {padding-top : 0px !important;margin-right : 1.92%;padding-bottom : 0px !important;margin-left : 1.92%;}}<\/style><div class=\"fusion-layout-column fusion_builder_column fusion-builder-column-2 fusion_builder_column_3_5 3_5 fusion-flex-column fusion-animated\" data-animationType=\"fadeIn\" data-animationDuration=\"0.8\" data-animationOffset=\"100%\"><div class=\"fusion-column-wrapper fusion-flex-justify-content-flex-start fusion-content-layout-column\" style=\"background-position:left top;background-repeat:no-repeat;-webkit-background-size:cover;-moz-background-size:cover;-o-background-size:cover;background-size:cover;padding: 0px 3% 0px 0px;\"><div class=\"fusion-builder-row fusion-builder-row-inner fusion-row fusion-flex-align-items-flex-start fusion-flex-justify-content-center\" style=\"width:104% !important;max-width:104% !important;margin-left: calc(-4% \/ 2 );margin-right: calc(-4% \/ 2 );\"><div class=\"fusion-layout-column fusion_builder_column_inner fusion-builder-nested-column-0 fusion_builder_column_inner_1_1 1_1 fusion-flex-column fusion-flex-align-self-flex-start\"><div class=\"fusion-column-wrapper fusion-flex-justify-content-center fusion-content-layout-column\" style=\"background-position:left top;background-repeat:no-repeat;-webkit-background-size:cover;-moz-background-size:cover;-o-background-size:cover;background-size:cover;padding: 0px 0px 0px 0px;\"><div class=\"fusion-text fusion-text-1\" style=\"text-align:left;transform:translate3d(0,0,0);\"><p><strong>Des espaces pour organiser votre vie<\/strong><\/p>\n<p>Que vous pr\u00e9f\u00e9riez les armoires \u00e0 portes coulissantes ou battantes, les armoires murales ou les armoires-ponts, lorsque vous concevez une armoire, n\u2019oubliez pas de tenir compte d\u2019au moins trois \u00e9l\u00e9ments : l\u2019espace disponible dans la pi\u00e8ce, la capacit\u00e9 de rangement dont vous avez besoin et la possibilit\u00e9 que tout soit bien organis\u00e9 et \u00e0 port\u00e9e de main.<br \/>\nL\u2019armoire contient toute une vie, et m\u00eame souvent plusieurs ; c\u2019est pourquoi nous avons voulu cr\u00e9er un syst\u00e8me de rangement capable d\u2019interpr\u00e9ter au mieux les besoins de chaque membre de la famille, gr\u00e2ce aux possibilit\u00e9s infinies de personnalisation des compartiments int\u00e9rieurs, de composition des \u00e9l\u00e9ments et de d\u00e9coupe sur mesure.<\/p>\n<\/div><\/div><\/div><style type=\"text\/css\">.fusion-body .fusion-builder-nested-column-0{width:100% !important;margin-top : 20px;margin-bottom : 20px;}.fusion-builder-nested-column-0 > .fusion-column-wrapper {padding-top : 0px !important;padding-right : 0px !important;margin-right : 2.304%;padding-bottom : 0px !important;padding-left : 0px !important;margin-left : 1.92%;}@media only screen and (max-width:1024px) {.fusion-body .fusion-builder-nested-column-0{width:100% !important;order : 0;margin-top : 0%;}.fusion-builder-nested-column-0 > .fusion-column-wrapper {margin-right : 2.304%;margin-left : 1.92%;}}@media only screen and (max-width:640px) {.fusion-body .fusion-builder-nested-column-0{width:100% !important;order : 0;}.fusion-builder-nested-column-0 > .fusion-column-wrapper {margin-right : 2.304%;margin-left : 1.92%;}}<\/style><\/div><div class=\"fusion-builder-row fusion-builder-row-inner fusion-row fusion-flex-align-items-flex-start fusion-flex-justify-content-center\" style=\"width:104% !important;max-width:104% !important;margin-left: calc(-4% \/ 2 );margin-right: calc(-4% \/ 2 );\"><div class=\"fusion-layout-column fusion_builder_column_inner fusion-builder-nested-column-1 fusion_builder_column_inner_1_1 1_1 fusion-flex-column\"><div class=\"fusion-column-wrapper fusion-flex-justify-content-flex-start fusion-content-layout-row\" style=\"background-position:left top;background-repeat:no-repeat;-webkit-background-size:cover;-moz-background-size:cover;-o-background-size:cover;background-size:cover;padding: 0px 0px 0px 0px;\"><div ><style type=\"text\/css\">.fusion-button.button-1 .fusion-button-text, .fusion-button.button-1 i {color:#ffffff;}.fusion-button.button-1 .fusion-button-icon-divider{border-color:#ffffff;}.fusion-button.button-1:hover .fusion-button-text, .fusion-button.button-1:hover i,.fusion-button.button-1:focus .fusion-button-text, .fusion-button.button-1:focus i,.fusion-button.button-1:active .fusion-button-text, .fusion-button.button-1:active{color:#ffffff;}.fusion-button.button-1:hover .fusion-button-icon-divider, .fusion-button.button-1:hover .fusion-button-icon-divider, .fusion-button.button-1:active .fusion-button-icon-divider{border-color:#ffffff;}.fusion-button.button-1:hover, .fusion-button.button-1:focus, .fusion-button.button-1:active{border-color:#a8a8a8;border-width:2px;}.fusion-button.button-1 {border-color:#575756;border-width:2px;border-radius:50px;}.fusion-button.button-1{background: #575756;}.fusion-button.button-1:hover,.button-1:focus,.fusion-button.button-1:active{background: #a8a8a8;}<\/style><a class=\"fusion-button button-flat fusion-button-default-size button-custom button-1 fusion-button-default-span fusion-button-default-type fusion-animated\" data-animationType=\"fadeInUp\" data-animationDuration=\"0.3\" data-animationOffset=\"100%\" target=\"_self\" href=\"https:\/\/www.imab-concept.it\/fr\/nuit\/armoires\/\" style=\"margin-bottom:4%;\"><span class=\"fusion-button-text\">toutes les armoires <\/span><\/a><\/div><div style=\"width:10px\"><\/div><div ><style type=\"text\/css\">.fusion-button.button-2 .fusion-button-text, .fusion-button.button-2 i {color:#575756;}.fusion-button.button-2 .fusion-button-icon-divider{border-color:#575756;}.fusion-button.button-2:hover .fusion-button-text, .fusion-button.button-2:hover i,.fusion-button.button-2:focus .fusion-button-text, .fusion-button.button-2:focus i,.fusion-button.button-2:active .fusion-button-text, .fusion-button.button-2:active{color:#a8a8a8;}.fusion-button.button-2:hover .fusion-button-icon-divider, .fusion-button.button-2:hover .fusion-button-icon-divider, .fusion-button.button-2:active .fusion-button-icon-divider{border-color:#a8a8a8;}.fusion-button.button-2:hover, .fusion-button.button-2:focus, .fusion-button.button-2:active{border-color:#a8a8a8;border-width:2px;}.fusion-button.button-2 {border-color:#575756;border-width:2px;border-radius:50px;}.fusion-button.button-2{background: #ffffff;}.fusion-button.button-2:hover,.button-2:focus,.fusion-button.button-2:active{background: #ffffff;}<\/style><a class=\"fusion-button button-flat fusion-button-default-size button-custom button-2 fusion-button-default-span fusion-button-default-type fusion-animated\" data-animationType=\"fadeInUp\" data-animationDuration=\"0.3\" data-animationOffset=\"100%\" target=\"_self\" href=\"https:\/\/www.imab-concept.it\/fr\/nuit\/armoires\/armoires-a-portes-battantes\/\" style=\"margin-bottom:4%;\"><span class=\"fusion-button-text\">armoires \u00e0 portes battantes <\/span><\/a><\/div><div style=\"width:10px\"><\/div><div ><style type=\"text\/css\">.fusion-button.button-3 .fusion-button-text, .fusion-button.button-3 i {color:#575756;}.fusion-button.button-3 .fusion-button-icon-divider{border-color:#575756;}.fusion-button.button-3:hover .fusion-button-text, .fusion-button.button-3:hover i,.fusion-button.button-3:focus .fusion-button-text, .fusion-button.button-3:focus i,.fusion-button.button-3:active .fusion-button-text, .fusion-button.button-3:active{color:#a8a8a8;}.fusion-button.button-3:hover .fusion-button-icon-divider, .fusion-button.button-3:hover .fusion-button-icon-divider, .fusion-button.button-3:active .fusion-button-icon-divider{border-color:#a8a8a8;}.fusion-button.button-3:hover, .fusion-button.button-3:focus, .fusion-button.button-3:active{border-color:#a8a8a8;border-width:2px;}.fusion-button.button-3 {border-color:#575756;border-width:2px;border-radius:50px;}.fusion-button.button-3{background: #ffffff;}.fusion-button.button-3:hover,.button-3:focus,.fusion-button.button-3:active{background: #ffffff;}<\/style><a class=\"fusion-button button-flat fusion-button-default-size button-custom button-3 fusion-button-default-span fusion-button-default-type fusion-animated\" data-animationType=\"fadeInUp\" data-animationDuration=\"0.3\" data-animationOffset=\"100%\" target=\"_self\" href=\"https:\/\/www.imab-concept.it\/fr\/nuit\/armoires\/armoires-a-portes-coulissantes\/\" style=\"margin-bottom:4%;\"><span class=\"fusion-button-text\">armoires \u00e0 portes coulissantes<\/span><\/a><\/div><\/div><\/div><style type=\"text\/css\">.fusion-body .fusion-builder-nested-column-1{width:100% !important;margin-top : 0px;margin-bottom : 25px;}.fusion-builder-nested-column-1 > .fusion-column-wrapper {padding-top : 0px !important;padding-right : 0px !important;margin-right : 1.92%;padding-bottom : 0px !important;padding-left : 0px !important;margin-left : 1.92%;}@media only screen and (max-width:1024px) {.fusion-body .fusion-builder-nested-column-1{width:100% !important;order : 0;}.fusion-builder-nested-column-1 > .fusion-column-wrapper {margin-right : 1.92%;margin-left : 1.92%;}}@media only screen and (max-width:640px) {.fusion-body .fusion-builder-nested-column-1{width:100% !important;order : 0;}.fusion-builder-nested-column-1 > .fusion-column-wrapper {margin-right : 1.92%;margin-left : 1.92%;}}<\/style><\/div><\/div><\/div><style type=\"text\/css\">.fusion-body .fusion-builder-column-2{width:60% !important;margin-top : 25px;margin-bottom : 5px;}.fusion-builder-column-2 > .fusion-column-wrapper {padding-top : 0px !important;padding-right : 3% !important;margin-right : 0%;padding-bottom : 0px !important;padding-left : 0px !important;margin-left : 3.2%;}@media only screen and (max-width:1024px) {.fusion-body .fusion-builder-column-2{width:100% !important;order : 0;margin-top : 0%;margin-bottom : 0%;}.fusion-builder-column-2 > .fusion-column-wrapper {padding-right : 0% !important;margin-right : 0%;padding-left : 0% !important;margin-left : 0%;}}@media only screen and (max-width:640px) {.fusion-body .fusion-builder-column-2{width:100% !important;order : 0;margin-bottom : 0%;}.fusion-builder-column-2 > .fusion-column-wrapper {margin-right : 1.92%;margin-left : 1.92%;}}<\/style><\/div><style type=\"text\/css\">.fusion-body .fusion-flex-container.fusion-builder-row-2{ padding-top : 0px;margin-top : 0px;padding-right : 0px;padding-bottom : 0px;margin-bottom : 0px;padding-left : 0px;}@media only screen and (max-width:1024px) {.fusion-body .fusion-flex-container.fusion-builder-row-2{ padding-top : 0;}}<\/style><\/div><div class=\"fusion-fullwidth fullwidth-box fusion-builder-row-3 fusion-flex-container nonhundred-percent-fullwidth non-hundred-percent-height-scrolling\" style=\"background-color: rgba(255,255,255,0);background-position: center center;background-repeat: no-repeat;border-width: 0px 0px 0px 0px;border-color:#eae9e9;border-style:solid;\" ><div class=\"fusion-builder-row fusion-row fusion-flex-align-items-stretch\" style=\"max-width:1445.6px;margin-left: calc(-4% \/ 2 );margin-right: calc(-4% \/ 2 );\"><div class=\"fusion-layout-column fusion_builder_column fusion-builder-column-3 fusion_builder_column_1_2 1_2 fusion-flex-column fusion-animated\" data-animationType=\"fadeInUp\" data-animationDuration=\"0.3\" data-animationOffset=\"100%\"><div class=\"fusion-column-wrapper fusion-flex-justify-content-flex-start fusion-content-layout-column\" style=\"background-position:left top;background-repeat:no-repeat;-webkit-background-size:cover;-moz-background-size:cover;-o-background-size:cover;background-size:cover;padding: 0px 0px 0px 0px;\"><div ><span class=\" fusion-imageframe imageframe-none imageframe-1 hover-type-zoomin\" style=\"margin-bottom:4%;\"><img decoding=\"async\" width=\"650\" height=\"470\" alt=\"RQN036 Podio armadio scorrevole bicolore Imab concept\" title=\"RQN036_podio_armadio_scorrevole_imab_concept_aggiungere\" src=\"https:\/\/www.imab-concept.it\/wp-content\/uploads\/2024\/05\/RQN036_podio_armadio_scorrevole_imab_concept_aggiungere.jpg\" class=\"img-responsive wp-image-12310\" srcset=\"https:\/\/www.imab-concept.it\/wp-content\/uploads\/2024\/05\/RQN036_podio_armadio_scorrevole_imab_concept_aggiungere-200x145.jpg 200w, https:\/\/www.imab-concept.it\/wp-content\/uploads\/2024\/05\/RQN036_podio_armadio_scorrevole_imab_concept_aggiungere-400x289.jpg 400w, https:\/\/www.imab-concept.it\/wp-content\/uploads\/2024\/05\/RQN036_podio_armadio_scorrevole_imab_concept_aggiungere-600x434.jpg 600w, https:\/\/www.imab-concept.it\/wp-content\/uploads\/2024\/05\/RQN036_podio_armadio_scorrevole_imab_concept_aggiungere.jpg 650w\" sizes=\"(max-width: 1024px) 100vw, (max-width: 640px) 100vw, 650px\" \/><\/span><\/div><style type=\"text\/css\">@media only screen and (max-width:1024px) {.fusion-title.fusion-title-2{margin-top:8px!important;margin-bottom:16px!important;}}@media only screen and (max-width:640px) {.fusion-title.fusion-title-2{margin-top:8px!important;margin-bottom:16px!important;}}<\/style><div class=\"fusion-title title fusion-title-2 fusion-sep-none fusion-title-text fusion-title-size-three\" style=\"margin-top:8px;margin-bottom:16px;\"><h3 class=\"title-heading-left\" style=\"margin:0;\">Podio &#8211; Armoire \u00e0 portes coulissantes<\/h3><\/div><div class=\"fusion-text fusion-text-2\" style=\"transform:translate3d(0,0,0);\"><p>L&rsquo;armoire est l&rsquo;un des meubles les plus importants de la chambre \u00e0 coucher. Cr\u00e9ez une chambre \u00e0 coucher qui refl\u00e8te vos go\u00fbts en associant des finitions tr\u00e8s diff\u00e9rentes et en accessoirisant l\u2019int\u00e9rieur avec les solutions qui vous sont le plus utiles.<\/p>\n<\/div><div ><style type=\"text\/css\">.fusion-button.button-4 {border-radius:50px;}<\/style><a class=\"fusion-button button-flat fusion-button-default-size button-default button-4 fusion-button-default-span fusion-button-default-type button_cucine\" target=\"_self\" href=\"https:\/\/www.imab-concept.it\/fr\/collection\/continuo-fr\/armoires-portes-battantes-coulissantes\/\"><span class=\"fusion-button-text\">D\u00c9COUVREZ LA COLLECTION CONTINUO <\/span><\/a><\/div><\/div><\/div><style type=\"text\/css\">.fusion-body .fusion-builder-column-3{width:50% !important;margin-top : 25px;margin-bottom : 25px;}.fusion-builder-column-3 > .fusion-column-wrapper {padding-top : 0px !important;padding-right : 0px !important;margin-right : 3.84%;padding-bottom : 0px !important;padding-left : 0px !important;margin-left : 3.84%;}@media only screen and (max-width:1024px) {.fusion-body .fusion-builder-column-3{width:50% !important;order : 0;}.fusion-builder-column-3 > .fusion-column-wrapper {margin-right : 3.84%;margin-left : 3.84%;}}@media only screen and (max-width:640px) {.fusion-body .fusion-builder-column-3{width:100% !important;order : 0;}.fusion-builder-column-3 > .fusion-column-wrapper {margin-right : 1.92%;margin-left : 1.92%;}}<\/style><div class=\"fusion-layout-column fusion_builder_column fusion-builder-column-4 fusion_builder_column_1_2 1_2 fusion-flex-column fusion-animated\" data-animationType=\"fadeInUp\" data-animationDuration=\"0.3\" data-animationOffset=\"100%\"><div class=\"fusion-column-wrapper fusion-flex-justify-content-flex-start fusion-content-layout-column\" style=\"background-position:left top;background-repeat:no-repeat;-webkit-background-size:cover;-moz-background-size:cover;-o-background-size:cover;background-size:cover;padding: 0px 0px 0px 0px;\"><div ><span class=\" fusion-imageframe imageframe-none imageframe-2 hover-type-zoomin\" style=\"margin-bottom:4%;\"><img decoding=\"async\" width=\"650\" height=\"470\" title=\"RQM035 Boma armadio ante battenti Imab Concept\" src=\"https:\/\/www.imab-concept.it\/wp-content\/uploads\/2022\/11\/RQM035-boma-armadio-battente-imab-concept.jpg\" class=\"img-responsive wp-image-8490\" srcset=\"https:\/\/www.imab-concept.it\/wp-content\/uploads\/2022\/11\/RQM035-boma-armadio-battente-imab-concept-200x145.jpg 200w, https:\/\/www.imab-concept.it\/wp-content\/uploads\/2022\/11\/RQM035-boma-armadio-battente-imab-concept-400x289.jpg 400w, https:\/\/www.imab-concept.it\/wp-content\/uploads\/2022\/11\/RQM035-boma-armadio-battente-imab-concept-600x434.jpg 600w, https:\/\/www.imab-concept.it\/wp-content\/uploads\/2022\/11\/RQM035-boma-armadio-battente-imab-concept.jpg 650w\" sizes=\"(max-width: 1024px) 100vw, (max-width: 640px) 100vw, 650px\" \/><\/span><\/div><style type=\"text\/css\">@media only screen and (max-width:1024px) {.fusion-title.fusion-title-3{margin-top:8px!important;margin-bottom:16px!important;}}@media only screen and (max-width:640px) {.fusion-title.fusion-title-3{margin-top:8px!important;margin-bottom:16px!important;}}<\/style><div class=\"fusion-title title fusion-title-3 fusion-sep-none fusion-title-text fusion-title-size-three\" style=\"margin-top:8px;margin-bottom:16px;\"><h3 class=\"title-heading-left\" style=\"margin:0;\">Boma &#8211;\u00a0Armoire \u00e0 portes battantes<\/h3><\/div><div class=\"fusion-text fusion-text-3\" style=\"transform:translate3d(0,0,0);\"><p>Des modules de rangement personnalis\u00e9s avec diff\u00e9rentes finitions permettent de rompre la monochromie de la pi\u00e8ce, pour un effet esth\u00e9tique moderne et contemporain, qui ne n\u00e9glige pas la fonctionnalit\u00e9.<\/p>\n<\/div><div ><style type=\"text\/css\">.fusion-button.button-5 {border-radius:50px;}<\/style><a class=\"fusion-button button-flat fusion-button-default-size button-default button-5 fusion-button-default-span fusion-button-default-type button_cucine\" target=\"_self\" href=\"https:\/\/www.imab-concept.it\/fr\/collection\/compongo-fr\/armoires-portes-battantes-coulissantes\/\"><span class=\"fusion-button-text\">D\u00c9COUVREZ LA COLLECTION COMPONGO <\/span><\/a><\/div><\/div><\/div><style type=\"text\/css\">.fusion-body .fusion-builder-column-4{width:50% !important;margin-top : 25px;margin-bottom : 25px;}.fusion-builder-column-4 > .fusion-column-wrapper {padding-top : 0px !important;padding-right : 0px !important;margin-right : 3.84%;padding-bottom : 0px !important;padding-left : 0px !important;margin-left : 3.84%;}@media only screen and (max-width:1024px) {.fusion-body .fusion-builder-column-4{width:50% !important;order : 0;}.fusion-builder-column-4 > .fusion-column-wrapper {margin-right : 3.84%;margin-left : 3.84%;}}@media only screen and (max-width:640px) {.fusion-body .fusion-builder-column-4{width:100% !important;order : 0;}.fusion-builder-column-4 > .fusion-column-wrapper {margin-right : 1.92%;margin-left : 1.92%;}}<\/style><div class=\"fusion-layout-column fusion_builder_column fusion-builder-column-5 fusion_builder_column_1_2 1_2 fusion-flex-column fusion-animated\" data-animationType=\"fadeInUp\" data-animationDuration=\"0.3\" data-animationOffset=\"100%\"><div class=\"fusion-column-wrapper fusion-flex-justify-content-flex-start fusion-content-layout-column\" style=\"background-position:left top;background-repeat:no-repeat;-webkit-background-size:cover;-moz-background-size:cover;-o-background-size:cover;background-size:cover;padding: 0px 0px 0px 0px;\"><div ><span class=\" fusion-imageframe imageframe-none imageframe-3 hover-type-zoomin\" style=\"margin-bottom:4%;\"><img decoding=\"async\" width=\"650\" height=\"470\" title=\"RQM040 Line 2 e Vola armadio battente Imab Concept\" src=\"https:\/\/www.imab-concept.it\/wp-content\/uploads\/2022\/11\/rqm040-line2-vola-armadio-battente-imab-concept.jpg\" class=\"img-responsive wp-image-8498\" srcset=\"https:\/\/www.imab-concept.it\/wp-content\/uploads\/2022\/11\/rqm040-line2-vola-armadio-battente-imab-concept-200x145.jpg 200w, https:\/\/www.imab-concept.it\/wp-content\/uploads\/2022\/11\/rqm040-line2-vola-armadio-battente-imab-concept-400x289.jpg 400w, https:\/\/www.imab-concept.it\/wp-content\/uploads\/2022\/11\/rqm040-line2-vola-armadio-battente-imab-concept-600x434.jpg 600w, https:\/\/www.imab-concept.it\/wp-content\/uploads\/2022\/11\/rqm040-line2-vola-armadio-battente-imab-concept.jpg 650w\" sizes=\"(max-width: 1024px) 100vw, (max-width: 640px) 100vw, 650px\" \/><\/span><\/div><style type=\"text\/css\">@media only screen and (max-width:1024px) {.fusion-title.fusion-title-4{margin-top:8px!important;margin-bottom:16px!important;}}@media only screen and (max-width:640px) {.fusion-title.fusion-title-4{margin-top:8px!important;margin-bottom:16px!important;}}<\/style><div class=\"fusion-title title fusion-title-4 fusion-sep-none fusion-title-text fusion-title-size-three\" style=\"margin-top:8px;margin-bottom:16px;\"><h3 class=\"title-heading-left\" style=\"margin:0;\">Line V2 Vola &#8211;\u00a0Armoire modulable<\/h3><\/div><div class=\"fusion-text fusion-text-4\" style=\"transform:translate3d(0,0,0);\"><p>L\u00e0 o\u00f9 vous voyez un mur, nous voyons une armoire. Gr\u00e2ce \u00e0 la grande modularit\u00e9 de ce projet, vous pouvez choisir des \u00e9l\u00e9ments lin\u00e9aires de diff\u00e9rentes tailles, des \u00e9l\u00e9ments d\u2019angle, des dressing et des \u00e9l\u00e9ments compl\u00e9mentaires qui nous permettent de cr\u00e9er des projets toujours nouveaux, capables d\u2019habiller n\u2019importe quelle surface.<\/p>\n<\/div><div ><style type=\"text\/css\">.fusion-button.button-6 {border-radius:50px;}<\/style><a class=\"fusion-button button-flat fusion-button-default-size button-default button-6 fusion-button-default-span fusion-button-default-type button_cucine\" target=\"_self\" href=\"https:\/\/www.imab-concept.it\/fr\/collection\/compongo-fr\/armoires-portes-battantes-coulissantes\/\"><span class=\"fusion-button-text\">D\u00c9COUVREZ LA COLLECTION COMPONGO<\/span><\/a><\/div><\/div><\/div><style type=\"text\/css\">.fusion-body .fusion-builder-column-5{width:50% !important;margin-top : 25px;margin-bottom : 25px;}.fusion-builder-column-5 > .fusion-column-wrapper {padding-top : 0px !important;padding-right : 0px !important;margin-right : 3.84%;padding-bottom : 0px !important;padding-left : 0px !important;margin-left : 3.84%;}@media only screen and (max-width:1024px) {.fusion-body .fusion-builder-column-5{width:50% !important;order : 0;}.fusion-builder-column-5 > .fusion-column-wrapper {margin-right : 3.84%;margin-left : 3.84%;}}@media only screen and (max-width:640px) {.fusion-body .fusion-builder-column-5{width:100% !important;order : 0;}.fusion-builder-column-5 > .fusion-column-wrapper {margin-right : 1.92%;margin-left : 1.92%;}}<\/style><div class=\"fusion-layout-column fusion_builder_column fusion-builder-column-6 fusion_builder_column_1_2 1_2 fusion-flex-column fusion-animated\" data-animationType=\"fadeInUp\" data-animationDuration=\"0.3\" data-animationOffset=\"100%\"><div class=\"fusion-column-wrapper fusion-flex-justify-content-flex-start fusion-content-layout-column\" style=\"background-position:left top;background-repeat:no-repeat;-webkit-background-size:cover;-moz-background-size:cover;-o-background-size:cover;background-size:cover;padding: 0px 0px 0px 0px;\"><div ><span class=\" fusion-imageframe imageframe-none imageframe-4 hover-type-zoomin\" style=\"margin-bottom:4%;\"><img decoding=\"async\" width=\"650\" height=\"470\" title=\"RQM038 Vola armadio battente a ponte Imab Concept\" src=\"https:\/\/www.imab-concept.it\/wp-content\/uploads\/2022\/11\/RQM038-vola-armadio-battente-imab-concept.jpg\" class=\"img-responsive wp-image-8494\" srcset=\"https:\/\/www.imab-concept.it\/wp-content\/uploads\/2022\/11\/RQM038-vola-armadio-battente-imab-concept-200x145.jpg 200w, https:\/\/www.imab-concept.it\/wp-content\/uploads\/2022\/11\/RQM038-vola-armadio-battente-imab-concept-400x289.jpg 400w, https:\/\/www.imab-concept.it\/wp-content\/uploads\/2022\/11\/RQM038-vola-armadio-battente-imab-concept-600x434.jpg 600w, https:\/\/www.imab-concept.it\/wp-content\/uploads\/2022\/11\/RQM038-vola-armadio-battente-imab-concept.jpg 650w\" sizes=\"(max-width: 1024px) 100vw, (max-width: 640px) 100vw, 650px\" \/><\/span><\/div><style type=\"text\/css\">@media only screen and (max-width:1024px) {.fusion-title.fusion-title-5{margin-top:8px!important;margin-bottom:16px!important;}}@media only screen and (max-width:640px) {.fusion-title.fusion-title-5{margin-top:8px!important;margin-bottom:16px!important;}}<\/style><div class=\"fusion-title title fusion-title-5 fusion-sep-none fusion-title-text fusion-title-size-three\" style=\"margin-top:8px;margin-bottom:16px;\"><h3 class=\"title-heading-left\" style=\"margin:0;\">Vola &#8211;\u00a0Armoire-pont \u00e0 portes battantes<\/h3><\/div><div class=\"fusion-text fusion-text-5\" style=\"transform:translate3d(0,0,0);\"><p>L\u2019armoire-pont associ\u00e9e \u00e0 une biblioth\u00e8que avec bureau int\u00e9gr\u00e9 cr\u00e9e des solutions d\u2019ameublement vraiment fonctionnelles et peu encombrantes. Cette solution ajoute de la valeur et de la polyvalence \u00e0 la chambre \u00e0 coucher, qui devient \u00e9galement un endroit fonctionnel pour travailler ou \u00e9tudier.<\/p>\n<\/div><div ><style type=\"text\/css\">.fusion-button.button-7 {border-radius:50px;}<\/style><a class=\"fusion-button button-flat fusion-button-default-size button-default button-7 fusion-button-default-span fusion-button-default-type button_cucine\" target=\"_self\" href=\"https:\/\/www.imab-concept.it\/fr\/collection\/compongo-fr\/armoires-portes-battantes-coulissantes\/\"><span class=\"fusion-button-text\">D\u00c9COUVREZ LA COLLECTION COMPONGO <\/span><\/a><\/div><\/div><\/div><style type=\"text\/css\">.fusion-body .fusion-builder-column-6{width:50% !important;margin-top : 25px;margin-bottom : 25px;}.fusion-builder-column-6 > .fusion-column-wrapper {padding-top : 0px !important;padding-right : 0px !important;margin-right : 3.84%;padding-bottom : 0px !important;padding-left : 0px !important;margin-left : 3.84%;}@media only screen and (max-width:1024px) {.fusion-body .fusion-builder-column-6{width:50% !important;order : 0;}.fusion-builder-column-6 > .fusion-column-wrapper {margin-right : 3.84%;margin-left : 3.84%;}}@media only screen and (max-width:640px) {.fusion-body .fusion-builder-column-6{width:100% !important;order : 0;}.fusion-builder-column-6 > .fusion-column-wrapper {margin-right : 1.92%;margin-left : 1.92%;}}<\/style><div class=\"fusion-layout-column fusion_builder_column fusion-builder-column-7 fusion_builder_column_1_2 1_2 fusion-flex-column fusion-animated\" data-animationType=\"fadeInUp\" data-animationDuration=\"0.3\" data-animationOffset=\"100%\"><div class=\"fusion-column-wrapper fusion-flex-justify-content-flex-start fusion-content-layout-column\" style=\"background-position:left top;background-repeat:no-repeat;-webkit-background-size:cover;-moz-background-size:cover;-o-background-size:cover;background-size:cover;padding: 0px 0px 0px 0px;\"><div ><span class=\" fusion-imageframe imageframe-none imageframe-5 hover-type-zoomin\" style=\"margin-bottom:4%;\"><img decoding=\"async\" width=\"650\" height=\"470\" title=\"RQM041 Dub armadio battente con smart working Imab Concept\" src=\"https:\/\/www.imab-concept.it\/wp-content\/uploads\/2022\/11\/RQM041-dub-armadio-battente-imab-concept.jpg\" class=\"img-responsive wp-image-8500\" srcset=\"https:\/\/www.imab-concept.it\/wp-content\/uploads\/2022\/11\/RQM041-dub-armadio-battente-imab-concept-200x145.jpg 200w, https:\/\/www.imab-concept.it\/wp-content\/uploads\/2022\/11\/RQM041-dub-armadio-battente-imab-concept-400x289.jpg 400w, https:\/\/www.imab-concept.it\/wp-content\/uploads\/2022\/11\/RQM041-dub-armadio-battente-imab-concept-600x434.jpg 600w, https:\/\/www.imab-concept.it\/wp-content\/uploads\/2022\/11\/RQM041-dub-armadio-battente-imab-concept.jpg 650w\" sizes=\"(max-width: 1024px) 100vw, (max-width: 640px) 100vw, 650px\" \/><\/span><\/div><style type=\"text\/css\">@media only screen and (max-width:1024px) {.fusion-title.fusion-title-6{margin-top:8px!important;margin-bottom:16px!important;}}@media only screen and (max-width:640px) {.fusion-title.fusion-title-6{margin-top:8px!important;margin-bottom:16px!important;}}<\/style><div class=\"fusion-title title fusion-title-6 fusion-sep-none fusion-title-text fusion-title-size-three\" style=\"margin-top:8px;margin-bottom:16px;\"><h3 class=\"title-heading-left\" style=\"margin:0;\">Dub &#8211;\u00a0Armoire \u00e0 portes battantes avec espace de t\u00e9l\u00e9travail<\/h3><\/div><div class=\"fusion-text fusion-text-6\" style=\"transform:translate3d(0,0,0);\"><p>Dans la conception moderne du mobilier de l\u2019espace nuit, l\u2019armoire n\u2019est pas un simple placard. \u00c0 l\u2019int\u00e9rieur, nous rangeons ce qui nous est cher, nos v\u00eatements, nos accessoires, notre linge de maison et, gr\u00e2ce \u00e0 la possibilit\u00e9 de moduler de nouveaux volumes, nous pouvons enrichir sa fonctionnalit\u00e9. Comme dans ce cas, o\u00f9 nous avons recr\u00e9\u00e9 un poste de travail \u00e9quip\u00e9 de tout le n\u00e9cessaire.<\/p>\n<\/div><div ><style type=\"text\/css\">.fusion-button.button-8 {border-radius:50px;}<\/style><a class=\"fusion-button button-flat fusion-button-default-size button-default button-8 fusion-button-default-span fusion-button-default-type button_cucine\" target=\"_self\" href=\"https:\/\/www.imab-concept.it\/fr\/collection\/compongo-fr\/armoires-portes-battantes-coulissantes\/\"><span class=\"fusion-button-text\">D\u00c9COUVREZ LA COLLECTION COMPONGO <\/span><\/a><\/div><\/div><\/div><style type=\"text\/css\">.fusion-body .fusion-builder-column-7{width:50% !important;margin-top : 25px;margin-bottom : 25px;}.fusion-builder-column-7 > .fusion-column-wrapper {padding-top : 0px !important;padding-right : 0px !important;margin-right : 3.84%;padding-bottom : 0px !important;padding-left : 0px !important;margin-left : 3.84%;}@media only screen and (max-width:1024px) {.fusion-body .fusion-builder-column-7{width:50% !important;order : 0;}.fusion-builder-column-7 > .fusion-column-wrapper {margin-right : 3.84%;margin-left : 3.84%;}}@media only screen and (max-width:640px) {.fusion-body .fusion-builder-column-7{width:100% !important;order : 0;}.fusion-builder-column-7 > .fusion-column-wrapper {margin-right : 1.92%;margin-left : 1.92%;}}<\/style><div class=\"fusion-layout-column fusion_builder_column fusion-builder-column-8 fusion_builder_column_1_2 1_2 fusion-flex-column fusion-animated\" data-animationType=\"fadeInUp\" data-animationDuration=\"0.3\" data-animationOffset=\"100%\"><div class=\"fusion-column-wrapper fusion-flex-justify-content-flex-start fusion-content-layout-column\" style=\"background-position:left top;background-repeat:no-repeat;-webkit-background-size:cover;-moz-background-size:cover;-o-background-size:cover;background-size:cover;padding: 0px 0px 0px 0px;\"><div ><span class=\" fusion-imageframe imageframe-none imageframe-6 hover-type-zoomin\" style=\"margin-bottom:4%;\"><img decoding=\"async\" width=\"650\" height=\"470\" title=\"RQN019 Open armadio componibile Imab Concept\" src=\"https:\/\/www.imab-concept.it\/wp-content\/uploads\/2022\/11\/RQN019-open-armadio-imab-concept.jpg\" class=\"img-responsive wp-image-8542\" srcset=\"https:\/\/www.imab-concept.it\/wp-content\/uploads\/2022\/11\/RQN019-open-armadio-imab-concept-200x145.jpg 200w, https:\/\/www.imab-concept.it\/wp-content\/uploads\/2022\/11\/RQN019-open-armadio-imab-concept-400x289.jpg 400w, https:\/\/www.imab-concept.it\/wp-content\/uploads\/2022\/11\/RQN019-open-armadio-imab-concept-600x434.jpg 600w, https:\/\/www.imab-concept.it\/wp-content\/uploads\/2022\/11\/RQN019-open-armadio-imab-concept.jpg 650w\" sizes=\"(max-width: 1024px) 100vw, (max-width: 640px) 100vw, 650px\" \/><\/span><\/div><style type=\"text\/css\">@media only screen and (max-width:1024px) {.fusion-title.fusion-title-7{margin-top:8px!important;margin-bottom:16px!important;}}@media only screen and (max-width:640px) {.fusion-title.fusion-title-7{margin-top:8px!important;margin-bottom:16px!important;}}<\/style><div class=\"fusion-title title fusion-title-7 fusion-sep-none fusion-title-text fusion-title-size-three\" style=\"margin-top:8px;margin-bottom:16px;\"><h3 class=\"title-heading-left\" style=\"margin:0;\">Open &#8211;\u00a0Armoire modulable<\/h3><\/div><div class=\"fusion-text fusion-text-7\" style=\"transform:translate3d(0,0,0);\"><p>Un syst\u00e8me dont chaque module est enti\u00e8rement personnalisable, afin de concevoir un projet \u00e9quilibr\u00e9 et fonctionnel. Dans ce cas, l\u2019inclusion de la porte \u00e0 cadre en verre Fum\u00e8 donne de la profondeur aux surfaces et de l\u2019\u00e9l\u00e9gance, en contribuant \u00e0 la d\u00e9finition du style choisi pour notre espace nuit.<\/p>\n<\/div><div ><style type=\"text\/css\">.fusion-button.button-9 {border-radius:50px;}<\/style><a class=\"fusion-button button-flat fusion-button-default-size button-default button-9 fusion-button-default-span fusion-button-default-type button_cucine\" target=\"_self\" href=\"https:\/\/www.imab-concept.it\/fr\/collection\/continuo-fr\/armoires-portes-battantes-et-coulissantes\/\"><span class=\"fusion-button-text\">D\u00c9COUVREZ LA COLLECTION CONTINUO<\/span><\/a><\/div><\/div><\/div><style type=\"text\/css\">.fusion-body .fusion-builder-column-8{width:50% !important;margin-top : 25px;margin-bottom : 25px;}.fusion-builder-column-8 > .fusion-column-wrapper {padding-top : 0px !important;padding-right : 0px !important;margin-right : 3.84%;padding-bottom : 0px !important;padding-left : 0px !important;margin-left : 3.84%;}@media only screen and (max-width:1024px) {.fusion-body .fusion-builder-column-8{width:50% !important;order : 0;}.fusion-builder-column-8 > .fusion-column-wrapper {margin-right : 3.84%;margin-left : 3.84%;}}@media only screen and (max-width:640px) {.fusion-body .fusion-builder-column-8{width:100% !important;order : 0;}.fusion-builder-column-8 > .fusion-column-wrapper {margin-right : 1.92%;margin-left : 1.92%;}}<\/style><div class=\"fusion-layout-column fusion_builder_column fusion-builder-column-9 fusion_builder_column_1_2 1_2 fusion-flex-column fusion-animated\" data-animationType=\"fadeInUp\" data-animationDuration=\"0.3\" data-animationOffset=\"100%\"><div class=\"fusion-column-wrapper fusion-flex-justify-content-flex-start fusion-content-layout-column\" style=\"background-position:left top;background-repeat:no-repeat;-webkit-background-size:cover;-moz-background-size:cover;-o-background-size:cover;background-size:cover;padding: 0px 0px 0px 0px;\"><div ><span class=\" fusion-imageframe imageframe-none imageframe-7 hover-type-zoomin\" style=\"margin-bottom:4%;\"><img decoding=\"async\" width=\"650\" height=\"470\" title=\"RQN020 Armadio per cabina Imab Concept\" src=\"https:\/\/www.imab-concept.it\/wp-content\/uploads\/2022\/11\/RQN020-open-armadio-imab-concept.jpg\" class=\"img-responsive wp-image-8544\" srcset=\"https:\/\/www.imab-concept.it\/wp-content\/uploads\/2022\/11\/RQN020-open-armadio-imab-concept-200x145.jpg 200w, https:\/\/www.imab-concept.it\/wp-content\/uploads\/2022\/11\/RQN020-open-armadio-imab-concept-400x289.jpg 400w, https:\/\/www.imab-concept.it\/wp-content\/uploads\/2022\/11\/RQN020-open-armadio-imab-concept-600x434.jpg 600w, https:\/\/www.imab-concept.it\/wp-content\/uploads\/2022\/11\/RQN020-open-armadio-imab-concept.jpg 650w\" sizes=\"(max-width: 1024px) 100vw, (max-width: 640px) 100vw, 650px\" \/><\/span><\/div><style type=\"text\/css\">@media only screen and (max-width:1024px) {.fusion-title.fusion-title-8{margin-top:8px!important;margin-bottom:16px!important;}}@media only screen and (max-width:640px) {.fusion-title.fusion-title-8{margin-top:8px!important;margin-bottom:16px!important;}}<\/style><div class=\"fusion-title title fusion-title-8 fusion-sep-none fusion-title-text fusion-title-size-three\" style=\"margin-top:8px;margin-bottom:16px;\"><h3 class=\"title-heading-left\" style=\"margin:0;\">Open &#8211;\u00a0Armoire pour dressing<\/h3><\/div><div class=\"fusion-text fusion-text-8\" style=\"transform:translate3d(0,0,0);\"><p>Une armoire est fonctionnelle lorsqu\u2019elle permet, gr\u00e2ce \u00e0 ses accessoires, l\u2019optimisation et la multifonctionnalit\u00e9 de l\u2019espace. Dans cette composition, parfaite pour un dressing, chaque accessoire est pens\u00e9 pour simplifier l\u2019organisation de la garde-robe et les choix au quotidien.<\/p>\n<\/div><div ><style type=\"text\/css\">.fusion-button.button-10 {border-radius:50px;}<\/style><a class=\"fusion-button button-flat fusion-button-default-size button-default button-10 fusion-button-default-span fusion-button-default-type button_cucine\" target=\"_self\" href=\"https:\/\/www.imab-concept.it\/fr\/collection\/continuo-fr\/armoires-portes-battantes-et-coulissantes\/\"><span class=\"fusion-button-text\">D\u00c9COUVREZ LA COLLECTION CONTINUO <\/span><\/a><\/div><\/div><\/div><style type=\"text\/css\">.fusion-body .fusion-builder-column-9{width:50% !important;margin-top : 25px;margin-bottom : 25px;}.fusion-builder-column-9 > .fusion-column-wrapper {padding-top : 0px !important;padding-right : 0px !important;margin-right : 3.84%;padding-bottom : 0px !important;padding-left : 0px !important;margin-left : 3.84%;}@media only screen and (max-width:1024px) {.fusion-body .fusion-builder-column-9{width:50% !important;order : 0;}.fusion-builder-column-9 > .fusion-column-wrapper {margin-right : 3.84%;margin-left : 3.84%;}}@media only screen and (max-width:640px) {.fusion-body .fusion-builder-column-9{width:100% !important;order : 0;}.fusion-builder-column-9 > .fusion-column-wrapper {margin-right : 1.92%;margin-left : 1.92%;}}<\/style><div class=\"fusion-layout-column fusion_builder_column fusion-builder-column-10 fusion_builder_column_1_2 1_2 fusion-flex-column fusion-animated\" data-animationType=\"fadeInUp\" data-animationDuration=\"0.3\" data-animationOffset=\"100%\"><div class=\"fusion-column-wrapper fusion-flex-justify-content-flex-start fusion-content-layout-column\" style=\"background-position:left top;background-repeat:no-repeat;-webkit-background-size:cover;-moz-background-size:cover;-o-background-size:cover;background-size:cover;padding: 0px 0px 0px 0px;\"><div ><span class=\" fusion-imageframe imageframe-none imageframe-8 hover-type-zoomin\" style=\"margin-bottom:4%;\"><img decoding=\"async\" width=\"650\" height=\"470\" title=\"RQN015 Armadio con scrivania estraibile Imab concept\" src=\"https:\/\/www.imab-concept.it\/wp-content\/uploads\/2022\/11\/RQN015-open-armadio-imab-concept.jpg\" class=\"img-responsive wp-image-8534\" srcset=\"https:\/\/www.imab-concept.it\/wp-content\/uploads\/2022\/11\/RQN015-open-armadio-imab-concept-200x145.jpg 200w, https:\/\/www.imab-concept.it\/wp-content\/uploads\/2022\/11\/RQN015-open-armadio-imab-concept-400x289.jpg 400w, https:\/\/www.imab-concept.it\/wp-content\/uploads\/2022\/11\/RQN015-open-armadio-imab-concept-600x434.jpg 600w, https:\/\/www.imab-concept.it\/wp-content\/uploads\/2022\/11\/RQN015-open-armadio-imab-concept.jpg 650w\" sizes=\"(max-width: 1024px) 100vw, (max-width: 640px) 100vw, 650px\" \/><\/span><\/div><style type=\"text\/css\">@media only screen and (max-width:1024px) {.fusion-title.fusion-title-9{margin-top:8px!important;margin-bottom:16px!important;}}@media only screen and (max-width:640px) {.fusion-title.fusion-title-9{margin-top:8px!important;margin-bottom:16px!important;}}<\/style><div class=\"fusion-title title fusion-title-9 fusion-sep-none fusion-title-text fusion-title-size-three\" style=\"margin-top:8px;margin-bottom:16px;\"><h3 class=\"title-heading-left\" style=\"margin:0;\">Open &#8211;\u00a0Armoire avec bureau escamotable<\/h3><\/div><div class=\"fusion-text fusion-text-9\" style=\"transform:translate3d(0,0,0);\"><p>Gr\u00e2ce \u00e0 l\u2019ajout d\u2019accessoires, il est possible de personnaliser les espaces d\u2019une armoire de mani\u00e8re intelligente et utile pour g\u00e9rer les objets qui accompagnent notre quotidien. Ajoutez \u00e0 cela un bureau escamotable, con\u00e7u pour r\u00e9pondre aux besoins du t\u00e9l\u00e9travail, et la composition acquiert v\u00e9ritablement une valeur contemporaine\u00a0!<\/p>\n<\/div><div ><style type=\"text\/css\">.fusion-button.button-11 {border-radius:50px;}<\/style><a class=\"fusion-button button-flat fusion-button-default-size button-default button-11 fusion-button-default-span fusion-button-default-type button_cucine\" target=\"_self\" href=\"https:\/\/www.imab-concept.it\/fr\/collection\/continuo-fr\/armoires-portes-battantes-et-coulissantes\/\"><span class=\"fusion-button-text\">D\u00c9COUVREZ LA COLLECTION CONTINUO <\/span><\/a><\/div><\/div><\/div><style type=\"text\/css\">.fusion-body .fusion-builder-column-10{width:50% !important;margin-top : 25px;margin-bottom : 25px;}.fusion-builder-column-10 > .fusion-column-wrapper {padding-top : 0px !important;padding-right : 0px !important;margin-right : 3.84%;padding-bottom : 0px !important;padding-left : 0px !important;margin-left : 3.84%;}@media only screen and (max-width:1024px) {.fusion-body .fusion-builder-column-10{width:50% !important;order : 0;}.fusion-builder-column-10 > .fusion-column-wrapper {margin-right : 3.84%;margin-left : 3.84%;}}@media only screen and (max-width:640px) {.fusion-body .fusion-builder-column-10{width:100% !important;order : 0;}.fusion-builder-column-10 > .fusion-column-wrapper {margin-right : 1.92%;margin-left : 1.92%;}}<\/style><div class=\"fusion-layout-column fusion_builder_column fusion-builder-column-11 fusion_builder_column_1_2 1_2 fusion-flex-column fusion-animated\" data-animationType=\"fadeInUp\" data-animationDuration=\"0.3\" data-animationOffset=\"100%\"><div class=\"fusion-column-wrapper fusion-flex-justify-content-flex-start fusion-content-layout-column\" style=\"background-position:left top;background-repeat:no-repeat;-webkit-background-size:cover;-moz-background-size:cover;-o-background-size:cover;background-size:cover;padding: 0px 0px 0px 0px;\"><div ><span class=\" fusion-imageframe imageframe-none imageframe-9 hover-type-zoomin\" style=\"margin-bottom:4%;\"><img decoding=\"async\" width=\"650\" height=\"470\" title=\"RQN016-armadio-imab-concept\" src=\"https:\/\/www.imab-concept.it\/wp-content\/uploads\/2022\/11\/RQN016-armadio-imab-concept.jpg\" class=\"img-responsive wp-image-8536\" srcset=\"https:\/\/www.imab-concept.it\/wp-content\/uploads\/2022\/11\/RQN016-armadio-imab-concept-200x145.jpg 200w, https:\/\/www.imab-concept.it\/wp-content\/uploads\/2022\/11\/RQN016-armadio-imab-concept-400x289.jpg 400w, https:\/\/www.imab-concept.it\/wp-content\/uploads\/2022\/11\/RQN016-armadio-imab-concept-600x434.jpg 600w, https:\/\/www.imab-concept.it\/wp-content\/uploads\/2022\/11\/RQN016-armadio-imab-concept.jpg 650w\" sizes=\"(max-width: 1024px) 100vw, (max-width: 640px) 100vw, 650px\" \/><\/span><\/div><style type=\"text\/css\">@media only screen and (max-width:1024px) {.fusion-title.fusion-title-10{margin-top:8px!important;margin-bottom:16px!important;}}@media only screen and (max-width:640px) {.fusion-title.fusion-title-10{margin-top:8px!important;margin-bottom:16px!important;}}<\/style><div class=\"fusion-title title fusion-title-10 fusion-sep-none fusion-title-text fusion-title-size-three\" style=\"margin-top:8px;margin-bottom:16px;\"><h3 class=\"title-heading-left\" style=\"margin:0;\">Armoire contemporaine<\/h3><\/div><div class=\"fusion-text fusion-text-10\" style=\"transform:translate3d(0,0,0);\"><p>\u00c9l\u00e9ment architectural, mais \u00e9galement compl\u00e9ment d\u2019ameublement\u00a0: l\u2019armoire s\u2019adapte aux espaces et aux besoins de ceux qui l\u2019utilisent et la vivent au quotidien. Les \u00e9l\u00e9ments ouverts et ferm\u00e9s de ce mobilier compl\u00e9mentaire sont pr\u00e9cis\u00e9ment con\u00e7us pour \u00eatre associ\u00e9s en fonction des besoins et des go\u00fbts personnels.<\/p>\n<\/div><div ><style type=\"text\/css\">.fusion-button.button-12 {border-radius:50px;}<\/style><a class=\"fusion-button button-flat fusion-button-default-size button-default button-12 fusion-button-default-span fusion-button-default-type button_cucine\" target=\"_self\" href=\"https:\/\/www.imab-concept.it\/fr\/collection\/continuo-fr\/armoires-portes-battantes-et-coulissantes\/\"><span class=\"fusion-button-text\">D\u00c9COUVREZ LA COLLECTION CONTINUO <\/span><\/a><\/div><\/div><\/div><style type=\"text\/css\">.fusion-body .fusion-builder-column-11{width:50% !important;margin-top : 25px;margin-bottom : 25px;}.fusion-builder-column-11 > .fusion-column-wrapper {padding-top : 0px !important;padding-right : 0px !important;margin-right : 3.84%;padding-bottom : 0px !important;padding-left : 0px !important;margin-left : 3.84%;}@media only screen and (max-width:1024px) {.fusion-body .fusion-builder-column-11{width:50% !important;order : 0;}.fusion-builder-column-11 > .fusion-column-wrapper {margin-right : 3.84%;margin-left : 3.84%;}}@media only screen and (max-width:640px) {.fusion-body .fusion-builder-column-11{width:100% !important;order : 0;}.fusion-builder-column-11 > .fusion-column-wrapper {margin-right : 1.92%;margin-left : 1.92%;}}<\/style><div class=\"fusion-layout-column fusion_builder_column fusion-builder-column-12 fusion_builder_column_1_2 1_2 fusion-flex-column fusion-animated\" data-animationType=\"fadeInUp\" data-animationDuration=\"0.3\" data-animationOffset=\"100%\"><div class=\"fusion-column-wrapper fusion-flex-justify-content-flex-start fusion-content-layout-column\" style=\"background-position:left top;background-repeat:no-repeat;-webkit-background-size:cover;-moz-background-size:cover;-o-background-size:cover;background-size:cover;padding: 0px 0px 0px 0px;\"><div ><span class=\" fusion-imageframe imageframe-none imageframe-10 hover-type-zoomin\" style=\"margin-bottom:4%;\"><img decoding=\"async\" width=\"650\" height=\"470\" title=\"RQN017 Armadio espositore Imab Concept\" src=\"https:\/\/www.imab-concept.it\/wp-content\/uploads\/2022\/11\/RQN017-armadio-imab-concept.jpg\" class=\"img-responsive wp-image-8538\" srcset=\"https:\/\/www.imab-concept.it\/wp-content\/uploads\/2022\/11\/RQN017-armadio-imab-concept-200x145.jpg 200w, https:\/\/www.imab-concept.it\/wp-content\/uploads\/2022\/11\/RQN017-armadio-imab-concept-400x289.jpg 400w, https:\/\/www.imab-concept.it\/wp-content\/uploads\/2022\/11\/RQN017-armadio-imab-concept-600x434.jpg 600w, https:\/\/www.imab-concept.it\/wp-content\/uploads\/2022\/11\/RQN017-armadio-imab-concept.jpg 650w\" sizes=\"(max-width: 1024px) 100vw, (max-width: 640px) 100vw, 650px\" \/><\/span><\/div><style type=\"text\/css\">@media only screen and (max-width:1024px) {.fusion-title.fusion-title-11{margin-top:8px!important;margin-bottom:16px!important;}}@media only screen and (max-width:640px) {.fusion-title.fusion-title-11{margin-top:8px!important;margin-bottom:16px!important;}}<\/style><div class=\"fusion-title title fusion-title-11 fusion-sep-none fusion-title-text fusion-title-size-three\" style=\"margin-top:8px;margin-bottom:16px;\"><h3 class=\"title-heading-left\" style=\"margin:0;\">Armoire pr\u00e9sentoir<\/h3><\/div><div class=\"fusion-text fusion-text-11\" style=\"transform:translate3d(0,0,0);\"><p>Protagoniste de la chambre \u00e0 coucher, l\u2019armoire est la r\u00e9ponse aux besoins de l\u2019habitat les plus modernes\u00a0: outre l\u2019organisation et la fonctionnalit\u00e9, elle enrichit la pi\u00e8ce et apporte une touche raffin\u00e9e et design \u00e0 la maison. Id\u00e9ale pour ceux qui souhaitent renouveler l\u2019aspect de l\u2019espace nuit en toute simplicit\u00e9.<\/p>\n<\/div><div ><style type=\"text\/css\">.fusion-button.button-13 {border-radius:50px;}<\/style><a class=\"fusion-button button-flat fusion-button-default-size button-default button-13 fusion-button-default-span fusion-button-default-type button_cucine\" target=\"_self\" href=\"https:\/\/www.imab-concept.it\/fr\/collection\/continuo-fr\/armoires-portes-battantes-et-coulissantes\/\"><span class=\"fusion-button-text\">D\u00c9COUVREZ LA COLLECTION CONTINUO <\/span><\/a><\/div><\/div><\/div><style type=\"text\/css\">.fusion-body .fusion-builder-column-12{width:50% !important;margin-top : 25px;margin-bottom : 25px;}.fusion-builder-column-12 > .fusion-column-wrapper {padding-top : 0px !important;padding-right : 0px !important;margin-right : 3.84%;padding-bottom : 0px !important;padding-left : 0px !important;margin-left : 3.84%;}@media only screen and (max-width:1024px) {.fusion-body .fusion-builder-column-12{width:50% !important;order : 0;}.fusion-builder-column-12 > .fusion-column-wrapper {margin-right : 3.84%;margin-left : 3.84%;}}@media only screen and (max-width:640px) {.fusion-body .fusion-builder-column-12{width:100% !important;order : 0;}.fusion-builder-column-12 > .fusion-column-wrapper {margin-right : 1.92%;margin-left : 1.92%;}}<\/style><div class=\"fusion-layout-column fusion_builder_column fusion-builder-column-13 fusion_builder_column_1_2 1_2 fusion-flex-column fusion-animated\" data-animationType=\"fadeInUp\" data-animationDuration=\"0.3\" data-animationOffset=\"100%\"><div class=\"fusion-column-wrapper fusion-flex-justify-content-flex-start fusion-content-layout-column\" style=\"background-position:left top;background-repeat:no-repeat;-webkit-background-size:cover;-moz-background-size:cover;-o-background-size:cover;background-size:cover;padding: 0px 0px 0px 0px;\"><div ><span class=\" fusion-imageframe imageframe-none imageframe-11 hover-type-zoomin\" style=\"margin-bottom:4%;\"><img decoding=\"async\" width=\"650\" height=\"470\" title=\"RQN018 &#8211; Armadio angolare aperto con mensole Imab concept\" src=\"https:\/\/www.imab-concept.it\/wp-content\/uploads\/2022\/11\/RQN018.jpg\" class=\"img-responsive wp-image-8540\" srcset=\"https:\/\/www.imab-concept.it\/wp-content\/uploads\/2022\/11\/RQN018-200x145.jpg 200w, https:\/\/www.imab-concept.it\/wp-content\/uploads\/2022\/11\/RQN018-400x289.jpg 400w, https:\/\/www.imab-concept.it\/wp-content\/uploads\/2022\/11\/RQN018-600x434.jpg 600w, https:\/\/www.imab-concept.it\/wp-content\/uploads\/2022\/11\/RQN018.jpg 650w\" sizes=\"(max-width: 1024px) 100vw, (max-width: 640px) 100vw, 650px\" \/><\/span><\/div><style type=\"text\/css\">@media only screen and (max-width:1024px) {.fusion-title.fusion-title-12{margin-top:8px!important;margin-bottom:16px!important;}}@media only screen and (max-width:640px) {.fusion-title.fusion-title-12{margin-top:8px!important;margin-bottom:16px!important;}}<\/style><div class=\"fusion-title title fusion-title-12 fusion-sep-none fusion-title-text fusion-title-size-three\" style=\"margin-top:8px;margin-bottom:16px;\"><h3 class=\"title-heading-left\" style=\"margin:0;\">Armoire en angle ouverte avec \u00e9tag\u00e8res<\/h3><\/div><div class=\"fusion-text fusion-text-12\" style=\"transform:translate3d(0,0,0);\"><p>L\u2019armoire a toujours \u00e9t\u00e9 un meuble indispensable. Fonctionnalit\u00e9 et esth\u00e9tique caract\u00e9risent ce mobilier compl\u00e9mentaire, tandis que des formes raffin\u00e9es et innovantes dictent un design original et contemporain. La structure en m\u00e9tal, les \u00e9tag\u00e8res et les tablettes, emprunt\u00e9s \u00e0 notre programme Jour, permettent d\u2019exploiter tout l\u2019espace disponible.<\/p>\n<\/div><div ><style type=\"text\/css\">.fusion-button.button-14 {border-radius:50px;}<\/style><a class=\"fusion-button button-flat fusion-button-default-size button-default button-14 fusion-button-default-span fusion-button-default-type button_cucine\" target=\"_self\" href=\"https:\/\/www.imab-concept.it\/fr\/collection\/continuo-fr\/armoires-portes-battantes-et-coulissantes\/\"><span class=\"fusion-button-text\">D\u00c9COUVREZ LA COLLECTION CONTINUO <\/span><\/a><\/div><\/div><\/div><style type=\"text\/css\">.fusion-body .fusion-builder-column-13{width:50% !important;margin-top : 25px;margin-bottom : 25px;}.fusion-builder-column-13 > .fusion-column-wrapper {padding-top : 0px !important;padding-right : 0px !important;margin-right : 3.84%;padding-bottom : 0px !important;padding-left : 0px !important;margin-left : 3.84%;}@media only screen and (max-width:1024px) {.fusion-body .fusion-builder-column-13{width:50% !important;order : 0;}.fusion-builder-column-13 > .fusion-column-wrapper {margin-right : 3.84%;margin-left : 3.84%;}}@media only screen and (max-width:640px) {.fusion-body .fusion-builder-column-13{width:100% !important;order : 0;}.fusion-builder-column-13 > .fusion-column-wrapper {margin-right : 1.92%;margin-left : 1.92%;}}<\/style><div class=\"fusion-layout-column fusion_builder_column fusion-builder-column-14 fusion_builder_column_1_2 1_2 fusion-flex-column fusion-animated\" data-animationType=\"fadeInUp\" data-animationDuration=\"0.3\" data-animationOffset=\"100%\"><div class=\"fusion-column-wrapper fusion-flex-justify-content-flex-start fusion-content-layout-column\" style=\"background-position:left top;background-repeat:no-repeat;-webkit-background-size:cover;-moz-background-size:cover;-o-background-size:cover;background-size:cover;padding: 0px 0px 0px 0px;\"><div ><span class=\" fusion-imageframe imageframe-none imageframe-12 hover-type-zoomin\" style=\"margin-bottom:4%;\"><img decoding=\"async\" width=\"650\" height=\"470\" title=\"Armadio con cabina angolare Imab Concept\" src=\"https:\/\/www.imab-concept.it\/wp-content\/uploads\/2022\/11\/RQN022-gamma-armadio-battente-imab-concept.jpg\" class=\"img-responsive wp-image-8546\" srcset=\"https:\/\/www.imab-concept.it\/wp-content\/uploads\/2022\/11\/RQN022-gamma-armadio-battente-imab-concept-200x145.jpg 200w, https:\/\/www.imab-concept.it\/wp-content\/uploads\/2022\/11\/RQN022-gamma-armadio-battente-imab-concept-400x289.jpg 400w, https:\/\/www.imab-concept.it\/wp-content\/uploads\/2022\/11\/RQN022-gamma-armadio-battente-imab-concept-600x434.jpg 600w, https:\/\/www.imab-concept.it\/wp-content\/uploads\/2022\/11\/RQN022-gamma-armadio-battente-imab-concept.jpg 650w\" sizes=\"(max-width: 1024px) 100vw, (max-width: 640px) 100vw, 650px\" \/><\/span><\/div><style type=\"text\/css\">@media only screen and (max-width:1024px) {.fusion-title.fusion-title-13{margin-top:8px!important;margin-bottom:16px!important;}}@media only screen and (max-width:640px) {.fusion-title.fusion-title-13{margin-top:8px!important;margin-bottom:16px!important;}}<\/style><div class=\"fusion-title title fusion-title-13 fusion-sep-none fusion-title-text fusion-title-size-three\" style=\"margin-top:8px;margin-bottom:16px;\"><h3 class=\"title-heading-left\" style=\"margin:0;\">Gamma &#8211;\u00a0Armoire avec dressing d\u2019angle<\/h3><\/div><div class=\"fusion-text fusion-text-13\" style=\"transform:translate3d(0,0,0);\"><p>Gamma est la v\u00e9ritable star d\u2019une chambre \u00e0 coucher bien rang\u00e9e et confortable. Chaque d\u00e9tail de cette armoire avec dressing d\u2019angle est pens\u00e9 pour faciliter l\u2019optimisation de l\u2019espace dans la maison, gr\u00e2ce \u00e0 un style discret et fonctionnel.<\/p>\n<\/div><div ><style type=\"text\/css\">.fusion-button.button-15 {border-radius:50px;}<\/style><a class=\"fusion-button button-flat fusion-button-default-size button-default button-15 fusion-button-default-span fusion-button-default-type button_cucine\" target=\"_self\" href=\"https:\/\/www.imab-concept.it\/fr\/collection\/continuo-fr\/armoires-portes-battantes-et-coulissantes\/\"><span class=\"fusion-button-text\">D\u00c9COUVREZ LA COLLECTION CONTINUO <\/span><\/a><\/div><\/div><\/div><style type=\"text\/css\">.fusion-body .fusion-builder-column-14{width:50% !important;margin-top : 25px;margin-bottom : 25px;}.fusion-builder-column-14 > .fusion-column-wrapper {padding-top : 0px !important;padding-right : 0px !important;margin-right : 3.84%;padding-bottom : 0px !important;padding-left : 0px !important;margin-left : 3.84%;}@media only screen and (max-width:1024px) {.fusion-body .fusion-builder-column-14{width:50% !important;order : 0;}.fusion-builder-column-14 > .fusion-column-wrapper {margin-right : 3.84%;margin-left : 3.84%;}}@media only screen and (max-width:640px) {.fusion-body .fusion-builder-column-14{width:100% !important;order : 0;}.fusion-builder-column-14 > .fusion-column-wrapper {margin-right : 1.92%;margin-left : 1.92%;}}<\/style><div class=\"fusion-layout-column fusion_builder_column fusion-builder-column-15 fusion_builder_column_1_2 1_2 fusion-flex-column fusion-animated\" data-animationType=\"fadeInUp\" data-animationDuration=\"0.3\" data-animationOffset=\"100%\"><div class=\"fusion-column-wrapper fusion-flex-justify-content-flex-start fusion-content-layout-column\" style=\"background-position:left top;background-repeat:no-repeat;-webkit-background-size:cover;-moz-background-size:cover;-o-background-size:cover;background-size:cover;padding: 0px 0px 0px 0px;\"><div ><span class=\" fusion-imageframe imageframe-none imageframe-13 hover-type-zoomin\" style=\"margin-bottom:4%;\"><img decoding=\"async\" width=\"650\" height=\"470\" title=\"RQN005 Soffio armadio ante battenti Imab Concept\" src=\"https:\/\/www.imab-concept.it\/wp-content\/uploads\/2022\/11\/RQN005-soffio-armadio-battente-imab-concept.jpg\" class=\"img-responsive wp-image-8514\" srcset=\"https:\/\/www.imab-concept.it\/wp-content\/uploads\/2022\/11\/RQN005-soffio-armadio-battente-imab-concept-200x145.jpg 200w, https:\/\/www.imab-concept.it\/wp-content\/uploads\/2022\/11\/RQN005-soffio-armadio-battente-imab-concept-400x289.jpg 400w, https:\/\/www.imab-concept.it\/wp-content\/uploads\/2022\/11\/RQN005-soffio-armadio-battente-imab-concept-600x434.jpg 600w, https:\/\/www.imab-concept.it\/wp-content\/uploads\/2022\/11\/RQN005-soffio-armadio-battente-imab-concept.jpg 650w\" sizes=\"(max-width: 1024px) 100vw, (max-width: 640px) 100vw, 650px\" \/><\/span><\/div><style type=\"text\/css\">@media only screen and (max-width:1024px) {.fusion-title.fusion-title-14{margin-top:8px!important;margin-bottom:16px!important;}}@media only screen and (max-width:640px) {.fusion-title.fusion-title-14{margin-top:8px!important;margin-bottom:16px!important;}}<\/style><div class=\"fusion-title title fusion-title-14 fusion-sep-none fusion-title-text fusion-title-size-three\" style=\"margin-top:8px;margin-bottom:16px;\"><h3 class=\"title-heading-left\" style=\"margin:0;\">Soffio &#8211;\u00a0Armoire \u00e0 portes battantes<\/h3><\/div><div class=\"fusion-text fusion-text-14\" style=\"transform:translate3d(0,0,0);\"><p>L\u2019espace d\u00e9di\u00e9 au rangement des v\u00eatements se transforme en un espace qui peut \u00e9galement \u00eatre utilis\u00e9 pour les moments de divertissements et de repos, gr\u00e2ce \u00e0 des d\u00e9tails qui vont au-del\u00e0 de la fonctionnalit\u00e9 de base de l\u2019armoire, comme un support TV.<\/p>\n<\/div><div ><style type=\"text\/css\">.fusion-button.button-16 {border-radius:50px;}<\/style><a class=\"fusion-button button-flat fusion-button-default-size button-default button-16 fusion-button-default-span fusion-button-default-type button_cucine\" target=\"_self\" href=\"https:\/\/www.imab-concept.it\/fr\/collection\/continuo-fr\/armoires-portes-battantes-et-coulissantes\/\"><span class=\"fusion-button-text\">D\u00c9COUVREZ LA COLLECTION CONTINUO <\/span><\/a><\/div><\/div><\/div><style type=\"text\/css\">.fusion-body .fusion-builder-column-15{width:50% !important;margin-top : 25px;margin-bottom : 25px;}.fusion-builder-column-15 > .fusion-column-wrapper {padding-top : 0px !important;padding-right : 0px !important;margin-right : 3.84%;padding-bottom : 0px !important;padding-left : 0px !important;margin-left : 3.84%;}@media only screen and (max-width:1024px) {.fusion-body .fusion-builder-column-15{width:50% !important;order : 0;}.fusion-builder-column-15 > .fusion-column-wrapper {margin-right : 3.84%;margin-left : 3.84%;}}@media only screen and (max-width:640px) {.fusion-body .fusion-builder-column-15{width:100% !important;order : 0;}.fusion-builder-column-15 > .fusion-column-wrapper {margin-right : 1.92%;margin-left : 1.92%;}}<\/style><div class=\"fusion-layout-column fusion_builder_column fusion-builder-column-16 fusion_builder_column_1_2 1_2 fusion-flex-column fusion-animated\" data-animationType=\"fadeInUp\" data-animationDuration=\"0.3\" data-animationOffset=\"100%\"><div class=\"fusion-column-wrapper fusion-flex-justify-content-flex-start fusion-content-layout-column\" style=\"background-position:left top;background-repeat:no-repeat;-webkit-background-size:cover;-moz-background-size:cover;-o-background-size:cover;background-size:cover;padding: 0px 0px 0px 0px;\"><div ><span class=\" fusion-imageframe imageframe-none imageframe-14 hover-type-zoomin\" style=\"margin-bottom:4%;\"><img decoding=\"async\" width=\"650\" height=\"470\" title=\"RQN003 Armadio ante battenti Imab Concept\" src=\"https:\/\/www.imab-concept.it\/wp-content\/uploads\/2022\/11\/RQN003-armadio-battente-imab-concept.jpg\" class=\"img-responsive wp-image-8510\" srcset=\"https:\/\/www.imab-concept.it\/wp-content\/uploads\/2022\/11\/RQN003-armadio-battente-imab-concept-200x145.jpg 200w, https:\/\/www.imab-concept.it\/wp-content\/uploads\/2022\/11\/RQN003-armadio-battente-imab-concept-400x289.jpg 400w, https:\/\/www.imab-concept.it\/wp-content\/uploads\/2022\/11\/RQN003-armadio-battente-imab-concept-600x434.jpg 600w, https:\/\/www.imab-concept.it\/wp-content\/uploads\/2022\/11\/RQN003-armadio-battente-imab-concept.jpg 650w\" sizes=\"(max-width: 1024px) 100vw, (max-width: 640px) 100vw, 650px\" \/><\/span><\/div><style type=\"text\/css\">@media only screen and (max-width:1024px) {.fusion-title.fusion-title-15{margin-top:8px!important;margin-bottom:16px!important;}}@media only screen and (max-width:640px) {.fusion-title.fusion-title-15{margin-top:8px!important;margin-bottom:16px!important;}}<\/style><div class=\"fusion-title title fusion-title-15 fusion-sep-none fusion-title-text fusion-title-size-three\" style=\"margin-top:8px;margin-bottom:16px;\"><h3 class=\"title-heading-left\" style=\"margin:0;\">Drop &#8211;\u00a0Armoire \u00e0 portes battantes<\/h3><\/div><div class=\"fusion-text fusion-text-15\" style=\"transform:translate3d(0,0,0);\"><p>Un environnement essentiel dans lequel l\u2019armoire couvre tout le mur. Une solution id\u00e9ale pour optimiser l\u2019espace et rendre l\u2019espace nuit unique, accueillant, captivant et parfaitement organis\u00e9, gr\u00e2ce \u00e0 ses innombrables possibilit\u00e9s de structuration. Les \u00e9tag\u00e8res et les tiroirs sont des \u00e9l\u00e9ments de soutien qui viennent agr\u00e9menter l\u2019armoire, chaque volume \u00e9tant modulable afin d\u2019offrir un espace suppl\u00e9mentaire.<\/p>\n<\/div><div ><style type=\"text\/css\">.fusion-button.button-17 {border-radius:50px;}<\/style><a class=\"fusion-button button-flat fusion-button-default-size button-default button-17 fusion-button-default-span fusion-button-default-type button_cucine\" target=\"_self\" href=\"https:\/\/www.imab-concept.it\/fr\/collection\/continuo-fr\/armoires-portes-battantes-et-coulissantes\/\"><span class=\"fusion-button-text\">D\u00c9COUVREZ LA COLLECTION CONTINUO <\/span><\/a><\/div><\/div><\/div><style type=\"text\/css\">.fusion-body .fusion-builder-column-16{width:50% !important;margin-top : 25px;margin-bottom : 25px;}.fusion-builder-column-16 > .fusion-column-wrapper {padding-top : 0px !important;padding-right : 0px !important;margin-right : 3.84%;padding-bottom : 0px !important;padding-left : 0px !important;margin-left : 3.84%;}@media only screen and (max-width:1024px) {.fusion-body .fusion-builder-column-16{width:50% !important;order : 0;}.fusion-builder-column-16 > .fusion-column-wrapper {margin-right : 3.84%;margin-left : 3.84%;}}@media only screen and (max-width:640px) {.fusion-body .fusion-builder-column-16{width:100% !important;order : 0;}.fusion-builder-column-16 > .fusion-column-wrapper {margin-right : 1.92%;margin-left : 1.92%;}}<\/style><div class=\"fusion-layout-column fusion_builder_column fusion-builder-column-17 fusion_builder_column_1_2 1_2 fusion-flex-column fusion-animated\" data-animationType=\"fadeInUp\" data-animationDuration=\"0.3\" data-animationOffset=\"100%\"><div class=\"fusion-column-wrapper fusion-flex-justify-content-flex-start fusion-content-layout-column\" style=\"background-position:left top;background-repeat:no-repeat;-webkit-background-size:cover;-moz-background-size:cover;-o-background-size:cover;background-size:cover;padding: 0px 0px 0px 0px;\"><div ><span class=\" fusion-imageframe imageframe-none imageframe-15 hover-type-zoomin\" style=\"margin-bottom:4%;\"><img decoding=\"async\" width=\"650\" height=\"470\" title=\"RQN025 Armadio battente taylor made Imab Concept\" src=\"https:\/\/www.imab-concept.it\/wp-content\/uploads\/2022\/11\/RQN025-armadio-battente-imab-concept.jpg\" class=\"img-responsive wp-image-8548\" srcset=\"https:\/\/www.imab-concept.it\/wp-content\/uploads\/2022\/11\/RQN025-armadio-battente-imab-concept-200x145.jpg 200w, https:\/\/www.imab-concept.it\/wp-content\/uploads\/2022\/11\/RQN025-armadio-battente-imab-concept-400x289.jpg 400w, https:\/\/www.imab-concept.it\/wp-content\/uploads\/2022\/11\/RQN025-armadio-battente-imab-concept-600x434.jpg 600w, https:\/\/www.imab-concept.it\/wp-content\/uploads\/2022\/11\/RQN025-armadio-battente-imab-concept.jpg 650w\" sizes=\"(max-width: 1024px) 100vw, (max-width: 640px) 100vw, 650px\" \/><\/span><\/div><style type=\"text\/css\">@media only screen and (max-width:1024px) {.fusion-title.fusion-title-16{margin-top:8px!important;margin-bottom:16px!important;}}@media only screen and (max-width:640px) {.fusion-title.fusion-title-16{margin-top:8px!important;margin-bottom:16px!important;}}<\/style><div class=\"fusion-title title fusion-title-16 fusion-sep-none fusion-title-text fusion-title-size-three\" style=\"margin-top:8px;margin-bottom:16px;\"><h3 class=\"title-heading-left\" style=\"margin:0;\">Flex &#8211;\u00a0Armoire \u00e0 portes battantes sur mesure<\/h3><\/div><div class=\"fusion-text fusion-text-16\" style=\"transform:translate3d(0,0,0);\"><p>Chacune de nos armoires peut \u00eatre personnalis\u00e9e en hauteur en fonction des besoins les plus personnels. \u00c0 partir d\u2019un maximum de 295\u00a0cm, nous pouvons arriver jusqu\u2019\u00e0 150\u00a0cm, satisfaisant ainsi les demandes les plus diverses.<\/p>\n<\/div><div ><style type=\"text\/css\">.fusion-button.button-18 {border-radius:50px;}<\/style><a class=\"fusion-button button-flat fusion-button-default-size button-default button-18 fusion-button-default-span fusion-button-default-type button_cucine\" target=\"_self\" href=\"https:\/\/www.imab-concept.it\/fr\/collection\/continuo-fr\/armoires-portes-battantes-et-coulissantes\/\"><span class=\"fusion-button-text\">D\u00c9COUVREZ LA COLLECTION CONTINUO <\/span><\/a><\/div><\/div><\/div><style type=\"text\/css\">.fusion-body .fusion-builder-column-17{width:50% !important;margin-top : 25px;margin-bottom : 25px;}.fusion-builder-column-17 > .fusion-column-wrapper {padding-top : 0px !important;padding-right : 0px !important;margin-right : 3.84%;padding-bottom : 0px !important;padding-left : 0px !important;margin-left : 3.84%;}@media only screen and (max-width:1024px) {.fusion-body .fusion-builder-column-17{width:50% !important;order : 0;}.fusion-builder-column-17 > .fusion-column-wrapper {margin-right : 3.84%;margin-left : 3.84%;}}@media only screen and (max-width:640px) {.fusion-body .fusion-builder-column-17{width:100% !important;order : 0;}.fusion-builder-column-17 > .fusion-column-wrapper {margin-right : 1.92%;margin-left : 1.92%;}}<\/style><div class=\"fusion-layout-column fusion_builder_column fusion-builder-column-18 fusion_builder_column_1_2 1_2 fusion-flex-column fusion-animated\" data-animationType=\"fadeInUp\" data-animationDuration=\"0.3\" data-animationOffset=\"100%\"><div class=\"fusion-column-wrapper fusion-flex-justify-content-flex-start fusion-content-layout-column\" style=\"background-position:left top;background-repeat:no-repeat;-webkit-background-size:cover;-moz-background-size:cover;-o-background-size:cover;background-size:cover;padding: 0px 0px 0px 0px;\"><div ><span class=\" fusion-imageframe imageframe-none imageframe-16 hover-type-zoomin\" style=\"margin-bottom:4%;\"><img decoding=\"async\" width=\"650\" height=\"470\" title=\"RQM036 Raggio armadio battente ante specchio Imab concept\" src=\"https:\/\/www.imab-concept.it\/wp-content\/uploads\/2022\/11\/RQM036-raggio-armadio-battente-imab-concept.jpg\" class=\"img-responsive wp-image-8492\" srcset=\"https:\/\/www.imab-concept.it\/wp-content\/uploads\/2022\/11\/RQM036-raggio-armadio-battente-imab-concept-200x145.jpg 200w, https:\/\/www.imab-concept.it\/wp-content\/uploads\/2022\/11\/RQM036-raggio-armadio-battente-imab-concept-400x289.jpg 400w, https:\/\/www.imab-concept.it\/wp-content\/uploads\/2022\/11\/RQM036-raggio-armadio-battente-imab-concept-600x434.jpg 600w, https:\/\/www.imab-concept.it\/wp-content\/uploads\/2022\/11\/RQM036-raggio-armadio-battente-imab-concept.jpg 650w\" sizes=\"(max-width: 1024px) 100vw, (max-width: 640px) 100vw, 650px\" \/><\/span><\/div><style type=\"text\/css\">@media only screen and (max-width:1024px) {.fusion-title.fusion-title-17{margin-top:8px!important;margin-bottom:16px!important;}}@media only screen and (max-width:640px) {.fusion-title.fusion-title-17{margin-top:8px!important;margin-bottom:16px!important;}}<\/style><div class=\"fusion-title title fusion-title-17 fusion-sep-none fusion-title-text fusion-title-size-three\" style=\"margin-top:8px;margin-bottom:16px;\"><h3 class=\"title-heading-left\" style=\"margin:0;\">Raggio &#8211;\u00a0Armoire \u00e0 portes battantes avec miroir<\/h3><\/div><div class=\"fusion-text fusion-text-17\" style=\"transform:translate3d(0,0,0);\"><p>Les portes r\u00e9alis\u00e9es dans diff\u00e9rents mat\u00e9riaux naturels comme le bois et le miroir contribuent \u00e0 rompre la monochromie de la pi\u00e8ce, pour un effet esth\u00e9tique moderne renforc\u00e9 par la poign\u00e9e, configur\u00e9e comme une d\u00e9coupe verticale.<\/p>\n<\/div><div ><style type=\"text\/css\">.fusion-button.button-19 {border-radius:50px;}<\/style><a class=\"fusion-button button-flat fusion-button-default-size button-default button-19 fusion-button-default-span fusion-button-default-type button_cucine\" target=\"_self\" href=\"https:\/\/www.imab-concept.it\/fr\/collection\/continuo-fr\/armoires-portes-battantes-et-coulissantes\/\"><span class=\"fusion-button-text\">D\u00c9COUVREZ LA COLLECTION CONTINUO <\/span><\/a><\/div><\/div><\/div><style type=\"text\/css\">.fusion-body .fusion-builder-column-18{width:50% !important;margin-top : 25px;margin-bottom : 25px;}.fusion-builder-column-18 > .fusion-column-wrapper {padding-top : 0px !important;padding-right : 0px !important;margin-right : 3.84%;padding-bottom : 0px !important;padding-left : 0px !important;margin-left : 3.84%;}@media only screen and (max-width:1024px) {.fusion-body .fusion-builder-column-18{width:50% !important;order : 0;}.fusion-builder-column-18 > .fusion-column-wrapper {margin-right : 3.84%;margin-left : 3.84%;}}@media only screen and (max-width:640px) {.fusion-body .fusion-builder-column-18{width:100% !important;order : 0;}.fusion-builder-column-18 > .fusion-column-wrapper {margin-right : 1.92%;margin-left : 1.92%;}}<\/style><div class=\"fusion-layout-column fusion_builder_column fusion-builder-column-19 fusion_builder_column_1_2 1_2 fusion-flex-column fusion-animated\" data-animationType=\"fadeInUp\" data-animationDuration=\"0.3\" data-animationOffset=\"100%\"><div class=\"fusion-column-wrapper fusion-flex-justify-content-flex-start fusion-content-layout-column\" style=\"background-position:left top;background-repeat:no-repeat;-webkit-background-size:cover;-moz-background-size:cover;-o-background-size:cover;background-size:cover;padding: 0px 0px 0px 0px;\"><div ><span class=\" fusion-imageframe imageframe-none imageframe-17 hover-type-zoomin\" style=\"margin-bottom:4%;\"><img decoding=\"async\" width=\"650\" height=\"470\" title=\"RQM025 Armadio ante battenti contemporaneo Imab Concept\" src=\"https:\/\/www.imab-concept.it\/wp-content\/uploads\/2022\/11\/RQM025-alfa-armadio-battente-imab-concept.jpg\" class=\"img-responsive wp-image-8480\" srcset=\"https:\/\/www.imab-concept.it\/wp-content\/uploads\/2022\/11\/RQM025-alfa-armadio-battente-imab-concept-200x145.jpg 200w, https:\/\/www.imab-concept.it\/wp-content\/uploads\/2022\/11\/RQM025-alfa-armadio-battente-imab-concept-400x289.jpg 400w, https:\/\/www.imab-concept.it\/wp-content\/uploads\/2022\/11\/RQM025-alfa-armadio-battente-imab-concept-600x434.jpg 600w, https:\/\/www.imab-concept.it\/wp-content\/uploads\/2022\/11\/RQM025-alfa-armadio-battente-imab-concept.jpg 650w\" sizes=\"(max-width: 1024px) 100vw, (max-width: 640px) 100vw, 650px\" \/><\/span><\/div><style type=\"text\/css\">@media only screen and (max-width:1024px) {.fusion-title.fusion-title-18{margin-top:8px!important;margin-bottom:16px!important;}}@media only screen and (max-width:640px) {.fusion-title.fusion-title-18{margin-top:8px!important;margin-bottom:16px!important;}}<\/style><div class=\"fusion-title title fusion-title-18 fusion-sep-none fusion-title-text fusion-title-size-three\" style=\"margin-top:8px;margin-bottom:16px;\"><h3 class=\"title-heading-left\" style=\"margin:0;\">Alfa &#8211;\u00a0Armoire \u00e0 portes battantes moderne<\/h3><\/div><div class=\"fusion-text fusion-text-18\" style=\"transform:translate3d(0,0,0);\"><p>Moderne et essentielle, cette armoire \u00e0 portes battantes est un m\u00e9lange de fonctionnalit\u00e9 et d\u2019organisation, parfaite pour ranger les v\u00eatements, le linge de maison et les objets du quotidien. Avec sa poign\u00e9e, elle rendra la chambre \u00e0 coucher unique et personnelle.<\/p>\n<\/div><div ><style type=\"text\/css\">.fusion-button.button-20 {border-radius:50px;}<\/style><a class=\"fusion-button button-flat fusion-button-default-size button-default button-20 fusion-button-default-span fusion-button-default-type button_cucine\" target=\"_self\" href=\"https:\/\/www.imab-concept.it\/fr\/collection\/continuo-fr\/armoires-portes-battantes-et-coulissantes\/\"><span class=\"fusion-button-text\">D\u00c9COUVREZ LA COLLECTION CONTINUO <\/span><\/a><\/div><\/div><\/div><style type=\"text\/css\">.fusion-body .fusion-builder-column-19{width:50% !important;margin-top : 25px;margin-bottom : 25px;}.fusion-builder-column-19 > .fusion-column-wrapper {padding-top : 0px !important;padding-right : 0px !important;margin-right : 3.84%;padding-bottom : 0px !important;padding-left : 0px !important;margin-left : 3.84%;}@media only screen and (max-width:1024px) {.fusion-body .fusion-builder-column-19{width:50% !important;order : 0;}.fusion-builder-column-19 > .fusion-column-wrapper {margin-right : 3.84%;margin-left : 3.84%;}}@media only screen and (max-width:640px) {.fusion-body .fusion-builder-column-19{width:100% !important;order : 0;}.fusion-builder-column-19 > .fusion-column-wrapper {margin-right : 1.92%;margin-left : 1.92%;}}<\/style><div class=\"fusion-layout-column fusion_builder_column fusion-builder-column-20 fusion_builder_column_1_2 1_2 fusion-flex-column fusion-animated\" data-animationType=\"fadeInUp\" data-animationDuration=\"0.3\" data-animationOffset=\"100%\"><div class=\"fusion-column-wrapper fusion-flex-justify-content-flex-start fusion-content-layout-column\" style=\"background-position:left top;background-repeat:no-repeat;-webkit-background-size:cover;-moz-background-size:cover;-o-background-size:cover;background-size:cover;padding: 0px 0px 0px 0px;\"><div ><span class=\" fusion-imageframe imageframe-none imageframe-18 hover-type-zoomin\" style=\"margin-bottom:4%;\"><img decoding=\"async\" width=\"650\" height=\"470\" alt=\"RQN007 Risiko ante scorrevoli Imab Concept\" title=\"RQN033_risiko_armadio_scorrevole_imab_concept\" src=\"https:\/\/www.imab-concept.it\/wp-content\/uploads\/2024\/05\/RQN033_risiko_armadio_scorrevole_imab_concept.jpg\" class=\"img-responsive wp-image-12304\" srcset=\"https:\/\/www.imab-concept.it\/wp-content\/uploads\/2024\/05\/RQN033_risiko_armadio_scorrevole_imab_concept-200x145.jpg 200w, https:\/\/www.imab-concept.it\/wp-content\/uploads\/2024\/05\/RQN033_risiko_armadio_scorrevole_imab_concept-400x289.jpg 400w, https:\/\/www.imab-concept.it\/wp-content\/uploads\/2024\/05\/RQN033_risiko_armadio_scorrevole_imab_concept-600x434.jpg 600w, https:\/\/www.imab-concept.it\/wp-content\/uploads\/2024\/05\/RQN033_risiko_armadio_scorrevole_imab_concept.jpg 650w\" sizes=\"(max-width: 1024px) 100vw, (max-width: 640px) 100vw, 650px\" \/><\/span><\/div><style type=\"text\/css\">@media only screen and (max-width:1024px) {.fusion-title.fusion-title-19{margin-top:8px!important;margin-bottom:16px!important;}}@media only screen and (max-width:640px) {.fusion-title.fusion-title-19{margin-top:8px!important;margin-bottom:16px!important;}}<\/style><div class=\"fusion-title title fusion-title-19 fusion-sep-none fusion-title-text fusion-title-size-three\" style=\"margin-top:8px;margin-bottom:16px;\"><h3 class=\"title-heading-left\" style=\"margin:0;\">Risiko &#8211;\u00a0Armoire \u00e0 portes coulissantes tricolore<\/h3><\/div><div class=\"fusion-text fusion-text-19\" style=\"transform:translate3d(0,0,0);\"><p>Les portes en diff\u00e9rentes finitions peuvent \u00eatre m\u00e9lang\u00e9es et assorties pour cr\u00e9er un effet dynamique, contemporain et attrayant. De plus, elles contribuent \u00e0 la cr\u00e9ation d\u2019un rangement parfaitement optimis\u00e9 et polyvalent pour chaque besoin d\u2019espace.<\/p>\n<\/div><div ><style type=\"text\/css\">.fusion-button.button-21 {border-radius:50px;}<\/style><a class=\"fusion-button button-flat fusion-button-default-size button-default button-21 fusion-button-default-span fusion-button-default-type button_cucine\" target=\"_self\" href=\"https:\/\/www.imab-concept.it\/fr\/collection\/continuo-fr\/armoires-portes-battantes-et-coulissantes\/\"><span class=\"fusion-button-text\">D\u00c9COUVREZ LA COLLECTION CONTINUO <\/span><\/a><\/div><\/div><\/div><style type=\"text\/css\">.fusion-body .fusion-builder-column-20{width:50% !important;margin-top : 25px;margin-bottom : 25px;}.fusion-builder-column-20 > .fusion-column-wrapper {padding-top : 0px !important;padding-right : 0px !important;margin-right : 3.84%;padding-bottom : 0px !important;padding-left : 0px !important;margin-left : 3.84%;}@media only screen and (max-width:1024px) {.fusion-body .fusion-builder-column-20{width:50% !important;order : 0;}.fusion-builder-column-20 > .fusion-column-wrapper {margin-right : 3.84%;margin-left : 3.84%;}}@media only screen and (max-width:640px) {.fusion-body .fusion-builder-column-20{width:100% !important;order : 0;}.fusion-builder-column-20 > .fusion-column-wrapper {margin-right : 1.92%;margin-left : 1.92%;}}<\/style><div class=\"fusion-layout-column fusion_builder_column fusion-builder-column-21 fusion_builder_column_1_2 1_2 fusion-flex-column fusion-animated\" data-animationType=\"fadeInUp\" data-animationDuration=\"0.3\" data-animationOffset=\"100%\"><div class=\"fusion-column-wrapper fusion-flex-justify-content-flex-start fusion-content-layout-column\" style=\"background-position:left top;background-repeat:no-repeat;-webkit-background-size:cover;-moz-background-size:cover;-o-background-size:cover;background-size:cover;padding: 0px 0px 0px 0px;\"><div ><span class=\" fusion-imageframe imageframe-none imageframe-19 hover-type-zoomin\" style=\"margin-bottom:4%;\"><img decoding=\"async\" width=\"650\" height=\"470\" title=\"RQN009 Folk Armadio scorrevole 3 ante Imab Concept\" src=\"https:\/\/www.imab-concept.it\/wp-content\/uploads\/2022\/11\/RQN009-folk-armadio-scorrevole-imab-concept.jpg\" class=\"img-responsive wp-image-8522\" srcset=\"https:\/\/www.imab-concept.it\/wp-content\/uploads\/2022\/11\/RQN009-folk-armadio-scorrevole-imab-concept-200x145.jpg 200w, https:\/\/www.imab-concept.it\/wp-content\/uploads\/2022\/11\/RQN009-folk-armadio-scorrevole-imab-concept-400x289.jpg 400w, https:\/\/www.imab-concept.it\/wp-content\/uploads\/2022\/11\/RQN009-folk-armadio-scorrevole-imab-concept-600x434.jpg 600w, https:\/\/www.imab-concept.it\/wp-content\/uploads\/2022\/11\/RQN009-folk-armadio-scorrevole-imab-concept.jpg 650w\" sizes=\"(max-width: 1024px) 100vw, (max-width: 640px) 100vw, 650px\" \/><\/span><\/div><style type=\"text\/css\">@media only screen and (max-width:1024px) {.fusion-title.fusion-title-20{margin-top:8px!important;margin-bottom:16px!important;}}@media only screen and (max-width:640px) {.fusion-title.fusion-title-20{margin-top:8px!important;margin-bottom:16px!important;}}<\/style><div class=\"fusion-title title fusion-title-20 fusion-sep-none fusion-title-text fusion-title-size-three\" style=\"margin-top:8px;margin-bottom:16px;\"><h3 class=\"title-heading-left\" style=\"margin:0;\">Folk &#8211;\u00a0Armoire \u00e0 3\u00a0portes coulissantes<\/h3><\/div><div class=\"fusion-text fusion-text-20\" style=\"transform:translate3d(0,0,0);\"><p>Cette armoire spacieuse est id\u00e9ale pour toutes les chambres \u00e0 coucher. Gr\u00e2ce aux diff\u00e9rentes possibilit\u00e9s d\u2019association des finitions des portes avec celles de l\u2019insert central, la gamme Folk r\u00e9pond \u00e0 de nombreux go\u00fbts et approches diff\u00e9rents de l\u2019ameublement.<\/p>\n<\/div><div ><style type=\"text\/css\">.fusion-button.button-22 {border-radius:50px;}<\/style><a class=\"fusion-button button-flat fusion-button-default-size button-default button-22 fusion-button-default-span fusion-button-default-type button_cucine\" target=\"_self\" href=\"https:\/\/www.imab-concept.it\/fr\/collection\/continuo-fr\/armoires-portes-battantes-et-coulissantes\/\"><span class=\"fusion-button-text\">D\u00c9COUVREZ LA COLLECTION CONTINUO <\/span><\/a><\/div><\/div><\/div><style type=\"text\/css\">.fusion-body .fusion-builder-column-21{width:50% !important;margin-top : 25px;margin-bottom : 25px;}.fusion-builder-column-21 > .fusion-column-wrapper {padding-top : 0px !important;padding-right : 0px !important;margin-right : 3.84%;padding-bottom : 0px !important;padding-left : 0px !important;margin-left : 3.84%;}@media only screen and (max-width:1024px) {.fusion-body .fusion-builder-column-21{width:50% !important;order : 0;}.fusion-builder-column-21 > .fusion-column-wrapper {margin-right : 3.84%;margin-left : 3.84%;}}@media only screen and (max-width:640px) {.fusion-body .fusion-builder-column-21{width:100% !important;order : 0;}.fusion-builder-column-21 > .fusion-column-wrapper {margin-right : 1.92%;margin-left : 1.92%;}}<\/style><div class=\"fusion-layout-column fusion_builder_column fusion-builder-column-22 fusion_builder_column_1_2 1_2 fusion-flex-column fusion-animated\" data-animationType=\"fadeInUp\" data-animationDuration=\"0.3\" data-animationOffset=\"100%\"><div class=\"fusion-column-wrapper fusion-flex-justify-content-flex-start fusion-content-layout-column\" style=\"background-position:left top;background-repeat:no-repeat;-webkit-background-size:cover;-moz-background-size:cover;-o-background-size:cover;background-size:cover;padding: 0px 0px 0px 0px;\"><div ><span class=\" fusion-imageframe imageframe-none imageframe-20 hover-type-zoomin\" style=\"margin-bottom:4%;\"><img decoding=\"async\" width=\"650\" height=\"470\" alt=\"RQN010 Vela armadio scorrevole 2 ante Imab Concept\" title=\"RQN034_vela_armadio_scorrevole_imab_concept\" src=\"https:\/\/www.imab-concept.it\/wp-content\/uploads\/2024\/05\/RQN034_vela_armadio_scorrevole_imab_concept.jpg\" class=\"img-responsive wp-image-12307\" srcset=\"https:\/\/www.imab-concept.it\/wp-content\/uploads\/2024\/05\/RQN034_vela_armadio_scorrevole_imab_concept-200x145.jpg 200w, https:\/\/www.imab-concept.it\/wp-content\/uploads\/2024\/05\/RQN034_vela_armadio_scorrevole_imab_concept-400x289.jpg 400w, https:\/\/www.imab-concept.it\/wp-content\/uploads\/2024\/05\/RQN034_vela_armadio_scorrevole_imab_concept-600x434.jpg 600w, https:\/\/www.imab-concept.it\/wp-content\/uploads\/2024\/05\/RQN034_vela_armadio_scorrevole_imab_concept.jpg 650w\" sizes=\"(max-width: 1024px) 100vw, (max-width: 640px) 100vw, 650px\" \/><\/span><\/div><style type=\"text\/css\">@media only screen and (max-width:1024px) {.fusion-title.fusion-title-21{margin-top:8px!important;margin-bottom:16px!important;}}@media only screen and (max-width:640px) {.fusion-title.fusion-title-21{margin-top:8px!important;margin-bottom:16px!important;}}<\/style><div class=\"fusion-title title fusion-title-21 fusion-sep-none fusion-title-text fusion-title-size-three\" style=\"margin-top:8px;margin-bottom:16px;\"><h3 class=\"title-heading-left\" style=\"margin:0;\">Vela &#8211;\u00a0Armoire \u00e0 portes coulissantes<\/h3><\/div><div class=\"fusion-text fusion-text-21\" style=\"transform:translate3d(0,0,0);\"><p>Une proposition esth\u00e9tique minimaliste et une solution d\u2019ameublement compl\u00e8te, ergonomique et fonctionnelle. Id\u00e9ale pour r\u00e9pondre aux besoins de compacit\u00e9 et de capacit\u00e9 de rangement.<\/p>\n<\/div><div ><style type=\"text\/css\">.fusion-button.button-23 {border-radius:50px;}<\/style><a class=\"fusion-button button-flat fusion-button-default-size button-default button-23 fusion-button-default-span fusion-button-default-type button_cucine\" target=\"_self\" href=\"https:\/\/www.imab-concept.it\/fr\/collection\/continuo-fr\/armoires-portes-battantes-et-coulissantes\/\"><span class=\"fusion-button-text\">D\u00c9COUVREZ LA COLLECTION CONTINUO <\/span><\/a><\/div><\/div><\/div><style type=\"text\/css\">.fusion-body .fusion-builder-column-22{width:50% !important;margin-top : 25px;margin-bottom : 25px;}.fusion-builder-column-22 > .fusion-column-wrapper {padding-top : 0px !important;padding-right : 0px !important;margin-right : 3.84%;padding-bottom : 0px !important;padding-left : 0px !important;margin-left : 3.84%;}@media only screen and (max-width:1024px) {.fusion-body .fusion-builder-column-22{width:50% !important;order : 0;}.fusion-builder-column-22 > .fusion-column-wrapper {margin-right : 3.84%;margin-left : 3.84%;}}@media only screen and (max-width:640px) {.fusion-body .fusion-builder-column-22{width:100% !important;order : 0;}.fusion-builder-column-22 > .fusion-column-wrapper {margin-right : 1.92%;margin-left : 1.92%;}}<\/style><div class=\"fusion-layout-column fusion_builder_column fusion-builder-column-23 fusion_builder_column_1_2 1_2 fusion-flex-column fusion-animated\" data-animationType=\"fadeInUp\" data-animationDuration=\"0.3\" data-animationOffset=\"100%\"><div class=\"fusion-column-wrapper fusion-flex-justify-content-flex-start fusion-content-layout-column\" style=\"background-position:left top;background-repeat:no-repeat;-webkit-background-size:cover;-moz-background-size:cover;-o-background-size:cover;background-size:cover;padding: 0px 0px 0px 0px;\"><div ><span class=\" fusion-imageframe imageframe-none imageframe-21 hover-type-zoomin\" style=\"margin-bottom:4%;\"><img decoding=\"async\" width=\"650\" height=\"470\" title=\"RQN006 Armadio scorrevole con inserti in specchio Imab concept\" src=\"https:\/\/www.imab-concept.it\/wp-content\/uploads\/2022\/11\/RQN006-twist-armadio-scorrevole-imab-concept.jpg\" class=\"img-responsive wp-image-8516\" srcset=\"https:\/\/www.imab-concept.it\/wp-content\/uploads\/2022\/11\/RQN006-twist-armadio-scorrevole-imab-concept-200x145.jpg 200w, https:\/\/www.imab-concept.it\/wp-content\/uploads\/2022\/11\/RQN006-twist-armadio-scorrevole-imab-concept-400x289.jpg 400w, https:\/\/www.imab-concept.it\/wp-content\/uploads\/2022\/11\/RQN006-twist-armadio-scorrevole-imab-concept-600x434.jpg 600w, https:\/\/www.imab-concept.it\/wp-content\/uploads\/2022\/11\/RQN006-twist-armadio-scorrevole-imab-concept.jpg 650w\" sizes=\"(max-width: 1024px) 100vw, (max-width: 640px) 100vw, 650px\" \/><\/span><\/div><style type=\"text\/css\">@media only screen and (max-width:1024px) {.fusion-title.fusion-title-22{margin-top:8px!important;margin-bottom:16px!important;}}@media only screen and (max-width:640px) {.fusion-title.fusion-title-22{margin-top:8px!important;margin-bottom:16px!important;}}<\/style><div class=\"fusion-title title fusion-title-22 fusion-sep-none fusion-title-text fusion-title-size-three\" style=\"margin-top:8px;margin-bottom:16px;\"><h3 class=\"title-heading-left\" style=\"margin:0;\">Twist &#8211;\u00a0Armoire compacte \u00e0 portes coulissantes<\/h3><\/div><div class=\"fusion-text fusion-text-22\" style=\"transform:translate3d(0,0,0);\"><p>Le design \u00e9l\u00e9gant, confortable et spacieux de nos armoires est la solution parfaite pour les environnements modestes dont l\u2019espace est limit\u00e9, mais \u00e9galement pour personnaliser votre espace nuit dans le style qui vous correspond le mieux.<\/p>\n<\/div><div ><style type=\"text\/css\">.fusion-button.button-24 {border-radius:50px;}<\/style><a class=\"fusion-button button-flat fusion-button-default-size button-default button-24 fusion-button-default-span fusion-button-default-type button_cucine\" target=\"_self\" href=\"https:\/\/www.imab-concept.it\/fr\/collection\/continuo-fr\/armoires-portes-battantes-et-coulissantes\/\"><span class=\"fusion-button-text\">D\u00c9COUVREZ LA COLLECTION CONTINUO <\/span><\/a><\/div><\/div><\/div><style type=\"text\/css\">.fusion-body .fusion-builder-column-23{width:50% !important;margin-top : 25px;margin-bottom : 25px;}.fusion-builder-column-23 > .fusion-column-wrapper {padding-top : 0px !important;padding-right : 0px !important;margin-right : 3.84%;padding-bottom : 0px !important;padding-left : 0px !important;margin-left : 3.84%;}@media only screen and (max-width:1024px) {.fusion-body .fusion-builder-column-23{width:50% !important;order : 0;}.fusion-builder-column-23 > .fusion-column-wrapper {margin-right : 3.84%;margin-left : 3.84%;}}@media only screen and (max-width:640px) {.fusion-body .fusion-builder-column-23{width:100% !important;order : 0;}.fusion-builder-column-23 > .fusion-column-wrapper {margin-right : 1.92%;margin-left : 1.92%;}}<\/style><div class=\"fusion-layout-column fusion_builder_column fusion-builder-column-24 fusion_builder_column_1_2 1_2 fusion-flex-column fusion-animated\" data-animationType=\"fadeInUp\" data-animationDuration=\"0.3\" data-animationOffset=\"100%\"><div class=\"fusion-column-wrapper fusion-flex-justify-content-flex-start fusion-content-layout-column\" style=\"background-position:left top;background-repeat:no-repeat;-webkit-background-size:cover;-moz-background-size:cover;-o-background-size:cover;background-size:cover;padding: 0px 0px 0px 0px;\"><div ><span class=\" fusion-imageframe imageframe-none imageframe-22 hover-type-zoomin\" style=\"margin-bottom:4%;\"><img decoding=\"async\" width=\"650\" height=\"470\" title=\"RQM010 Drift armadio moderno ante scorrevoli Imab Concept\" src=\"https:\/\/www.imab-concept.it\/wp-content\/uploads\/2022\/11\/RQM010-drift-armadio-scorrevole-imab-concept.jpg\" class=\"img-responsive wp-image-8462\" srcset=\"https:\/\/www.imab-concept.it\/wp-content\/uploads\/2022\/11\/RQM010-drift-armadio-scorrevole-imab-concept-200x145.jpg 200w, https:\/\/www.imab-concept.it\/wp-content\/uploads\/2022\/11\/RQM010-drift-armadio-scorrevole-imab-concept-400x289.jpg 400w, https:\/\/www.imab-concept.it\/wp-content\/uploads\/2022\/11\/RQM010-drift-armadio-scorrevole-imab-concept-600x434.jpg 600w, https:\/\/www.imab-concept.it\/wp-content\/uploads\/2022\/11\/RQM010-drift-armadio-scorrevole-imab-concept.jpg 650w\" sizes=\"(max-width: 1024px) 100vw, (max-width: 640px) 100vw, 650px\" \/><\/span><\/div><style type=\"text\/css\">@media only screen and (max-width:1024px) {.fusion-title.fusion-title-23{margin-top:8px!important;margin-bottom:16px!important;}}@media only screen and (max-width:640px) {.fusion-title.fusion-title-23{margin-top:8px!important;margin-bottom:16px!important;}}<\/style><div class=\"fusion-title title fusion-title-23 fusion-sep-none fusion-title-text fusion-title-size-three\" style=\"margin-top:8px;margin-bottom:16px;\"><h3 class=\"title-heading-left\" style=\"margin:0;\">Drift &#8211;\u00a0Armoire moderne \u00e0 portes coulissantes<\/h3><\/div><div class=\"fusion-text fusion-text-23\" style=\"transform:translate3d(0,0,0);\"><p>La chambre \u00e0 coucher est un lieu de repos et de d\u00e9tente, o\u00f9 r\u00e8gnent l\u2019ordre et la propret\u00e9. Capacit\u00e9 de rangement, confort, dimensions\u00a0: dans le choix des meubles pour l\u2019espace nuit, notamment lorsqu\u2019il s\u2019agit de l\u2019armoire, la fonctionnalit\u00e9 est toujours au centre de l\u2019attention, sans jamais perdre de vue l\u2019aspect agr\u00e9able et r\u00eaveur typique de l\u2019espace nuit.<\/p>\n<\/div><div ><style type=\"text\/css\">.fusion-button.button-25 {border-radius:50px;}<\/style><a class=\"fusion-button button-flat fusion-button-default-size button-default button-25 fusion-button-default-span fusion-button-default-type button_cucine\" target=\"_self\" href=\"https:\/\/www.imab-concept.it\/fr\/collection\/compongo-fr\/armoires-portes-battantes-coulissantes\/\"><span class=\"fusion-button-text\">D\u00c9COUVREZ LA COLLECTION COMPONGO <\/span><\/a><\/div><\/div><\/div><style type=\"text\/css\">.fusion-body .fusion-builder-column-24{width:50% !important;margin-top : 25px;margin-bottom : 25px;}.fusion-builder-column-24 > .fusion-column-wrapper {padding-top : 0px !important;padding-right : 0px !important;margin-right : 3.84%;padding-bottom : 0px !important;padding-left : 0px !important;margin-left : 3.84%;}@media only screen and (max-width:1024px) {.fusion-body .fusion-builder-column-24{width:50% !important;order : 0;}.fusion-builder-column-24 > .fusion-column-wrapper {margin-right : 3.84%;margin-left : 3.84%;}}@media only screen and (max-width:640px) {.fusion-body .fusion-builder-column-24{width:100% !important;order : 0;}.fusion-builder-column-24 > .fusion-column-wrapper {margin-right : 1.92%;margin-left : 1.92%;}}<\/style><div class=\"fusion-layout-column fusion_builder_column fusion-builder-column-25 fusion_builder_column_1_2 1_2 fusion-flex-column fusion-animated\" data-animationType=\"fadeInUp\" data-animationDuration=\"0.3\" data-animationOffset=\"100%\"><div class=\"fusion-column-wrapper fusion-flex-justify-content-flex-start fusion-content-layout-column\" style=\"background-position:left top;background-repeat:no-repeat;-webkit-background-size:cover;-moz-background-size:cover;-o-background-size:cover;background-size:cover;padding: 0px 0px 0px 0px;\"><div ><span class=\" fusion-imageframe imageframe-none imageframe-23 hover-type-zoomin\" style=\"margin-bottom:4%;\"><img decoding=\"async\" width=\"650\" height=\"470\" title=\"RQM022 Capitol armadio scorrevole con specchio Imab Concept\" src=\"https:\/\/www.imab-concept.it\/wp-content\/uploads\/2022\/11\/RQM022-capitol-armadio-scorrevole-imab-concept.jpg\" class=\"img-responsive wp-image-8476\" srcset=\"https:\/\/www.imab-concept.it\/wp-content\/uploads\/2022\/11\/RQM022-capitol-armadio-scorrevole-imab-concept-200x145.jpg 200w, https:\/\/www.imab-concept.it\/wp-content\/uploads\/2022\/11\/RQM022-capitol-armadio-scorrevole-imab-concept-400x289.jpg 400w, https:\/\/www.imab-concept.it\/wp-content\/uploads\/2022\/11\/RQM022-capitol-armadio-scorrevole-imab-concept-600x434.jpg 600w, https:\/\/www.imab-concept.it\/wp-content\/uploads\/2022\/11\/RQM022-capitol-armadio-scorrevole-imab-concept.jpg 650w\" sizes=\"(max-width: 1024px) 100vw, (max-width: 640px) 100vw, 650px\" \/><\/span><\/div><style type=\"text\/css\">@media only screen and (max-width:1024px) {.fusion-title.fusion-title-24{margin-top:8px!important;margin-bottom:16px!important;}}@media only screen and (max-width:640px) {.fusion-title.fusion-title-24{margin-top:8px!important;margin-bottom:16px!important;}}<\/style><div class=\"fusion-title title fusion-title-24 fusion-sep-none fusion-title-text fusion-title-size-three\" style=\"margin-top:8px;margin-bottom:16px;\"><h3 class=\"title-heading-left\" style=\"margin:0;\">Capitol &#8211;\u00a0Armoire \u00e0 portes coulissantes avec miroir<\/h3><\/div><div class=\"fusion-text fusion-text-24\" style=\"transform:translate3d(0,0,0);\"><p>Les grands miroirs ins\u00e9r\u00e9s dans les portes sont les v\u00e9ritables vedettes de cette armoire\u00a0; ils ajoutent du caract\u00e8re et du style, et ils peuvent \u00eatre personnalis\u00e9s en trois couleurs. Parfaits pour v\u00e9rifier son look avant de sortir, ils ajoutent une touche de caract\u00e8re \u00e0 l\u2019ensemble de la pi\u00e8ce.<\/p>\n<\/div><div ><style type=\"text\/css\">.fusion-button.button-26 {border-radius:50px;}<\/style><a class=\"fusion-button button-flat fusion-button-default-size button-default button-26 fusion-button-default-span fusion-button-default-type button_cucine\" target=\"_self\" href=\"https:\/\/www.imab-concept.it\/fr\/collection\/compongo-fr\/armoires-portes-battantes-coulissantes\/\"><span class=\"fusion-button-text\">D\u00c9COUVREZ LA COLLECTION COMPONGO <\/span><\/a><\/div><\/div><\/div><style type=\"text\/css\">.fusion-body .fusion-builder-column-25{width:50% !important;margin-top : 25px;margin-bottom : 25px;}.fusion-builder-column-25 > .fusion-column-wrapper {padding-top : 0px !important;padding-right : 0px !important;margin-right : 3.84%;padding-bottom : 0px !important;padding-left : 0px !important;margin-left : 3.84%;}@media only screen and (max-width:1024px) {.fusion-body .fusion-builder-column-25{width:50% !important;order : 0;}.fusion-builder-column-25 > .fusion-column-wrapper {margin-right : 3.84%;margin-left : 3.84%;}}@media only screen and (max-width:640px) {.fusion-body .fusion-builder-column-25{width:100% !important;order : 0;}.fusion-builder-column-25 > .fusion-column-wrapper {margin-right : 1.92%;margin-left : 1.92%;}}<\/style><div class=\"fusion-layout-column fusion_builder_column fusion-builder-column-26 fusion_builder_column_1_2 1_2 fusion-flex-column fusion-animated\" data-animationType=\"fadeInUp\" data-animationDuration=\"0.3\" data-animationOffset=\"100%\"><div class=\"fusion-column-wrapper fusion-flex-justify-content-flex-start fusion-content-layout-column\" style=\"background-position:left top;background-repeat:no-repeat;-webkit-background-size:cover;-moz-background-size:cover;-o-background-size:cover;background-size:cover;padding: 0px 0px 0px 0px;\"><div ><span class=\" fusion-imageframe imageframe-none imageframe-24 hover-type-zoomin\" style=\"margin-bottom:4%;\"><img decoding=\"async\" width=\"650\" height=\"470\" title=\"RQM003 Podio armadio scorrevole Imab Concept\" src=\"https:\/\/www.imab-concept.it\/wp-content\/uploads\/2022\/11\/RQM003-podio-armadio-scorrevole-imab-concept.jpg\" class=\"img-responsive wp-image-8456\" srcset=\"https:\/\/www.imab-concept.it\/wp-content\/uploads\/2022\/11\/RQM003-podio-armadio-scorrevole-imab-concept-200x145.jpg 200w, https:\/\/www.imab-concept.it\/wp-content\/uploads\/2022\/11\/RQM003-podio-armadio-scorrevole-imab-concept-400x289.jpg 400w, https:\/\/www.imab-concept.it\/wp-content\/uploads\/2022\/11\/RQM003-podio-armadio-scorrevole-imab-concept-600x434.jpg 600w, https:\/\/www.imab-concept.it\/wp-content\/uploads\/2022\/11\/RQM003-podio-armadio-scorrevole-imab-concept.jpg 650w\" sizes=\"(max-width: 1024px) 100vw, (max-width: 640px) 100vw, 650px\" \/><\/span><\/div><style type=\"text\/css\">@media only screen and (max-width:1024px) {.fusion-title.fusion-title-25{margin-top:8px!important;margin-bottom:16px!important;}}@media only screen and (max-width:640px) {.fusion-title.fusion-title-25{margin-top:8px!important;margin-bottom:16px!important;}}<\/style><div class=\"fusion-title title fusion-title-25 fusion-sep-none fusion-title-text fusion-title-size-three\" style=\"margin-top:8px;margin-bottom:16px;\"><h3 class=\"title-heading-left\" style=\"margin:0;\">Podio &#8211;\u00a0Armoire \u00e0 portes coulissantes<\/h3><\/div><div class=\"fusion-text fusion-text-25\" style=\"transform:translate3d(0,0,0);\"><p>Personnaliser le style de sa chambre \u00e0 coucher implique de choisir les meubles, et donc les accessoires, qui peupleront l\u2019espace nuit, l\u2019armoire \u00e9tant alors l\u2019un des \u00e9l\u00e9ments les plus importants.<\/p>\n<\/div><div ><style type=\"text\/css\">.fusion-button.button-27 {border-radius:50px;}<\/style><a class=\"fusion-button button-flat fusion-button-default-size button-default button-27 fusion-button-default-span fusion-button-default-type button_cucine\" target=\"_self\" href=\"https:\/\/www.imab-concept.it\/fr\/collection\/compongo-fr\/armoires-portes-battantes-coulissantes\/\"><span class=\"fusion-button-text\">D\u00c9COUVREZ LA COLLECTION COMPONGO <\/span><\/a><\/div><\/div><\/div><style type=\"text\/css\">.fusion-body .fusion-builder-column-26{width:50% !important;margin-top : 25px;margin-bottom : 25px;}.fusion-builder-column-26 > .fusion-column-wrapper {padding-top : 0px !important;padding-right : 0px !important;margin-right : 3.84%;padding-bottom : 0px !important;padding-left : 0px !important;margin-left : 3.84%;}@media only screen and (max-width:1024px) {.fusion-body .fusion-builder-column-26{width:50% !important;order : 0;}.fusion-builder-column-26 > .fusion-column-wrapper {margin-right : 3.84%;margin-left : 3.84%;}}@media only screen and (max-width:640px) {.fusion-body .fusion-builder-column-26{width:100% !important;order : 0;}.fusion-builder-column-26 > .fusion-column-wrapper {margin-right : 1.92%;margin-left : 1.92%;}}<\/style><div class=\"fusion-layout-column fusion_builder_column fusion-builder-column-27 fusion_builder_column_1_2 1_2 fusion-flex-column fusion-animated\" data-animationType=\"fadeInUp\" data-animationDuration=\"0.3\" data-animationOffset=\"100%\"><div class=\"fusion-column-wrapper fusion-flex-justify-content-flex-start fusion-content-layout-column\" style=\"background-position:left top;background-repeat:no-repeat;-webkit-background-size:cover;-moz-background-size:cover;-o-background-size:cover;background-size:cover;padding: 0px 0px 0px 0px;\"><div ><span class=\" fusion-imageframe imageframe-none imageframe-25 hover-type-zoomin\" style=\"margin-bottom:4%;\"><img decoding=\"async\" width=\"650\" height=\"470\" title=\"RQM028 Folk armadio scorrevole con inserto in legno Imab Concept\" src=\"https:\/\/www.imab-concept.it\/wp-content\/uploads\/2022\/11\/RQM028-folk-armadio-3-ante-battenti.jpg\" class=\"img-responsive wp-image-8486\" srcset=\"https:\/\/www.imab-concept.it\/wp-content\/uploads\/2022\/11\/RQM028-folk-armadio-3-ante-battenti-200x145.jpg 200w, https:\/\/www.imab-concept.it\/wp-content\/uploads\/2022\/11\/RQM028-folk-armadio-3-ante-battenti-400x289.jpg 400w, https:\/\/www.imab-concept.it\/wp-content\/uploads\/2022\/11\/RQM028-folk-armadio-3-ante-battenti-600x434.jpg 600w, https:\/\/www.imab-concept.it\/wp-content\/uploads\/2022\/11\/RQM028-folk-armadio-3-ante-battenti.jpg 650w\" sizes=\"(max-width: 1024px) 100vw, (max-width: 640px) 100vw, 650px\" \/><\/span><\/div><style type=\"text\/css\">@media only screen and (max-width:1024px) {.fusion-title.fusion-title-26{margin-top:8px!important;margin-bottom:16px!important;}}@media only screen and (max-width:640px) {.fusion-title.fusion-title-26{margin-top:8px!important;margin-bottom:16px!important;}}<\/style><div class=\"fusion-title title fusion-title-26 fusion-sep-none fusion-title-text fusion-title-size-three\" style=\"margin-top:8px;margin-bottom:16px;\"><h3 class=\"title-heading-left\" style=\"margin:0;\">Folk &#8211;\u00a0Armoire \u00e0 portes coulissantes avec insert<\/h3><\/div><div class=\"fusion-text fusion-text-26\" style=\"transform:translate3d(0,0,0);\"><p>L\u2019insert central sp\u00e9cial de cette armoire peut \u00eatre r\u00e9alis\u00e9 dans une s\u00e9lection de finitions bross\u00e9es, textur\u00e9es et en bois, pour faciliter l\u2019assortiment avec les nuances choisies pour les portes, et rendre unique ce meuble important de la chambre \u00e0 coucher.<\/p>\n<\/div><div ><style type=\"text\/css\">.fusion-button.button-28 {border-radius:50px;}<\/style><a class=\"fusion-button button-flat fusion-button-default-size button-default button-28 fusion-button-default-span fusion-button-default-type button_cucine\" target=\"_self\" href=\"https:\/\/www.imab-concept.it\/fr\/collection\/compongo-fr\/armoires-portes-battantes-coulissantes\/\"><span class=\"fusion-button-text\">D\u00c9COUVREZ LA COLLECTION COMPONGO <\/span><\/a><\/div><\/div><\/div><style type=\"text\/css\">.fusion-body .fusion-builder-column-27{width:50% !important;margin-top : 25px;margin-bottom : 25px;}.fusion-builder-column-27 > .fusion-column-wrapper {padding-top : 0px !important;padding-right : 0px !important;margin-right : 3.84%;padding-bottom : 0px !important;padding-left : 0px !important;margin-left : 3.84%;}@media only screen and (max-width:1024px) {.fusion-body .fusion-builder-column-27{width:50% !important;order : 0;}.fusion-builder-column-27 > .fusion-column-wrapper {margin-right : 3.84%;margin-left : 3.84%;}}@media only screen and (max-width:640px) {.fusion-body .fusion-builder-column-27{width:100% !important;order : 0;}.fusion-builder-column-27 > .fusion-column-wrapper {margin-right : 1.92%;margin-left : 1.92%;}}<\/style><div class=\"fusion-layout-column fusion_builder_column fusion-builder-column-28 fusion_builder_column_1_2 1_2 fusion-flex-column fusion-animated\" data-animationType=\"fadeInUp\" data-animationDuration=\"0.3\" data-animationOffset=\"100%\"><div class=\"fusion-column-wrapper fusion-flex-justify-content-flex-start fusion-content-layout-column\" style=\"background-position:left top;background-repeat:no-repeat;-webkit-background-size:cover;-moz-background-size:cover;-o-background-size:cover;background-size:cover;padding: 0px 0px 0px 0px;\"><div ><span class=\" fusion-imageframe imageframe-none imageframe-26 hover-type-zoomin\" style=\"margin-bottom:4%;\"><img decoding=\"async\" width=\"650\" height=\"470\" title=\"RQM032 Dub armadio battente con libreria terminale Imab Concept\" src=\"https:\/\/www.imab-concept.it\/wp-content\/uploads\/2022\/11\/RQM032-dub-armadio-battente-imab-concept.jpg\" class=\"img-responsive wp-image-8488\" srcset=\"https:\/\/www.imab-concept.it\/wp-content\/uploads\/2022\/11\/RQM032-dub-armadio-battente-imab-concept-200x145.jpg 200w, https:\/\/www.imab-concept.it\/wp-content\/uploads\/2022\/11\/RQM032-dub-armadio-battente-imab-concept-400x289.jpg 400w, https:\/\/www.imab-concept.it\/wp-content\/uploads\/2022\/11\/RQM032-dub-armadio-battente-imab-concept-600x434.jpg 600w, https:\/\/www.imab-concept.it\/wp-content\/uploads\/2022\/11\/RQM032-dub-armadio-battente-imab-concept.jpg 650w\" sizes=\"(max-width: 1024px) 100vw, (max-width: 640px) 100vw, 650px\" \/><\/span><\/div><style type=\"text\/css\">@media only screen and (max-width:1024px) {.fusion-title.fusion-title-27{margin-top:8px!important;margin-bottom:16px!important;}}@media only screen and (max-width:640px) {.fusion-title.fusion-title-27{margin-top:8px!important;margin-bottom:16px!important;}}<\/style><div class=\"fusion-title title fusion-title-27 fusion-sep-none fusion-title-text fusion-title-size-three\" style=\"margin-top:8px;margin-bottom:16px;\"><h3 class=\"title-heading-left\" style=\"margin:0;\">Dub \u2013 Armoire \u00e0 portes battantes avec biblioth\u00e8que de finition<\/h3><\/div><div class=\"fusion-text fusion-text-27\" style=\"transform:translate3d(0,0,0);\"><p>Armoire efficace et rationnelle, qui s\u2019adapte \u00e0 de multiples besoins, pour tout regrouper en une seule solution. L\u2019extr\u00e9mit\u00e9 est \u00e9quip\u00e9e d\u2019une biblioth\u00e8que et d\u2019un range-chaussures int\u00e9gr\u00e9 tr\u00e8s pratique.<\/p>\n<\/div><div ><style type=\"text\/css\">.fusion-button.button-29 {border-radius:50px;}<\/style><a class=\"fusion-button button-flat fusion-button-default-size button-default button-29 fusion-button-default-span fusion-button-default-type button_cucine\" target=\"_self\" href=\"https:\/\/www.imab-concept.it\/fr\/collection\/compongo-fr\/armoires-portes-battantes-coulissantes\/\"><span class=\"fusion-button-text\">D\u00c9COUVREZ LA COLLECTION COMPONGO <\/span><\/a><\/div><\/div><\/div><style type=\"text\/css\">.fusion-body .fusion-builder-column-28{width:50% !important;margin-top : 25px;margin-bottom : 25px;}.fusion-builder-column-28 > .fusion-column-wrapper {padding-top : 0px !important;padding-right : 0px !important;margin-right : 3.84%;padding-bottom : 0px !important;padding-left : 0px !important;margin-left : 3.84%;}@media only screen and (max-width:1024px) {.fusion-body .fusion-builder-column-28{width:50% !important;order : 0;}.fusion-builder-column-28 > .fusion-column-wrapper {margin-right : 3.84%;margin-left : 3.84%;}}@media only screen and (max-width:640px) {.fusion-body .fusion-builder-column-28{width:100% !important;order : 0;}.fusion-builder-column-28 > .fusion-column-wrapper {margin-right : 1.92%;margin-left : 1.92%;}}<\/style><\/div><style type=\"text\/css\">.fusion-body .fusion-flex-container.fusion-builder-row-3{ padding-top : 0px;margin-top : 0px;padding-right : 0px;padding-bottom : 0px;margin-bottom : 0px;padding-left : 0px;}<\/style><\/div><div class=\"fusion-fullwidth fullwidth-box fusion-builder-row-4 fusion-flex-container box-form hidden nonhundred-percent-fullwidth non-hundred-percent-height-scrolling\" style=\"background-color: rgba(168,168,168,0.21);background-position: center center;background-repeat: no-repeat;border-width: 0px 0px 0px 0px;border-color:#eae9e9;border-style:solid;\" ><div class=\"fusion-builder-row fusion-row fusion-flex-align-items-flex-start\" style=\"max-width:1445.6px;margin-left: calc(-4% \/ 2 );margin-right: calc(-4% \/ 2 );\"><div class=\"fusion-layout-column fusion_builder_column fusion-builder-column-29 fusion_builder_column_1_1 1_1 fusion-flex-column\"><div class=\"fusion-column-wrapper fusion-flex-justify-content-flex-start fusion-content-layout-column\" style=\"background-position:left top;background-repeat:no-repeat;-webkit-background-size:cover;-moz-background-size:cover;-o-background-size:cover;background-size:cover;padding: 0px 0px 0px 0px;\"><div class=\"fusion-text fusion-text-28\" style=\"text-align:left;font-size:40px;transform:translate3d(0,0,0);\"><h2>Contactez-nous<\/h2>\n<\/div><div class=\"fusion-text fusion-text-29\" style=\"text-align:left;font-size:20px;transform:translate3d(0,0,0);\"><p class=\"\">Composez avec nous l\u2019am\u00e9nagement de votre maison. Modulable, personnalis\u00e9, 100 % fabriqu\u00e9 en Italie.<br \/>\n\u00c9crivez-nous pour toute question ou demande concernant nos produits.<\/p>\n<\/div><\/div><\/div><style type=\"text\/css\">.fusion-body .fusion-builder-column-29{width:100% !important;margin-top : 25px;margin-bottom : 25px;}.fusion-builder-column-29 > .fusion-column-wrapper {padding-top : 0px !important;padding-right : 0px !important;margin-right : 1.92%;padding-bottom : 0px !important;padding-left : 0px !important;margin-left : 1.92%;}@media only screen and (max-width:1024px) {.fusion-body .fusion-builder-column-29{width:100% !important;order : 0;margin-bottom : 0px;}.fusion-builder-column-29 > .fusion-column-wrapper {margin-right : 1.92%;margin-left : 1.92%;}}@media only screen and (max-width:640px) {.fusion-body .fusion-builder-column-29{width:100% !important;order : 0;margin-bottom : 0px;}.fusion-builder-column-29 > .fusion-column-wrapper {margin-right : 1.92%;margin-left : 1.92%;}}<\/style><div class=\"fusion-layout-column fusion_builder_column fusion-builder-column-30 fusion_builder_column_1_1 1_1 fusion-flex-column\"><div class=\"fusion-column-wrapper fusion-flex-justify-content-flex-start fusion-content-layout-column\" style=\"background-position:left top;background-repeat:no-repeat;-webkit-background-size:cover;-moz-background-size:cover;-o-background-size:cover;background-size:cover;padding: 0px 0px 0px 0px;\">\n<div class=\"wpcf7 no-js\" id=\"wpcf7-f283-o1\" lang=\"en-US\" dir=\"ltr\">\n<div class=\"screen-reader-response\"><p role=\"status\" aria-live=\"polite\" aria-atomic=\"true\"><\/p> <ul><\/ul><\/div>\n<form action=\"\/fr\/wp-json\/wp\/v2\/pages\/11203#wpcf7-f283-o1\" method=\"post\" class=\"wpcf7-form init\" id=\"contact-form\" aria-label=\"Contact form\" novalidate=\"novalidate\" data-status=\"init\">\n<div style=\"display: none;\">\n<input type=\"hidden\" name=\"_wpcf7\" value=\"283\" \/>\n<input type=\"hidden\" name=\"_wpcf7_version\" value=\"5.7.7\" \/>\n<input type=\"hidden\" name=\"_wpcf7_locale\" value=\"en_US\" \/>\n<input type=\"hidden\" name=\"_wpcf7_unit_tag\" value=\"wpcf7-f283-o1\" \/>\n<input type=\"hidden\" name=\"_wpcf7_container_post\" value=\"0\" \/>\n<input type=\"hidden\" name=\"_wpcf7_posted_data_hash\" value=\"\" \/>\n<input type=\"hidden\" name=\"_wpcf7_recaptcha_response\" value=\"\" \/>\n<\/div>\n<p style=\"margin-bottom: 30px;\">Scegli il punto vendita da contattare*\n<\/p>\n<p><span class=\"wpcf7-form-control-wrap\" data-name=\"cf-shop\"><select class=\"wpcf7-form-control wpcf7-select wpcf7-validates-as-required\" id=\"cfshop\" aria-required=\"true\" aria-invalid=\"false\" name=\"cf-shop\"><option value=\"\">&#8212;Please choose an option&#8212;<\/option><\/select><\/span>\n<\/p>\n<div class=\"fusion-columns fusion-clearfix\" style=\"margin-bottom: 30px;\">\n\t<div class=\"col-lg-6 col-md-6 col-sm-12\">\n\t\t<p>Nome*\n\t\t<\/p>\n\t\t<p><span class=\"wpcf7-form-control-wrap\" data-name=\"cf-fname\"><input size=\"40\" class=\"wpcf7-form-control wpcf7-text wpcf7-validates-as-required\" id=\"cffname\" aria-required=\"true\" aria-invalid=\"false\" value=\"\" type=\"text\" name=\"cf-fname\" \/><\/span>\n\t\t<\/p>\n\t<\/div>\n\t<div class=\"col-lg-6 col-md-6 col-sm-12\">\n\t\t<p>Cognome*\n\t\t<\/p>\n\t\t<p><span class=\"wpcf7-form-control-wrap\" data-name=\"cf-lname\"><input size=\"40\" class=\"wpcf7-form-control wpcf7-text wpcf7-validates-as-required\" id=\"cflname\" aria-required=\"true\" aria-invalid=\"false\" value=\"\" type=\"text\" name=\"cf-lname\" \/><\/span>\n\t\t<\/p>\n\t<\/div>\n<\/div>\n<div class=\"fusion-columns fusion-clearfix\" style=\"margin-bottom: 30px;\">\n\t<div class=\"col-lg-6 col-md-6 col-sm-12\">\n\t\t<p>Email*\n\t\t<\/p>\n\t\t<p><span class=\"wpcf7-form-control-wrap\" data-name=\"cf-email\"><input size=\"40\" class=\"wpcf7-form-control wpcf7-text wpcf7-email wpcf7-validates-as-required wpcf7-validates-as-email\" id=\"cfemail\" aria-required=\"true\" aria-invalid=\"false\" value=\"\" type=\"email\" name=\"cf-email\" \/><\/span>\n\t\t<\/p>\n\t<\/div>\n\t<div class=\"col-lg-6 col-md-6 col-sm-12\">\n\t\t<p>Telefono*\n\t\t<\/p>\n\t\t<p><span class=\"wpcf7-form-control-wrap\" data-name=\"cf-tel\"><input size=\"40\" class=\"wpcf7-form-control wpcf7-text wpcf7-validates-as-required\" id=\"cftel\" aria-required=\"true\" aria-invalid=\"false\" value=\"\" type=\"text\" name=\"cf-tel\" \/><\/span>\n\t\t<\/p>\n\t<\/div>\n<\/div>\n<p style=\"margin-bottom: 30px;\">Messaggio*\n<\/p>\n<p><span class=\"wpcf7-form-control-wrap\" data-name=\"cf-msg\"><textarea cols=\"40\" rows=\"10\" class=\"wpcf7-form-control wpcf7-textarea wpcf7-validates-as-required\" id=\"cfmsg\" aria-required=\"true\" aria-invalid=\"false\" name=\"cf-msg\"><\/textarea><\/span>\n<\/p>\n<p><label><span class=\"wpcf7-form-control-wrap\" data-name=\"cf-acceptance\"><span class=\"wpcf7-form-control wpcf7-acceptance\"><span class=\"wpcf7-list-item\"><label><input type=\"checkbox\" name=\"cf-acceptance\" value=\"1\" aria-invalid=\"false\" \/><span class=\"wpcf7-list-item-label\">Accetto l\u2019<a href='https:\/\/www.imab-concept.it\/privacy-policy'>informativa sul trattamento dei dati personali*<\/a><\/span><\/label><\/span><\/span><\/span><br \/>\n<\/label>\n<\/p>\n<p style=\"text-align: right;\"><br \/>\n<input class=\"wpcf7-form-control has-spinner wpcf7-submit\" id=\"gtmSubmit\" type=\"submit\" value=\"Invia\" \/>\n<\/p>\n<p style=\"display:none; visibility:hidden; position:absolute;\"><br \/>\n<span class=\"wpcf7-form-control-wrap\" data-name=\"hidden-email\"><input size=\"40\" class=\"wpcf7-form-control wpcf7-text wpcf7-email wpcf7-validates-as-required wpcf7-validates-as-email\" id=\"cfhiddenemail\" aria-required=\"true\" aria-invalid=\"false\" value=\"\" type=\"email\" name=\"hidden-email\" \/><\/span>\n<\/p>\n<p style=\"display:none; visibility:hidden; position:absolute;\"><br \/>\n<span class=\"wpcf7-form-control-wrap\" data-name=\"hidden-shop\"><input size=\"40\" class=\"wpcf7-form-control wpcf7-text\" id=\"cfhiddenshop\" aria-invalid=\"false\" value=\"\" type=\"text\" name=\"hidden-shop\" \/><\/span>\n<\/p><div class=\"fusion-alert alert custom alert-custom fusion-alert-center wpcf7-response-output fusion-alert-capitalize alert-dismissable\" style=\"border-width:1px;\"><button type=\"button\" class=\"close toggle-alert\" data-dismiss=\"alert\" aria-hidden=\"true\">&times;<\/button><div class=\"fusion-alert-content-wrapper\"><span class=\"fusion-alert-content\"><\/span><\/div><\/div>\n<\/form>\n<\/div>\n<\/div><\/div><style type=\"text\/css\">.fusion-body .fusion-builder-column-30{width:100% !important;margin-top : 25px;margin-bottom : 25px;}.fusion-builder-column-30 > .fusion-column-wrapper {padding-top : 0px !important;padding-right : 0px !important;margin-right : 1.92%;padding-bottom : 0px !important;padding-left : 0px !important;margin-left : 1.92%;}@media only screen and (max-width:1024px) {.fusion-body .fusion-builder-column-30{width:100% !important;order : 0;}.fusion-builder-column-30 > .fusion-column-wrapper {margin-right : 1.92%;margin-left : 1.92%;}}@media only screen and (max-width:640px) {.fusion-body .fusion-builder-column-30{width:100% !important;order : 0;}.fusion-builder-column-30 > .fusion-column-wrapper {margin-right : 1.92%;margin-left : 1.92%;}}<\/style><\/div><style type=\"text\/css\">.fusion-body .fusion-flex-container.fusion-builder-row-4{ padding-top : 30px;margin-top : 40px;padding-right : 0px;padding-bottom : 30px;margin-bottom : 20px;padding-left : 0px;}<\/style><\/div><\/p>\n","protected":false},"excerpt":{"rendered":"","protected":false},"author":6,"featured_media":0,"parent":11157,"menu_order":0,"comment_status":"closed","ping_status":"closed","template":"100-width.php","meta":[],"yoast_head":"<!-- This site is optimized with the Yoast SEO plugin v20.10 - https:\/\/yoast.com\/wordpress\/plugins\/seo\/ -->\n<title>Armoires \u2013 IMAB Concept<\/title>\n<meta name=\"description\" content=\"IMAB Concept cr\u00e9e des armoires modulables pour tous les besoins : armoires \u00e0 portes battantes ou coulissantes, encastr\u00e9es ou bridge... D\u00e9couvrez-vous toutes les armoires !\" \/>\n<meta name=\"robots\" content=\"index, follow, max-snippet:-1, max-image-preview:large, max-video-preview:-1\" \/>\n<link rel=\"canonical\" href=\"https:\/\/www.imab-concept.it\/fr\/nuit\/armoires\/\" \/>\n<meta property=\"og:locale\" content=\"fr_FR\" \/>\n<meta property=\"og:type\" content=\"article\" \/>\n<meta property=\"og:title\" content=\"Armoires \u2013 IMAB Concept\" \/>\n<meta property=\"og:description\" content=\"IMAB Concept cr\u00e9e des armoires modulables pour tous les besoins : armoires \u00e0 portes battantes ou coulissantes, encastr\u00e9es ou bridge... D\u00e9couvrez-vous toutes les armoires !\" \/>\n<meta property=\"og:url\" content=\"https:\/\/www.imab-concept.it\/fr\/nuit\/armoires\/\" \/>\n<meta property=\"og:site_name\" content=\"IMAB Concept\" \/>\n<meta property=\"article:modified_time\" content=\"2024-10-10T09:03:59+00:00\" \/>\n<meta property=\"og:image\" content=\"https:\/\/www.imab-concept.it\/wp-content\/uploads\/2021\/01\/Imab_OG_image_1200x630_ARMADI.jpg\" \/>\n\t<meta property=\"og:image:width\" content=\"1200\" \/>\n\t<meta property=\"og:image:height\" content=\"630\" \/>\n\t<meta property=\"og:image:type\" content=\"image\/jpeg\" \/>\n<meta name=\"twitter:label1\" content=\"Est. reading time\" \/>\n\t<meta name=\"twitter:data1\" content=\"49 minutes\" \/>\n<script type=\"application\/ld+json\" class=\"yoast-schema-graph\">{\"@context\":\"https:\/\/schema.org\",\"@graph\":[{\"@type\":\"WebPage\",\"@id\":\"https:\/\/www.imab-concept.it\/fr\/nuit\/armoires\/\",\"url\":\"https:\/\/www.imab-concept.it\/fr\/nuit\/armoires\/\",\"name\":\"Armoires \u2013 IMAB Concept\",\"isPartOf\":{\"@id\":\"https:\/\/www.imab-concept.it\/#website\"},\"datePublished\":\"2020-10-06T13:30:39+00:00\",\"dateModified\":\"2024-10-10T09:03:59+00:00\",\"description\":\"IMAB Concept cr\u00e9e des armoires modulables pour tous les besoins : armoires \u00e0 portes battantes ou coulissantes, encastr\u00e9es ou bridge... D\u00e9couvrez-vous toutes les armoires !\",\"breadcrumb\":{\"@id\":\"https:\/\/www.imab-concept.it\/fr\/nuit\/armoires\/#breadcrumb\"},\"inLanguage\":\"fr-FR\",\"potentialAction\":[{\"@type\":\"ReadAction\",\"target\":[\"https:\/\/www.imab-concept.it\/fr\/nuit\/armoires\/\"]}]},{\"@type\":\"BreadcrumbList\",\"@id\":\"https:\/\/www.imab-concept.it\/fr\/nuit\/armoires\/#breadcrumb\",\"itemListElement\":[{\"@type\":\"ListItem\",\"position\":1,\"name\":\"Home\",\"item\":\"https:\/\/www.imab-concept.it\/fr\/\"},{\"@type\":\"ListItem\",\"position\":2,\"name\":\"Nuit\",\"item\":\"https:\/\/www.imab-concept.it\/fr\/nuit\/\"},{\"@type\":\"ListItem\",\"position\":3,\"name\":\"Armoires\"}]},{\"@type\":\"WebSite\",\"@id\":\"https:\/\/www.imab-concept.it\/#website\",\"url\":\"https:\/\/www.imab-concept.it\/\",\"name\":\"IMAB Concept\",\"description\":\"Arrediamo con passione\",\"potentialAction\":[{\"@type\":\"SearchAction\",\"target\":{\"@type\":\"EntryPoint\",\"urlTemplate\":\"https:\/\/www.imab-concept.it\/?s={search_term_string}\"},\"query-input\":\"required name=search_term_string\"}],\"inLanguage\":\"fr-FR\"}]}<\/script>\n<!-- \/ Yoast SEO plugin. -->","yoast_head_json":{"title":"Armoires \u2013 IMAB Concept","description":"IMAB Concept cr\u00e9e des armoires modulables pour tous les besoins : armoires \u00e0 portes battantes ou coulissantes, encastr\u00e9es ou bridge... D\u00e9couvrez-vous toutes les armoires !","robots":{"index":"index","follow":"follow","max-snippet":"max-snippet:-1","max-image-preview":"max-image-preview:large","max-video-preview":"max-video-preview:-1"},"canonical":"https:\/\/www.imab-concept.it\/fr\/nuit\/armoires\/","og_locale":"fr_FR","og_type":"article","og_title":"Armoires \u2013 IMAB Concept","og_description":"IMAB Concept cr\u00e9e des armoires modulables pour tous les besoins : armoires \u00e0 portes battantes ou coulissantes, encastr\u00e9es ou bridge... D\u00e9couvrez-vous toutes les armoires !","og_url":"https:\/\/www.imab-concept.it\/fr\/nuit\/armoires\/","og_site_name":"IMAB Concept","article_modified_time":"2024-10-10T09:03:59+00:00","og_image":[{"width":1200,"height":630,"url":"https:\/\/www.imab-concept.it\/wp-content\/uploads\/2021\/01\/Imab_OG_image_1200x630_ARMADI.jpg","type":"image\/jpeg"}],"twitter_misc":{"Est. reading time":"49 minutes"},"schema":{"@context":"https:\/\/schema.org","@graph":[{"@type":"WebPage","@id":"https:\/\/www.imab-concept.it\/fr\/nuit\/armoires\/","url":"https:\/\/www.imab-concept.it\/fr\/nuit\/armoires\/","name":"Armoires \u2013 IMAB Concept","isPartOf":{"@id":"https:\/\/www.imab-concept.it\/#website"},"datePublished":"2020-10-06T13:30:39+00:00","dateModified":"2024-10-10T09:03:59+00:00","description":"IMAB Concept cr\u00e9e des armoires modulables pour tous les besoins : armoires \u00e0 portes battantes ou coulissantes, encastr\u00e9es ou bridge... D\u00e9couvrez-vous toutes les armoires !","breadcrumb":{"@id":"https:\/\/www.imab-concept.it\/fr\/nuit\/armoires\/#breadcrumb"},"inLanguage":"fr-FR","potentialAction":[{"@type":"ReadAction","target":["https:\/\/www.imab-concept.it\/fr\/nuit\/armoires\/"]}]},{"@type":"BreadcrumbList","@id":"https:\/\/www.imab-concept.it\/fr\/nuit\/armoires\/#breadcrumb","itemListElement":[{"@type":"ListItem","position":1,"name":"Home","item":"https:\/\/www.imab-concept.it\/fr\/"},{"@type":"ListItem","position":2,"name":"Nuit","item":"https:\/\/www.imab-concept.it\/fr\/nuit\/"},{"@type":"ListItem","position":3,"name":"Armoires"}]},{"@type":"WebSite","@id":"https:\/\/www.imab-concept.it\/#website","url":"https:\/\/www.imab-concept.it\/","name":"IMAB Concept","description":"Arrediamo con passione","potentialAction":[{"@type":"SearchAction","target":{"@type":"EntryPoint","urlTemplate":"https:\/\/www.imab-concept.it\/?s={search_term_string}"},"query-input":"required name=search_term_string"}],"inLanguage":"fr-FR"}]}},"_links":{"self":[{"href":"https:\/\/www.imab-concept.it\/fr\/wp-json\/wp\/v2\/pages\/11203"}],"collection":[{"href":"https:\/\/www.imab-concept.it\/fr\/wp-json\/wp\/v2\/pages"}],"about":[{"href":"https:\/\/www.imab-concept.it\/fr\/wp-json\/wp\/v2\/types\/page"}],"author":[{"embeddable":true,"href":"https:\/\/www.imab-concept.it\/fr\/wp-json\/wp\/v2\/users\/6"}],"replies":[{"embeddable":true,"href":"https:\/\/www.imab-concept.it\/fr\/wp-json\/wp\/v2\/comments?post=11203"}],"version-history":[{"count":12,"href":"https:\/\/www.imab-concept.it\/fr\/wp-json\/wp\/v2\/pages\/11203\/revisions"}],"predecessor-version":[{"id":18588,"href":"https:\/\/www.imab-concept.it\/fr\/wp-json\/wp\/v2\/pages\/11203\/revisions\/18588"}],"up":[{"embeddable":true,"href":"https:\/\/www.imab-concept.it\/fr\/wp-json\/wp\/v2\/pages\/11157"}],"wp:attachment":[{"href":"https:\/\/www.imab-concept.it\/fr\/wp-json\/wp\/v2\/media?parent=11203"}],"curies":[{"name":"wp","href":"https:\/\/api.w.org\/{rel}","templated":true}]}}