{"id":11199,"date":"2020-10-06T15:30:07","date_gmt":"2020-10-06T13:30:07","guid":{"rendered":"https:\/\/www.imab-concept.it\/arredamento-zona-notte\/camerette\/"},"modified":"2026-02-04T14:53:38","modified_gmt":"2026-02-04T13:53:38","slug":"chambres-d-enfants","status":"publish","type":"page","link":"https:\/\/www.imab-concept.it\/fr\/nuit\/chambres-d-enfants\/","title":{"rendered":"Chambres d\u2019enfants"},"content":{"rendered":"<p><div class=\"fusion-fullwidth fullwidth-box fusion-builder-row-1 fusion-flex-container hundred-percent-fullwidth non-hundred-percent-height-scrolling\" style=\"background-color: rgba(255,255,255,0);background-position: center center;background-repeat: no-repeat;border-width: 0px 0px 0px 0px;border-color:#eae9e9;border-style:solid;\" ><div class=\"fusion-builder-row fusion-row fusion-flex-align-items-flex-start\" style=\"width:104% !important;max-width:104% !important;margin-left: calc(-4% \/ 2 );margin-right: calc(-4% \/ 2 );\"><div class=\"fusion-layout-column fusion_builder_column fusion-builder-column-0 fusion_builder_column_1_1 1_1 fusion-flex-column\"><div class=\"fusion-column-wrapper fusion-flex-justify-content-flex-start fusion-content-layout-column\" style=\"background-position:left top;background-repeat:no-repeat;-webkit-background-size:cover;-moz-background-size:cover;-o-background-size:cover;background-size:cover;padding: 0px 0px 0px 0px;\"><div class=\"fusion-slider-sc\"><div class=\"fusion-flexslider-loading flexslider flexslider-hover-type-none\" data-slideshow_autoplay=\"0\" data-slideshow_smooth_height=\"0\" data-slideshow_speed=\"3000\" style=\"max-width:100%;height:100%;\"><ul class=\"slides\"><li class=\"image\"><span class=\"fusion-image-hover-element hover-type-none\"><img decoding=\"async\" src=\"https:\/\/www.imab-concept.it\/wp-content\/uploads\/2024\/06\/camerette-sito_imab-concept.jpg\" width=\"2560\" height=\"900\" class=\"wp-image-12530\" srcset=\"https:\/\/www.imab-concept.it\/wp-content\/uploads\/2024\/06\/camerette-sito_imab-concept-200x70.jpg 200w, https:\/\/www.imab-concept.it\/wp-content\/uploads\/2024\/06\/camerette-sito_imab-concept-400x141.jpg 400w, https:\/\/www.imab-concept.it\/wp-content\/uploads\/2024\/06\/camerette-sito_imab-concept-600x211.jpg 600w, https:\/\/www.imab-concept.it\/wp-content\/uploads\/2024\/06\/camerette-sito_imab-concept-800x281.jpg 800w, https:\/\/www.imab-concept.it\/wp-content\/uploads\/2024\/06\/camerette-sito_imab-concept-1200x422.jpg 1200w, https:\/\/www.imab-concept.it\/wp-content\/uploads\/2024\/06\/camerette-sito_imab-concept.jpg 2560w\" sizes=\"(max-width: 1024px) 100vw, (max-width: 640px) 100vw, 2560px\" \/><\/span><\/li><\/ul><\/div><\/div><\/div><\/div><style type=\"text\/css\">.fusion-body .fusion-builder-column-0{width:100% !important;margin-top : 0px;margin-bottom : 0px;}.fusion-builder-column-0 > .fusion-column-wrapper {padding-top : 0px !important;padding-right : 0px !important;margin-right : 1.92%;padding-bottom : 0px !important;padding-left : 0px !important;margin-left : 1.92%;}@media only screen and (max-width:1024px) {.fusion-body .fusion-builder-column-0{width:100% !important;order : 0;}.fusion-builder-column-0 > .fusion-column-wrapper {margin-right : 1.92%;margin-left : 1.92%;}}@media only screen and (max-width:640px) {.fusion-body .fusion-builder-column-0{width:100% !important;order : 0;}.fusion-builder-column-0 > .fusion-column-wrapper {margin-right : 1.92%;margin-left : 1.92%;}}<\/style><\/div><style type=\"text\/css\">.fusion-body .fusion-flex-container.fusion-builder-row-1{ padding-top : 0px;margin-top : 0px;padding-right : 0px;padding-bottom : 0px;margin-bottom : 0px;padding-left : 0px;}<\/style><\/div><div class=\"fusion-fullwidth fullwidth-box fusion-builder-row-2 fusion-flex-container nonhundred-percent-fullwidth non-hundred-percent-height-scrolling fusion-animated\" style=\"background-color: rgba(255,255,255,0);background-position: center bottom;background-repeat: no-repeat;border-width: 0px 0px 0px 0px;border-color:#eae9e9;border-style:solid;\" data-animationType=\"fadeInUp\" data-animationDuration=\"0.3\" data-animationOffset=\"100%\" ><div class=\"fusion-builder-row fusion-row fusion-flex-align-items-flex-start fusion-flex-justify-content-center\" style=\"max-width:1445.6px;margin-left: calc(-4% \/ 2 );margin-right: calc(-4% \/ 2 );\"><div class=\"fusion-layout-column fusion_builder_column fusion-builder-column-1 fusion_builder_column_2_5 2_5 fusion-flex-column\"><div class=\"fusion-column-wrapper fusion-flex-justify-content-flex-start fusion-content-layout-column\" style=\"background-position:left top;background-repeat:no-repeat;-webkit-background-size:cover;-moz-background-size:cover;-o-background-size:cover;background-size:cover;padding: 0px 0px 0px 0px;\"><style type=\"text\/css\">@media only screen and (max-width:1024px) {.fusion-title.fusion-title-1{margin-top:8px!important;margin-bottom:16px!important;}}@media only screen and (max-width:640px) {.fusion-title.fusion-title-1{margin-top:8px!important;margin-bottom:16px!important;}}<\/style><div class=\"fusion-title title fusion-title-1 fusion-sep-none fusion-title-text fusion-title-size-two\" style=\"margin-top:8px;margin-bottom:16px;\"><h2 class=\"title-heading-left\" style=\"margin:0;\"><p style=\"text-align: left;\">Chambres d\u2019enfants<\/p><\/h2><\/div><\/div><\/div><style type=\"text\/css\">.fusion-body .fusion-builder-column-1{width:40% !important;margin-top : 25px;margin-bottom : 25px;}.fusion-builder-column-1 > .fusion-column-wrapper {padding-top : 0px !important;padding-right : 0px !important;margin-right : 4.8%;padding-bottom : 0px !important;padding-left : 0px !important;margin-left : 4.8%;}@media only screen and (max-width:1024px) {.fusion-body .fusion-builder-column-1{width:100% !important;order : 0;}.fusion-builder-column-1 > .fusion-column-wrapper {padding-right : 0% !important;margin-right : 0%;padding-left : 0% !important;margin-left : 0%;}}@media only screen and (max-width:640px) {.fusion-body .fusion-builder-column-1{width:100% !important;order : 0;margin-top : 0px;margin-bottom : 0px;}.fusion-builder-column-1 > .fusion-column-wrapper {padding-top : 0px !important;margin-right : 1.92%;padding-bottom : 0px !important;margin-left : 1.92%;}}<\/style><div class=\"fusion-layout-column fusion_builder_column fusion-builder-column-2 fusion_builder_column_3_5 3_5 fusion-flex-column fusion-animated\" data-animationType=\"fadeIn\" data-animationDuration=\"0.8\" data-animationOffset=\"100%\"><div class=\"fusion-column-wrapper fusion-flex-justify-content-flex-start fusion-content-layout-column\" style=\"background-position:left top;background-repeat:no-repeat;-webkit-background-size:cover;-moz-background-size:cover;-o-background-size:cover;background-size:cover;padding: 0px 3% 0px 0px;\"><div class=\"fusion-builder-row fusion-builder-row-inner fusion-row fusion-flex-align-items-flex-start fusion-flex-justify-content-center\" style=\"width:104% !important;max-width:104% !important;margin-left: calc(-4% \/ 2 );margin-right: calc(-4% \/ 2 );\"><div class=\"fusion-layout-column fusion_builder_column_inner fusion-builder-nested-column-0 fusion_builder_column_inner_1_1 1_1 fusion-flex-column fusion-flex-align-self-flex-start\"><div class=\"fusion-column-wrapper fusion-flex-justify-content-center fusion-content-layout-column\" style=\"background-position:left top;background-repeat:no-repeat;-webkit-background-size:cover;-moz-background-size:cover;-o-background-size:cover;background-size:cover;padding: 0px 0px 0px 0px;\"><div class=\"fusion-text fusion-text-1\" style=\"text-align:left;transform:translate3d(0,0,0);\"><p><strong>Des chambres d\u2019enfants modernes pour r\u00e9pondre \u00e0 tous les besoins de croissance. <\/strong><\/p>\n<p>Nos chambres d\u2019enfants sont issues de l\u2019id\u00e9e d\u2019un projet de composition \u00e9tudi\u00e9 pour r\u00e9pondre aux besoins des enfants et des adolescentes \u00e0 chaque \u00e9tape de leur croissance, afin de les accompagner au fil du temps pour qu\u2019ils se sentent toujours chez eux. La fonctionnalit\u00e9 et la polyvalence sont nos r\u00e9ponses aux besoins li\u00e9s aux \u00e9tudes, aux jeux, \u00e0 l\u2019accueil et au repos, auxquels s\u2019ajoute l\u2019attention port\u00e9e \u00e0 l\u2019organisation de l\u2019espace en fonction de la disposition de chaque \u00e9l\u00e9ment d\u2019ameublement de la chambre d\u2019enfant. Nos projets se caract\u00e9risent par une modularit\u00e9 visant \u00e0 gagner de l\u2019espace, afin d\u2019apporter une grande libert\u00e9 de mouvement et de stimuler la cr\u00e9ativit\u00e9.<\/p>\n<\/div><\/div><\/div><style type=\"text\/css\">.fusion-body .fusion-builder-nested-column-0{width:100% !important;margin-top : 20px;margin-bottom : 20px;}.fusion-builder-nested-column-0 > .fusion-column-wrapper {padding-top : 0px !important;padding-right : 0px !important;margin-right : 2.304%;padding-bottom : 0px !important;padding-left : 0px !important;margin-left : 1.92%;}@media only screen and (max-width:1024px) {.fusion-body .fusion-builder-nested-column-0{width:100% !important;order : 0;margin-top : 0%;}.fusion-builder-nested-column-0 > .fusion-column-wrapper {margin-right : 2.304%;margin-left : 1.92%;}}@media only screen and (max-width:640px) {.fusion-body .fusion-builder-nested-column-0{width:100% !important;order : 0;}.fusion-builder-nested-column-0 > .fusion-column-wrapper {margin-right : 2.304%;margin-left : 1.92%;}}<\/style><\/div><\/div><\/div><style type=\"text\/css\">.fusion-body .fusion-builder-column-2{width:60% !important;margin-top : 25px;margin-bottom : 5px;}.fusion-builder-column-2 > .fusion-column-wrapper {padding-top : 0px !important;padding-right : 3% !important;margin-right : 0%;padding-bottom : 0px !important;padding-left : 0px !important;margin-left : 3.2%;}@media only screen and (max-width:1024px) {.fusion-body .fusion-builder-column-2{width:100% !important;order : 0;margin-top : 0%;margin-bottom : 0%;}.fusion-builder-column-2 > .fusion-column-wrapper {padding-right : 0% !important;margin-right : 0%;padding-left : 0% !important;margin-left : 0%;}}@media only screen and (max-width:640px) {.fusion-body .fusion-builder-column-2{width:100% !important;order : 0;margin-bottom : 0%;}.fusion-builder-column-2 > .fusion-column-wrapper {margin-right : 1.92%;margin-left : 1.92%;}}<\/style><\/div><style type=\"text\/css\">.fusion-body .fusion-flex-container.fusion-builder-row-2{ padding-top : 0px;margin-top : 0px;padding-right : 0px;padding-bottom : 4%;margin-bottom : 0px;padding-left : 0px;}@media only screen and (max-width:1024px) {.fusion-body .fusion-flex-container.fusion-builder-row-2{ padding-top : 0;}}<\/style><\/div><div class=\"fusion-fullwidth fullwidth-box fusion-builder-row-3 fusion-flex-container nonhundred-percent-fullwidth non-hundred-percent-height-scrolling\" style=\"background-color: rgba(255,255,255,0);background-position: center center;background-repeat: no-repeat;border-width: 0px 0px 0px 0px;border-color:#eae9e9;border-style:solid;\" ><div class=\"fusion-builder-row fusion-row fusion-flex-align-items-stretch\" style=\"max-width:1445.6px;margin-left: calc(-4% \/ 2 );margin-right: calc(-4% \/ 2 );\"><div class=\"fusion-layout-column fusion_builder_column fusion-builder-column-3 fusion_builder_column_1_2 1_2 fusion-flex-column fusion-animated\" data-animationType=\"fadeInUp\" data-animationDuration=\"0.3\" data-animationOffset=\"100%\"><div class=\"fusion-column-wrapper fusion-flex-justify-content-flex-start fusion-content-layout-column\" style=\"background-position:left top;background-repeat:no-repeat;-webkit-background-size:cover;-moz-background-size:cover;-o-background-size:cover;background-size:cover;padding: 0px 0px 0px 0px;\"><div ><span class=\" fusion-imageframe imageframe-none imageframe-1 hover-type-zoomin\" style=\"margin-bottom:4%;\"><img decoding=\"async\" width=\"650\" height=\"470\" alt=\"Cameretta singola con armadio \" title=\"VCJ159_cameretta_singola_next\" src=\"https:\/\/www.imab-concept.it\/wp-content\/uploads\/2026\/01\/VCJ159_cameretta_singola_next.jpg\" class=\"img-responsive wp-image-19545\" srcset=\"https:\/\/www.imab-concept.it\/wp-content\/uploads\/2026\/01\/VCJ159_cameretta_singola_next-200x145.jpg 200w, https:\/\/www.imab-concept.it\/wp-content\/uploads\/2026\/01\/VCJ159_cameretta_singola_next-400x289.jpg 400w, https:\/\/www.imab-concept.it\/wp-content\/uploads\/2026\/01\/VCJ159_cameretta_singola_next-600x434.jpg 600w, https:\/\/www.imab-concept.it\/wp-content\/uploads\/2026\/01\/VCJ159_cameretta_singola_next.jpg 650w\" sizes=\"(max-width: 1024px) 100vw, (max-width: 640px) 100vw, 650px\" \/><\/span><\/div><style type=\"text\/css\">@media only screen and (max-width:1024px) {.fusion-title.fusion-title-2{margin-top:8px!important;margin-bottom:16px!important;}}@media only screen and (max-width:640px) {.fusion-title.fusion-title-2{margin-top:8px!important;margin-bottom:16px!important;}}<\/style><div class=\"fusion-title title fusion-title-2 fusion-sep-none fusion-title-text fusion-title-size-three\" style=\"margin-top:8px;margin-bottom:16px;\"><h3 class=\"title-heading-left\" style=\"margin:0;\">Chambre solo avec armoire sous pente sur mesure<\/h3><\/div><div class=\"fusion-text fusion-text-2\" style=\"transform:translate3d(0,0,0);\"><p>Avec son esth\u00e9tique essentielle et ses rythmes bien d\u00e9finis, cette chambre d\u2019enfant permet de cr\u00e9er la solution la plus adapt\u00e9e \u00e0 votre espace, en s\u00e9parant les \u00e9l\u00e9ments avec une proposition d&rsquo;ameublement originale et \u00e9l\u00e9gante.<\/p>\n<\/div><div ><style type=\"text\/css\">.fusion-button.button-1 {border-radius:50px;}<\/style><a class=\"fusion-button button-flat fusion-button-default-size button-default button-1 fusion-button-default-span fusion-button-default-type button_cucine\" target=\"_self\" href=\"https:\/\/www.imab-concept.it\/fr\/collection\/jazz-fr\/chambres-d-enfants\/\"><span class=\"fusion-button-text\"> D\u00c9COUVREZ LA COLLECTION JAZZ <\/span><\/a><\/div><\/div><\/div><style type=\"text\/css\">.fusion-body .fusion-builder-column-3{width:50% !important;margin-top : 25px;margin-bottom : 25px;}.fusion-builder-column-3 > .fusion-column-wrapper {padding-top : 0px !important;padding-right : 0px !important;margin-right : 3.84%;padding-bottom : 0px !important;padding-left : 0px !important;margin-left : 3.84%;}@media only screen and (max-width:1024px) {.fusion-body .fusion-builder-column-3{width:50% !important;order : 0;}.fusion-builder-column-3 > .fusion-column-wrapper {margin-right : 3.84%;margin-left : 3.84%;}}@media only screen and (max-width:640px) {.fusion-body .fusion-builder-column-3{width:100% !important;order : 0;}.fusion-builder-column-3 > .fusion-column-wrapper {margin-right : 1.92%;margin-left : 1.92%;}}<\/style><div class=\"fusion-layout-column fusion_builder_column fusion-builder-column-4 fusion_builder_column_1_2 1_2 fusion-flex-column fusion-animated\" data-animationType=\"fadeInUp\" data-animationDuration=\"0.3\" data-animationOffset=\"100%\"><div class=\"fusion-column-wrapper fusion-flex-justify-content-flex-start fusion-content-layout-column\" style=\"background-position:left top;background-repeat:no-repeat;-webkit-background-size:cover;-moz-background-size:cover;-o-background-size:cover;background-size:cover;padding: 0px 0px 0px 0px;\"><div ><span class=\" fusion-imageframe imageframe-none imageframe-2 hover-type-zoomin\" style=\"margin-bottom:4%;\"><img decoding=\"async\" width=\"650\" height=\"470\" alt=\"Immagine cameretta cn armadio in Agave a ponte e letto \" title=\"VCJ158_cameretta_ponte_singola_next\" src=\"https:\/\/www.imab-concept.it\/wp-content\/uploads\/2026\/01\/VCJ158_cameretta_ponte_singola_next.jpg\" class=\"img-responsive wp-image-19541\" srcset=\"https:\/\/www.imab-concept.it\/wp-content\/uploads\/2026\/01\/VCJ158_cameretta_ponte_singola_next-200x145.jpg 200w, https:\/\/www.imab-concept.it\/wp-content\/uploads\/2026\/01\/VCJ158_cameretta_ponte_singola_next-400x289.jpg 400w, https:\/\/www.imab-concept.it\/wp-content\/uploads\/2026\/01\/VCJ158_cameretta_ponte_singola_next-600x434.jpg 600w, https:\/\/www.imab-concept.it\/wp-content\/uploads\/2026\/01\/VCJ158_cameretta_ponte_singola_next.jpg 650w\" sizes=\"(max-width: 1024px) 100vw, (max-width: 640px) 100vw, 650px\" \/><\/span><\/div><style type=\"text\/css\">@media only screen and (max-width:1024px) {.fusion-title.fusion-title-3{margin-top:8px!important;margin-bottom:16px!important;}}@media only screen and (max-width:640px) {.fusion-title.fusion-title-3{margin-top:8px!important;margin-bottom:16px!important;}}<\/style><div class=\"fusion-title title fusion-title-3 fusion-sep-none fusion-title-text fusion-title-size-three\" style=\"margin-top:8px;margin-bottom:16px;\"><h3 class=\"title-heading-left\" style=\"margin:0;\">Chambre solo avec pont et bureau int\u00e9gr\u00e9<\/h3><\/div><div class=\"fusion-text fusion-text-3\" style=\"transform:translate3d(0,0,0);\"><p>Une chambre d\u2019enfant dot\u00e9e d\u2019\u00e9l\u00e9ments personnalisables et sur mesure, dans laquelle les mat\u00e9riaux rencontrent la couleur avec cr\u00e9ativit\u00e9 et flexibilit\u00e9 de composition.<\/p>\n<\/div><div ><style type=\"text\/css\">.fusion-button.button-2 {border-radius:50px;}<\/style><a class=\"fusion-button button-flat fusion-button-default-size button-default button-2 fusion-button-default-span fusion-button-default-type button_cucine\" target=\"_self\" href=\"https:\/\/www.imab-concept.it\/fr\/collection\/jazz-fr\/chambres-d-enfants\/\"><span class=\"fusion-button-text\"> D\u00c9COUVREZ LA COLLECTION JAZZ <\/span><\/a><\/div><\/div><\/div><style type=\"text\/css\">.fusion-body .fusion-builder-column-4{width:50% !important;margin-top : 25px;margin-bottom : 25px;}.fusion-builder-column-4 > .fusion-column-wrapper {padding-top : 0px !important;padding-right : 0px !important;margin-right : 3.84%;padding-bottom : 0px !important;padding-left : 0px !important;margin-left : 3.84%;}@media only screen and (max-width:1024px) {.fusion-body .fusion-builder-column-4{width:50% !important;order : 0;}.fusion-builder-column-4 > .fusion-column-wrapper {margin-right : 3.84%;margin-left : 3.84%;}}@media only screen and (max-width:640px) {.fusion-body .fusion-builder-column-4{width:100% !important;order : 0;}.fusion-builder-column-4 > .fusion-column-wrapper {margin-right : 1.92%;margin-left : 1.92%;}}<\/style><div class=\"fusion-layout-column fusion_builder_column fusion-builder-column-5 fusion_builder_column_1_2 1_2 fusion-flex-column fusion-animated\" data-animationType=\"fadeInUp\" data-animationDuration=\"0.3\" data-animationOffset=\"100%\"><div class=\"fusion-column-wrapper fusion-flex-justify-content-flex-start fusion-content-layout-column\" style=\"background-position:left top;background-repeat:no-repeat;-webkit-background-size:cover;-moz-background-size:cover;-o-background-size:cover;background-size:cover;padding: 0px 0px 0px 0px;\"><div ><span class=\" fusion-imageframe imageframe-none imageframe-3 hover-type-zoomin\" style=\"margin-bottom:4%;\"><img decoding=\"async\" width=\"650\" height=\"470\" alt=\"Immagine cameretta singola con soppalco, zona studio e cabinone salvaspazio in giallo e Moka \" title=\"VCJ157_cameretta_con_cabina_next\" src=\"https:\/\/www.imab-concept.it\/wp-content\/uploads\/2026\/01\/VCJ157_cameretta_con_cabina_next.jpg\" class=\"img-responsive wp-image-19537\" srcset=\"https:\/\/www.imab-concept.it\/wp-content\/uploads\/2026\/01\/VCJ157_cameretta_con_cabina_next-200x145.jpg 200w, https:\/\/www.imab-concept.it\/wp-content\/uploads\/2026\/01\/VCJ157_cameretta_con_cabina_next-400x289.jpg 400w, https:\/\/www.imab-concept.it\/wp-content\/uploads\/2026\/01\/VCJ157_cameretta_con_cabina_next-600x434.jpg 600w, https:\/\/www.imab-concept.it\/wp-content\/uploads\/2026\/01\/VCJ157_cameretta_con_cabina_next.jpg 650w\" sizes=\"(max-width: 1024px) 100vw, (max-width: 640px) 100vw, 650px\" \/><\/span><\/div><style type=\"text\/css\">@media only screen and (max-width:1024px) {.fusion-title.fusion-title-4{margin-top:8px!important;margin-bottom:16px!important;}}@media only screen and (max-width:640px) {.fusion-title.fusion-title-4{margin-top:8px!important;margin-bottom:16px!important;}}<\/style><div class=\"fusion-title title fusion-title-4 fusion-sep-none fusion-title-text fusion-title-size-three\" style=\"margin-top:8px;margin-bottom:16px;\"><h3 class=\"title-heading-left\" style=\"margin:0;\">Chambre avec dressing walk-in int\u00e9gr\u00e9<\/h3><\/div><div class=\"fusion-text fusion-text-4\" style=\"transform:translate3d(0,0,0);\"><p>Des id\u00e9es pour am\u00e9nager une petite chambre, en disposant les meubles diff\u00e9remment au fin d\u2019optimiser l&rsquo;espace tout en cr\u00e9ant une pi\u00e8ce fonctionnelle.<\/p>\n<\/div><div ><style type=\"text\/css\">.fusion-button.button-3 {border-radius:50px;}<\/style><a class=\"fusion-button button-flat fusion-button-default-size button-default button-3 fusion-button-default-span fusion-button-default-type button_cucine\" target=\"_self\" href=\"https:\/\/www.imab-concept.it\/fr\/collection\/jazz-fr\/chambres-d-enfants\/\"><span class=\"fusion-button-text\"> D\u00c9COUVREZ LA COLLECTION JAZZ <\/span><\/a><\/div><\/div><\/div><style type=\"text\/css\">.fusion-body .fusion-builder-column-5{width:50% !important;margin-top : 25px;margin-bottom : 25px;}.fusion-builder-column-5 > .fusion-column-wrapper {padding-top : 0px !important;padding-right : 0px !important;margin-right : 3.84%;padding-bottom : 0px !important;padding-left : 0px !important;margin-left : 3.84%;}@media only screen and (max-width:1024px) {.fusion-body .fusion-builder-column-5{width:50% !important;order : 0;}.fusion-builder-column-5 > .fusion-column-wrapper {margin-right : 3.84%;margin-left : 3.84%;}}@media only screen and (max-width:640px) {.fusion-body .fusion-builder-column-5{width:100% !important;order : 0;}.fusion-builder-column-5 > .fusion-column-wrapper {margin-right : 1.92%;margin-left : 1.92%;}}<\/style><div class=\"fusion-layout-column fusion_builder_column fusion-builder-column-6 fusion_builder_column_1_2 1_2 fusion-flex-column fusion-animated\" data-animationType=\"fadeInUp\" data-animationDuration=\"0.3\" data-animationOffset=\"100%\"><div class=\"fusion-column-wrapper fusion-flex-justify-content-flex-start fusion-content-layout-column\" style=\"background-position:left top;background-repeat:no-repeat;-webkit-background-size:cover;-moz-background-size:cover;-o-background-size:cover;background-size:cover;padding: 0px 0px 0px 0px;\"><div ><span class=\" fusion-imageframe imageframe-none imageframe-4 hover-type-zoomin\" style=\"margin-bottom:4%;\"><img decoding=\"async\" width=\"650\" height=\"470\" alt=\"Immagine cameretta doppia con soppalco in \" title=\"VCJ156_cameretta_doppia_con_soppalco_next\" src=\"https:\/\/www.imab-concept.it\/wp-content\/uploads\/2026\/01\/VCJ156_cameretta_doppia_con_soppalco_next.jpg\" class=\"img-responsive wp-image-19533\" srcset=\"https:\/\/www.imab-concept.it\/wp-content\/uploads\/2026\/01\/VCJ156_cameretta_doppia_con_soppalco_next-200x145.jpg 200w, https:\/\/www.imab-concept.it\/wp-content\/uploads\/2026\/01\/VCJ156_cameretta_doppia_con_soppalco_next-400x289.jpg 400w, https:\/\/www.imab-concept.it\/wp-content\/uploads\/2026\/01\/VCJ156_cameretta_doppia_con_soppalco_next-600x434.jpg 600w, https:\/\/www.imab-concept.it\/wp-content\/uploads\/2026\/01\/VCJ156_cameretta_doppia_con_soppalco_next.jpg 650w\" sizes=\"(max-width: 1024px) 100vw, (max-width: 640px) 100vw, 650px\" \/><\/span><\/div><style type=\"text\/css\">@media only screen and (max-width:1024px) {.fusion-title.fusion-title-5{margin-top:8px!important;margin-bottom:16px!important;}}@media only screen and (max-width:640px) {.fusion-title.fusion-title-5{margin-top:8px!important;margin-bottom:16px!important;}}<\/style><div class=\"fusion-title title fusion-title-5 fusion-sep-none fusion-title-text fusion-title-size-three\" style=\"margin-top:8px;margin-bottom:16px;\"><h3 class=\"title-heading-left\" style=\"margin:0;\">Solution mezzanine gain de place pour deux<\/h3><\/div><div class=\"fusion-text fusion-text-5\" style=\"transform:translate3d(0,0,0);\"><p>Une chambre o\u00f9 le mot d&rsquo;ordre est : gain de place ! Lorsqu\u2019il est n\u00e9cessaire de transformer la pi\u00e8ce en fonction de l&rsquo;heure de la journ\u00e9e.<\/p>\n<\/div><div ><style type=\"text\/css\">.fusion-button.button-4 {border-radius:50px;}<\/style><a class=\"fusion-button button-flat fusion-button-default-size button-default button-4 fusion-button-default-span fusion-button-default-type button_cucine\" target=\"_self\" href=\"https:\/\/www.imab-concept.it\/fr\/collection\/jazz-fr\/chambres-d-enfants\/\"><span class=\"fusion-button-text\"> D\u00c9COUVREZ LA COLLECTION JAZZ <\/span><\/a><\/div><\/div><\/div><style type=\"text\/css\">.fusion-body .fusion-builder-column-6{width:50% !important;margin-top : 25px;margin-bottom : 25px;}.fusion-builder-column-6 > .fusion-column-wrapper {padding-top : 0px !important;padding-right : 0px !important;margin-right : 3.84%;padding-bottom : 0px !important;padding-left : 0px !important;margin-left : 3.84%;}@media only screen and (max-width:1024px) {.fusion-body .fusion-builder-column-6{width:50% !important;order : 0;}.fusion-builder-column-6 > .fusion-column-wrapper {margin-right : 3.84%;margin-left : 3.84%;}}@media only screen and (max-width:640px) {.fusion-body .fusion-builder-column-6{width:100% !important;order : 0;}.fusion-builder-column-6 > .fusion-column-wrapper {margin-right : 1.92%;margin-left : 1.92%;}}<\/style><div class=\"fusion-layout-column fusion_builder_column fusion-builder-column-7 fusion_builder_column_1_2 1_2 fusion-flex-column fusion-animated\" data-animationType=\"fadeInUp\" data-animationDuration=\"0.3\" data-animationOffset=\"100%\"><div class=\"fusion-column-wrapper fusion-flex-justify-content-flex-start fusion-content-layout-column\" style=\"background-position:left top;background-repeat:no-repeat;-webkit-background-size:cover;-moz-background-size:cover;-o-background-size:cover;background-size:cover;padding: 0px 0px 0px 0px;\"><div ><span class=\" fusion-imageframe imageframe-none imageframe-5 hover-type-zoomin\" style=\"margin-bottom:4%;\"><img decoding=\"async\" width=\"650\" height=\"470\" alt=\"Immagine con cameretta singola armadio azzurro e libreria \" title=\"VCJ155_cameretta_singola_ponte_libreria_next\" src=\"https:\/\/www.imab-concept.it\/wp-content\/uploads\/2026\/01\/VCJ155_cameretta_singola_ponte_libreria_next.jpg\" class=\"img-responsive wp-image-19529\" srcset=\"https:\/\/www.imab-concept.it\/wp-content\/uploads\/2026\/01\/VCJ155_cameretta_singola_ponte_libreria_next-200x145.jpg 200w, https:\/\/www.imab-concept.it\/wp-content\/uploads\/2026\/01\/VCJ155_cameretta_singola_ponte_libreria_next-400x289.jpg 400w, https:\/\/www.imab-concept.it\/wp-content\/uploads\/2026\/01\/VCJ155_cameretta_singola_ponte_libreria_next-600x434.jpg 600w, https:\/\/www.imab-concept.it\/wp-content\/uploads\/2026\/01\/VCJ155_cameretta_singola_ponte_libreria_next.jpg 650w\" sizes=\"(max-width: 1024px) 100vw, (max-width: 640px) 100vw, 650px\" \/><\/span><\/div><style type=\"text\/css\">@media only screen and (max-width:1024px) {.fusion-title.fusion-title-6{margin-top:8px!important;margin-bottom:16px!important;}}@media only screen and (max-width:640px) {.fusion-title.fusion-title-6{margin-top:8px!important;margin-bottom:16px!important;}}<\/style><div class=\"fusion-title title fusion-title-6 fusion-sep-none fusion-title-text fusion-title-size-three\" style=\"margin-top:8px;margin-bottom:16px;\"><h3 class=\"title-heading-left\" style=\"margin:0;\">Espace jeunesse sur mesure<\/h3><\/div><div class=\"fusion-text fusion-text-6\" style=\"transform:translate3d(0,0,0);\"><p>Une chambre \u00e0 mesure d\u2019enfants, o\u00f9 chaque \u00e9l\u00e9ment trouve sa place naturelle et o\u00f9 chacun pro\u00f5te de son propre espace.<\/p>\n<\/div><div ><style type=\"text\/css\">.fusion-button.button-5 {border-radius:50px;}<\/style><a class=\"fusion-button button-flat fusion-button-default-size button-default button-5 fusion-button-default-span fusion-button-default-type button_cucine\" target=\"_self\" href=\"https:\/\/www.imab-concept.it\/fr\/collection\/jazz-fr\/chambres-d-enfants\/\"><span class=\"fusion-button-text\"> D\u00c9COUVREZ LA COLLECTION JAZZ <\/span><\/a><\/div><\/div><\/div><style type=\"text\/css\">.fusion-body .fusion-builder-column-7{width:50% !important;margin-top : 25px;margin-bottom : 25px;}.fusion-builder-column-7 > .fusion-column-wrapper {padding-top : 0px !important;padding-right : 0px !important;margin-right : 3.84%;padding-bottom : 0px !important;padding-left : 0px !important;margin-left : 3.84%;}@media only screen and (max-width:1024px) {.fusion-body .fusion-builder-column-7{width:50% !important;order : 0;}.fusion-builder-column-7 > .fusion-column-wrapper {margin-right : 3.84%;margin-left : 3.84%;}}@media only screen and (max-width:640px) {.fusion-body .fusion-builder-column-7{width:100% !important;order : 0;}.fusion-builder-column-7 > .fusion-column-wrapper {margin-right : 1.92%;margin-left : 1.92%;}}<\/style><div class=\"fusion-layout-column fusion_builder_column fusion-builder-column-8 fusion_builder_column_1_2 1_2 fusion-flex-column fusion-animated\" data-animationType=\"fadeInUp\" data-animationDuration=\"0.3\" data-animationOffset=\"100%\"><div class=\"fusion-column-wrapper fusion-flex-justify-content-flex-start fusion-content-layout-column\" style=\"background-position:left top;background-repeat:no-repeat;-webkit-background-size:cover;-moz-background-size:cover;-o-background-size:cover;background-size:cover;padding: 0px 0px 0px 0px;\"><div ><span class=\" fusion-imageframe imageframe-none imageframe-6 hover-type-zoomin\" style=\"margin-bottom:4%;\"><img decoding=\"async\" width=\"650\" height=\"470\" alt=\"immagine cameretta doppia con armadio a ponte in Sandstone\" title=\"VCJ154_cameretta_doppia_ponte_next\" src=\"https:\/\/www.imab-concept.it\/wp-content\/uploads\/2026\/01\/VCJ154_cameretta_doppia_ponte_next.jpg\" class=\"img-responsive wp-image-19525\" srcset=\"https:\/\/www.imab-concept.it\/wp-content\/uploads\/2026\/01\/VCJ154_cameretta_doppia_ponte_next-200x145.jpg 200w, https:\/\/www.imab-concept.it\/wp-content\/uploads\/2026\/01\/VCJ154_cameretta_doppia_ponte_next-400x289.jpg 400w, https:\/\/www.imab-concept.it\/wp-content\/uploads\/2026\/01\/VCJ154_cameretta_doppia_ponte_next-600x434.jpg 600w, https:\/\/www.imab-concept.it\/wp-content\/uploads\/2026\/01\/VCJ154_cameretta_doppia_ponte_next.jpg 650w\" sizes=\"(max-width: 1024px) 100vw, (max-width: 640px) 100vw, 650px\" \/><\/span><\/div><style type=\"text\/css\">@media only screen and (max-width:1024px) {.fusion-title.fusion-title-7{margin-top:8px!important;margin-bottom:16px!important;}}@media only screen and (max-width:640px) {.fusion-title.fusion-title-7{margin-top:8px!important;margin-bottom:16px!important;}}<\/style><div class=\"fusion-title title fusion-title-7 fusion-sep-none fusion-title-text fusion-title-size-three\" style=\"margin-top:8px;margin-bottom:16px;\"><h3 class=\"title-heading-left\" style=\"margin:0;\">Chambre double avec pont et bureau lat\u00e9ral<\/h3><\/div><div class=\"fusion-text fusion-text-7\" style=\"transform:translate3d(0,0,0);\"><p>Chambre d\u2019enfant avec coin bureau, grande armoire et lits simples. Peu d&rsquo;\u00e9l\u00e9ments, mais avec tout ce dont un(e) adolescent(e) a besoin.<\/p>\n<\/div><div ><style type=\"text\/css\">.fusion-button.button-6 {border-radius:50px;}<\/style><a class=\"fusion-button button-flat fusion-button-default-size button-default button-6 fusion-button-default-span fusion-button-default-type button_cucine\" target=\"_self\" href=\"https:\/\/www.imab-concept.it\/fr\/collection\/jazz-fr\/chambres-d-enfants\/\"><span class=\"fusion-button-text\"> D\u00c9COUVREZ LA COLLECTION JAZZ <\/span><\/a><\/div><\/div><\/div><style type=\"text\/css\">.fusion-body .fusion-builder-column-8{width:50% !important;margin-top : 25px;margin-bottom : 25px;}.fusion-builder-column-8 > .fusion-column-wrapper {padding-top : 0px !important;padding-right : 0px !important;margin-right : 3.84%;padding-bottom : 0px !important;padding-left : 0px !important;margin-left : 3.84%;}@media only screen and (max-width:1024px) {.fusion-body .fusion-builder-column-8{width:50% !important;order : 0;}.fusion-builder-column-8 > .fusion-column-wrapper {margin-right : 3.84%;margin-left : 3.84%;}}@media only screen and (max-width:640px) {.fusion-body .fusion-builder-column-8{width:100% !important;order : 0;}.fusion-builder-column-8 > .fusion-column-wrapper {margin-right : 1.92%;margin-left : 1.92%;}}<\/style><div class=\"fusion-layout-column fusion_builder_column fusion-builder-column-9 fusion_builder_column_1_2 1_2 fusion-flex-column fusion-animated\" data-animationType=\"fadeInUp\" data-animationDuration=\"0.3\" data-animationOffset=\"100%\"><div class=\"fusion-column-wrapper fusion-flex-justify-content-flex-start fusion-content-layout-column\" style=\"background-position:left top;background-repeat:no-repeat;-webkit-background-size:cover;-moz-background-size:cover;-o-background-size:cover;background-size:cover;padding: 0px 0px 0px 0px;\"><div ><span class=\" fusion-imageframe imageframe-none imageframe-7 hover-type-zoomin\" style=\"margin-bottom:4%;\"><img decoding=\"async\" width=\"650\" height=\"470\" title=\"Cameretta a soppalco per bambine Imab Concept\" src=\"https:\/\/www.imab-concept.it\/wp-content\/uploads\/2022\/12\/VCJ118-cameretta-soppalco-imab-concept-princ.jpg\" class=\"img-responsive wp-image-8602\" srcset=\"https:\/\/www.imab-concept.it\/wp-content\/uploads\/2022\/12\/VCJ118-cameretta-soppalco-imab-concept-princ-200x145.jpg 200w, https:\/\/www.imab-concept.it\/wp-content\/uploads\/2022\/12\/VCJ118-cameretta-soppalco-imab-concept-princ-400x289.jpg 400w, https:\/\/www.imab-concept.it\/wp-content\/uploads\/2022\/12\/VCJ118-cameretta-soppalco-imab-concept-princ-600x434.jpg 600w, https:\/\/www.imab-concept.it\/wp-content\/uploads\/2022\/12\/VCJ118-cameretta-soppalco-imab-concept-princ.jpg 650w\" sizes=\"(max-width: 1024px) 100vw, (max-width: 640px) 100vw, 650px\" \/><\/span><\/div><style type=\"text\/css\">@media only screen and (max-width:1024px) {.fusion-title.fusion-title-8{margin-top:8px!important;margin-bottom:16px!important;}}@media only screen and (max-width:640px) {.fusion-title.fusion-title-8{margin-top:8px!important;margin-bottom:16px!important;}}<\/style><div class=\"fusion-title title fusion-title-8 fusion-sep-none fusion-title-text fusion-title-size-three\" style=\"margin-top:8px;margin-bottom:16px;\"><h3 class=\"title-heading-left\" style=\"margin:0;\">Chambre pour filles avec mezzanine<\/h3><\/div><div class=\"fusion-text fusion-text-8\" style=\"transform:translate3d(0,0,0);\"><p>Une chambre adapt\u00e9e aux filles, o\u00f9 tout trouve naturellement sa place et o\u00f9 chacune peut profiter de son propre espace. La position des lits en quinconce permet \u00e9galement de placer une petite armoire \u00e0 deux portes sous l\u2019\u00e9chelle.<\/p>\n<\/div><div ><style type=\"text\/css\">.fusion-button.button-7 {border-radius:50px;}<\/style><a class=\"fusion-button button-flat fusion-button-default-size button-default button-7 fusion-button-default-span fusion-button-default-type button_cucine\" target=\"_self\" href=\"https:\/\/www.imab-concept.it\/fr\/collection\/jazz-fr\/chambres-d-enfants\/\"><span class=\"fusion-button-text\"> D\u00c9COUVREZ LA COLLECTION JAZZ <\/span><\/a><\/div><\/div><\/div><style type=\"text\/css\">.fusion-body .fusion-builder-column-9{width:50% !important;margin-top : 25px;margin-bottom : 25px;}.fusion-builder-column-9 > .fusion-column-wrapper {padding-top : 0px !important;padding-right : 0px !important;margin-right : 3.84%;padding-bottom : 0px !important;padding-left : 0px !important;margin-left : 3.84%;}@media only screen and (max-width:1024px) {.fusion-body .fusion-builder-column-9{width:50% !important;order : 0;}.fusion-builder-column-9 > .fusion-column-wrapper {margin-right : 3.84%;margin-left : 3.84%;}}@media only screen and (max-width:640px) {.fusion-body .fusion-builder-column-9{width:100% !important;order : 0;}.fusion-builder-column-9 > .fusion-column-wrapper {margin-right : 1.92%;margin-left : 1.92%;}}<\/style><div class=\"fusion-layout-column fusion_builder_column fusion-builder-column-10 fusion_builder_column_1_2 1_2 fusion-flex-column fusion-animated\" data-animationType=\"fadeInUp\" data-animationDuration=\"0.3\" data-animationOffset=\"100%\"><div class=\"fusion-column-wrapper fusion-flex-justify-content-flex-start fusion-content-layout-column\" style=\"background-position:left top;background-repeat:no-repeat;-webkit-background-size:cover;-moz-background-size:cover;-o-background-size:cover;background-size:cover;padding: 0px 0px 0px 0px;\"><div ><span class=\" fusion-imageframe imageframe-none imageframe-8 hover-type-zoomin\" style=\"margin-bottom:4%;\"><img decoding=\"async\" width=\"650\" height=\"470\" title=\"Cameretta per due con soppalco Imab Concept\" src=\"https:\/\/www.imab-concept.it\/wp-content\/uploads\/2022\/12\/VCJ117-cameretta-soppalco-imab-concept-princ.jpg\" class=\"img-responsive wp-image-8600\" srcset=\"https:\/\/www.imab-concept.it\/wp-content\/uploads\/2022\/12\/VCJ117-cameretta-soppalco-imab-concept-princ-200x145.jpg 200w, https:\/\/www.imab-concept.it\/wp-content\/uploads\/2022\/12\/VCJ117-cameretta-soppalco-imab-concept-princ-400x289.jpg 400w, https:\/\/www.imab-concept.it\/wp-content\/uploads\/2022\/12\/VCJ117-cameretta-soppalco-imab-concept-princ-600x434.jpg 600w, https:\/\/www.imab-concept.it\/wp-content\/uploads\/2022\/12\/VCJ117-cameretta-soppalco-imab-concept-princ.jpg 650w\" sizes=\"(max-width: 1024px) 100vw, (max-width: 640px) 100vw, 650px\" \/><\/span><\/div><style type=\"text\/css\">@media only screen and (max-width:1024px) {.fusion-title.fusion-title-9{margin-top:8px!important;margin-bottom:16px!important;}}@media only screen and (max-width:640px) {.fusion-title.fusion-title-9{margin-top:8px!important;margin-bottom:16px!important;}}<\/style><div class=\"fusion-title title fusion-title-9 fusion-sep-none fusion-title-text fusion-title-size-three\" style=\"margin-top:8px;margin-bottom:16px;\"><h3 class=\"title-heading-left\" style=\"margin:0;\">Chambre pour deux enfants avec mezzanine<\/h3><\/div><div class=\"fusion-text fusion-text-9\" style=\"transform:translate3d(0,0,0);\"><p>Une proposition qui pense \u00e0 tout, en organisant chaque m\u00e8tre carr\u00e9 disponible afin de laisser un maximum d\u2019espace libre pour le jeu. L\u2019\u00e9chelle d\u2019acc\u00e8s au lit sup\u00e9rieur peut \u00e9galement \u00eatre utilis\u00e9e comme une biblioth\u00e8que spacieuse.<\/p>\n<\/div><div ><style type=\"text\/css\">.fusion-button.button-8 {border-radius:50px;}<\/style><a class=\"fusion-button button-flat fusion-button-default-size button-default button-8 fusion-button-default-span fusion-button-default-type button_cucine\" target=\"_self\" href=\"https:\/\/www.imab-concept.it\/fr\/collection\/jazz-fr\/chambres-d-enfants\/\"><span class=\"fusion-button-text\">D\u00c9COUVREZ LA COLLECTION JAZZ <\/span><\/a><\/div><\/div><\/div><style type=\"text\/css\">.fusion-body .fusion-builder-column-10{width:50% !important;margin-top : 25px;margin-bottom : 25px;}.fusion-builder-column-10 > .fusion-column-wrapper {padding-top : 0px !important;padding-right : 0px !important;margin-right : 3.84%;padding-bottom : 0px !important;padding-left : 0px !important;margin-left : 3.84%;}@media only screen and (max-width:1024px) {.fusion-body .fusion-builder-column-10{width:50% !important;order : 0;}.fusion-builder-column-10 > .fusion-column-wrapper {margin-right : 3.84%;margin-left : 3.84%;}}@media only screen and (max-width:640px) {.fusion-body .fusion-builder-column-10{width:100% !important;order : 0;}.fusion-builder-column-10 > .fusion-column-wrapper {margin-right : 1.92%;margin-left : 1.92%;}}<\/style><div class=\"fusion-layout-column fusion_builder_column fusion-builder-column-11 fusion_builder_column_1_2 1_2 fusion-flex-column fusion-animated\" data-animationType=\"fadeInUp\" data-animationDuration=\"0.3\" data-animationOffset=\"100%\"><div class=\"fusion-column-wrapper fusion-flex-justify-content-flex-start fusion-content-layout-column\" style=\"background-position:left top;background-repeat:no-repeat;-webkit-background-size:cover;-moz-background-size:cover;-o-background-size:cover;background-size:cover;padding: 0px 0px 0px 0px;\"><div ><span class=\" fusion-imageframe imageframe-none imageframe-9 hover-type-zoomin\" style=\"margin-bottom:4%;\"><img decoding=\"async\" width=\"650\" height=\"470\" title=\"Cameretta 3 letti estraibili Imab Concept\" src=\"https:\/\/www.imab-concept.it\/wp-content\/uploads\/2022\/12\/VCJ116-cameretta-letti-estraibili-imab-concept-princ.jpg\" class=\"img-responsive wp-image-8598\" srcset=\"https:\/\/www.imab-concept.it\/wp-content\/uploads\/2022\/12\/VCJ116-cameretta-letti-estraibili-imab-concept-princ-200x145.jpg 200w, https:\/\/www.imab-concept.it\/wp-content\/uploads\/2022\/12\/VCJ116-cameretta-letti-estraibili-imab-concept-princ-400x289.jpg 400w, https:\/\/www.imab-concept.it\/wp-content\/uploads\/2022\/12\/VCJ116-cameretta-letti-estraibili-imab-concept-princ-600x434.jpg 600w, https:\/\/www.imab-concept.it\/wp-content\/uploads\/2022\/12\/VCJ116-cameretta-letti-estraibili-imab-concept-princ.jpg 650w\" sizes=\"(max-width: 1024px) 100vw, (max-width: 640px) 100vw, 650px\" \/><\/span><\/div><style type=\"text\/css\">@media only screen and (max-width:1024px) {.fusion-title.fusion-title-10{margin-top:8px!important;margin-bottom:16px!important;}}@media only screen and (max-width:640px) {.fusion-title.fusion-title-10{margin-top:8px!important;margin-bottom:16px!important;}}<\/style><div class=\"fusion-title title fusion-title-10 fusion-sep-none fusion-title-text fusion-title-size-three\" style=\"margin-top:8px;margin-bottom:16px;\"><h3 class=\"title-heading-left\" style=\"margin:0;\">Chambre d\u2019enfants avec lits gigognes<\/h3><\/div><div class=\"fusion-text fusion-text-10\" style=\"transform:translate3d(0,0,0);\"><p>L\u2019armoire-pont int\u00e8gre jusqu\u2019\u00e0 trois lits gigognes multifonctionnels dans un minimum d\u2019espace. Solution peu encombrante appr\u00e9ci\u00e9e par les parents et les enfants.<\/p>\n<\/div><div ><style type=\"text\/css\">.fusion-button.button-9 {border-radius:50px;}<\/style><a class=\"fusion-button button-flat fusion-button-default-size button-default button-9 fusion-button-default-span fusion-button-default-type button_cucine\" target=\"_self\" href=\"https:\/\/www.imab-concept.it\/fr\/collection\/jazz-fr\/chambres-d-enfants\/\"><span class=\"fusion-button-text\">D\u00c9COUVREZ LA COLLECTION JAZZ <\/span><\/a><\/div><\/div><\/div><style type=\"text\/css\">.fusion-body .fusion-builder-column-11{width:50% !important;margin-top : 25px;margin-bottom : 25px;}.fusion-builder-column-11 > .fusion-column-wrapper {padding-top : 0px !important;padding-right : 0px !important;margin-right : 3.84%;padding-bottom : 0px !important;padding-left : 0px !important;margin-left : 3.84%;}@media only screen and (max-width:1024px) {.fusion-body .fusion-builder-column-11{width:50% !important;order : 0;}.fusion-builder-column-11 > .fusion-column-wrapper {margin-right : 3.84%;margin-left : 3.84%;}}@media only screen and (max-width:640px) {.fusion-body .fusion-builder-column-11{width:100% !important;order : 0;}.fusion-builder-column-11 > .fusion-column-wrapper {margin-right : 1.92%;margin-left : 1.92%;}}<\/style><div class=\"fusion-layout-column fusion_builder_column fusion-builder-column-12 fusion_builder_column_1_2 1_2 fusion-flex-column fusion-animated\" data-animationType=\"fadeInUp\" data-animationDuration=\"0.3\" data-animationOffset=\"100%\"><div class=\"fusion-column-wrapper fusion-flex-justify-content-flex-start fusion-content-layout-column\" style=\"background-position:left top;background-repeat:no-repeat;-webkit-background-size:cover;-moz-background-size:cover;-o-background-size:cover;background-size:cover;padding: 0px 0px 0px 0px;\"><div ><span class=\" fusion-imageframe imageframe-none imageframe-10 hover-type-zoomin\" style=\"margin-bottom:4%;\"><img decoding=\"async\" width=\"650\" height=\"470\" title=\"Cameretta per ragazzo a ponte Imab Concept\" src=\"https:\/\/www.imab-concept.it\/wp-content\/uploads\/2022\/12\/VCJ109-cameretta-ponte-imab-concept-princ.jpg\" class=\"img-responsive wp-image-8596\" srcset=\"https:\/\/www.imab-concept.it\/wp-content\/uploads\/2022\/12\/VCJ109-cameretta-ponte-imab-concept-princ-200x145.jpg 200w, https:\/\/www.imab-concept.it\/wp-content\/uploads\/2022\/12\/VCJ109-cameretta-ponte-imab-concept-princ-400x289.jpg 400w, https:\/\/www.imab-concept.it\/wp-content\/uploads\/2022\/12\/VCJ109-cameretta-ponte-imab-concept-princ-600x434.jpg 600w, https:\/\/www.imab-concept.it\/wp-content\/uploads\/2022\/12\/VCJ109-cameretta-ponte-imab-concept-princ.jpg 650w\" sizes=\"(max-width: 1024px) 100vw, (max-width: 640px) 100vw, 650px\" \/><\/span><\/div><style type=\"text\/css\">@media only screen and (max-width:1024px) {.fusion-title.fusion-title-11{margin-top:8px!important;margin-bottom:16px!important;}}@media only screen and (max-width:640px) {.fusion-title.fusion-title-11{margin-top:8px!important;margin-bottom:16px!important;}}<\/style><div class=\"fusion-title title fusion-title-11 fusion-sep-none fusion-title-text fusion-title-size-three\" style=\"margin-top:8px;margin-bottom:16px;\"><h3 class=\"title-heading-left\" style=\"margin:0;\">Chambre d\u2019enfant avec armoire-pont en angle<\/h3><\/div><div class=\"fusion-text fusion-text-11\" style=\"transform:translate3d(0,0,0);\"><p>Une proposition dans laquelle l\u2019espace est multipli\u00e9 au gr\u00e9 des jeux d\u2019\u00e9paisseur et de profondeur, se transformant selon les besoins et donnant forme \u00e0 un environnement tr\u00e8s personnel.<\/p>\n<\/div><div ><style type=\"text\/css\">.fusion-button.button-10 {border-radius:50px;}<\/style><a class=\"fusion-button button-flat fusion-button-default-size button-default button-10 fusion-button-default-span fusion-button-default-type button_cucine\" target=\"_self\" href=\"https:\/\/www.imab-concept.it\/fr\/collection\/jazz-fr\/chambres-d-enfants\/\"><span class=\"fusion-button-text\">D\u00c9COUVREZ LA COLLECTION JAZZ <\/span><\/a><\/div><\/div><\/div><style type=\"text\/css\">.fusion-body .fusion-builder-column-12{width:50% !important;margin-top : 25px;margin-bottom : 25px;}.fusion-builder-column-12 > .fusion-column-wrapper {padding-top : 0px !important;padding-right : 0px !important;margin-right : 3.84%;padding-bottom : 0px !important;padding-left : 0px !important;margin-left : 3.84%;}@media only screen and (max-width:1024px) {.fusion-body .fusion-builder-column-12{width:50% !important;order : 0;}.fusion-builder-column-12 > .fusion-column-wrapper {margin-right : 3.84%;margin-left : 3.84%;}}@media only screen and (max-width:640px) {.fusion-body .fusion-builder-column-12{width:100% !important;order : 0;}.fusion-builder-column-12 > .fusion-column-wrapper {margin-right : 1.92%;margin-left : 1.92%;}}<\/style><div class=\"fusion-layout-column fusion_builder_column fusion-builder-column-13 fusion_builder_column_1_2 1_2 fusion-flex-column fusion-animated\" data-animationType=\"fadeInUp\" data-animationDuration=\"0.3\" data-animationOffset=\"100%\"><div class=\"fusion-column-wrapper fusion-flex-justify-content-flex-start fusion-content-layout-column\" style=\"background-position:left top;background-repeat:no-repeat;-webkit-background-size:cover;-moz-background-size:cover;-o-background-size:cover;background-size:cover;padding: 0px 0px 0px 0px;\"><div ><span class=\" fusion-imageframe imageframe-none imageframe-11 hover-type-zoomin\" style=\"margin-bottom:4%;\"><img decoding=\"async\" width=\"650\" height=\"470\" title=\"Cameretta singola per bambina Imab Concept\" src=\"https:\/\/www.imab-concept.it\/wp-content\/uploads\/2022\/12\/VCJ107-cameretta-singola-imab-concept-princ.jpg\" class=\"img-responsive wp-image-8594\" srcset=\"https:\/\/www.imab-concept.it\/wp-content\/uploads\/2022\/12\/VCJ107-cameretta-singola-imab-concept-princ-200x145.jpg 200w, https:\/\/www.imab-concept.it\/wp-content\/uploads\/2022\/12\/VCJ107-cameretta-singola-imab-concept-princ-400x289.jpg 400w, https:\/\/www.imab-concept.it\/wp-content\/uploads\/2022\/12\/VCJ107-cameretta-singola-imab-concept-princ-600x434.jpg 600w, https:\/\/www.imab-concept.it\/wp-content\/uploads\/2022\/12\/VCJ107-cameretta-singola-imab-concept-princ.jpg 650w\" sizes=\"(max-width: 1024px) 100vw, (max-width: 640px) 100vw, 650px\" \/><\/span><\/div><style type=\"text\/css\">@media only screen and (max-width:1024px) {.fusion-title.fusion-title-12{margin-top:8px!important;margin-bottom:16px!important;}}@media only screen and (max-width:640px) {.fusion-title.fusion-title-12{margin-top:8px!important;margin-bottom:16px!important;}}<\/style><div class=\"fusion-title title fusion-title-12 fusion-sep-none fusion-title-text fusion-title-size-three\" style=\"margin-top:8px;margin-bottom:16px;\"><h3 class=\"title-heading-left\" style=\"margin:0;\">Chambre pour fille<\/h3><\/div><div class=\"fusion-text fusion-text-12\" style=\"transform:translate3d(0,0,0);\"><p>Une interpr\u00e9tation organis\u00e9e de la chambre \u00e0 coucher, qui combine toutes les fonctions fondamentales de cet espace\u00a0: repos, \u00e9tudes, jeux et rangement.<\/p>\n<\/div><div ><style type=\"text\/css\">.fusion-button.button-11 {border-radius:50px;}<\/style><a class=\"fusion-button button-flat fusion-button-default-size button-default button-11 fusion-button-default-span fusion-button-default-type button_cucine\" target=\"_self\" href=\"https:\/\/www.imab-concept.it\/fr\/collection\/jazz-fr\/chambres-d-enfants\/\"><span class=\"fusion-button-text\"> D\u00c9COUVREZ LA COLLECTION JAZZ <\/span><\/a><\/div><\/div><\/div><style type=\"text\/css\">.fusion-body .fusion-builder-column-13{width:50% !important;margin-top : 25px;margin-bottom : 25px;}.fusion-builder-column-13 > .fusion-column-wrapper {padding-top : 0px !important;padding-right : 0px !important;margin-right : 3.84%;padding-bottom : 0px !important;padding-left : 0px !important;margin-left : 3.84%;}@media only screen and (max-width:1024px) {.fusion-body .fusion-builder-column-13{width:50% !important;order : 0;}.fusion-builder-column-13 > .fusion-column-wrapper {margin-right : 3.84%;margin-left : 3.84%;}}@media only screen and (max-width:640px) {.fusion-body .fusion-builder-column-13{width:100% !important;order : 0;}.fusion-builder-column-13 > .fusion-column-wrapper {margin-right : 1.92%;margin-left : 1.92%;}}<\/style><div class=\"fusion-layout-column fusion_builder_column fusion-builder-column-14 fusion_builder_column_1_2 1_2 fusion-flex-column fusion-animated\" data-animationType=\"fadeInUp\" data-animationDuration=\"0.3\" data-animationOffset=\"100%\"><div class=\"fusion-column-wrapper fusion-flex-justify-content-flex-start fusion-content-layout-column\" style=\"background-position:left top;background-repeat:no-repeat;-webkit-background-size:cover;-moz-background-size:cover;-o-background-size:cover;background-size:cover;padding: 0px 0px 0px 0px;\"><div ><span class=\" fusion-imageframe imageframe-none imageframe-12 hover-type-zoomin\" style=\"margin-bottom:4%;\"><img decoding=\"async\" width=\"650\" height=\"470\" title=\"Cameretta singola con scrivania estraibile Imab Concept\" src=\"https:\/\/www.imab-concept.it\/wp-content\/uploads\/2022\/12\/VCJ103-cameretta-singola-imab-concept-princ.jpg\" class=\"img-responsive wp-image-8592\" srcset=\"https:\/\/www.imab-concept.it\/wp-content\/uploads\/2022\/12\/VCJ103-cameretta-singola-imab-concept-princ-200x145.jpg 200w, https:\/\/www.imab-concept.it\/wp-content\/uploads\/2022\/12\/VCJ103-cameretta-singola-imab-concept-princ-400x289.jpg 400w, https:\/\/www.imab-concept.it\/wp-content\/uploads\/2022\/12\/VCJ103-cameretta-singola-imab-concept-princ-600x434.jpg 600w, https:\/\/www.imab-concept.it\/wp-content\/uploads\/2022\/12\/VCJ103-cameretta-singola-imab-concept-princ.jpg 650w\" sizes=\"(max-width: 1024px) 100vw, (max-width: 640px) 100vw, 650px\" \/><\/span><\/div><style type=\"text\/css\">@media only screen and (max-width:1024px) {.fusion-title.fusion-title-13{margin-top:8px!important;margin-bottom:16px!important;}}@media only screen and (max-width:640px) {.fusion-title.fusion-title-13{margin-top:8px!important;margin-bottom:16px!important;}}<\/style><div class=\"fusion-title title fusion-title-13 fusion-sep-none fusion-title-text fusion-title-size-three\" style=\"margin-top:8px;margin-bottom:16px;\"><h3 class=\"title-heading-left\" style=\"margin:0;\">Chambre d\u2019enfant individuelle avec bureau escamotable<\/h3><\/div><div class=\"fusion-text fusion-text-13\" style=\"transform:translate3d(0,0,0);\"><p>Une chambre d\u2019enfant enti\u00e8rement con\u00e7ue pour optimiser l\u2019espace. Trois solutions ont \u00e9t\u00e9 adopt\u00e9es\u00a0: le lit avec rangement, le bureau escamotable et la biblioth\u00e8que de finition de l\u2019armoire.<\/p>\n<\/div><div ><style type=\"text\/css\">.fusion-button.button-12 {border-radius:50px;}<\/style><a class=\"fusion-button button-flat fusion-button-default-size button-default button-12 fusion-button-default-span fusion-button-default-type button_cucine\" target=\"_self\" href=\"https:\/\/www.imab-concept.it\/fr\/collection\/jazz-fr\/chambres-d-enfants\/\"><span class=\"fusion-button-text\">D\u00c9COUVREZ LA COLLECTION JAZZ <\/span><\/a><\/div><\/div><\/div><style type=\"text\/css\">.fusion-body .fusion-builder-column-14{width:50% !important;margin-top : 25px;margin-bottom : 25px;}.fusion-builder-column-14 > .fusion-column-wrapper {padding-top : 0px !important;padding-right : 0px !important;margin-right : 3.84%;padding-bottom : 0px !important;padding-left : 0px !important;margin-left : 3.84%;}@media only screen and (max-width:1024px) {.fusion-body .fusion-builder-column-14{width:50% !important;order : 0;}.fusion-builder-column-14 > .fusion-column-wrapper {margin-right : 3.84%;margin-left : 3.84%;}}@media only screen and (max-width:640px) {.fusion-body .fusion-builder-column-14{width:100% !important;order : 0;}.fusion-builder-column-14 > .fusion-column-wrapper {margin-right : 1.92%;margin-left : 1.92%;}}<\/style><div class=\"fusion-layout-column fusion_builder_column fusion-builder-column-15 fusion_builder_column_1_2 1_2 fusion-flex-column fusion-animated\" data-animationType=\"fadeInUp\" data-animationDuration=\"0.3\" data-animationOffset=\"100%\"><div class=\"fusion-column-wrapper fusion-flex-justify-content-flex-start fusion-content-layout-column\" style=\"background-position:left top;background-repeat:no-repeat;-webkit-background-size:cover;-moz-background-size:cover;-o-background-size:cover;background-size:cover;padding: 0px 0px 0px 0px;\"><div ><span class=\" fusion-imageframe imageframe-none imageframe-13 hover-type-zoomin\" style=\"margin-bottom:4%;\"><img decoding=\"async\" width=\"650\" height=\"470\" title=\"VCJ100 Cameretta singola Imab Concept\" src=\"https:\/\/www.imab-concept.it\/wp-content\/uploads\/2022\/11\/VCJ100-cameretta-singola-imab-concept.jpg\" class=\"img-responsive wp-image-7040\" srcset=\"https:\/\/www.imab-concept.it\/wp-content\/uploads\/2022\/11\/VCJ100-cameretta-singola-imab-concept-200x145.jpg 200w, https:\/\/www.imab-concept.it\/wp-content\/uploads\/2022\/11\/VCJ100-cameretta-singola-imab-concept-400x289.jpg 400w, https:\/\/www.imab-concept.it\/wp-content\/uploads\/2022\/11\/VCJ100-cameretta-singola-imab-concept-600x434.jpg 600w, https:\/\/www.imab-concept.it\/wp-content\/uploads\/2022\/11\/VCJ100-cameretta-singola-imab-concept.jpg 650w\" sizes=\"(max-width: 1024px) 100vw, (max-width: 640px) 100vw, 650px\" \/><\/span><\/div><style type=\"text\/css\">@media only screen and (max-width:1024px) {.fusion-title.fusion-title-14{margin-top:8px!important;margin-bottom:16px!important;}}@media only screen and (max-width:640px) {.fusion-title.fusion-title-14{margin-top:8px!important;margin-bottom:16px!important;}}<\/style><div class=\"fusion-title title fusion-title-14 fusion-sep-none fusion-title-text fusion-title-size-three\" style=\"margin-top:8px;margin-bottom:16px;\"><h3 class=\"title-heading-left\" style=\"margin:0;\">Chambre d\u2019enfant individuelle pour adolescents<\/h3><\/div><div class=\"fusion-text fusion-text-14\" style=\"transform:translate3d(0,0,0);\"><p>Une id\u00e9e alliant praticit\u00e9 et beaut\u00e9 pour meubler la chambre d\u2019un adolescent ou d\u2019une adolescente. Lit simple avec tiroirs de rangement, coin bureau pratique, biblioth\u00e8que et grande armoire avec support TV. Il ne manque vraiment rien.<\/p>\n<\/div><div ><style type=\"text\/css\">.fusion-button.button-13 {border-radius:50px;}<\/style><a class=\"fusion-button button-flat fusion-button-default-size button-default button-13 fusion-button-default-span fusion-button-default-type button_cucine\" target=\"_self\" href=\"https:\/\/www.imab-concept.it\/fr\/collection\/jazz-fr\/chambres-d-enfants\/\"><span class=\"fusion-button-text\">D\u00c9COUVREZ LA COLLECTION JAZZ<\/span><\/a><\/div><\/div><\/div><style type=\"text\/css\">.fusion-body .fusion-builder-column-15{width:50% !important;margin-top : 25px;margin-bottom : 25px;}.fusion-builder-column-15 > .fusion-column-wrapper {padding-top : 0px !important;padding-right : 0px !important;margin-right : 3.84%;padding-bottom : 0px !important;padding-left : 0px !important;margin-left : 3.84%;}@media only screen and (max-width:1024px) {.fusion-body .fusion-builder-column-15{width:50% !important;order : 0;}.fusion-builder-column-15 > .fusion-column-wrapper {margin-right : 3.84%;margin-left : 3.84%;}}@media only screen and (max-width:640px) {.fusion-body .fusion-builder-column-15{width:100% !important;order : 0;}.fusion-builder-column-15 > .fusion-column-wrapper {margin-right : 1.92%;margin-left : 1.92%;}}<\/style><div class=\"fusion-layout-column fusion_builder_column fusion-builder-column-16 fusion_builder_column_1_2 1_2 fusion-flex-column fusion-animated\" data-animationType=\"fadeInUp\" data-animationDuration=\"0.3\" data-animationOffset=\"100%\"><div class=\"fusion-column-wrapper fusion-flex-justify-content-flex-start fusion-content-layout-column\" style=\"background-position:left top;background-repeat:no-repeat;-webkit-background-size:cover;-moz-background-size:cover;-o-background-size:cover;background-size:cover;padding: 0px 0px 0px 0px;\"><div ><span class=\" fusion-imageframe imageframe-none imageframe-14 hover-type-zoomin\" style=\"margin-bottom:4%;\"><img decoding=\"async\" width=\"650\" height=\"470\" title=\"VCJ105 Cameretta con armadio angolare Imab Concept\" src=\"https:\/\/www.imab-concept.it\/wp-content\/uploads\/2022\/11\/VCJ105-cameretta-singola-imab-concept.jpg\" class=\"img-responsive wp-image-7044\" srcset=\"https:\/\/www.imab-concept.it\/wp-content\/uploads\/2022\/11\/VCJ105-cameretta-singola-imab-concept-200x145.jpg 200w, https:\/\/www.imab-concept.it\/wp-content\/uploads\/2022\/11\/VCJ105-cameretta-singola-imab-concept-400x289.jpg 400w, https:\/\/www.imab-concept.it\/wp-content\/uploads\/2022\/11\/VCJ105-cameretta-singola-imab-concept-600x434.jpg 600w, https:\/\/www.imab-concept.it\/wp-content\/uploads\/2022\/11\/VCJ105-cameretta-singola-imab-concept.jpg 650w\" sizes=\"(max-width: 1024px) 100vw, (max-width: 640px) 100vw, 650px\" \/><\/span><\/div><style type=\"text\/css\">@media only screen and (max-width:1024px) {.fusion-title.fusion-title-15{margin-top:8px!important;margin-bottom:16px!important;}}@media only screen and (max-width:640px) {.fusion-title.fusion-title-15{margin-top:8px!important;margin-bottom:16px!important;}}<\/style><div class=\"fusion-title title fusion-title-15 fusion-sep-none fusion-title-text fusion-title-size-three\" style=\"margin-top:8px;margin-bottom:16px;\"><h3 class=\"title-heading-left\" style=\"margin:0;\">Chambre d\u2019enfant avec armoire en angle<\/h3><\/div><div class=\"fusion-text fusion-text-15\" style=\"transform:translate3d(0,0,0);\"><p>Par un jeu habile de compartiments ouverts et ferm\u00e9s, cette solution permet d\u2019exploiter les deux coins de la pi\u00e8ce, qui seraient autrement peu valoris\u00e9s. La chambre d\u2019enfant se transforme ainsi en un lieu de repos et d\u2019\u00e9tudes, mais \u00e9galement de divertissements, gr\u00e2ce \u00e0 l\u2019espace laiss\u00e9 libre de tout mobilier.<\/p>\n<\/div><div ><style type=\"text\/css\">.fusion-button.button-14 {border-radius:50px;}<\/style><a class=\"fusion-button button-flat fusion-button-default-size button-default button-14 fusion-button-default-span fusion-button-default-type button_cucine\" target=\"_self\" href=\"https:\/\/www.imab-concept.it\/fr\/collection\/jazz-fr\/chambres-d-enfants\/\"><span class=\"fusion-button-text\">D\u00c9COUVREZ LA COLLECTION JAZZ <\/span><\/a><\/div><\/div><\/div><style type=\"text\/css\">.fusion-body .fusion-builder-column-16{width:50% !important;margin-top : 25px;margin-bottom : 25px;}.fusion-builder-column-16 > .fusion-column-wrapper {padding-top : 0px !important;padding-right : 0px !important;margin-right : 3.84%;padding-bottom : 0px !important;padding-left : 0px !important;margin-left : 3.84%;}@media only screen and (max-width:1024px) {.fusion-body .fusion-builder-column-16{width:50% !important;order : 0;}.fusion-builder-column-16 > .fusion-column-wrapper {margin-right : 3.84%;margin-left : 3.84%;}}@media only screen and (max-width:640px) {.fusion-body .fusion-builder-column-16{width:100% !important;order : 0;}.fusion-builder-column-16 > .fusion-column-wrapper {margin-right : 1.92%;margin-left : 1.92%;}}<\/style><div class=\"fusion-layout-column fusion_builder_column fusion-builder-column-17 fusion_builder_column_1_2 1_2 fusion-flex-column fusion-animated\" data-animationType=\"fadeInUp\" data-animationDuration=\"0.3\" data-animationOffset=\"100%\"><div class=\"fusion-column-wrapper fusion-flex-justify-content-flex-start fusion-content-layout-column\" style=\"background-position:left top;background-repeat:no-repeat;-webkit-background-size:cover;-moz-background-size:cover;-o-background-size:cover;background-size:cover;padding: 0px 0px 0px 0px;\"><div ><span class=\" fusion-imageframe imageframe-none imageframe-15 hover-type-zoomin\" style=\"margin-bottom:4%;\"><img decoding=\"async\" width=\"650\" height=\"470\" title=\"VCJ106 Cameretta pratica con letto singolo contenitore\" src=\"https:\/\/www.imab-concept.it\/wp-content\/uploads\/2022\/11\/VCJ106-cameretta-singola-imab-concept.jpg\" class=\"img-responsive wp-image-7046\" srcset=\"https:\/\/www.imab-concept.it\/wp-content\/uploads\/2022\/11\/VCJ106-cameretta-singola-imab-concept-200x145.jpg 200w, https:\/\/www.imab-concept.it\/wp-content\/uploads\/2022\/11\/VCJ106-cameretta-singola-imab-concept-400x289.jpg 400w, https:\/\/www.imab-concept.it\/wp-content\/uploads\/2022\/11\/VCJ106-cameretta-singola-imab-concept-600x434.jpg 600w, https:\/\/www.imab-concept.it\/wp-content\/uploads\/2022\/11\/VCJ106-cameretta-singola-imab-concept.jpg 650w\" sizes=\"(max-width: 1024px) 100vw, (max-width: 640px) 100vw, 650px\" \/><\/span><\/div><style type=\"text\/css\">@media only screen and (max-width:1024px) {.fusion-title.fusion-title-16{margin-top:8px!important;margin-bottom:16px!important;}}@media only screen and (max-width:640px) {.fusion-title.fusion-title-16{margin-top:8px!important;margin-bottom:16px!important;}}<\/style><div class=\"fusion-title title fusion-title-16 fusion-sep-none fusion-title-text fusion-title-size-three\" style=\"margin-top:8px;margin-bottom:16px;\"><h3 class=\"title-heading-left\" style=\"margin:0;\">Chambre d\u2019enfant pratique avec lit-coffre<\/h3><\/div><div class=\"fusion-text fusion-text-16\" style=\"transform:translate3d(0,0,0);\"><p>Une solution dynamique et moderne, totalement sur mesure, gr\u00e2ce \u00e0 la grande modularit\u00e9 de nos meubles. De nombreuses \u00e9tag\u00e8res pour ranger les jeux et les livres, un grand bureau et un lit-coffre r\u00e9pondent aux besoins des parents et des enfants.<\/p>\n<\/div><div ><style type=\"text\/css\">.fusion-button.button-15 {border-radius:50px;}<\/style><a class=\"fusion-button button-flat fusion-button-default-size button-default button-15 fusion-button-default-span fusion-button-default-type button_cucine\" target=\"_self\" href=\"https:\/\/www.imab-concept.it\/fr\/collection\/jazz-fr\/chambres-d-enfants\/\"><span class=\"fusion-button-text\">D\u00c9COUVREZ LA COLLECTION JAZZ <\/span><\/a><\/div><\/div><\/div><style type=\"text\/css\">.fusion-body .fusion-builder-column-17{width:50% !important;margin-top : 25px;margin-bottom : 25px;}.fusion-builder-column-17 > .fusion-column-wrapper {padding-top : 0px !important;padding-right : 0px !important;margin-right : 3.84%;padding-bottom : 0px !important;padding-left : 0px !important;margin-left : 3.84%;}@media only screen and (max-width:1024px) {.fusion-body .fusion-builder-column-17{width:50% !important;order : 0;}.fusion-builder-column-17 > .fusion-column-wrapper {margin-right : 3.84%;margin-left : 3.84%;}}@media only screen and (max-width:640px) {.fusion-body .fusion-builder-column-17{width:100% !important;order : 0;}.fusion-builder-column-17 > .fusion-column-wrapper {margin-right : 1.92%;margin-left : 1.92%;}}<\/style><div class=\"fusion-layout-column fusion_builder_column fusion-builder-column-18 fusion_builder_column_1_2 1_2 fusion-flex-column fusion-animated\" data-animationType=\"fadeInUp\" data-animationDuration=\"0.3\" data-animationOffset=\"100%\"><div class=\"fusion-column-wrapper fusion-flex-justify-content-flex-start fusion-content-layout-column\" style=\"background-position:left top;background-repeat:no-repeat;-webkit-background-size:cover;-moz-background-size:cover;-o-background-size:cover;background-size:cover;padding: 0px 0px 0px 0px;\"><div ><span class=\" fusion-imageframe imageframe-none imageframe-16 hover-type-zoomin\" style=\"margin-bottom:4%;\"><img decoding=\"async\" width=\"650\" height=\"470\" title=\"VCJ104 Cameretta con armadio a ponte Imab Concept\" src=\"https:\/\/www.imab-concept.it\/wp-content\/uploads\/2022\/11\/VCJ104-cameretta-ponte-imab-concept.jpg\" class=\"img-responsive wp-image-7042\" srcset=\"https:\/\/www.imab-concept.it\/wp-content\/uploads\/2022\/11\/VCJ104-cameretta-ponte-imab-concept-200x145.jpg 200w, https:\/\/www.imab-concept.it\/wp-content\/uploads\/2022\/11\/VCJ104-cameretta-ponte-imab-concept-400x289.jpg 400w, https:\/\/www.imab-concept.it\/wp-content\/uploads\/2022\/11\/VCJ104-cameretta-ponte-imab-concept-600x434.jpg 600w, https:\/\/www.imab-concept.it\/wp-content\/uploads\/2022\/11\/VCJ104-cameretta-ponte-imab-concept.jpg 650w\" sizes=\"(max-width: 1024px) 100vw, (max-width: 640px) 100vw, 650px\" \/><\/span><\/div><style type=\"text\/css\">@media only screen and (max-width:1024px) {.fusion-title.fusion-title-17{margin-top:8px!important;margin-bottom:16px!important;}}@media only screen and (max-width:640px) {.fusion-title.fusion-title-17{margin-top:8px!important;margin-bottom:16px!important;}}<\/style><div class=\"fusion-title title fusion-title-17 fusion-sep-none fusion-title-text fusion-title-size-three\" style=\"margin-top:8px;margin-bottom:16px;\"><h3 class=\"title-heading-left\" style=\"margin:0;\">Chambre d\u2019enfant avec armoire-pont<\/h3><\/div><div class=\"fusion-text fusion-text-17\" style=\"transform:translate3d(0,0,0);\"><p>Une proposition qui red\u00e9finit l\u2019espace et le concept m\u00eame de la chambre d\u2019enfant, gr\u00e2ce \u00e0 une solution qui est un excellent exemple de fonctionnalit\u00e9 et de confort. Une armoire et un lit peuvent \u00eatre dispos\u00e9s dans un encombrement minimal pour laisser toute la place au bureau et aux jeux.<\/p>\n<\/div><div ><style type=\"text\/css\">.fusion-button.button-16 {border-radius:50px;}<\/style><a class=\"fusion-button button-flat fusion-button-default-size button-default button-16 fusion-button-default-span fusion-button-default-type button_cucine\" target=\"_self\" href=\"https:\/\/www.imab-concept.it\/fr\/collection\/jazz-fr\/chambres-d-enfants\/\"><span class=\"fusion-button-text\">D\u00c9COUVREZ LA COLLECTION JAZZ <\/span><\/a><\/div><\/div><\/div><style type=\"text\/css\">.fusion-body .fusion-builder-column-18{width:50% !important;margin-top : 25px;margin-bottom : 25px;}.fusion-builder-column-18 > .fusion-column-wrapper {padding-top : 0px !important;padding-right : 0px !important;margin-right : 3.84%;padding-bottom : 0px !important;padding-left : 0px !important;margin-left : 3.84%;}@media only screen and (max-width:1024px) {.fusion-body .fusion-builder-column-18{width:50% !important;order : 0;}.fusion-builder-column-18 > .fusion-column-wrapper {margin-right : 3.84%;margin-left : 3.84%;}}@media only screen and (max-width:640px) {.fusion-body .fusion-builder-column-18{width:100% !important;order : 0;}.fusion-builder-column-18 > .fusion-column-wrapper {margin-right : 1.92%;margin-left : 1.92%;}}<\/style><div class=\"fusion-layout-column fusion_builder_column fusion-builder-column-19 fusion_builder_column_1_2 1_2 fusion-flex-column fusion-animated\" data-animationType=\"fadeInUp\" data-animationDuration=\"0.3\" data-animationOffset=\"100%\"><div class=\"fusion-column-wrapper fusion-flex-justify-content-flex-start fusion-content-layout-column\" style=\"background-position:left top;background-repeat:no-repeat;-webkit-background-size:cover;-moz-background-size:cover;-o-background-size:cover;background-size:cover;padding: 0px 0px 0px 0px;\"><div ><span class=\" fusion-imageframe imageframe-none imageframe-17 hover-type-zoomin\" style=\"margin-bottom:4%;\"><img decoding=\"async\" width=\"650\" height=\"470\" title=\"VCJ119 Cameretta con letto trasformabile Imab Concept\" src=\"https:\/\/www.imab-concept.it\/wp-content\/uploads\/2022\/11\/VCJ119-cameretta-letto-scomparsa-imab-concept.jpg\" class=\"img-responsive wp-image-7048\" srcset=\"https:\/\/www.imab-concept.it\/wp-content\/uploads\/2022\/11\/VCJ119-cameretta-letto-scomparsa-imab-concept-200x145.jpg 200w, https:\/\/www.imab-concept.it\/wp-content\/uploads\/2022\/11\/VCJ119-cameretta-letto-scomparsa-imab-concept-400x289.jpg 400w, https:\/\/www.imab-concept.it\/wp-content\/uploads\/2022\/11\/VCJ119-cameretta-letto-scomparsa-imab-concept-600x434.jpg 600w, https:\/\/www.imab-concept.it\/wp-content\/uploads\/2022\/11\/VCJ119-cameretta-letto-scomparsa-imab-concept.jpg 650w\" sizes=\"(max-width: 1024px) 100vw, (max-width: 640px) 100vw, 650px\" \/><\/span><\/div><style type=\"text\/css\">@media only screen and (max-width:1024px) {.fusion-title.fusion-title-18{margin-top:8px!important;margin-bottom:16px!important;}}@media only screen and (max-width:640px) {.fusion-title.fusion-title-18{margin-top:8px!important;margin-bottom:16px!important;}}<\/style><div class=\"fusion-title title fusion-title-18 fusion-sep-none fusion-title-text fusion-title-size-three\" style=\"margin-top:8px;margin-bottom:16px;\"><h3 class=\"title-heading-left\" style=\"margin:0;\">Chambre d\u2019enfant peu encombrante avec lit abattable<\/h3><\/div><div class=\"fusion-text fusion-text-18\" style=\"transform:translate3d(0,0,0);\"><p>Lorsque l\u2019espace dicte les lignes directrices de l\u2019am\u00e9nagement de la chambre d\u2019enfant, un lit abattable constitue le point d\u2019\u00e9quilibre entre l\u2019organisation, la praticit\u00e9 et le confort, et il vous permet de ne renoncer \u00e0 rien.<\/p>\n<\/div><div ><style type=\"text\/css\">.fusion-button.button-17 {border-radius:50px;}<\/style><a class=\"fusion-button button-flat fusion-button-default-size button-default button-17 fusion-button-default-span fusion-button-default-type button_cucine\" target=\"_self\" href=\"https:\/\/www.imab-concept.it\/fr\/collection\/jazz-fr\/chambres-d-enfants\/\"><span class=\"fusion-button-text\">D\u00c9COUVREZ LA COLLECTION JAZZ<\/span><\/a><\/div><\/div><\/div><style type=\"text\/css\">.fusion-body .fusion-builder-column-19{width:50% !important;margin-top : 25px;margin-bottom : 25px;}.fusion-builder-column-19 > .fusion-column-wrapper {padding-top : 0px !important;padding-right : 0px !important;margin-right : 3.84%;padding-bottom : 0px !important;padding-left : 0px !important;margin-left : 3.84%;}@media only screen and (max-width:1024px) {.fusion-body .fusion-builder-column-19{width:50% !important;order : 0;}.fusion-builder-column-19 > .fusion-column-wrapper {margin-right : 3.84%;margin-left : 3.84%;}}@media only screen and (max-width:640px) {.fusion-body .fusion-builder-column-19{width:100% !important;order : 0;}.fusion-builder-column-19 > .fusion-column-wrapper {margin-right : 1.92%;margin-left : 1.92%;}}<\/style><div class=\"fusion-layout-column fusion_builder_column fusion-builder-column-20 fusion_builder_column_1_2 1_2 fusion-flex-column fusion-animated\" data-animationType=\"fadeInUp\" data-animationDuration=\"0.3\" data-animationOffset=\"100%\"><div class=\"fusion-column-wrapper fusion-flex-justify-content-flex-start fusion-content-layout-column\" style=\"background-position:left top;background-repeat:no-repeat;-webkit-background-size:cover;-moz-background-size:cover;-o-background-size:cover;background-size:cover;padding: 0px 0px 0px 0px;\"><div ><span class=\" fusion-imageframe imageframe-none imageframe-18 hover-type-zoomin\" style=\"margin-bottom:4%;\"><img decoding=\"async\" width=\"650\" height=\"470\" title=\"Cameretta con letto a scomparsa Imab Concept\" src=\"https:\/\/www.imab-concept.it\/wp-content\/uploads\/2022\/11\/VCJ120-cameretta-letto-scomparsa-imab-concept.jpg\" class=\"img-responsive wp-image-7050\" srcset=\"https:\/\/www.imab-concept.it\/wp-content\/uploads\/2022\/11\/VCJ120-cameretta-letto-scomparsa-imab-concept-200x145.jpg 200w, https:\/\/www.imab-concept.it\/wp-content\/uploads\/2022\/11\/VCJ120-cameretta-letto-scomparsa-imab-concept-400x289.jpg 400w, https:\/\/www.imab-concept.it\/wp-content\/uploads\/2022\/11\/VCJ120-cameretta-letto-scomparsa-imab-concept-600x434.jpg 600w, https:\/\/www.imab-concept.it\/wp-content\/uploads\/2022\/11\/VCJ120-cameretta-letto-scomparsa-imab-concept.jpg 650w\" sizes=\"(max-width: 1024px) 100vw, (max-width: 640px) 100vw, 650px\" \/><\/span><\/div><style type=\"text\/css\">@media only screen and (max-width:1024px) {.fusion-title.fusion-title-19{margin-top:8px!important;margin-bottom:16px!important;}}@media only screen and (max-width:640px) {.fusion-title.fusion-title-19{margin-top:8px!important;margin-bottom:16px!important;}}<\/style><div class=\"fusion-title title fusion-title-19 fusion-sep-none fusion-title-text fusion-title-size-three\" style=\"margin-top:8px;margin-bottom:16px;\"><h3 class=\"title-heading-left\" style=\"margin:0;\">Chambre avec lit abattable<\/h3><\/div><div class=\"fusion-text fusion-text-19\" style=\"transform:translate3d(0,0,0);\"><p>Id\u00e9ale pour meubler les petites pi\u00e8ces, cette solution peu encombrante vous permet d\u2019allier design et praticit\u00e9 avec un encombrement minimal. Dans un petit espace, vous avez tout ce dont vous avez besoin, et m\u00eame des \u00e9l\u00e9ments de rangement suppl\u00e9mentaires, qui peuvent \u00eatre plac\u00e9s \u00e0 c\u00f4t\u00e9 du lit.<\/p>\n<\/div><div ><style type=\"text\/css\">.fusion-button.button-18 {border-radius:50px;}<\/style><a class=\"fusion-button button-flat fusion-button-default-size button-default button-18 fusion-button-default-span fusion-button-default-type button_cucine\" target=\"_self\" href=\"https:\/\/www.imab-concept.it\/fr\/collection\/jazz-fr\/chambres-d-enfants\/\"><span class=\"fusion-button-text\">D\u00c9COUVREZ LA COLLECTION JAZZ<\/span><\/a><\/div><\/div><\/div><style type=\"text\/css\">.fusion-body .fusion-builder-column-20{width:50% !important;margin-top : 25px;margin-bottom : 25px;}.fusion-builder-column-20 > .fusion-column-wrapper {padding-top : 0px !important;padding-right : 0px !important;margin-right : 3.84%;padding-bottom : 0px !important;padding-left : 0px !important;margin-left : 3.84%;}@media only screen and (max-width:1024px) {.fusion-body .fusion-builder-column-20{width:50% !important;order : 0;}.fusion-builder-column-20 > .fusion-column-wrapper {margin-right : 3.84%;margin-left : 3.84%;}}@media only screen and (max-width:640px) {.fusion-body .fusion-builder-column-20{width:100% !important;order : 0;}.fusion-builder-column-20 > .fusion-column-wrapper {margin-right : 1.92%;margin-left : 1.92%;}}<\/style><\/div><style type=\"text\/css\">.fusion-body .fusion-flex-container.fusion-builder-row-3{ padding-top : 0px;margin-top : 0px;padding-right : 0px;padding-bottom : 0px;margin-bottom : 0px;padding-left : 0px;}<\/style><\/div><div class=\"fusion-fullwidth fullwidth-box fusion-builder-row-4 fusion-flex-container box-form hidden nonhundred-percent-fullwidth non-hundred-percent-height-scrolling\" style=\"background-color: rgba(168,168,168,0.21);background-position: center center;background-repeat: no-repeat;border-width: 0px 0px 0px 0px;border-color:#eae9e9;border-style:solid;\" ><div class=\"fusion-builder-row fusion-row fusion-flex-align-items-flex-start\" style=\"max-width:1445.6px;margin-left: calc(-4% \/ 2 );margin-right: calc(-4% \/ 2 );\"><div class=\"fusion-layout-column fusion_builder_column fusion-builder-column-21 fusion_builder_column_1_1 1_1 fusion-flex-column\"><div class=\"fusion-column-wrapper fusion-flex-justify-content-flex-start fusion-content-layout-column\" style=\"background-position:left top;background-repeat:no-repeat;-webkit-background-size:cover;-moz-background-size:cover;-o-background-size:cover;background-size:cover;padding: 0px 0px 0px 0px;\"><div class=\"fusion-text fusion-text-20\" style=\"text-align:left;font-size:40px;transform:translate3d(0,0,0);\"><h2>Contactez-nous<\/h2>\n<\/div><div class=\"fusion-text fusion-text-21\" style=\"text-align:left;font-size:20px;transform:translate3d(0,0,0);\"><p class=\"\">Composez avec nous l\u2019am\u00e9nagement de votre maison. Modulable, personnalis\u00e9, 100 % fabriqu\u00e9 en Italie.<br \/>\n\u00c9crivez-nous pour toute question ou demande concernant nos produits.<\/p>\n<\/div><\/div><\/div><style type=\"text\/css\">.fusion-body .fusion-builder-column-21{width:100% !important;margin-top : 25px;margin-bottom : 25px;}.fusion-builder-column-21 > .fusion-column-wrapper {padding-top : 0px !important;padding-right : 0px !important;margin-right : 1.92%;padding-bottom : 0px !important;padding-left : 0px !important;margin-left : 1.92%;}@media only screen and (max-width:1024px) {.fusion-body .fusion-builder-column-21{width:100% !important;order : 0;margin-bottom : 0px;}.fusion-builder-column-21 > .fusion-column-wrapper {margin-right : 1.92%;margin-left : 1.92%;}}@media only screen and (max-width:640px) {.fusion-body .fusion-builder-column-21{width:100% !important;order : 0;margin-bottom : 0px;}.fusion-builder-column-21 > .fusion-column-wrapper {margin-right : 1.92%;margin-left : 1.92%;}}<\/style><div class=\"fusion-layout-column fusion_builder_column fusion-builder-column-22 fusion_builder_column_1_1 1_1 fusion-flex-column\"><div class=\"fusion-column-wrapper fusion-flex-justify-content-flex-start fusion-content-layout-column\" style=\"background-position:left top;background-repeat:no-repeat;-webkit-background-size:cover;-moz-background-size:cover;-o-background-size:cover;background-size:cover;padding: 0px 0px 0px 0px;\">\n<div class=\"wpcf7 no-js\" id=\"wpcf7-f283-o1\" lang=\"en-US\" dir=\"ltr\">\n<div class=\"screen-reader-response\"><p role=\"status\" aria-live=\"polite\" aria-atomic=\"true\"><\/p> <ul><\/ul><\/div>\n<form action=\"\/fr\/wp-json\/wp\/v2\/pages\/11199#wpcf7-f283-o1\" method=\"post\" class=\"wpcf7-form init\" id=\"contact-form\" aria-label=\"Contact form\" novalidate=\"novalidate\" data-status=\"init\">\n<div style=\"display: none;\">\n<input type=\"hidden\" name=\"_wpcf7\" value=\"283\" \/>\n<input type=\"hidden\" name=\"_wpcf7_version\" value=\"5.7.7\" \/>\n<input type=\"hidden\" name=\"_wpcf7_locale\" value=\"en_US\" \/>\n<input type=\"hidden\" name=\"_wpcf7_unit_tag\" value=\"wpcf7-f283-o1\" \/>\n<input type=\"hidden\" name=\"_wpcf7_container_post\" value=\"0\" \/>\n<input type=\"hidden\" name=\"_wpcf7_posted_data_hash\" value=\"\" \/>\n<input type=\"hidden\" name=\"_wpcf7_recaptcha_response\" value=\"\" \/>\n<\/div>\n<p style=\"margin-bottom: 30px;\">Scegli il punto vendita da contattare*\n<\/p>\n<p><span class=\"wpcf7-form-control-wrap\" data-name=\"cf-shop\"><select class=\"wpcf7-form-control wpcf7-select wpcf7-validates-as-required\" id=\"cfshop\" aria-required=\"true\" aria-invalid=\"false\" name=\"cf-shop\"><option value=\"\">&#8212;Please choose an option&#8212;<\/option><\/select><\/span>\n<\/p>\n<div class=\"fusion-columns fusion-clearfix\" style=\"margin-bottom: 30px;\">\n\t<div class=\"col-lg-6 col-md-6 col-sm-12\">\n\t\t<p>Nome*\n\t\t<\/p>\n\t\t<p><span class=\"wpcf7-form-control-wrap\" data-name=\"cf-fname\"><input size=\"40\" class=\"wpcf7-form-control wpcf7-text wpcf7-validates-as-required\" id=\"cffname\" aria-required=\"true\" aria-invalid=\"false\" value=\"\" type=\"text\" name=\"cf-fname\" \/><\/span>\n\t\t<\/p>\n\t<\/div>\n\t<div class=\"col-lg-6 col-md-6 col-sm-12\">\n\t\t<p>Cognome*\n\t\t<\/p>\n\t\t<p><span class=\"wpcf7-form-control-wrap\" data-name=\"cf-lname\"><input size=\"40\" class=\"wpcf7-form-control wpcf7-text wpcf7-validates-as-required\" id=\"cflname\" aria-required=\"true\" aria-invalid=\"false\" value=\"\" type=\"text\" name=\"cf-lname\" \/><\/span>\n\t\t<\/p>\n\t<\/div>\n<\/div>\n<div class=\"fusion-columns fusion-clearfix\" style=\"margin-bottom: 30px;\">\n\t<div class=\"col-lg-6 col-md-6 col-sm-12\">\n\t\t<p>Email*\n\t\t<\/p>\n\t\t<p><span class=\"wpcf7-form-control-wrap\" data-name=\"cf-email\"><input size=\"40\" class=\"wpcf7-form-control wpcf7-text wpcf7-email wpcf7-validates-as-required wpcf7-validates-as-email\" id=\"cfemail\" aria-required=\"true\" aria-invalid=\"false\" value=\"\" type=\"email\" name=\"cf-email\" \/><\/span>\n\t\t<\/p>\n\t<\/div>\n\t<div class=\"col-lg-6 col-md-6 col-sm-12\">\n\t\t<p>Telefono*\n\t\t<\/p>\n\t\t<p><span class=\"wpcf7-form-control-wrap\" data-name=\"cf-tel\"><input size=\"40\" class=\"wpcf7-form-control wpcf7-text wpcf7-validates-as-required\" id=\"cftel\" aria-required=\"true\" aria-invalid=\"false\" value=\"\" type=\"text\" name=\"cf-tel\" \/><\/span>\n\t\t<\/p>\n\t<\/div>\n<\/div>\n<p style=\"margin-bottom: 30px;\">Messaggio*\n<\/p>\n<p><span class=\"wpcf7-form-control-wrap\" data-name=\"cf-msg\"><textarea cols=\"40\" rows=\"10\" class=\"wpcf7-form-control wpcf7-textarea wpcf7-validates-as-required\" id=\"cfmsg\" aria-required=\"true\" aria-invalid=\"false\" name=\"cf-msg\"><\/textarea><\/span>\n<\/p>\n<p><label><span class=\"wpcf7-form-control-wrap\" data-name=\"cf-acceptance\"><span class=\"wpcf7-form-control wpcf7-acceptance\"><span class=\"wpcf7-list-item\"><label><input type=\"checkbox\" name=\"cf-acceptance\" value=\"1\" aria-invalid=\"false\" \/><span class=\"wpcf7-list-item-label\">Accetto l\u2019<a href='https:\/\/www.imab-concept.it\/privacy-policy'>informativa sul trattamento dei dati personali*<\/a><\/span><\/label><\/span><\/span><\/span><br \/>\n<\/label>\n<\/p>\n<p style=\"text-align: right;\"><br \/>\n<input class=\"wpcf7-form-control has-spinner wpcf7-submit\" id=\"gtmSubmit\" type=\"submit\" value=\"Invia\" \/>\n<\/p>\n<p style=\"display:none; visibility:hidden; position:absolute;\"><br \/>\n<span class=\"wpcf7-form-control-wrap\" data-name=\"hidden-email\"><input size=\"40\" class=\"wpcf7-form-control wpcf7-text wpcf7-email wpcf7-validates-as-required wpcf7-validates-as-email\" id=\"cfhiddenemail\" aria-required=\"true\" aria-invalid=\"false\" value=\"\" type=\"email\" name=\"hidden-email\" \/><\/span>\n<\/p>\n<p style=\"display:none; visibility:hidden; position:absolute;\"><br \/>\n<span class=\"wpcf7-form-control-wrap\" data-name=\"hidden-shop\"><input size=\"40\" class=\"wpcf7-form-control wpcf7-text\" id=\"cfhiddenshop\" aria-invalid=\"false\" value=\"\" type=\"text\" name=\"hidden-shop\" \/><\/span>\n<\/p><div class=\"fusion-alert alert custom alert-custom fusion-alert-center wpcf7-response-output fusion-alert-capitalize alert-dismissable\" style=\"border-width:1px;\"><button type=\"button\" class=\"close toggle-alert\" data-dismiss=\"alert\" aria-hidden=\"true\">&times;<\/button><div class=\"fusion-alert-content-wrapper\"><span class=\"fusion-alert-content\"><\/span><\/div><\/div>\n<\/form>\n<\/div>\n<\/div><\/div><style type=\"text\/css\">.fusion-body .fusion-builder-column-22{width:100% !important;margin-top : 25px;margin-bottom : 25px;}.fusion-builder-column-22 > .fusion-column-wrapper {padding-top : 0px !important;padding-right : 0px !important;margin-right : 1.92%;padding-bottom : 0px !important;padding-left : 0px !important;margin-left : 1.92%;}@media only screen and (max-width:1024px) {.fusion-body .fusion-builder-column-22{width:100% !important;order : 0;}.fusion-builder-column-22 > .fusion-column-wrapper {margin-right : 1.92%;margin-left : 1.92%;}}@media only screen and (max-width:640px) {.fusion-body .fusion-builder-column-22{width:100% !important;order : 0;}.fusion-builder-column-22 > .fusion-column-wrapper {margin-right : 1.92%;margin-left : 1.92%;}}<\/style><\/div><style type=\"text\/css\">.fusion-body .fusion-flex-container.fusion-builder-row-4{ padding-top : 30px;margin-top : 40px;padding-right : 0px;padding-bottom : 30px;margin-bottom : 20px;padding-left : 0px;}<\/style><\/div><\/p>\n","protected":false},"excerpt":{"rendered":"","protected":false},"author":6,"featured_media":0,"parent":11157,"menu_order":0,"comment_status":"closed","ping_status":"closed","template":"100-width.php","meta":[],"yoast_head":"<!-- This site is optimized with the Yoast SEO plugin v20.10 - https:\/\/yoast.com\/wordpress\/plugins\/seo\/ -->\n<title>Chambres d\u2019enfants modernes \u2013 IMAB Concept<\/title>\n<meta name=\"description\" content=\"Les chambres pour enfants et adolescents IMAB Concept sont con\u00e7us pour satisfaire les besoins de vos enfants qui grandissent. D\u00e9couvrez-vous toutes les chambres du site !\" \/>\n<meta name=\"robots\" content=\"index, follow, max-snippet:-1, max-image-preview:large, max-video-preview:-1\" \/>\n<link rel=\"canonical\" href=\"https:\/\/www.imab-concept.it\/fr\/nuit\/chambres-d-enfants\/\" \/>\n<meta property=\"og:locale\" content=\"fr_FR\" \/>\n<meta property=\"og:type\" content=\"article\" \/>\n<meta property=\"og:title\" content=\"Chambres d\u2019enfants modernes \u2013 IMAB Concept\" \/>\n<meta property=\"og:description\" content=\"Les chambres pour enfants et adolescents IMAB Concept sont con\u00e7us pour satisfaire les besoins de vos enfants qui grandissent. D\u00e9couvrez-vous toutes les chambres du site !\" \/>\n<meta property=\"og:url\" content=\"https:\/\/www.imab-concept.it\/fr\/nuit\/chambres-d-enfants\/\" \/>\n<meta property=\"og:site_name\" content=\"IMAB Concept\" \/>\n<meta property=\"article:modified_time\" content=\"2026-02-04T13:53:38+00:00\" \/>\n<meta property=\"og:image\" content=\"https:\/\/www.imab-concept.it\/wp-content\/uploads\/2021\/01\/Imab_OG_image_1200x630_CAMERETTE.jpg\" \/>\n\t<meta property=\"og:image:width\" content=\"1200\" \/>\n\t<meta property=\"og:image:height\" content=\"630\" \/>\n\t<meta property=\"og:image:type\" content=\"image\/jpeg\" \/>\n<meta name=\"twitter:label1\" content=\"Est. reading time\" \/>\n\t<meta name=\"twitter:data1\" content=\"34 minutes\" \/>\n<script type=\"application\/ld+json\" class=\"yoast-schema-graph\">{\"@context\":\"https:\/\/schema.org\",\"@graph\":[{\"@type\":\"WebPage\",\"@id\":\"https:\/\/www.imab-concept.it\/fr\/nuit\/chambres-d-enfants\/\",\"url\":\"https:\/\/www.imab-concept.it\/fr\/nuit\/chambres-d-enfants\/\",\"name\":\"Chambres d\u2019enfants modernes \u2013 IMAB Concept\",\"isPartOf\":{\"@id\":\"https:\/\/www.imab-concept.it\/#website\"},\"datePublished\":\"2020-10-06T13:30:07+00:00\",\"dateModified\":\"2026-02-04T13:53:38+00:00\",\"description\":\"Les chambres pour enfants et adolescents IMAB Concept sont con\u00e7us pour satisfaire les besoins de vos enfants qui grandissent. D\u00e9couvrez-vous toutes les chambres du site !\",\"breadcrumb\":{\"@id\":\"https:\/\/www.imab-concept.it\/fr\/nuit\/chambres-d-enfants\/#breadcrumb\"},\"inLanguage\":\"fr-FR\",\"potentialAction\":[{\"@type\":\"ReadAction\",\"target\":[\"https:\/\/www.imab-concept.it\/fr\/nuit\/chambres-d-enfants\/\"]}]},{\"@type\":\"BreadcrumbList\",\"@id\":\"https:\/\/www.imab-concept.it\/fr\/nuit\/chambres-d-enfants\/#breadcrumb\",\"itemListElement\":[{\"@type\":\"ListItem\",\"position\":1,\"name\":\"Home\",\"item\":\"https:\/\/www.imab-concept.it\/fr\/\"},{\"@type\":\"ListItem\",\"position\":2,\"name\":\"Nuit\",\"item\":\"https:\/\/www.imab-concept.it\/fr\/nuit\/\"},{\"@type\":\"ListItem\",\"position\":3,\"name\":\"Chambres d\u2019enfants\"}]},{\"@type\":\"WebSite\",\"@id\":\"https:\/\/www.imab-concept.it\/#website\",\"url\":\"https:\/\/www.imab-concept.it\/\",\"name\":\"IMAB Concept\",\"description\":\"Arrediamo con passione\",\"potentialAction\":[{\"@type\":\"SearchAction\",\"target\":{\"@type\":\"EntryPoint\",\"urlTemplate\":\"https:\/\/www.imab-concept.it\/?s={search_term_string}\"},\"query-input\":\"required name=search_term_string\"}],\"inLanguage\":\"fr-FR\"}]}<\/script>\n<!-- \/ Yoast SEO plugin. -->","yoast_head_json":{"title":"Chambres d\u2019enfants modernes \u2013 IMAB Concept","description":"Les chambres pour enfants et adolescents IMAB Concept sont con\u00e7us pour satisfaire les besoins de vos enfants qui grandissent. D\u00e9couvrez-vous toutes les chambres du site !","robots":{"index":"index","follow":"follow","max-snippet":"max-snippet:-1","max-image-preview":"max-image-preview:large","max-video-preview":"max-video-preview:-1"},"canonical":"https:\/\/www.imab-concept.it\/fr\/nuit\/chambres-d-enfants\/","og_locale":"fr_FR","og_type":"article","og_title":"Chambres d\u2019enfants modernes \u2013 IMAB Concept","og_description":"Les chambres pour enfants et adolescents IMAB Concept sont con\u00e7us pour satisfaire les besoins de vos enfants qui grandissent. D\u00e9couvrez-vous toutes les chambres du site !","og_url":"https:\/\/www.imab-concept.it\/fr\/nuit\/chambres-d-enfants\/","og_site_name":"IMAB Concept","article_modified_time":"2026-02-04T13:53:38+00:00","og_image":[{"width":1200,"height":630,"url":"https:\/\/www.imab-concept.it\/wp-content\/uploads\/2021\/01\/Imab_OG_image_1200x630_CAMERETTE.jpg","type":"image\/jpeg"}],"twitter_misc":{"Est. reading time":"34 minutes"},"schema":{"@context":"https:\/\/schema.org","@graph":[{"@type":"WebPage","@id":"https:\/\/www.imab-concept.it\/fr\/nuit\/chambres-d-enfants\/","url":"https:\/\/www.imab-concept.it\/fr\/nuit\/chambres-d-enfants\/","name":"Chambres d\u2019enfants modernes \u2013 IMAB Concept","isPartOf":{"@id":"https:\/\/www.imab-concept.it\/#website"},"datePublished":"2020-10-06T13:30:07+00:00","dateModified":"2026-02-04T13:53:38+00:00","description":"Les chambres pour enfants et adolescents IMAB Concept sont con\u00e7us pour satisfaire les besoins de vos enfants qui grandissent. D\u00e9couvrez-vous toutes les chambres du site !","breadcrumb":{"@id":"https:\/\/www.imab-concept.it\/fr\/nuit\/chambres-d-enfants\/#breadcrumb"},"inLanguage":"fr-FR","potentialAction":[{"@type":"ReadAction","target":["https:\/\/www.imab-concept.it\/fr\/nuit\/chambres-d-enfants\/"]}]},{"@type":"BreadcrumbList","@id":"https:\/\/www.imab-concept.it\/fr\/nuit\/chambres-d-enfants\/#breadcrumb","itemListElement":[{"@type":"ListItem","position":1,"name":"Home","item":"https:\/\/www.imab-concept.it\/fr\/"},{"@type":"ListItem","position":2,"name":"Nuit","item":"https:\/\/www.imab-concept.it\/fr\/nuit\/"},{"@type":"ListItem","position":3,"name":"Chambres d\u2019enfants"}]},{"@type":"WebSite","@id":"https:\/\/www.imab-concept.it\/#website","url":"https:\/\/www.imab-concept.it\/","name":"IMAB Concept","description":"Arrediamo con passione","potentialAction":[{"@type":"SearchAction","target":{"@type":"EntryPoint","urlTemplate":"https:\/\/www.imab-concept.it\/?s={search_term_string}"},"query-input":"required name=search_term_string"}],"inLanguage":"fr-FR"}]}},"_links":{"self":[{"href":"https:\/\/www.imab-concept.it\/fr\/wp-json\/wp\/v2\/pages\/11199"}],"collection":[{"href":"https:\/\/www.imab-concept.it\/fr\/wp-json\/wp\/v2\/pages"}],"about":[{"href":"https:\/\/www.imab-concept.it\/fr\/wp-json\/wp\/v2\/types\/page"}],"author":[{"embeddable":true,"href":"https:\/\/www.imab-concept.it\/fr\/wp-json\/wp\/v2\/users\/6"}],"replies":[{"embeddable":true,"href":"https:\/\/www.imab-concept.it\/fr\/wp-json\/wp\/v2\/comments?post=11199"}],"version-history":[{"count":10,"href":"https:\/\/www.imab-concept.it\/fr\/wp-json\/wp\/v2\/pages\/11199\/revisions"}],"predecessor-version":[{"id":19587,"href":"https:\/\/www.imab-concept.it\/fr\/wp-json\/wp\/v2\/pages\/11199\/revisions\/19587"}],"up":[{"embeddable":true,"href":"https:\/\/www.imab-concept.it\/fr\/wp-json\/wp\/v2\/pages\/11157"}],"wp:attachment":[{"href":"https:\/\/www.imab-concept.it\/fr\/wp-json\/wp\/v2\/media?parent=11199"}],"curies":[{"name":"wp","href":"https:\/\/api.w.org\/{rel}","templated":true}]}}