{"id":11179,"date":"2020-10-06T15:25:09","date_gmt":"2020-10-06T13:25:09","guid":{"rendered":"https:\/\/www.imab-concept.it\/mobili-living\/soggiorni\/"},"modified":"2025-12-23T11:46:56","modified_gmt":"2025-12-23T10:46:56","slug":"sejours","status":"publish","type":"page","link":"https:\/\/www.imab-concept.it\/fr\/salon\/sejours\/","title":{"rendered":"S\u00e9jours"},"content":{"rendered":"<p><div class=\"fusion-fullwidth fullwidth-box fusion-builder-row-1 fusion-flex-container hundred-percent-fullwidth non-hundred-percent-height-scrolling\" style=\"background-color: rgba(255,255,255,0);background-position: center center;background-repeat: no-repeat;border-width: 0px 0px 0px 0px;border-color:#eae9e9;border-style:solid;\" ><div class=\"fusion-builder-row fusion-row fusion-flex-align-items-flex-start\" style=\"width:104% !important;max-width:104% !important;margin-left: calc(-4% \/ 2 );margin-right: calc(-4% \/ 2 );\"><div class=\"fusion-layout-column fusion_builder_column fusion-builder-column-0 fusion_builder_column_1_1 1_1 fusion-flex-column\"><div class=\"fusion-column-wrapper fusion-flex-justify-content-flex-start fusion-content-layout-column\" style=\"background-position:left top;background-repeat:no-repeat;-webkit-background-size:cover;-moz-background-size:cover;-o-background-size:cover;background-size:cover;padding: 0px 0px 0px 0px;\"><div class=\"fusion-slider-sc\"><div class=\"fusion-flexslider-loading flexslider flexslider-hover-type-none\" data-slideshow_autoplay=\"0\" data-slideshow_smooth_height=\"0\" data-slideshow_speed=\"3000\" style=\"max-width:100%;height:100%;\"><ul class=\"slides\"><li class=\"image\"><span class=\"fusion-image-hover-element hover-type-none\"><img decoding=\"async\" src=\"https:\/\/www.imab-concept.it\/wp-content\/uploads\/2024\/06\/soggiorni_imab_concept.jpg\" width=\"2560\" height=\"900\" class=\"wp-image-12556\" srcset=\"https:\/\/www.imab-concept.it\/wp-content\/uploads\/2024\/06\/soggiorni_imab_concept-200x70.jpg 200w, https:\/\/www.imab-concept.it\/wp-content\/uploads\/2024\/06\/soggiorni_imab_concept-400x141.jpg 400w, https:\/\/www.imab-concept.it\/wp-content\/uploads\/2024\/06\/soggiorni_imab_concept-600x211.jpg 600w, https:\/\/www.imab-concept.it\/wp-content\/uploads\/2024\/06\/soggiorni_imab_concept-800x281.jpg 800w, https:\/\/www.imab-concept.it\/wp-content\/uploads\/2024\/06\/soggiorni_imab_concept-1200x422.jpg 1200w, https:\/\/www.imab-concept.it\/wp-content\/uploads\/2024\/06\/soggiorni_imab_concept.jpg 2560w\" sizes=\"(max-width: 1024px) 100vw, (max-width: 640px) 100vw, 2560px\" \/><\/span><\/li><\/ul><\/div><\/div><\/div><\/div><style type=\"text\/css\">.fusion-body .fusion-builder-column-0{width:100% !important;margin-top : 0px;margin-bottom : 0px;}.fusion-builder-column-0 > .fusion-column-wrapper {padding-top : 0px !important;padding-right : 0px !important;margin-right : 1.92%;padding-bottom : 0px !important;padding-left : 0px !important;margin-left : 1.92%;}@media only screen and (max-width:1024px) {.fusion-body .fusion-builder-column-0{width:100% !important;order : 0;}.fusion-builder-column-0 > .fusion-column-wrapper {margin-right : 1.92%;margin-left : 1.92%;}}@media only screen and (max-width:640px) {.fusion-body .fusion-builder-column-0{width:100% !important;order : 0;}.fusion-builder-column-0 > .fusion-column-wrapper {margin-right : 1.92%;margin-left : 1.92%;}}<\/style><\/div><style type=\"text\/css\">.fusion-body .fusion-flex-container.fusion-builder-row-1{ padding-top : 0px;margin-top : 0px;padding-right : 0px;padding-bottom : 0px;margin-bottom : 0px;padding-left : 0px;}<\/style><\/div><div class=\"fusion-fullwidth fullwidth-box fusion-builder-row-2 fusion-flex-container nonhundred-percent-fullwidth non-hundred-percent-height-scrolling fusion-animated\" style=\"background-color: rgba(255,255,255,0);background-position: center bottom;background-repeat: no-repeat;border-width: 0px 0px 0px 0px;border-color:#eae9e9;border-style:solid;\" data-animationType=\"fadeInUp\" data-animationDuration=\"0.3\" data-animationOffset=\"100%\" ><div class=\"fusion-builder-row fusion-row fusion-flex-align-items-flex-start fusion-flex-justify-content-center\" style=\"max-width:1445.6px;margin-left: calc(-4% \/ 2 );margin-right: calc(-4% \/ 2 );\"><div class=\"fusion-layout-column fusion_builder_column fusion-builder-column-1 fusion_builder_column_2_5 2_5 fusion-flex-column\"><div class=\"fusion-column-wrapper fusion-flex-justify-content-flex-start fusion-content-layout-column\" style=\"background-position:left top;background-repeat:no-repeat;-webkit-background-size:cover;-moz-background-size:cover;-o-background-size:cover;background-size:cover;padding: 0px 0px 0px 0px;\"><style type=\"text\/css\">@media only screen and (max-width:1024px) {.fusion-title.fusion-title-1{margin-top:8px!important;margin-bottom:16px!important;}}@media only screen and (max-width:640px) {.fusion-title.fusion-title-1{margin-top:8px!important;margin-bottom:16px!important;}}<\/style><div class=\"fusion-title title fusion-title-1 fusion-sep-none fusion-title-text fusion-title-size-two\" style=\"margin-top:8px;margin-bottom:16px;\"><h2 class=\"title-heading-left\" style=\"margin:0;\"><p style=\"text-align: left;\">S\u00e9jours modernes<\/p><\/h2><\/div><\/div><\/div><style type=\"text\/css\">.fusion-body .fusion-builder-column-1{width:40% !important;margin-top : 25px;margin-bottom : 25px;}.fusion-builder-column-1 > .fusion-column-wrapper {padding-top : 0px !important;padding-right : 0px !important;margin-right : 4.8%;padding-bottom : 0px !important;padding-left : 0px !important;margin-left : 4.8%;}@media only screen and (max-width:1024px) {.fusion-body .fusion-builder-column-1{width:100% !important;order : 0;}.fusion-builder-column-1 > .fusion-column-wrapper {padding-right : 0% !important;margin-right : 0%;padding-left : 0% !important;margin-left : 0%;}}@media only screen and (max-width:640px) {.fusion-body .fusion-builder-column-1{width:100% !important;order : 0;margin-top : 0px;margin-bottom : 0px;}.fusion-builder-column-1 > .fusion-column-wrapper {padding-top : 0px !important;margin-right : 1.92%;padding-bottom : 0px !important;margin-left : 1.92%;}}<\/style><div class=\"fusion-layout-column fusion_builder_column fusion-builder-column-2 fusion_builder_column_3_5 3_5 fusion-flex-column fusion-animated\" data-animationType=\"fadeIn\" data-animationDuration=\"0.8\" data-animationOffset=\"100%\"><div class=\"fusion-column-wrapper fusion-flex-justify-content-flex-start fusion-content-layout-column\" style=\"background-position:left top;background-repeat:no-repeat;-webkit-background-size:cover;-moz-background-size:cover;-o-background-size:cover;background-size:cover;padding: 0px 3% 0px 0px;\"><div class=\"fusion-builder-row fusion-builder-row-inner fusion-row fusion-flex-align-items-flex-start fusion-flex-justify-content-center\" style=\"width:104% !important;max-width:104% !important;margin-left: calc(-4% \/ 2 );margin-right: calc(-4% \/ 2 );\"><div class=\"fusion-layout-column fusion_builder_column_inner fusion-builder-nested-column-0 fusion_builder_column_inner_1_1 1_1 fusion-flex-column fusion-flex-align-self-flex-start\"><div class=\"fusion-column-wrapper fusion-flex-justify-content-center fusion-content-layout-column\" style=\"background-position:left top;background-repeat:no-repeat;-webkit-background-size:cover;-moz-background-size:cover;-o-background-size:cover;background-size:cover;padding: 0px 0px 0px 0px;\"><div class=\"fusion-text fusion-text-1\" style=\"text-align:left;transform:translate3d(0,0,0);\"><p><strong>Nous interpr\u00e9tons l\u2019espace de vie au moyen d\u2019un concept d\u2019ameublement multifonctionnel.<\/strong><\/p>\n<p>En portant une grande attention \u00e0 la qualit\u00e9 et aux d\u00e9tails, nous am\u00e9nageons les maisons de nos clients avec des meubles de s\u00e9jour modernes, cr\u00e9ant ainsi des salons o\u00f9 il fait bon se retrouver et o\u00f9 chacun peut vaquer \u00e0 ses occupations quotidiennes.<br \/>\nAvec notre collection de s\u00e9jours, nous souhaitons faire entrer dans la maison une id\u00e9e d\u2019ameublement \u00e0 l\u2019atmosph\u00e8re \u00e9l\u00e9gante et raffin\u00e9e, caract\u00e9ris\u00e9e par une savante combinaison d\u2019\u00e9l\u00e9ments de design et de solutions modulables alliant esth\u00e9tique et fonctionnalit\u00e9.<\/p>\n<\/div><\/div><\/div><style type=\"text\/css\">.fusion-body .fusion-builder-nested-column-0{width:100% !important;margin-top : 20px;margin-bottom : 20px;}.fusion-builder-nested-column-0 > .fusion-column-wrapper {padding-top : 0px !important;padding-right : 0px !important;margin-right : 2.304%;padding-bottom : 0px !important;padding-left : 0px !important;margin-left : 1.92%;}@media only screen and (max-width:1024px) {.fusion-body .fusion-builder-nested-column-0{width:100% !important;order : 0;margin-top : 0%;}.fusion-builder-nested-column-0 > .fusion-column-wrapper {margin-right : 2.304%;margin-left : 1.92%;}}@media only screen and (max-width:640px) {.fusion-body .fusion-builder-nested-column-0{width:100% !important;order : 0;}.fusion-builder-nested-column-0 > .fusion-column-wrapper {margin-right : 2.304%;margin-left : 1.92%;}}<\/style><\/div><\/div><\/div><style type=\"text\/css\">.fusion-body .fusion-builder-column-2{width:60% !important;margin-top : 25px;margin-bottom : 5px;}.fusion-builder-column-2 > .fusion-column-wrapper {padding-top : 0px !important;padding-right : 3% !important;margin-right : 0%;padding-bottom : 0px !important;padding-left : 0px !important;margin-left : 3.2%;}@media only screen and (max-width:1024px) {.fusion-body .fusion-builder-column-2{width:100% !important;order : 0;margin-top : 0%;margin-bottom : 0%;}.fusion-builder-column-2 > .fusion-column-wrapper {padding-right : 0% !important;margin-right : 0%;padding-left : 0% !important;margin-left : 0%;}}@media only screen and (max-width:640px) {.fusion-body .fusion-builder-column-2{width:100% !important;order : 0;margin-bottom : 0%;}.fusion-builder-column-2 > .fusion-column-wrapper {margin-right : 1.92%;margin-left : 1.92%;}}<\/style><\/div><style type=\"text\/css\">.fusion-body .fusion-flex-container.fusion-builder-row-2{ padding-top : 0px;margin-top : 0px;padding-right : 0px;padding-bottom : 4%;margin-bottom : 0px;padding-left : 0px;}@media only screen and (max-width:1024px) {.fusion-body .fusion-flex-container.fusion-builder-row-2{ padding-top : 0;}}<\/style><\/div><div class=\"fusion-fullwidth fullwidth-box fusion-builder-row-3 fusion-flex-container nonhundred-percent-fullwidth non-hundred-percent-height-scrolling\" style=\"background-color: rgba(255,255,255,0);background-position: center center;background-repeat: no-repeat;border-width: 0px 0px 0px 0px;border-color:#eae9e9;border-style:solid;\" ><div class=\"fusion-builder-row fusion-row fusion-flex-align-items-stretch\" style=\"max-width:1445.6px;margin-left: calc(-4% \/ 2 );margin-right: calc(-4% \/ 2 );\"><div class=\"fusion-layout-column fusion_builder_column fusion-builder-column-3 fusion_builder_column_1_2 1_2 fusion-flex-column fusion-animated\" data-animationType=\"fadeInUp\" data-animationDuration=\"0.3\" data-animationOffset=\"100%\"><div class=\"fusion-column-wrapper fusion-flex-justify-content-flex-start fusion-content-layout-column\" style=\"background-position:left top;background-repeat:no-repeat;-webkit-background-size:cover;-moz-background-size:cover;-o-background-size:cover;background-size:cover;padding: 0px 0px 0px 0px;\"><div ><span class=\" fusion-imageframe imageframe-none imageframe-1 hover-type-zoomin\" style=\"margin-bottom:4%;\"><a href=\"https:\/\/www.imab-concept.it\/wp-content\/uploads\/2021\/12\/soggiorno_minimale_A.jpg\" class=\"fusion-lightbox\" data-rel=\"iLightbox[soggiorno_minimale]\" data-title=\"soggiorno_minimale_A\" title=\"QMC005_soggiorni_imab_concept\"><img decoding=\"async\" width=\"650\" height=\"470\" src=\"https:\/\/www.imab-concept.it\/wp-content\/uploads\/2024\/06\/QMC005_soggiorni_imab_concept.jpg\" class=\"img-responsive wp-image-13214\" srcset=\"https:\/\/www.imab-concept.it\/wp-content\/uploads\/2024\/06\/QMC005_soggiorni_imab_concept-200x145.jpg 200w, https:\/\/www.imab-concept.it\/wp-content\/uploads\/2024\/06\/QMC005_soggiorni_imab_concept-400x289.jpg 400w, https:\/\/www.imab-concept.it\/wp-content\/uploads\/2024\/06\/QMC005_soggiorni_imab_concept-600x434.jpg 600w, https:\/\/www.imab-concept.it\/wp-content\/uploads\/2024\/06\/QMC005_soggiorni_imab_concept.jpg 650w\" sizes=\"(max-width: 1024px) 100vw, (max-width: 640px) 100vw, 650px\" \/><\/a><\/span><\/div><style type=\"text\/css\">@media only screen and (max-width:1024px) {.fusion-title.fusion-title-2{margin-top:8px!important;margin-bottom:16px!important;}}@media only screen and (max-width:640px) {.fusion-title.fusion-title-2{margin-top:8px!important;margin-bottom:16px!important;}}<\/style><div class=\"fusion-title title fusion-title-2 fusion-sep-none fusion-title-text fusion-title-size-three\" style=\"margin-top:8px;margin-bottom:16px;\"><h3 class=\"title-heading-left\" style=\"margin:0;\">Salon suspendu en bois<\/h3><\/div><div class=\"fusion-text fusion-text-2\" style=\"transform:translate3d(0,0,0);\"><p>La finition Noyer fonc\u00e9 rend le salon confortable et accueillant.<\/p>\n<\/div><div ><style type=\"text\/css\">.fusion-button.button-1 {border-radius:50px;}<\/style><a class=\"fusion-button button-flat fusion-button-default-size button-default button-1 fusion-button-default-span fusion-button-default-type button_cucine\" target=\"_self\" href=\"https:\/\/www.imab-concept.it\/fr\/collection\/mito-fr\/salons-suspendus\/\"><span class=\"fusion-button-text\">D\u00c9COUVREZ LE MOD\u00c8LE SOSPENDU<\/span><\/a><\/div><\/div><\/div><style type=\"text\/css\">.fusion-body .fusion-builder-column-3{width:50% !important;margin-top : 25px;margin-bottom : 25px;}.fusion-builder-column-3 > .fusion-column-wrapper {padding-top : 0px !important;padding-right : 0px !important;margin-right : 3.84%;padding-bottom : 0px !important;padding-left : 0px !important;margin-left : 3.84%;}@media only screen and (max-width:1024px) {.fusion-body .fusion-builder-column-3{width:50% !important;order : 0;}.fusion-builder-column-3 > .fusion-column-wrapper {margin-right : 3.84%;margin-left : 3.84%;}}@media only screen and (max-width:640px) {.fusion-body .fusion-builder-column-3{width:100% !important;order : 0;}.fusion-builder-column-3 > .fusion-column-wrapper {margin-right : 1.92%;margin-left : 1.92%;}}<\/style><div class=\"fusion-layout-column fusion_builder_column fusion-builder-column-4 fusion_builder_column_1_2 1_2 fusion-flex-column fusion-animated\" data-animationType=\"fadeInUp\" data-animationDuration=\"0.3\" data-animationOffset=\"100%\"><div class=\"fusion-column-wrapper fusion-flex-justify-content-flex-start fusion-content-layout-column\" style=\"background-position:left top;background-repeat:no-repeat;-webkit-background-size:cover;-moz-background-size:cover;-o-background-size:cover;background-size:cover;padding: 0px 0px 0px 0px;\"><div ><span class=\" fusion-imageframe imageframe-none imageframe-2 hover-type-zoomin\" style=\"margin-bottom:4%;\"><a href=\"https:\/\/www.imab-concept.it\/wp-content\/uploads\/2021\/12\/soggiorno_minimale_A.jpg\" class=\"fusion-lightbox\" data-rel=\"iLightbox[soggiorno_minimale]\" data-title=\"soggiorno_minimale_A\" title=\"QMC001_soggiorni_imab_concept\"><img decoding=\"async\" width=\"650\" height=\"470\" src=\"https:\/\/www.imab-concept.it\/wp-content\/uploads\/2024\/06\/QMC001_soggiorni_imab_concept.jpg\" class=\"img-responsive wp-image-13154\" srcset=\"https:\/\/www.imab-concept.it\/wp-content\/uploads\/2024\/06\/QMC001_soggiorni_imab_concept-200x145.jpg 200w, https:\/\/www.imab-concept.it\/wp-content\/uploads\/2024\/06\/QMC001_soggiorni_imab_concept-400x289.jpg 400w, https:\/\/www.imab-concept.it\/wp-content\/uploads\/2024\/06\/QMC001_soggiorni_imab_concept-600x434.jpg 600w, https:\/\/www.imab-concept.it\/wp-content\/uploads\/2024\/06\/QMC001_soggiorni_imab_concept.jpg 650w\" sizes=\"(max-width: 1024px) 100vw, (max-width: 640px) 100vw, 650px\" \/><\/a><\/span><\/div><style type=\"text\/css\">@media only screen and (max-width:1024px) {.fusion-title.fusion-title-3{margin-top:8px!important;margin-bottom:16px!important;}}@media only screen and (max-width:640px) {.fusion-title.fusion-title-3{margin-top:8px!important;margin-bottom:16px!important;}}<\/style><div class=\"fusion-title title fusion-title-3 fusion-sep-none fusion-title-text fusion-title-size-three\" style=\"margin-top:8px;margin-bottom:16px;\"><h3 class=\"title-heading-left\" style=\"margin:0;\">Salon avec \u00e9l\u00e9ments suspendus<\/h3><\/div><div class=\"fusion-text fusion-text-3\" style=\"transform:translate3d(0,0,0);\"><p>Le montant r\u00e9tro-\u00e9clair\u00e9 am\u00e9liore non seulement la luminosit\u00e9 de la pi\u00e8ce, mais il cr\u00e9e aussi une ambiance captivante et sophistiqu\u00e9e.<\/p>\n<\/div><div ><style type=\"text\/css\">.fusion-button.button-2 {border-radius:50px;}<\/style><a class=\"fusion-button button-flat fusion-button-default-size button-default button-2 fusion-button-default-span fusion-button-default-type button_cucine\" target=\"_self\" href=\"https:\/\/www.imab-concept.it\/fr\/collection\/mito-fr\/salons-suspendus\/\"><span class=\"fusion-button-text\">D\u00c9COUVREZ LE MOD\u00c8LE SUSPENDU<\/span><\/a><\/div><\/div><\/div><style type=\"text\/css\">.fusion-body .fusion-builder-column-4{width:50% !important;margin-top : 25px;margin-bottom : 25px;}.fusion-builder-column-4 > .fusion-column-wrapper {padding-top : 0px !important;padding-right : 0px !important;margin-right : 3.84%;padding-bottom : 0px !important;padding-left : 0px !important;margin-left : 3.84%;}@media only screen and (max-width:1024px) {.fusion-body .fusion-builder-column-4{width:50% !important;order : 0;}.fusion-builder-column-4 > .fusion-column-wrapper {margin-right : 3.84%;margin-left : 3.84%;}}@media only screen and (max-width:640px) {.fusion-body .fusion-builder-column-4{width:100% !important;order : 0;}.fusion-builder-column-4 > .fusion-column-wrapper {margin-right : 1.92%;margin-left : 1.92%;}}<\/style><div class=\"fusion-layout-column fusion_builder_column fusion-builder-column-5 fusion_builder_column_1_2 1_2 fusion-flex-column fusion-animated\" data-animationType=\"fadeInUp\" data-animationDuration=\"0.3\" data-animationOffset=\"100%\"><div class=\"fusion-column-wrapper fusion-flex-justify-content-flex-start fusion-content-layout-column\" style=\"background-position:left top;background-repeat:no-repeat;-webkit-background-size:cover;-moz-background-size:cover;-o-background-size:cover;background-size:cover;padding: 0px 0px 0px 0px;\"><div ><span class=\" fusion-imageframe imageframe-none imageframe-3 hover-type-zoomin\" style=\"margin-bottom:4%;\"><a href=\"https:\/\/www.imab-concept.it\/wp-content\/uploads\/2021\/12\/soggiorno_minimale_A.jpg\" class=\"fusion-lightbox\" data-rel=\"iLightbox[soggiorno_minimale]\" data-title=\"soggiorno_minimale_A\" title=\"QMC009_soggiorni_imab_concept\"><img decoding=\"async\" width=\"650\" height=\"470\" src=\"https:\/\/www.imab-concept.it\/wp-content\/uploads\/2024\/06\/QMC009_soggiorni_imab_concept.jpg\" class=\"img-responsive wp-image-12695\" srcset=\"https:\/\/www.imab-concept.it\/wp-content\/uploads\/2024\/06\/QMC009_soggiorni_imab_concept-200x145.jpg 200w, https:\/\/www.imab-concept.it\/wp-content\/uploads\/2024\/06\/QMC009_soggiorni_imab_concept-400x289.jpg 400w, https:\/\/www.imab-concept.it\/wp-content\/uploads\/2024\/06\/QMC009_soggiorni_imab_concept-600x434.jpg 600w, https:\/\/www.imab-concept.it\/wp-content\/uploads\/2024\/06\/QMC009_soggiorni_imab_concept.jpg 650w\" sizes=\"(max-width: 1024px) 100vw, (max-width: 640px) 100vw, 650px\" \/><\/a><\/span><\/div><style type=\"text\/css\">@media only screen and (max-width:1024px) {.fusion-title.fusion-title-4{margin-top:8px!important;margin-bottom:16px!important;}}@media only screen and (max-width:640px) {.fusion-title.fusion-title-4{margin-top:8px!important;margin-bottom:16px!important;}}<\/style><div class=\"fusion-title title fusion-title-4 fusion-sep-none fusion-title-text fusion-title-size-three\" style=\"margin-top:8px;margin-bottom:16px;\"><h3 class=\"title-heading-left\" style=\"margin:0;\">S\u00e9jour minimaliste<\/h3><\/div><div class=\"fusion-text fusion-text-4\" style=\"transform:translate3d(0,0,0);\"><p>Meubler le salon, c\u2019est donner un sens pratique \u00e0 l\u2019environnement, mais \u00e9galement un aspect esth\u00e9tique. Le support TV coulissant est l\u2019incarnation concr\u00e8te de notre philosophie, qui allie fonctionnalit\u00e9 et design.<\/p>\n<\/div><div ><style type=\"text\/css\">.fusion-button.button-3 {border-radius:50px;}<\/style><a class=\"fusion-button button-flat fusion-button-default-size button-default button-3 fusion-button-default-span fusion-button-default-type button_cucine\" target=\"_self\" href=\"https:\/\/www.imab-concept.it\/fr\/collection\/mito-fr\/salons-suspendus\/\"><span class=\"fusion-button-text\">D\u00c9COUVREZ LE MOD\u00c8LE SUSPENDU <\/span><\/a><\/div><\/div><\/div><style type=\"text\/css\">.fusion-body .fusion-builder-column-5{width:50% !important;margin-top : 25px;margin-bottom : 25px;}.fusion-builder-column-5 > .fusion-column-wrapper {padding-top : 0px !important;padding-right : 0px !important;margin-right : 3.84%;padding-bottom : 0px !important;padding-left : 0px !important;margin-left : 3.84%;}@media only screen and (max-width:1024px) {.fusion-body .fusion-builder-column-5{width:50% !important;order : 0;}.fusion-builder-column-5 > .fusion-column-wrapper {margin-right : 3.84%;margin-left : 3.84%;}}@media only screen and (max-width:640px) {.fusion-body .fusion-builder-column-5{width:100% !important;order : 0;}.fusion-builder-column-5 > .fusion-column-wrapper {margin-right : 1.92%;margin-left : 1.92%;}}<\/style><div class=\"fusion-layout-column fusion_builder_column fusion-builder-column-6 fusion_builder_column_1_2 1_2 fusion-flex-column fusion-animated\" data-animationType=\"fadeInUp\" data-animationDuration=\"0.3\" data-animationOffset=\"100%\"><div class=\"fusion-column-wrapper fusion-flex-justify-content-flex-start fusion-content-layout-column\" style=\"background-position:left top;background-repeat:no-repeat;-webkit-background-size:cover;-moz-background-size:cover;-o-background-size:cover;background-size:cover;padding: 0px 0px 0px 0px;\"><div ><span class=\" fusion-imageframe imageframe-none imageframe-4 hover-type-zoomin\" style=\"margin-bottom:4%;\"><a href=\"https:\/\/www.imab-concept.it\/wp-content\/uploads\/2021\/12\/soggiorno_minimale_A.jpg\" class=\"fusion-lightbox\" data-rel=\"iLightbox[soggiorno_minimale]\" data-title=\"soggiorno_minimale_A\" title=\"QMC012_soggiorni_imab_concept\"><img decoding=\"async\" width=\"650\" height=\"470\" src=\"https:\/\/www.imab-concept.it\/wp-content\/uploads\/2024\/06\/QMC012_soggiorni_imab_concept.jpg\" class=\"img-responsive wp-image-14225\" srcset=\"https:\/\/www.imab-concept.it\/wp-content\/uploads\/2024\/06\/QMC012_soggiorni_imab_concept-200x145.jpg 200w, https:\/\/www.imab-concept.it\/wp-content\/uploads\/2024\/06\/QMC012_soggiorni_imab_concept-400x289.jpg 400w, https:\/\/www.imab-concept.it\/wp-content\/uploads\/2024\/06\/QMC012_soggiorni_imab_concept-600x434.jpg 600w, https:\/\/www.imab-concept.it\/wp-content\/uploads\/2024\/06\/QMC012_soggiorni_imab_concept.jpg 650w\" sizes=\"(max-width: 1024px) 100vw, (max-width: 640px) 100vw, 650px\" \/><\/a><\/span><\/div><style type=\"text\/css\">@media only screen and (max-width:1024px) {.fusion-title.fusion-title-5{margin-top:8px!important;margin-bottom:16px!important;}}@media only screen and (max-width:640px) {.fusion-title.fusion-title-5{margin-top:8px!important;margin-bottom:16px!important;}}<\/style><div class=\"fusion-title title fusion-title-5 fusion-sep-none fusion-title-text fusion-title-size-three\" style=\"margin-top:8px;margin-bottom:16px;\"><h3 class=\"title-heading-left\" style=\"margin:0;\">S\u00e9jour en PET<\/h3><\/div><div class=\"fusion-text fusion-text-5\" style=\"transform:translate3d(0,0,0);\"><p>La porte Giglio en PET, l\u00e9g\u00e8re et raffin\u00e9e, apporte une ambiance \u00e9pur\u00e9e dans la pi\u00e8ce de vie principale.<\/p>\n<\/div><div ><style type=\"text\/css\">.fusion-button.button-4 {border-radius:50px;}<\/style><a class=\"fusion-button button-flat fusion-button-default-size button-default button-4 fusion-button-default-span fusion-button-default-type button_cucine\" target=\"_self\" href=\"https:\/\/www.imab-concept.it\/fr\/collection\/mito-fr\/salons-suspendus\/\"><span class=\"fusion-button-text\">D\u00c9COUVREZ LE MOD\u00c8LE SUSPENDU<\/span><\/a><\/div><\/div><\/div><style type=\"text\/css\">.fusion-body .fusion-builder-column-6{width:50% !important;margin-top : 25px;margin-bottom : 25px;}.fusion-builder-column-6 > .fusion-column-wrapper {padding-top : 0px !important;padding-right : 0px !important;margin-right : 3.84%;padding-bottom : 0px !important;padding-left : 0px !important;margin-left : 3.84%;}@media only screen and (max-width:1024px) {.fusion-body .fusion-builder-column-6{width:50% !important;order : 0;}.fusion-builder-column-6 > .fusion-column-wrapper {margin-right : 3.84%;margin-left : 3.84%;}}@media only screen and (max-width:640px) {.fusion-body .fusion-builder-column-6{width:100% !important;order : 0;}.fusion-builder-column-6 > .fusion-column-wrapper {margin-right : 1.92%;margin-left : 1.92%;}}<\/style><div class=\"fusion-layout-column fusion_builder_column fusion-builder-column-7 fusion_builder_column_1_2 1_2 fusion-flex-column fusion-animated\" data-animationType=\"fadeInUp\" data-animationDuration=\"0.3\" data-animationOffset=\"100%\"><div class=\"fusion-column-wrapper fusion-flex-justify-content-flex-start fusion-content-layout-column\" style=\"background-position:left top;background-repeat:no-repeat;-webkit-background-size:cover;-moz-background-size:cover;-o-background-size:cover;background-size:cover;padding: 0px 0px 0px 0px;\"><div ><span class=\" fusion-imageframe imageframe-none imageframe-5 hover-type-zoomin\" style=\"margin-bottom:4%;\"><a href=\"https:\/\/www.imab-concept.it\/wp-content\/uploads\/2021\/12\/parete_attrezzata-A.jpg\" class=\"fusion-lightbox\" data-rel=\"iLightbox[parete_attrezzata]\" data-title=\"parete_attrezzata-A\" title=\"QMC018_soggiorni_imab_concept\"><img decoding=\"async\" width=\"650\" height=\"470\" src=\"https:\/\/www.imab-concept.it\/wp-content\/uploads\/2024\/06\/QMC018_soggiorni_imab_concept.jpg\" class=\"img-responsive wp-image-12764\" srcset=\"https:\/\/www.imab-concept.it\/wp-content\/uploads\/2024\/06\/QMC018_soggiorni_imab_concept-200x145.jpg 200w, https:\/\/www.imab-concept.it\/wp-content\/uploads\/2024\/06\/QMC018_soggiorni_imab_concept-400x289.jpg 400w, https:\/\/www.imab-concept.it\/wp-content\/uploads\/2024\/06\/QMC018_soggiorni_imab_concept-600x434.jpg 600w, https:\/\/www.imab-concept.it\/wp-content\/uploads\/2024\/06\/QMC018_soggiorni_imab_concept.jpg 650w\" sizes=\"(max-width: 1024px) 100vw, (max-width: 640px) 100vw, 650px\" \/><\/a><\/span><\/div><style type=\"text\/css\">@media only screen and (max-width:1024px) {.fusion-title.fusion-title-6{margin-top:8px!important;margin-bottom:16px!important;}}@media only screen and (max-width:640px) {.fusion-title.fusion-title-6{margin-top:8px!important;margin-bottom:16px!important;}}<\/style><div class=\"fusion-title title fusion-title-6 fusion-sep-none fusion-title-text fusion-title-size-three\" style=\"margin-top:8px;margin-bottom:16px;\"><h3 class=\"title-heading-left\" style=\"margin:0;\">Meuble living<\/h3><\/div><div class=\"fusion-text fusion-text-6\" style=\"transform:translate3d(0,0,0);\"><p>\u00c0 chacun son style. Un meuble de s\u00e9jour qui m\u00e9lange les essences de bois et les couleurs, un exemple de la mani\u00e8re dont chacune de nos compositions peut \u00eatre totalement personnalis\u00e9e au niveau des finitions, mais aussi des \u00e9l\u00e9ments.<\/p>\n<\/div><div ><style type=\"text\/css\">.fusion-button.button-5 {border-radius:50px;}<\/style><a class=\"fusion-button button-flat fusion-button-default-size button-default button-5 fusion-button-default-span fusion-button-default-type button_cucine\" target=\"_self\" href=\" https:\/\/www.imab-concept.it\/fr\/collection\/mito-fr\/compositions-murales\/\"><span class=\"fusion-button-text\">D\u00c9COUVREZ LE MOD\u00c8LE MEUBLE LIVING <\/span><\/a><\/div><\/div><\/div><style type=\"text\/css\">.fusion-body .fusion-builder-column-7{width:50% !important;margin-top : 25px;margin-bottom : 25px;}.fusion-builder-column-7 > .fusion-column-wrapper {padding-top : 0px !important;padding-right : 0px !important;margin-right : 3.84%;padding-bottom : 0px !important;padding-left : 0px !important;margin-left : 3.84%;}@media only screen and (max-width:1024px) {.fusion-body .fusion-builder-column-7{width:50% !important;order : 0;}.fusion-builder-column-7 > .fusion-column-wrapper {margin-right : 3.84%;margin-left : 3.84%;}}@media only screen and (max-width:640px) {.fusion-body .fusion-builder-column-7{width:100% !important;order : 0;}.fusion-builder-column-7 > .fusion-column-wrapper {margin-right : 1.92%;margin-left : 1.92%;}}<\/style><div class=\"fusion-layout-column fusion_builder_column fusion-builder-column-8 fusion_builder_column_1_2 1_2 fusion-flex-column fusion-animated\" data-animationType=\"fadeInUp\" data-animationDuration=\"0.3\" data-animationOffset=\"100%\"><div class=\"fusion-column-wrapper fusion-flex-justify-content-flex-start fusion-content-layout-column\" style=\"background-position:left top;background-repeat:no-repeat;-webkit-background-size:cover;-moz-background-size:cover;-o-background-size:cover;background-size:cover;padding: 0px 0px 0px 0px;\"><div ><span class=\" fusion-imageframe imageframe-none imageframe-6 hover-type-zoomin\" style=\"margin-bottom:4%;\"><a href=\"https:\/\/www.imab-concept.it\/wp-content\/uploads\/2021\/12\/libreria_configurabile_A.jpg\" class=\"fusion-lightbox\" data-rel=\"iLightbox[libreria_configurabile]\" data-title=\"libreria_configurabile_A\" title=\"QMC019_soggiorni_imab_concept\"><img decoding=\"async\" width=\"650\" height=\"470\" src=\"https:\/\/www.imab-concept.it\/wp-content\/uploads\/2024\/06\/QMC019_soggiorni_imab_concept.jpg\" class=\"img-responsive wp-image-12770\" srcset=\"https:\/\/www.imab-concept.it\/wp-content\/uploads\/2024\/06\/QMC019_soggiorni_imab_concept-200x145.jpg 200w, https:\/\/www.imab-concept.it\/wp-content\/uploads\/2024\/06\/QMC019_soggiorni_imab_concept-400x289.jpg 400w, https:\/\/www.imab-concept.it\/wp-content\/uploads\/2024\/06\/QMC019_soggiorni_imab_concept-600x434.jpg 600w, https:\/\/www.imab-concept.it\/wp-content\/uploads\/2024\/06\/QMC019_soggiorni_imab_concept.jpg 650w\" sizes=\"(max-width: 1024px) 100vw, (max-width: 640px) 100vw, 650px\" \/><\/a><\/span><\/div><style type=\"text\/css\">@media only screen and (max-width:1024px) {.fusion-title.fusion-title-7{margin-top:8px!important;margin-bottom:16px!important;}}@media only screen and (max-width:640px) {.fusion-title.fusion-title-7{margin-top:8px!important;margin-bottom:16px!important;}}<\/style><div class=\"fusion-title title fusion-title-7 fusion-sep-none fusion-title-text fusion-title-size-three\" style=\"margin-top:8px;margin-bottom:16px;\"><h3 class=\"title-heading-left\" style=\"margin:0;\">Biblioth\u00e8que configurable<\/h3><\/div><div class=\"fusion-text fusion-text-7\" style=\"transform:translate3d(0,0,0);\"><p>Plusieurs \u00e9l\u00e9ments composent ce meuble de s\u00e9jour qui est principalement une biblioth\u00e8que, mais qui peut aussi bien \u00eatre beaucoup d\u2019autres choses. Tout est laiss\u00e9 \u00e0 la discr\u00e9tion du client, qui peut choisir librement la configuration en fonction de ses besoins de rangement et d\u2019utilisation.<\/p>\n<\/div><div ><style type=\"text\/css\">.fusion-button.button-6 {border-radius:50px;}<\/style><a class=\"fusion-button button-flat fusion-button-default-size button-default button-6 fusion-button-default-span fusion-button-default-type button_cucine\" target=\"_self\" href=\" https:\/\/www.imab-concept.it\/fr\/collection\/mito-fr\/compositions-murales\/\"><span class=\"fusion-button-text\">D\u00c9COUVREZ LE MOD\u00c8LE BIBLIOTH\u00c8QUE <\/span><\/a><\/div><\/div><\/div><style type=\"text\/css\">.fusion-body .fusion-builder-column-8{width:50% !important;margin-top : 25px;margin-bottom : 25px;}.fusion-builder-column-8 > .fusion-column-wrapper {padding-top : 0px !important;padding-right : 0px !important;margin-right : 3.84%;padding-bottom : 0px !important;padding-left : 0px !important;margin-left : 3.84%;}@media only screen and (max-width:1024px) {.fusion-body .fusion-builder-column-8{width:50% !important;order : 0;}.fusion-builder-column-8 > .fusion-column-wrapper {margin-right : 3.84%;margin-left : 3.84%;}}@media only screen and (max-width:640px) {.fusion-body .fusion-builder-column-8{width:100% !important;order : 0;}.fusion-builder-column-8 > .fusion-column-wrapper {margin-right : 1.92%;margin-left : 1.92%;}}<\/style><div class=\"fusion-layout-column fusion_builder_column fusion-builder-column-9 fusion_builder_column_1_2 1_2 fusion-flex-column fusion-animated\" data-animationType=\"fadeInUp\" data-animationDuration=\"0.3\" data-animationOffset=\"100%\"><div class=\"fusion-column-wrapper fusion-flex-justify-content-flex-start fusion-content-layout-column\" style=\"background-position:left top;background-repeat:no-repeat;-webkit-background-size:cover;-moz-background-size:cover;-o-background-size:cover;background-size:cover;padding: 0px 0px 0px 0px;\"><div ><span class=\" fusion-imageframe imageframe-none imageframe-7 hover-type-zoomin\" style=\"margin-bottom:4%;\"><a href=\"https:\/\/www.imab-concept.it\/wp-content\/uploads\/2021\/12\/soggiorno_moderno_A.jpg\" class=\"fusion-lightbox\" data-rel=\"iLightbox[soggiorno_moderno]\" data-title=\"soggiorno_moderno_A\" title=\"QMC013_soggiorni_imab_concept\"><img decoding=\"async\" width=\"650\" height=\"470\" src=\"https:\/\/www.imab-concept.it\/wp-content\/uploads\/2024\/06\/QMC013_soggiorni_imab_concept.jpg\" class=\"img-responsive wp-image-12782\" srcset=\"https:\/\/www.imab-concept.it\/wp-content\/uploads\/2024\/06\/QMC013_soggiorni_imab_concept-200x145.jpg 200w, https:\/\/www.imab-concept.it\/wp-content\/uploads\/2024\/06\/QMC013_soggiorni_imab_concept-400x289.jpg 400w, https:\/\/www.imab-concept.it\/wp-content\/uploads\/2024\/06\/QMC013_soggiorni_imab_concept-600x434.jpg 600w, https:\/\/www.imab-concept.it\/wp-content\/uploads\/2024\/06\/QMC013_soggiorni_imab_concept.jpg 650w\" sizes=\"(max-width: 1024px) 100vw, (max-width: 640px) 100vw, 650px\" \/><\/a><\/span><\/div><style type=\"text\/css\">@media only screen and (max-width:1024px) {.fusion-title.fusion-title-8{margin-top:8px!important;margin-bottom:16px!important;}}@media only screen and (max-width:640px) {.fusion-title.fusion-title-8{margin-top:8px!important;margin-bottom:16px!important;}}<\/style><div class=\"fusion-title title fusion-title-8 fusion-sep-none fusion-title-text fusion-title-size-three\" style=\"margin-top:8px;margin-bottom:16px;\"><h3 class=\"title-heading-left\" style=\"margin:0;\">S\u00e9jour moderne<\/h3><\/div><div class=\"fusion-text fusion-text-8\" style=\"transform:translate3d(0,0,0);\"><p>Le salon opte pour la lin\u00e9arit\u00e9, sans renoncer \u00e0 la g\u00e9om\u00e9trie et au souci du d\u00e9tail. Les portes profil\u00e9es et la fermeture en\u00a0L viennent consacrer ce souci, en mettant en valeur le style minimaliste des meubles de s\u00e9jour modernes.<\/p>\n<\/div><div ><style type=\"text\/css\">.fusion-button.button-7 {border-radius:50px;}<\/style><a class=\"fusion-button button-flat fusion-button-default-size button-default button-7 fusion-button-default-span fusion-button-default-type button_cucine\" target=\"_self\" href=\"https:\/\/www.imab-concept.it\/fr\/collection\/mito-fr\/salons-suspendus\/\"><span class=\"fusion-button-text\">D\u00c9COUVREZ LE MOD\u00c8LE SUSPENDU<\/span><\/a><\/div><\/div><\/div><style type=\"text\/css\">.fusion-body .fusion-builder-column-9{width:50% !important;margin-top : 25px;margin-bottom : 25px;}.fusion-builder-column-9 > .fusion-column-wrapper {padding-top : 0px !important;padding-right : 0px !important;margin-right : 3.84%;padding-bottom : 0px !important;padding-left : 0px !important;margin-left : 3.84%;}@media only screen and (max-width:1024px) {.fusion-body .fusion-builder-column-9{width:50% !important;order : 0;}.fusion-builder-column-9 > .fusion-column-wrapper {margin-right : 3.84%;margin-left : 3.84%;}}@media only screen and (max-width:640px) {.fusion-body .fusion-builder-column-9{width:100% !important;order : 0;}.fusion-builder-column-9 > .fusion-column-wrapper {margin-right : 1.92%;margin-left : 1.92%;}}<\/style><div class=\"fusion-layout-column fusion_builder_column fusion-builder-column-10 fusion_builder_column_1_2 1_2 fusion-flex-column fusion-animated\" data-animationType=\"fadeInUp\" data-animationDuration=\"0.3\" data-animationOffset=\"100%\"><div class=\"fusion-column-wrapper fusion-flex-justify-content-flex-start fusion-content-layout-column\" style=\"background-position:left top;background-repeat:no-repeat;-webkit-background-size:cover;-moz-background-size:cover;-o-background-size:cover;background-size:cover;padding: 0px 0px 0px 0px;\"><div ><span class=\" fusion-imageframe imageframe-none imageframe-8 hover-type-zoomin\" style=\"margin-bottom:4%;\"><a href=\"https:\/\/www.imab-concept.it\/wp-content\/uploads\/2021\/12\/soggiorno_moderno_A.jpg\" class=\"fusion-lightbox\" data-rel=\"iLightbox[soggiorno_moderno]\" data-title=\"soggiorno_moderno_A\" title=\"QMC015_soggiorni_imab_concept\"><img decoding=\"async\" width=\"650\" height=\"470\" src=\"https:\/\/www.imab-concept.it\/wp-content\/uploads\/2024\/06\/QMC015_soggiorni_imab_concept.jpg\" class=\"img-responsive wp-image-12728\" srcset=\"https:\/\/www.imab-concept.it\/wp-content\/uploads\/2024\/06\/QMC015_soggiorni_imab_concept-200x145.jpg 200w, https:\/\/www.imab-concept.it\/wp-content\/uploads\/2024\/06\/QMC015_soggiorni_imab_concept-400x289.jpg 400w, https:\/\/www.imab-concept.it\/wp-content\/uploads\/2024\/06\/QMC015_soggiorni_imab_concept-600x434.jpg 600w, https:\/\/www.imab-concept.it\/wp-content\/uploads\/2024\/06\/QMC015_soggiorni_imab_concept.jpg 650w\" sizes=\"(max-width: 1024px) 100vw, (max-width: 640px) 100vw, 650px\" \/><\/a><\/span><\/div><style type=\"text\/css\">@media only screen and (max-width:1024px) {.fusion-title.fusion-title-9{margin-top:8px!important;margin-bottom:16px!important;}}@media only screen and (max-width:640px) {.fusion-title.fusion-title-9{margin-top:8px!important;margin-bottom:16px!important;}}<\/style><div class=\"fusion-title title fusion-title-9 fusion-sep-none fusion-title-text fusion-title-size-three\" style=\"margin-top:8px;margin-bottom:16px;\"><h3 class=\"title-heading-left\" style=\"margin:0;\">S\u00e9jour en ELLE suspendu<\/h3><\/div><div class=\"fusion-text fusion-text-9\" style=\"transform:translate3d(0,0,0);\"><p>Il se pr\u00e9sente comme un nouveau mod\u00e8le au sein de la collection, en s\u2019int\u00e9grant parfaitement \u00e0 tous les \u00e9l\u00e9ments d\u00e9j\u00e0 pr\u00e9sents. Un nouveau syst\u00e8me d\u2019ouverture qui red\u00e9finit et valorise les meubles bas et hauts. Le signe distinctif qui rendra votre nouveau s\u00e9jour moderne encore plus unique.<\/p>\n<\/div><div ><style type=\"text\/css\">.fusion-button.button-8 {border-radius:50px;}<\/style><a class=\"fusion-button button-flat fusion-button-default-size button-default button-8 fusion-button-default-span fusion-button-default-type button_cucine\" target=\"_self\" href=\"https:\/\/www.imab-concept.it\/fr\/collection\/mito-fr\/salons-suspendus\/\"><span class=\"fusion-button-text\">D\u00c9COUVREZ LE MOD\u00c8LE SUSPENDU<\/span><\/a><\/div><\/div><\/div><style type=\"text\/css\">.fusion-body .fusion-builder-column-10{width:50% !important;margin-top : 25px;margin-bottom : 25px;}.fusion-builder-column-10 > .fusion-column-wrapper {padding-top : 0px !important;padding-right : 0px !important;margin-right : 3.84%;padding-bottom : 0px !important;padding-left : 0px !important;margin-left : 3.84%;}@media only screen and (max-width:1024px) {.fusion-body .fusion-builder-column-10{width:50% !important;order : 0;}.fusion-builder-column-10 > .fusion-column-wrapper {margin-right : 3.84%;margin-left : 3.84%;}}@media only screen and (max-width:640px) {.fusion-body .fusion-builder-column-10{width:100% !important;order : 0;}.fusion-builder-column-10 > .fusion-column-wrapper {margin-right : 1.92%;margin-left : 1.92%;}}<\/style><div class=\"fusion-layout-column fusion_builder_column fusion-builder-column-11 fusion_builder_column_1_2 1_2 fusion-flex-column fusion-animated\" data-animationType=\"fadeInUp\" data-animationDuration=\"0.3\" data-animationOffset=\"100%\"><div class=\"fusion-column-wrapper fusion-flex-justify-content-flex-start fusion-content-layout-column\" style=\"background-position:left top;background-repeat:no-repeat;-webkit-background-size:cover;-moz-background-size:cover;-o-background-size:cover;background-size:cover;padding: 0px 0px 0px 0px;\"><div ><span class=\" fusion-imageframe imageframe-none imageframe-9 hover-type-zoomin\" style=\"margin-bottom:4%;\"><img decoding=\"async\" width=\"650\" height=\"470\" title=\"QMC003_soggiorni_imab_concept\" src=\"https:\/\/www.imab-concept.it\/wp-content\/uploads\/2024\/06\/QMC003_soggiorni_imab_concept.jpg\" class=\"img-responsive wp-image-12791\" srcset=\"https:\/\/www.imab-concept.it\/wp-content\/uploads\/2024\/06\/QMC003_soggiorni_imab_concept-200x145.jpg 200w, https:\/\/www.imab-concept.it\/wp-content\/uploads\/2024\/06\/QMC003_soggiorni_imab_concept-400x289.jpg 400w, https:\/\/www.imab-concept.it\/wp-content\/uploads\/2024\/06\/QMC003_soggiorni_imab_concept-600x434.jpg 600w, https:\/\/www.imab-concept.it\/wp-content\/uploads\/2024\/06\/QMC003_soggiorni_imab_concept.jpg 650w\" sizes=\"(max-width: 1024px) 100vw, (max-width: 640px) 100vw, 650px\" \/><\/span><\/div><style type=\"text\/css\">@media only screen and (max-width:1024px) {.fusion-title.fusion-title-10{margin-top:8px!important;margin-bottom:16px!important;}}@media only screen and (max-width:640px) {.fusion-title.fusion-title-10{margin-top:8px!important;margin-bottom:16px!important;}}<\/style><div class=\"fusion-title title fusion-title-10 fusion-sep-none fusion-title-text fusion-title-size-three\" style=\"margin-top:8px;margin-bottom:16px;\"><h3 class=\"title-heading-left\" style=\"margin:0;\">S\u00e9jour polyvalente<\/h3><\/div><div class=\"fusion-text fusion-text-10\" style=\"transform:translate3d(0,0,0);\"><p>Les possibilit\u00e9s de personnalisation permettent d\u2019interpr\u00e9ter librement l\u2019environnement selon son propre style. Essences et couleurs s\u2019alternent dans cette solution de mobilier de s\u00e9jour con\u00e7ue pour \u00eatre pratique et polyvalente, pour tous les go\u00fbts et tous les besoins.<\/p>\n<\/div><div ><style type=\"text\/css\">.fusion-button.button-9 {border-radius:50px;}<\/style><a class=\"fusion-button button-flat fusion-button-default-size button-default button-9 fusion-button-default-span fusion-button-default-type button_cucine\" target=\"_self\" href=\"https:\/\/www.imab-concept.it\/fr\/collection\/mito-fr\/salons-suspendus\/\"><span class=\"fusion-button-text\">D\u00c9COUVREZ LE MOD\u00c8LE SUSPENDU<\/span><\/a><\/div><\/div><\/div><style type=\"text\/css\">.fusion-body .fusion-builder-column-11{width:50% !important;margin-top : 25px;margin-bottom : 25px;}.fusion-builder-column-11 > .fusion-column-wrapper {padding-top : 0px !important;padding-right : 0px !important;margin-right : 3.84%;padding-bottom : 0px !important;padding-left : 0px !important;margin-left : 3.84%;}@media only screen and (max-width:1024px) {.fusion-body .fusion-builder-column-11{width:50% !important;order : 0;}.fusion-builder-column-11 > .fusion-column-wrapper {margin-right : 3.84%;margin-left : 3.84%;}}@media only screen and (max-width:640px) {.fusion-body .fusion-builder-column-11{width:100% !important;order : 0;}.fusion-builder-column-11 > .fusion-column-wrapper {margin-right : 1.92%;margin-left : 1.92%;}}<\/style><div class=\"fusion-layout-column fusion_builder_column fusion-builder-column-12 fusion_builder_column_1_2 1_2 fusion-flex-column fusion-animated\" data-animationType=\"fadeInUp\" data-animationDuration=\"0.3\" data-animationOffset=\"100%\"><div class=\"fusion-column-wrapper fusion-flex-justify-content-flex-start fusion-content-layout-column\" style=\"background-position:left top;background-repeat:no-repeat;-webkit-background-size:cover;-moz-background-size:cover;-o-background-size:cover;background-size:cover;padding: 0px 0px 0px 0px;\"><div ><span class=\" fusion-imageframe imageframe-none imageframe-10 hover-type-zoomin\" style=\"margin-bottom:4%;\"><img decoding=\"async\" width=\"650\" height=\"470\" title=\"QMC004_soggiorni_imab_concept\" src=\"https:\/\/www.imab-concept.it\/wp-content\/uploads\/2024\/06\/QMC004_soggiorni_imab_concept.jpg\" class=\"img-responsive wp-image-12749\" srcset=\"https:\/\/www.imab-concept.it\/wp-content\/uploads\/2024\/06\/QMC004_soggiorni_imab_concept-200x145.jpg 200w, https:\/\/www.imab-concept.it\/wp-content\/uploads\/2024\/06\/QMC004_soggiorni_imab_concept-400x289.jpg 400w, https:\/\/www.imab-concept.it\/wp-content\/uploads\/2024\/06\/QMC004_soggiorni_imab_concept-600x434.jpg 600w, https:\/\/www.imab-concept.it\/wp-content\/uploads\/2024\/06\/QMC004_soggiorni_imab_concept.jpg 650w\" sizes=\"(max-width: 1024px) 100vw, (max-width: 640px) 100vw, 650px\" \/><\/span><\/div><style type=\"text\/css\">@media only screen and (max-width:1024px) {.fusion-title.fusion-title-11{margin-top:8px!important;margin-bottom:16px!important;}}@media only screen and (max-width:640px) {.fusion-title.fusion-title-11{margin-top:8px!important;margin-bottom:16px!important;}}<\/style><div class=\"fusion-title title fusion-title-11 fusion-sep-none fusion-title-text fusion-title-size-three\" style=\"margin-top:8px;margin-bottom:16px;\"><h3 class=\"title-heading-left\" style=\"margin:0;\">S\u00e9jour modulable<\/h3><\/div><div class=\"fusion-text fusion-text-11\" style=\"transform:translate3d(0,0,0);\"><p>Libert\u00e9 de composition, gr\u00e2ce \u00e0 des volumes et des structures modulables qui permettent de concevoir des solutions d\u2019ameublement personnalis\u00e9es. Gr\u00e2ce \u00e0 la combinaison tr\u00e8s \u00e9tudi\u00e9e des finitions disponibles, les vari\u00e9t\u00e9s de couleurs s\u2019harmonisent de mani\u00e8re \u00e9quilibr\u00e9e et s\u2019adaptent parfaitement \u00e0 tous les besoins.<\/p>\n<\/div><div ><style type=\"text\/css\">.fusion-button.button-10 {border-radius:50px;}<\/style><a class=\"fusion-button button-flat fusion-button-default-size button-default button-10 fusion-button-default-span fusion-button-default-type button_cucine\" target=\"_self\" href=\"https:\/\/www.imab-concept.it\/fr\/collection\/mito-fr\/salons-suspendus\/\"><span class=\"fusion-button-text\">D\u00c9COUVREZ LE MOD\u00c8LE SUSPENDU<\/span><\/a><\/div><\/div><\/div><style type=\"text\/css\">.fusion-body .fusion-builder-column-12{width:50% !important;margin-top : 25px;margin-bottom : 25px;}.fusion-builder-column-12 > .fusion-column-wrapper {padding-top : 0px !important;padding-right : 0px !important;margin-right : 3.84%;padding-bottom : 0px !important;padding-left : 0px !important;margin-left : 3.84%;}@media only screen and (max-width:1024px) {.fusion-body .fusion-builder-column-12{width:50% !important;order : 0;}.fusion-builder-column-12 > .fusion-column-wrapper {margin-right : 3.84%;margin-left : 3.84%;}}@media only screen and (max-width:640px) {.fusion-body .fusion-builder-column-12{width:100% !important;order : 0;}.fusion-builder-column-12 > .fusion-column-wrapper {margin-right : 1.92%;margin-left : 1.92%;}}<\/style><div class=\"fusion-layout-column fusion_builder_column fusion-builder-column-13 fusion_builder_column_1_2 1_2 fusion-flex-column fusion-animated\" data-animationType=\"fadeInUp\" data-animationDuration=\"0.3\" data-animationOffset=\"100%\"><div class=\"fusion-column-wrapper fusion-flex-justify-content-flex-start fusion-content-layout-column\" style=\"background-position:left top;background-repeat:no-repeat;-webkit-background-size:cover;-moz-background-size:cover;-o-background-size:cover;background-size:cover;padding: 0px 0px 0px 0px;\"><div ><span class=\" fusion-imageframe imageframe-none imageframe-11 hover-type-zoomin\" style=\"margin-bottom:4%;\"><img decoding=\"async\" width=\"650\" height=\"470\" title=\"QMC016_soggiorni_imab_concept\" src=\"https:\/\/www.imab-concept.it\/wp-content\/uploads\/2024\/06\/QMC016_soggiorni_imab_concept.jpg\" class=\"img-responsive wp-image-12797\" srcset=\"https:\/\/www.imab-concept.it\/wp-content\/uploads\/2024\/06\/QMC016_soggiorni_imab_concept-200x145.jpg 200w, https:\/\/www.imab-concept.it\/wp-content\/uploads\/2024\/06\/QMC016_soggiorni_imab_concept-400x289.jpg 400w, https:\/\/www.imab-concept.it\/wp-content\/uploads\/2024\/06\/QMC016_soggiorni_imab_concept-600x434.jpg 600w, https:\/\/www.imab-concept.it\/wp-content\/uploads\/2024\/06\/QMC016_soggiorni_imab_concept.jpg 650w\" sizes=\"(max-width: 1024px) 100vw, (max-width: 640px) 100vw, 650px\" \/><\/span><\/div><style type=\"text\/css\">@media only screen and (max-width:1024px) {.fusion-title.fusion-title-12{margin-top:8px!important;margin-bottom:16px!important;}}@media only screen and (max-width:640px) {.fusion-title.fusion-title-12{margin-top:8px!important;margin-bottom:16px!important;}}<\/style><div class=\"fusion-title title fusion-title-12 fusion-sep-none fusion-title-text fusion-title-size-three\" style=\"margin-top:8px;margin-bottom:16px;\"><h3 class=\"title-heading-left\" style=\"margin:0;\">S\u00e9jour minimaliste et fonctionnel<\/h3><\/div><div class=\"fusion-text fusion-text-12\" style=\"transform:translate3d(0,0,0);\"><p>Forme, originalit\u00e9, mouvement. L\u2019\u00e9l\u00e9ment en zig-zag est parfait pour un salon contemporain et excentrique.<\/p>\n<\/div><div ><style type=\"text\/css\">.fusion-button.button-11 {border-radius:50px;}<\/style><a class=\"fusion-button button-flat fusion-button-default-size button-default button-11 fusion-button-default-span fusion-button-default-type button_cucine\" target=\"_self\" href=\"https:\/\/www.imab-concept.it\/fr\/collection\/mito-fr\/salons-suspendus\/\"><span class=\"fusion-button-text\">D\u00c9COUVREZ LE MOD\u00c8LE SUSPENDU<\/span><\/a><\/div><\/div><\/div><style type=\"text\/css\">.fusion-body .fusion-builder-column-13{width:50% !important;margin-top : 25px;margin-bottom : 25px;}.fusion-builder-column-13 > .fusion-column-wrapper {padding-top : 0px !important;padding-right : 0px !important;margin-right : 3.84%;padding-bottom : 0px !important;padding-left : 0px !important;margin-left : 3.84%;}@media only screen and (max-width:1024px) {.fusion-body .fusion-builder-column-13{width:50% !important;order : 0;}.fusion-builder-column-13 > .fusion-column-wrapper {margin-right : 3.84%;margin-left : 3.84%;}}@media only screen and (max-width:640px) {.fusion-body .fusion-builder-column-13{width:100% !important;order : 0;}.fusion-builder-column-13 > .fusion-column-wrapper {margin-right : 1.92%;margin-left : 1.92%;}}<\/style><div class=\"fusion-layout-column fusion_builder_column fusion-builder-column-14 fusion_builder_column_1_2 1_2 fusion-flex-column fusion-animated\" data-animationType=\"fadeInUp\" data-animationDuration=\"0.3\" data-animationOffset=\"100%\"><div class=\"fusion-column-wrapper fusion-flex-justify-content-flex-start fusion-content-layout-column\" style=\"background-position:left top;background-repeat:no-repeat;-webkit-background-size:cover;-moz-background-size:cover;-o-background-size:cover;background-size:cover;padding: 0px 0px 0px 0px;\"><div ><span class=\" fusion-imageframe imageframe-none imageframe-12 hover-type-zoomin\" style=\"margin-bottom:4%;\"><img decoding=\"async\" width=\"650\" height=\"470\" title=\"QMC011_soggiorni_imab_concept\" src=\"https:\/\/www.imab-concept.it\/wp-content\/uploads\/2024\/06\/QMC011_soggiorni_imab_concept.jpg\" class=\"img-responsive wp-image-12757\" srcset=\"https:\/\/www.imab-concept.it\/wp-content\/uploads\/2024\/06\/QMC011_soggiorni_imab_concept-200x145.jpg 200w, https:\/\/www.imab-concept.it\/wp-content\/uploads\/2024\/06\/QMC011_soggiorni_imab_concept-400x289.jpg 400w, https:\/\/www.imab-concept.it\/wp-content\/uploads\/2024\/06\/QMC011_soggiorni_imab_concept-600x434.jpg 600w, https:\/\/www.imab-concept.it\/wp-content\/uploads\/2024\/06\/QMC011_soggiorni_imab_concept.jpg 650w\" sizes=\"(max-width: 1024px) 100vw, (max-width: 640px) 100vw, 650px\" \/><\/span><\/div><style type=\"text\/css\">@media only screen and (max-width:1024px) {.fusion-title.fusion-title-13{margin-top:8px!important;margin-bottom:16px!important;}}@media only screen and (max-width:640px) {.fusion-title.fusion-title-13{margin-top:8px!important;margin-bottom:16px!important;}}<\/style><div class=\"fusion-title title fusion-title-13 fusion-sep-none fusion-title-text fusion-title-size-three\" style=\"margin-top:8px;margin-bottom:16px;\"><h3 class=\"title-heading-left\" style=\"margin:0;\">S\u00e9jour minimaliste et \u00e9l\u00e9gant<\/h3><\/div><div class=\"fusion-text fusion-text-13\" style=\"transform:translate3d(0,0,0);\"><p>Les g\u00e9om\u00e9tries inhabituelles et la modularit\u00e9 d\u00e9finissent cette composition, con\u00e7ue pour cr\u00e9er de nouveaux volumes de rangement en accord avec le style de la collection. L\u2019accessoire porte-d\u00e9codeur est disponible en m\u00e9tal Nero et peut \u00eatre install\u00e9 sous des \u00e9tag\u00e8res ou des tables murales.<\/p>\n<\/div><div ><style type=\"text\/css\">.fusion-button.button-12 {border-radius:50px;}<\/style><a class=\"fusion-button button-flat fusion-button-default-size button-default button-12 fusion-button-default-span fusion-button-default-type button_cucine\" target=\"_self\" href=\"https:\/\/www.imab-concept.it\/fr\/collection\/mito-fr\/salons-suspendus\/\"><span class=\"fusion-button-text\">D\u00c9COUVREZ LE MOD\u00c8LE SUSPENDU <\/span><\/a><\/div><\/div><\/div><style type=\"text\/css\">.fusion-body .fusion-builder-column-14{width:50% !important;margin-top : 25px;margin-bottom : 25px;}.fusion-builder-column-14 > .fusion-column-wrapper {padding-top : 0px !important;padding-right : 0px !important;margin-right : 3.84%;padding-bottom : 0px !important;padding-left : 0px !important;margin-left : 3.84%;}@media only screen and (max-width:1024px) {.fusion-body .fusion-builder-column-14{width:50% !important;order : 0;}.fusion-builder-column-14 > .fusion-column-wrapper {margin-right : 3.84%;margin-left : 3.84%;}}@media only screen and (max-width:640px) {.fusion-body .fusion-builder-column-14{width:100% !important;order : 0;}.fusion-builder-column-14 > .fusion-column-wrapper {margin-right : 1.92%;margin-left : 1.92%;}}<\/style><div class=\"fusion-layout-column fusion_builder_column fusion-builder-column-15 fusion_builder_column_1_2 1_2 fusion-flex-column fusion-animated\" data-animationType=\"fadeInUp\" data-animationDuration=\"0.3\" data-animationOffset=\"100%\"><div class=\"fusion-column-wrapper fusion-flex-justify-content-flex-start fusion-content-layout-column\" style=\"background-position:left top;background-repeat:no-repeat;-webkit-background-size:cover;-moz-background-size:cover;-o-background-size:cover;background-size:cover;padding: 0px 0px 0px 0px;\"><div ><span class=\" fusion-imageframe imageframe-none imageframe-13 hover-type-zoomin\" style=\"margin-bottom:4%;\"><img decoding=\"async\" width=\"650\" height=\"470\" title=\"QMC010_soggiorni_imab_concept\" src=\"https:\/\/www.imab-concept.it\/wp-content\/uploads\/2024\/06\/QMC010_soggiorni_imab_concept.jpg\" class=\"img-responsive wp-image-12741\" srcset=\"https:\/\/www.imab-concept.it\/wp-content\/uploads\/2024\/06\/QMC010_soggiorni_imab_concept-200x145.jpg 200w, https:\/\/www.imab-concept.it\/wp-content\/uploads\/2024\/06\/QMC010_soggiorni_imab_concept-400x289.jpg 400w, https:\/\/www.imab-concept.it\/wp-content\/uploads\/2024\/06\/QMC010_soggiorni_imab_concept-600x434.jpg 600w, https:\/\/www.imab-concept.it\/wp-content\/uploads\/2024\/06\/QMC010_soggiorni_imab_concept.jpg 650w\" sizes=\"(max-width: 1024px) 100vw, (max-width: 640px) 100vw, 650px\" \/><\/span><\/div><style type=\"text\/css\">@media only screen and (max-width:1024px) {.fusion-title.fusion-title-14{margin-top:8px!important;margin-bottom:16px!important;}}@media only screen and (max-width:640px) {.fusion-title.fusion-title-14{margin-top:8px!important;margin-bottom:16px!important;}}<\/style><div class=\"fusion-title title fusion-title-14 fusion-sep-none fusion-title-text fusion-title-size-three\" style=\"margin-top:8px;margin-bottom:16px;\"><h3 class=\"title-heading-left\" style=\"margin:0;\">S\u00e9jour minimaliste fonctionnel<\/h3><\/div><div class=\"fusion-text fusion-text-14\" style=\"transform:translate3d(0,0,0);\"><p>Dans cette composition, la structure du support TV coulissant est con\u00e7ue dans un souci d\u2019esth\u00e9tique et de praticit\u00e9. Le compartiment central, tr\u00e8s pratique, est en effet con\u00e7u pour faciliter le passage des c\u00e2bles connect\u00e9s \u00e0 l\u2019appareil.<\/p>\n<\/div><div ><style type=\"text\/css\">.fusion-button.button-13 {border-radius:50px;}<\/style><a class=\"fusion-button button-flat fusion-button-default-size button-default button-13 fusion-button-default-span fusion-button-default-type button_cucine\" target=\"_self\" href=\"https:\/\/www.imab-concept.it\/fr\/collection\/mito-fr\/salons-suspendus\/\"><span class=\"fusion-button-text\">D\u00c9COUVREZ LE MOD\u00c8LE SUSPENDU<\/span><\/a><\/div><\/div><\/div><style type=\"text\/css\">.fusion-body .fusion-builder-column-15{width:50% !important;margin-top : 25px;margin-bottom : 25px;}.fusion-builder-column-15 > .fusion-column-wrapper {padding-top : 0px !important;padding-right : 0px !important;margin-right : 3.84%;padding-bottom : 0px !important;padding-left : 0px !important;margin-left : 3.84%;}@media only screen and (max-width:1024px) {.fusion-body .fusion-builder-column-15{width:50% !important;order : 0;}.fusion-builder-column-15 > .fusion-column-wrapper {margin-right : 3.84%;margin-left : 3.84%;}}@media only screen and (max-width:640px) {.fusion-body .fusion-builder-column-15{width:100% !important;order : 0;}.fusion-builder-column-15 > .fusion-column-wrapper {margin-right : 1.92%;margin-left : 1.92%;}}<\/style><div class=\"fusion-layout-column fusion_builder_column fusion-builder-column-16 fusion_builder_column_1_2 1_2 fusion-flex-column fusion-animated\" data-animationType=\"fadeInUp\" data-animationDuration=\"0.3\" data-animationOffset=\"100%\"><div class=\"fusion-column-wrapper fusion-flex-justify-content-flex-start fusion-content-layout-column\" style=\"background-position:left top;background-repeat:no-repeat;-webkit-background-size:cover;-moz-background-size:cover;-o-background-size:cover;background-size:cover;padding: 0px 0px 0px 0px;\"><div ><span class=\" fusion-imageframe imageframe-none imageframe-14 hover-type-zoomin\" style=\"margin-bottom:4%;\"><img decoding=\"async\" width=\"650\" height=\"470\" title=\"QMC014_soggiorni_imab_concept\" src=\"https:\/\/www.imab-concept.it\/wp-content\/uploads\/2024\/06\/QMC014_soggiorni_imab_concept.jpg\" class=\"img-responsive wp-image-12737\" srcset=\"https:\/\/www.imab-concept.it\/wp-content\/uploads\/2024\/06\/QMC014_soggiorni_imab_concept-200x145.jpg 200w, https:\/\/www.imab-concept.it\/wp-content\/uploads\/2024\/06\/QMC014_soggiorni_imab_concept-400x289.jpg 400w, https:\/\/www.imab-concept.it\/wp-content\/uploads\/2024\/06\/QMC014_soggiorni_imab_concept-600x434.jpg 600w, https:\/\/www.imab-concept.it\/wp-content\/uploads\/2024\/06\/QMC014_soggiorni_imab_concept.jpg 650w\" sizes=\"(max-width: 1024px) 100vw, (max-width: 640px) 100vw, 650px\" \/><\/span><\/div><style type=\"text\/css\">@media only screen and (max-width:1024px) {.fusion-title.fusion-title-15{margin-top:8px!important;margin-bottom:16px!important;}}@media only screen and (max-width:640px) {.fusion-title.fusion-title-15{margin-top:8px!important;margin-bottom:16px!important;}}<\/style><div class=\"fusion-title title fusion-title-15 fusion-sep-none fusion-title-text fusion-title-size-three\" style=\"margin-top:8px;margin-bottom:16px;\"><h3 class=\"title-heading-left\" style=\"margin:0;\">S\u00e9jour avec support TV coulissant<\/h3><\/div><div class=\"fusion-text fusion-text-15\" style=\"transform:translate3d(0,0,0);\"><p>La double profondeur des meubles hauts superpos\u00e9s dynamise la composition en cr\u00e9ant deux plans d\u2019appui distincts. La biblioth\u00e8que sous le meuble haut, qui peut \u00eatre coordonn\u00e9e avec tous les \u00e9l\u00e9ments de la collection, cr\u00e9e des compartiments ouverts qui donnent du caract\u00e8re au meuble. De nouvelles configurations personnelles sont cr\u00e9\u00e9es \u00e0 chaque d\u00e9placement du support TV.<\/p>\n<\/div><div ><style type=\"text\/css\">.fusion-button.button-14 {border-radius:50px;}<\/style><a class=\"fusion-button button-flat fusion-button-default-size button-default button-14 fusion-button-default-span fusion-button-default-type buttona_cucine\" target=\"_self\" href=\"https:\/\/www.imab-concept.it\/fr\/collection\/mito-fr\/salons-suspendus\/\"><span class=\"fusion-button-text\">D\u00c9COUVREZ LE MOD\u00c8LE SUSPENDU<\/span><\/a><\/div><\/div><\/div><style type=\"text\/css\">.fusion-body .fusion-builder-column-16{width:50% !important;margin-top : 25px;margin-bottom : 25px;}.fusion-builder-column-16 > .fusion-column-wrapper {padding-top : 0px !important;padding-right : 0px !important;margin-right : 3.84%;padding-bottom : 0px !important;padding-left : 0px !important;margin-left : 3.84%;}@media only screen and (max-width:1024px) {.fusion-body .fusion-builder-column-16{width:50% !important;order : 0;}.fusion-builder-column-16 > .fusion-column-wrapper {margin-right : 3.84%;margin-left : 3.84%;}}@media only screen and (max-width:640px) {.fusion-body .fusion-builder-column-16{width:100% !important;order : 0;}.fusion-builder-column-16 > .fusion-column-wrapper {margin-right : 1.92%;margin-left : 1.92%;}}<\/style><div class=\"fusion-layout-column fusion_builder_column fusion-builder-column-17 fusion_builder_column_1_2 1_2 fusion-flex-column fusion-animated\" data-animationType=\"fadeInUp\" data-animationDuration=\"0.3\" data-animationOffset=\"100%\"><div class=\"fusion-column-wrapper fusion-flex-justify-content-flex-start fusion-content-layout-column\" style=\"background-position:left top;background-repeat:no-repeat;-webkit-background-size:cover;-moz-background-size:cover;-o-background-size:cover;background-size:cover;padding: 0px 0px 0px 0px;\"><div ><span class=\" fusion-imageframe imageframe-none imageframe-15 hover-type-zoomin\" style=\"margin-bottom:4%;\"><img decoding=\"async\" width=\"650\" height=\"470\" title=\"QMC021_soggiorni_imab_concept\" src=\"https:\/\/www.imab-concept.it\/wp-content\/uploads\/2024\/06\/QMC021_soggiorni_imab_concept.jpg\" class=\"img-responsive wp-image-12724\" srcset=\"https:\/\/www.imab-concept.it\/wp-content\/uploads\/2024\/06\/QMC021_soggiorni_imab_concept-200x145.jpg 200w, https:\/\/www.imab-concept.it\/wp-content\/uploads\/2024\/06\/QMC021_soggiorni_imab_concept-400x289.jpg 400w, https:\/\/www.imab-concept.it\/wp-content\/uploads\/2024\/06\/QMC021_soggiorni_imab_concept-600x434.jpg 600w, https:\/\/www.imab-concept.it\/wp-content\/uploads\/2024\/06\/QMC021_soggiorni_imab_concept.jpg 650w\" sizes=\"(max-width: 1024px) 100vw, (max-width: 640px) 100vw, 650px\" \/><\/span><\/div><style type=\"text\/css\">@media only screen and (max-width:1024px) {.fusion-title.fusion-title-16{margin-top:8px!important;margin-bottom:16px!important;}}@media only screen and (max-width:640px) {.fusion-title.fusion-title-16{margin-top:8px!important;margin-bottom:16px!important;}}<\/style><div class=\"fusion-title title fusion-title-16 fusion-sep-none fusion-title-text fusion-title-size-three\" style=\"margin-top:8px;margin-bottom:16px;\"><h3 class=\"title-heading-left\" style=\"margin:0;\">Meuble living \u00e9quip\u00e9<\/h3><\/div><div class=\"fusion-text fusion-text-16\" style=\"transform:translate3d(0,0,0);\"><p>Gr\u00e2ce \u00e0 ce meuble living, l\u2019espace se multiplie par le biais de jeux d\u2019\u00e9paisseur et de profondeur, donnant ainsi forme \u00e0 un espace de vie tr\u00e8s personnel. Le meuble haut en porte-\u00e0-faux parvient \u00e0 animer le sch\u00e9ma simple et g\u00e9om\u00e9trique de la composition en introduisant une signature stylistique qui caract\u00e9rise et distingue le mobilier.<\/p>\n<\/div><div ><style type=\"text\/css\">.fusion-button.button-15 {border-radius:50px;}<\/style><a class=\"fusion-button button-flat fusion-button-default-size button-default button-15 fusion-button-default-span fusion-button-default-type button_cucine\" target=\"_self\" href=\" https:\/\/www.imab-concept.it\/fr\/collection\/mito-fr\/compositions-murales\/\"><span class=\"fusion-button-text\">D\u00c9COUVREZ LE MOD\u00c8LE MEUBLE LIVING <\/span><\/a><\/div><\/div><\/div><style type=\"text\/css\">.fusion-body .fusion-builder-column-17{width:50% !important;margin-top : 25px;margin-bottom : 25px;}.fusion-builder-column-17 > .fusion-column-wrapper {padding-top : 0px !important;padding-right : 0px !important;margin-right : 3.84%;padding-bottom : 0px !important;padding-left : 0px !important;margin-left : 3.84%;}@media only screen and (max-width:1024px) {.fusion-body .fusion-builder-column-17{width:50% !important;order : 0;}.fusion-builder-column-17 > .fusion-column-wrapper {margin-right : 3.84%;margin-left : 3.84%;}}@media only screen and (max-width:640px) {.fusion-body .fusion-builder-column-17{width:100% !important;order : 0;}.fusion-builder-column-17 > .fusion-column-wrapper {margin-right : 1.92%;margin-left : 1.92%;}}<\/style><div class=\"fusion-layout-column fusion_builder_column fusion-builder-column-18 fusion_builder_column_1_2 1_2 fusion-flex-column fusion-animated\" data-animationType=\"fadeInUp\" data-animationDuration=\"0.3\" data-animationOffset=\"100%\"><div class=\"fusion-column-wrapper fusion-flex-justify-content-flex-start fusion-content-layout-column\" style=\"background-position:left top;background-repeat:no-repeat;-webkit-background-size:cover;-moz-background-size:cover;-o-background-size:cover;background-size:cover;padding: 0px 0px 0px 0px;\"><div ><span class=\" fusion-imageframe imageframe-none imageframe-16 hover-type-zoomin\" style=\"margin-bottom:4%;\"><img decoding=\"async\" width=\"650\" height=\"470\" title=\"Parete attrezzata funzionale e di design Imab concept\" src=\"https:\/\/www.imab-concept.it\/wp-content\/uploads\/2023\/01\/QSM620_00-imab-concept.jpg\" class=\"img-responsive wp-image-9068\" srcset=\"https:\/\/www.imab-concept.it\/wp-content\/uploads\/2023\/01\/QSM620_00-imab-concept-200x145.jpg 200w, https:\/\/www.imab-concept.it\/wp-content\/uploads\/2023\/01\/QSM620_00-imab-concept-400x289.jpg 400w, https:\/\/www.imab-concept.it\/wp-content\/uploads\/2023\/01\/QSM620_00-imab-concept-600x434.jpg 600w, https:\/\/www.imab-concept.it\/wp-content\/uploads\/2023\/01\/QSM620_00-imab-concept.jpg 650w\" sizes=\"(max-width: 1024px) 100vw, (max-width: 640px) 100vw, 650px\" \/><\/span><\/div><style type=\"text\/css\">@media only screen and (max-width:1024px) {.fusion-title.fusion-title-17{margin-top:8px!important;margin-bottom:16px!important;}}@media only screen and (max-width:640px) {.fusion-title.fusion-title-17{margin-top:8px!important;margin-bottom:16px!important;}}<\/style><div class=\"fusion-title title fusion-title-17 fusion-sep-none fusion-title-text fusion-title-size-three\" style=\"margin-top:8px;margin-bottom:16px;\"><h3 class=\"title-heading-left\" style=\"margin:0;\">Meuble living fonctionnel et design<\/h3><\/div><div class=\"fusion-text fusion-text-17\" style=\"transform:translate3d(0,0,0);\"><p>Les \u00e9l\u00e9ments caract\u00e9ristiques de la collection peuvent \u00eatre m\u00e9lang\u00e9s et assortis pour cr\u00e9er des meubles living personnalis\u00e9s qui combinent l\u2019aspect pratique d\u2019un grand espace de rangement avec le go\u00fbt du jeu avec le design et de l\u2019exp\u00e9rimentation de nouvelles solutions. Les lignes horizontales et verticales s\u2019alternent selon un rythme de composition dans lequel l\u2019\u00e9quilibre entre les parties pleines et vides d\u00e9finit de nouveaux espaces et plans d\u2019appui.<\/p>\n<\/div><div ><style type=\"text\/css\">.fusion-button.button-16 {border-radius:50px;}<\/style><a class=\"fusion-button button-flat fusion-button-default-size button-default button-16 fusion-button-default-span fusion-button-default-type button_cucine\" target=\"_self\" href=\" https:\/\/www.imab-concept.it\/fr\/collection\/mito-fr\/compositions-murales\/\"><span class=\"fusion-button-text\">D\u00c9COUVREZ LE MOD\u00c8LE MEUBLE LIVING <\/span><\/a><\/div><\/div><\/div><style type=\"text\/css\">.fusion-body .fusion-builder-column-18{width:50% !important;margin-top : 25px;margin-bottom : 25px;}.fusion-builder-column-18 > .fusion-column-wrapper {padding-top : 0px !important;padding-right : 0px !important;margin-right : 3.84%;padding-bottom : 0px !important;padding-left : 0px !important;margin-left : 3.84%;}@media only screen and (max-width:1024px) {.fusion-body .fusion-builder-column-18{width:50% !important;order : 0;}.fusion-builder-column-18 > .fusion-column-wrapper {margin-right : 3.84%;margin-left : 3.84%;}}@media only screen and (max-width:640px) {.fusion-body .fusion-builder-column-18{width:100% !important;order : 0;}.fusion-builder-column-18 > .fusion-column-wrapper {margin-right : 1.92%;margin-left : 1.92%;}}<\/style><div class=\"fusion-layout-column fusion_builder_column fusion-builder-column-19 fusion_builder_column_1_2 1_2 fusion-flex-column fusion-animated\" data-animationType=\"fadeInUp\" data-animationDuration=\"0.3\" data-animationOffset=\"100%\"><div class=\"fusion-column-wrapper fusion-flex-justify-content-flex-start fusion-content-layout-column\" style=\"background-position:left top;background-repeat:no-repeat;-webkit-background-size:cover;-moz-background-size:cover;-o-background-size:cover;background-size:cover;padding: 0px 0px 0px 0px;\"><div ><span class=\" fusion-imageframe imageframe-none imageframe-17 hover-type-zoomin\" style=\"margin-bottom:4%;\"><img decoding=\"async\" width=\"650\" height=\"470\" alt=\"Parete attrezzata con mensolone utilizzabile per home office Imab concept\" title=\"QMC023_soggiorni_imab_concept_SOS\" src=\"https:\/\/www.imab-concept.it\/wp-content\/uploads\/2024\/06\/QMC023_soggiorni_imab_concept_SOS.jpg\" class=\"img-responsive wp-image-12701\" srcset=\"https:\/\/www.imab-concept.it\/wp-content\/uploads\/2024\/06\/QMC023_soggiorni_imab_concept_SOS-200x145.jpg 200w, https:\/\/www.imab-concept.it\/wp-content\/uploads\/2024\/06\/QMC023_soggiorni_imab_concept_SOS-400x289.jpg 400w, https:\/\/www.imab-concept.it\/wp-content\/uploads\/2024\/06\/QMC023_soggiorni_imab_concept_SOS-600x434.jpg 600w, https:\/\/www.imab-concept.it\/wp-content\/uploads\/2024\/06\/QMC023_soggiorni_imab_concept_SOS.jpg 650w\" sizes=\"(max-width: 1024px) 100vw, (max-width: 640px) 100vw, 650px\" \/><\/span><\/div><style type=\"text\/css\">@media only screen and (max-width:1024px) {.fusion-title.fusion-title-18{margin-top:8px!important;margin-bottom:16px!important;}}@media only screen and (max-width:640px) {.fusion-title.fusion-title-18{margin-top:8px!important;margin-bottom:16px!important;}}<\/style><div class=\"fusion-title title fusion-title-18 fusion-sep-none fusion-title-text fusion-title-size-three\" style=\"margin-top:8px;margin-bottom:16px;\"><h3 class=\"title-heading-left\" style=\"margin:0;\">Meuble living avec console de t\u00e9l\u00e9travail<\/h3><\/div><div class=\"fusion-text fusion-text-18\" style=\"transform:translate3d(0,0,0);\"><p>La composition introduit des \u00e9l\u00e9ments dynamiques comme les portes qui surmontent les flancs et la console de t\u00e9l\u00e9travail qui a une profondeur diff\u00e9rente et fait saillie au-del\u00e0 du volume de la biblioth\u00e8que. Les \u00e9paisseurs, les volumes et les g\u00e9om\u00e9tries entrent en jeu pour cr\u00e9er des configurations nouvelles et personnalis\u00e9es.<\/p>\n<\/div><div ><style type=\"text\/css\">.fusion-button.button-17 {border-radius:50px;}<\/style><a class=\"fusion-button button-flat fusion-button-default-size button-default button-17 fusion-button-default-span fusion-button-default-type button_cucine\" target=\"_self\" href=\" https:\/\/www.imab-concept.it\/fr\/collection\/mito-fr\/compositions-murales\/\"><span class=\"fusion-button-text\">D\u00c9COUVREZ LE MOD\u00c8LE MEUBLE LIVING <\/span><\/a><\/div><\/div><\/div><style type=\"text\/css\">.fusion-body .fusion-builder-column-19{width:50% !important;margin-top : 25px;margin-bottom : 25px;}.fusion-builder-column-19 > .fusion-column-wrapper {padding-top : 0px !important;padding-right : 0px !important;margin-right : 3.84%;padding-bottom : 0px !important;padding-left : 0px !important;margin-left : 3.84%;}@media only screen and (max-width:1024px) {.fusion-body .fusion-builder-column-19{width:50% !important;order : 0;}.fusion-builder-column-19 > .fusion-column-wrapper {margin-right : 3.84%;margin-left : 3.84%;}}@media only screen and (max-width:640px) {.fusion-body .fusion-builder-column-19{width:100% !important;order : 0;}.fusion-builder-column-19 > .fusion-column-wrapper {margin-right : 1.92%;margin-left : 1.92%;}}<\/style><div class=\"fusion-layout-column fusion_builder_column fusion-builder-column-20 fusion_builder_column_1_2 1_2 fusion-flex-column fusion-animated\" data-animationType=\"fadeInUp\" data-animationDuration=\"0.3\" data-animationOffset=\"100%\"><div class=\"fusion-column-wrapper fusion-flex-justify-content-flex-start fusion-content-layout-column\" style=\"background-position:left top;background-repeat:no-repeat;-webkit-background-size:cover;-moz-background-size:cover;-o-background-size:cover;background-size:cover;padding: 0px 0px 0px 0px;\"><div ><span class=\" fusion-imageframe imageframe-none imageframe-18 hover-type-zoomin\" style=\"margin-bottom:4%;\"><img decoding=\"async\" width=\"650\" height=\"470\" title=\"QMC025_parete_attrezzata_imab_concept\" src=\"https:\/\/www.imab-concept.it\/wp-content\/uploads\/2024\/06\/QMC025_parete_attrezzata_imab_concept.jpg\" class=\"img-responsive wp-image-12706\" srcset=\"https:\/\/www.imab-concept.it\/wp-content\/uploads\/2024\/06\/QMC025_parete_attrezzata_imab_concept-200x145.jpg 200w, https:\/\/www.imab-concept.it\/wp-content\/uploads\/2024\/06\/QMC025_parete_attrezzata_imab_concept-400x289.jpg 400w, https:\/\/www.imab-concept.it\/wp-content\/uploads\/2024\/06\/QMC025_parete_attrezzata_imab_concept-600x434.jpg 600w, https:\/\/www.imab-concept.it\/wp-content\/uploads\/2024\/06\/QMC025_parete_attrezzata_imab_concept.jpg 650w\" sizes=\"(max-width: 1024px) 100vw, (max-width: 640px) 100vw, 650px\" \/><\/span><\/div><style type=\"text\/css\">@media only screen and (max-width:1024px) {.fusion-title.fusion-title-19{margin-top:8px!important;margin-bottom:16px!important;}}@media only screen and (max-width:640px) {.fusion-title.fusion-title-19{margin-top:8px!important;margin-bottom:16px!important;}}<\/style><div class=\"fusion-title title fusion-title-19 fusion-sep-none fusion-title-text fusion-title-size-three\" style=\"margin-top:8px;margin-bottom:16px;\"><h3 class=\"title-heading-left\" style=\"margin:0;\">Biblioth\u00e8que en deux hauteurs<\/h3><\/div><div class=\"fusion-text fusion-text-19\" style=\"transform:translate3d(0,0,0);\"><p>Le salon est pr\u00e9sent\u00e9 dans une nouvelle dimension architecturale qui exprime des solutions \u00e9l\u00e9gantes au design impeccable. Les \u00e9l\u00e9ments polyvalents et les syst\u00e8mes modulables font partie d\u2019un programme de biblioth\u00e8ques qui meuble et organise tous les espaces gr\u00e2ce \u00e0 de vastes possibilit\u00e9s de composition et de cr\u00e9ation.<\/p>\n<\/div><div ><style type=\"text\/css\">.fusion-button.button-18 {border-radius:50px;}<\/style><a class=\"fusion-button button-flat fusion-button-default-size button-default button-18 fusion-button-default-span fusion-button-default-type button_cucine\" target=\"_self\" href=\" https:\/\/www.imab-concept.it\/fr\/collection\/mito-fr\/compositions-murales\/\"><span class=\"fusion-button-text\">D\u00c9COUVREZ LE MOD\u00c8LE BIBLIOTH\u00c8QUE <\/span><\/a><\/div><\/div><\/div><style type=\"text\/css\">.fusion-body .fusion-builder-column-20{width:50% !important;margin-top : 25px;margin-bottom : 25px;}.fusion-builder-column-20 > .fusion-column-wrapper {padding-top : 0px !important;padding-right : 0px !important;margin-right : 3.84%;padding-bottom : 0px !important;padding-left : 0px !important;margin-left : 3.84%;}@media only screen and (max-width:1024px) {.fusion-body .fusion-builder-column-20{width:50% !important;order : 0;}.fusion-builder-column-20 > .fusion-column-wrapper {margin-right : 3.84%;margin-left : 3.84%;}}@media only screen and (max-width:640px) {.fusion-body .fusion-builder-column-20{width:100% !important;order : 0;}.fusion-builder-column-20 > .fusion-column-wrapper {margin-right : 1.92%;margin-left : 1.92%;}}<\/style><div class=\"fusion-layout-column fusion_builder_column fusion-builder-column-21 fusion_builder_column_1_2 1_2 fusion-flex-column fusion-animated\" data-animationType=\"fadeInUp\" data-animationDuration=\"0.3\" data-animationOffset=\"100%\"><div class=\"fusion-column-wrapper fusion-flex-justify-content-flex-start fusion-content-layout-column\" style=\"background-position:left top;background-repeat:no-repeat;-webkit-background-size:cover;-moz-background-size:cover;-o-background-size:cover;background-size:cover;padding: 0px 0px 0px 0px;\"><div ><span class=\" fusion-imageframe imageframe-none imageframe-19 hover-type-zoomin\" style=\"margin-bottom:4%;\"><img decoding=\"async\" width=\"650\" height=\"470\" title=\"QMC017_soggiorni_imab_concept\" src=\"https:\/\/www.imab-concept.it\/wp-content\/uploads\/2024\/06\/QMC017_soggiorni_imab_concept-1.jpg\" class=\"img-responsive wp-image-14232\" srcset=\"https:\/\/www.imab-concept.it\/wp-content\/uploads\/2024\/06\/QMC017_soggiorni_imab_concept-1-200x145.jpg 200w, https:\/\/www.imab-concept.it\/wp-content\/uploads\/2024\/06\/QMC017_soggiorni_imab_concept-1-400x289.jpg 400w, https:\/\/www.imab-concept.it\/wp-content\/uploads\/2024\/06\/QMC017_soggiorni_imab_concept-1-600x434.jpg 600w, https:\/\/www.imab-concept.it\/wp-content\/uploads\/2024\/06\/QMC017_soggiorni_imab_concept-1.jpg 650w\" sizes=\"(max-width: 1024px) 100vw, (max-width: 640px) 100vw, 650px\" \/><\/span><\/div><style type=\"text\/css\">@media only screen and (max-width:1024px) {.fusion-title.fusion-title-20{margin-top:8px!important;margin-bottom:16px!important;}}@media only screen and (max-width:640px) {.fusion-title.fusion-title-20{margin-top:8px!important;margin-bottom:16px!important;}}<\/style><div class=\"fusion-title title fusion-title-20 fusion-sep-none fusion-title-text fusion-title-size-three\" style=\"margin-top:8px;margin-bottom:16px;\"><h3 class=\"title-heading-left\" style=\"margin:0;\">S\u00e9jour et biblioth\u00e8que<\/h3><\/div><div class=\"fusion-text fusion-text-20\" style=\"transform:translate3d(0,0,0);\"><p>Les c\u00f4t\u00e9s de la biblioth\u00e8que, qui supportent et meublent, sont con\u00e7us pour interagir entre eux et avec les bas au sol, offrant de multiples combinaisons. Disponibles en 1760 mm et 2160 mm, ils constituent la solution parfaite si vous privil\u00e9giez un espace living m\u00ealant style et fonctionnalit\u00e9.<\/p>\n<\/div><div ><style type=\"text\/css\">.fusion-button.button-19 {border-radius:50px;}<\/style><a class=\"fusion-button button-flat fusion-button-default-size button-default button-19 fusion-button-default-span fusion-button-default-type button_cucine\" target=\"_self\" href=\" https:\/\/www.imab-concept.it\/fr\/collection\/mito-fr\/compositions-murales\/\"><span class=\"fusion-button-text\">D\u00c9COUVREZ LE MOD\u00c8LE BIBLIOTH\u00c8QUE <\/span><\/a><\/div><\/div><\/div><style type=\"text\/css\">.fusion-body .fusion-builder-column-21{width:50% !important;margin-top : 25px;margin-bottom : 25px;}.fusion-builder-column-21 > .fusion-column-wrapper {padding-top : 0px !important;padding-right : 0px !important;margin-right : 3.84%;padding-bottom : 0px !important;padding-left : 0px !important;margin-left : 3.84%;}@media only screen and (max-width:1024px) {.fusion-body .fusion-builder-column-21{width:50% !important;order : 0;}.fusion-builder-column-21 > .fusion-column-wrapper {margin-right : 3.84%;margin-left : 3.84%;}}@media only screen and (max-width:640px) {.fusion-body .fusion-builder-column-21{width:100% !important;order : 0;}.fusion-builder-column-21 > .fusion-column-wrapper {margin-right : 1.92%;margin-left : 1.92%;}}<\/style><div class=\"fusion-layout-column fusion_builder_column fusion-builder-column-22 fusion_builder_column_1_2 1_2 fusion-flex-column fusion-animated\" data-animationType=\"fadeInUp\" data-animationDuration=\"0.3\" data-animationOffset=\"100%\"><div class=\"fusion-column-wrapper fusion-flex-justify-content-flex-start fusion-content-layout-column\" style=\"background-position:left top;background-repeat:no-repeat;-webkit-background-size:cover;-moz-background-size:cover;-o-background-size:cover;background-size:cover;padding: 0px 0px 0px 0px;\"><div ><span class=\" fusion-imageframe imageframe-none imageframe-20 hover-type-zoomin\" style=\"margin-bottom:4%;\"><img decoding=\"async\" width=\"650\" height=\"470\" title=\"QMC026_parete_attrezzata_imab_concept\" src=\"https:\/\/www.imab-concept.it\/wp-content\/uploads\/2024\/06\/QMC026_parete_attrezzata_imab_concept.jpg\" class=\"img-responsive wp-image-12712\" srcset=\"https:\/\/www.imab-concept.it\/wp-content\/uploads\/2024\/06\/QMC026_parete_attrezzata_imab_concept-200x145.jpg 200w, https:\/\/www.imab-concept.it\/wp-content\/uploads\/2024\/06\/QMC026_parete_attrezzata_imab_concept-400x289.jpg 400w, https:\/\/www.imab-concept.it\/wp-content\/uploads\/2024\/06\/QMC026_parete_attrezzata_imab_concept-600x434.jpg 600w, https:\/\/www.imab-concept.it\/wp-content\/uploads\/2024\/06\/QMC026_parete_attrezzata_imab_concept.jpg 650w\" sizes=\"(max-width: 1024px) 100vw, (max-width: 640px) 100vw, 650px\" \/><\/span><\/div><style type=\"text\/css\">@media only screen and (max-width:1024px) {.fusion-title.fusion-title-21{margin-top:8px!important;margin-bottom:16px!important;}}@media only screen and (max-width:640px) {.fusion-title.fusion-title-21{margin-top:8px!important;margin-bottom:16px!important;}}<\/style><div class=\"fusion-title title fusion-title-21 fusion-sep-none fusion-title-text fusion-title-size-three\" style=\"margin-top:8px;margin-bottom:16px;\"><h3 class=\"title-heading-left\" style=\"margin:0;\">Biblioth\u00e8que<\/h3><\/div><div class=\"fusion-text fusion-text-21\" style=\"transform:translate3d(0,0,0);\"><p>La biblioth\u00e8que se compose de plusieurs \u00e9l\u00e9ments et les espaces libres entre ces derniers sont \u00e0 la discr\u00e9tion du client\u00a0: il est possible d\u2019ins\u00e9rer une console de t\u00e9l\u00e9travail, un \u00e9l\u00e9ment en bois ou une vitrine. Il s\u2019agit d\u2019une biblioth\u00e8que au style simple et rationnel, con\u00e7ue pour accueillir les objets et moments de la vie quotidienne.<\/p>\n<\/div><div ><style type=\"text\/css\">.fusion-button.button-20 {border-radius:50px;}<\/style><a class=\"fusion-button button-flat fusion-button-default-size button-default button-20 fusion-button-default-span fusion-button-default-type button_cucine\" target=\"_self\" href=\" https:\/\/www.imab-concept.it\/fr\/collection\/mito-fr\/compositions-murales\/\"><span class=\"fusion-button-text\">D\u00c9COUVREZ LE MOD\u00c8LE BIBLIOTH\u00c8QUE <\/span><\/a><\/div><\/div><\/div><style type=\"text\/css\">.fusion-body .fusion-builder-column-22{width:50% !important;margin-top : 25px;margin-bottom : 25px;}.fusion-builder-column-22 > .fusion-column-wrapper {padding-top : 0px !important;padding-right : 0px !important;margin-right : 3.84%;padding-bottom : 0px !important;padding-left : 0px !important;margin-left : 3.84%;}@media only screen and (max-width:1024px) {.fusion-body .fusion-builder-column-22{width:50% !important;order : 0;}.fusion-builder-column-22 > .fusion-column-wrapper {margin-right : 3.84%;margin-left : 3.84%;}}@media only screen and (max-width:640px) {.fusion-body .fusion-builder-column-22{width:100% !important;order : 0;}.fusion-builder-column-22 > .fusion-column-wrapper {margin-right : 1.92%;margin-left : 1.92%;}}<\/style><div class=\"fusion-layout-column fusion_builder_column fusion-builder-column-23 fusion_builder_column_1_2 1_2 fusion-flex-column fusion-animated\" data-animationType=\"fadeInUp\" data-animationDuration=\"0.3\" data-animationOffset=\"100%\"><div class=\"fusion-column-wrapper fusion-flex-justify-content-flex-start fusion-content-layout-column\" style=\"background-position:left top;background-repeat:no-repeat;-webkit-background-size:cover;-moz-background-size:cover;-o-background-size:cover;background-size:cover;padding: 0px 0px 0px 0px;\"><div ><span class=\" fusion-imageframe imageframe-none imageframe-21 hover-type-zoomin\" style=\"margin-bottom:4%;\"><img decoding=\"async\" width=\"650\" height=\"470\" title=\"QMC024_parete_attrezzata_imab_concept\" src=\"https:\/\/www.imab-concept.it\/wp-content\/uploads\/2024\/06\/QMC024_parete_attrezzata_imab_concept.jpg\" class=\"img-responsive wp-image-12717\" srcset=\"https:\/\/www.imab-concept.it\/wp-content\/uploads\/2024\/06\/QMC024_parete_attrezzata_imab_concept-200x145.jpg 200w, https:\/\/www.imab-concept.it\/wp-content\/uploads\/2024\/06\/QMC024_parete_attrezzata_imab_concept-400x289.jpg 400w, https:\/\/www.imab-concept.it\/wp-content\/uploads\/2024\/06\/QMC024_parete_attrezzata_imab_concept-600x434.jpg 600w, https:\/\/www.imab-concept.it\/wp-content\/uploads\/2024\/06\/QMC024_parete_attrezzata_imab_concept.jpg 650w\" sizes=\"(max-width: 1024px) 100vw, (max-width: 640px) 100vw, 650px\" \/><\/span><\/div><style type=\"text\/css\">@media only screen and (max-width:1024px) {.fusion-title.fusion-title-22{margin-top:8px!important;margin-bottom:16px!important;}}@media only screen and (max-width:640px) {.fusion-title.fusion-title-22{margin-top:8px!important;margin-bottom:16px!important;}}<\/style><div class=\"fusion-title title fusion-title-22 fusion-sep-none fusion-title-text fusion-title-size-three\" style=\"margin-top:8px;margin-bottom:16px;\"><h3 class=\"title-heading-left\" style=\"margin:0;\">Biblioth\u00e8que multifonctionnelle<\/h3><\/div><div class=\"fusion-text fusion-text-22\" style=\"transform:translate3d(0,0,0);\"><p>Cette nouvelle interpr\u00e9tation de l\u2019espace ouvre la porte \u00e0 un concept d\u2019ameublement modulable et multifonctionnel. Tous les \u00e9l\u00e9ments sont con\u00e7us pour \u00eatre polyvalents et pour cr\u00e9er dans votre salon un v\u00e9ritable environnement multit\u00e2che dans lequel vous pouvez int\u00e9grer des \u00e9l\u00e9ments suppl\u00e9mentaires qui renforcent sa fonctionnalit\u00e9.<\/p>\n<\/div><div ><style type=\"text\/css\">.fusion-button.button-21 {border-radius:50px;}<\/style><a class=\"fusion-button button-flat fusion-button-default-size button-default button-21 fusion-button-default-span fusion-button-default-type button_cucine\" target=\"_self\" href=\" https:\/\/www.imab-concept.it\/fr\/collection\/mito-fr\/compositions-murales\/\"><span class=\"fusion-button-text\">D\u00c9COUVREZ LE MOD\u00c8LE BIBLIOTH\u00c8QUE <\/span><\/a><\/div><\/div><\/div><style type=\"text\/css\">.fusion-body .fusion-builder-column-23{width:50% !important;margin-top : 25px;margin-bottom : 25px;}.fusion-builder-column-23 > .fusion-column-wrapper {padding-top : 0px !important;padding-right : 0px !important;margin-right : 3.84%;padding-bottom : 0px !important;padding-left : 0px !important;margin-left : 3.84%;}@media only screen and (max-width:1024px) {.fusion-body .fusion-builder-column-23{width:50% !important;order : 0;}.fusion-builder-column-23 > .fusion-column-wrapper {margin-right : 3.84%;margin-left : 3.84%;}}@media only screen and (max-width:640px) {.fusion-body .fusion-builder-column-23{width:100% !important;order : 0;}.fusion-builder-column-23 > .fusion-column-wrapper {margin-right : 1.92%;margin-left : 1.92%;}}<\/style><div class=\"fusion-layout-column fusion_builder_column fusion-builder-column-24 fusion_builder_column_1_2 1_2 fusion-flex-column fusion-animated\" data-animationType=\"fadeInUp\" data-animationDuration=\"0.3\" data-animationOffset=\"100%\"><div class=\"fusion-column-wrapper fusion-flex-justify-content-flex-start fusion-content-layout-column\" style=\"background-position:left top;background-repeat:no-repeat;-webkit-background-size:cover;-moz-background-size:cover;-o-background-size:cover;background-size:cover;padding: 0px 0px 0px 0px;\"><div ><span class=\" fusion-imageframe imageframe-none imageframe-22 hover-type-zoomin\" style=\"margin-bottom:4%;\"><img decoding=\"async\" width=\"650\" height=\"470\" title=\"QMC020_soggiorni_imab_concept\" src=\"https:\/\/www.imab-concept.it\/wp-content\/uploads\/2024\/06\/QMC020_soggiorni_imab_concept.jpg\" class=\"img-responsive wp-image-12776\" srcset=\"https:\/\/www.imab-concept.it\/wp-content\/uploads\/2024\/06\/QMC020_soggiorni_imab_concept-200x145.jpg 200w, https:\/\/www.imab-concept.it\/wp-content\/uploads\/2024\/06\/QMC020_soggiorni_imab_concept-400x289.jpg 400w, https:\/\/www.imab-concept.it\/wp-content\/uploads\/2024\/06\/QMC020_soggiorni_imab_concept-600x434.jpg 600w, https:\/\/www.imab-concept.it\/wp-content\/uploads\/2024\/06\/QMC020_soggiorni_imab_concept.jpg 650w\" sizes=\"(max-width: 1024px) 100vw, (max-width: 640px) 100vw, 650px\" \/><\/span><\/div><style type=\"text\/css\">@media only screen and (max-width:1024px) {.fusion-title.fusion-title-23{margin-top:8px!important;margin-bottom:16px!important;}}@media only screen and (max-width:640px) {.fusion-title.fusion-title-23{margin-top:8px!important;margin-bottom:16px!important;}}<\/style><div class=\"fusion-title title fusion-title-23 fusion-sep-none fusion-title-text fusion-title-size-three\" style=\"margin-top:8px;margin-bottom:16px;\"><h3 class=\"title-heading-left\" style=\"margin:0;\">Meuble living moderne<\/h3><\/div><div class=\"fusion-text fusion-text-23\" style=\"transform:translate3d(0,0,0);\"><p>Le s\u00e9jour moderne \u00e0 l\u2019atmosph\u00e8re \u00e9l\u00e9gante et raffin\u00e9e se caract\u00e9rise par une combinaison astucieuse d\u2019\u00e9l\u00e9ments et de solutions de design qui allient esth\u00e9tique et fonctionnalit\u00e9. Opter pour des meubles proposant des espaces pour positionner la t\u00e9l\u00e9vision, en dissimulant le passage des c\u00e2bles, fera de votre salon un endroit compl\u00e8tement diff\u00e9rent, en offrant une sensation accrue de soin et d\u2019ordre.<\/p>\n<\/div><div ><style type=\"text\/css\">.fusion-button.button-22 {border-radius:50px;}<\/style><a class=\"fusion-button button-flat fusion-button-default-size button-default button-22 fusion-button-default-span fusion-button-default-type button_cucine\" target=\"_self\" href=\" https:\/\/www.imab-concept.it\/fr\/collection\/mito-fr\/compositions-murales\/\"><span class=\"fusion-button-text\">D\u00c9COUVREZ LE MOD\u00c8LE MEUBLE LIVING <\/span><\/a><\/div><\/div><\/div><style type=\"text\/css\">.fusion-body .fusion-builder-column-24{width:50% !important;margin-top : 25px;margin-bottom : 25px;}.fusion-builder-column-24 > .fusion-column-wrapper {padding-top : 0px !important;padding-right : 0px !important;margin-right : 3.84%;padding-bottom : 0px !important;padding-left : 0px !important;margin-left : 3.84%;}@media only screen and (max-width:1024px) {.fusion-body .fusion-builder-column-24{width:50% !important;order : 0;}.fusion-builder-column-24 > .fusion-column-wrapper {margin-right : 3.84%;margin-left : 3.84%;}}@media only screen and (max-width:640px) {.fusion-body .fusion-builder-column-24{width:100% !important;order : 0;}.fusion-builder-column-24 > .fusion-column-wrapper {margin-right : 1.92%;margin-left : 1.92%;}}<\/style><div class=\"fusion-layout-column fusion_builder_column fusion-builder-column-25 fusion_builder_column_1_2 1_2 fusion-flex-column fusion-animated\" data-animationType=\"fadeInUp\" data-animationDuration=\"0.3\" data-animationOffset=\"100%\"><div class=\"fusion-column-wrapper fusion-flex-justify-content-flex-start fusion-content-layout-column\" style=\"background-position:left top;background-repeat:no-repeat;-webkit-background-size:cover;-moz-background-size:cover;-o-background-size:cover;background-size:cover;padding: 0px 0px 0px 0px;\"><div ><span class=\" fusion-imageframe imageframe-none imageframe-23 hover-type-zoomin\" style=\"margin-bottom:4%;\"><img decoding=\"async\" width=\"650\" height=\"470\" title=\"QMC030_madia_imab_concept\" src=\"https:\/\/www.imab-concept.it\/wp-content\/uploads\/2024\/06\/QMC030_madia_imab_concept.jpg\" class=\"img-responsive wp-image-13936\" srcset=\"https:\/\/www.imab-concept.it\/wp-content\/uploads\/2024\/06\/QMC030_madia_imab_concept-200x145.jpg 200w, https:\/\/www.imab-concept.it\/wp-content\/uploads\/2024\/06\/QMC030_madia_imab_concept-400x289.jpg 400w, https:\/\/www.imab-concept.it\/wp-content\/uploads\/2024\/06\/QMC030_madia_imab_concept-600x434.jpg 600w, https:\/\/www.imab-concept.it\/wp-content\/uploads\/2024\/06\/QMC030_madia_imab_concept.jpg 650w\" sizes=\"(max-width: 1024px) 100vw, (max-width: 640px) 100vw, 650px\" \/><\/span><\/div><style type=\"text\/css\">@media only screen and (max-width:1024px) {.fusion-title.fusion-title-24{margin-top:8px!important;margin-bottom:16px!important;}}@media only screen and (max-width:640px) {.fusion-title.fusion-title-24{margin-top:8px!important;margin-bottom:16px!important;}}<\/style><div class=\"fusion-title title fusion-title-24 fusion-sep-none fusion-title-text fusion-title-size-three\" style=\"margin-top:8px;margin-bottom:16px;\"><h3 class=\"title-heading-left\" style=\"margin:0;\">Meuble de rangement suspendu<\/h3><\/div><div class=\"fusion-text fusion-text-24\" style=\"transform:translate3d(0,0,0);\"><p>Excentrique et intemporel, le meuble de rangement suspendu allie style et grande praticit\u00e9.<\/p>\n<\/div><div ><style type=\"text\/css\">.fusion-button.button-23 {border-radius:50px;}<\/style><a class=\"fusion-button button-flat fusion-button-default-size button-default button-23 fusion-button-default-span fusion-button-default-type button_cucine\" target=\"_self\" href=\"https:\/\/www.imab-concept.it\/fr\/collection\/mito-fr\/accessoires-modulables\/\"><span class=\"fusion-button-text\">D\u00c9COUVREZ LES ACCESSOIRES MODULABLES<\/span><\/a><\/div><\/div><\/div><style type=\"text\/css\">.fusion-body .fusion-builder-column-25{width:50% !important;margin-top : 25px;margin-bottom : 25px;}.fusion-builder-column-25 > .fusion-column-wrapper {padding-top : 0px !important;padding-right : 0px !important;margin-right : 3.84%;padding-bottom : 0px !important;padding-left : 0px !important;margin-left : 3.84%;}@media only screen and (max-width:1024px) {.fusion-body .fusion-builder-column-25{width:50% !important;order : 0;}.fusion-builder-column-25 > .fusion-column-wrapper {margin-right : 3.84%;margin-left : 3.84%;}}@media only screen and (max-width:640px) {.fusion-body .fusion-builder-column-25{width:100% !important;order : 0;}.fusion-builder-column-25 > .fusion-column-wrapper {margin-right : 1.92%;margin-left : 1.92%;}}<\/style><div class=\"fusion-layout-column fusion_builder_column fusion-builder-column-26 fusion_builder_column_1_2 1_2 fusion-flex-column fusion-animated\" data-animationType=\"fadeInUp\" data-animationDuration=\"0.3\" data-animationOffset=\"100%\"><div class=\"fusion-column-wrapper fusion-flex-justify-content-flex-start fusion-content-layout-column\" style=\"background-position:left top;background-repeat:no-repeat;-webkit-background-size:cover;-moz-background-size:cover;-o-background-size:cover;background-size:cover;padding: 0px 0px 0px 0px;\"><div ><span class=\" fusion-imageframe imageframe-none imageframe-24 hover-type-zoomin\" style=\"margin-bottom:4%;\"><img decoding=\"async\" width=\"650\" height=\"470\" title=\"QMC028_madia_imab_concept\" src=\"https:\/\/www.imab-concept.it\/wp-content\/uploads\/2024\/06\/QMC028_madia_imab_concept.jpg\" class=\"img-responsive wp-image-14207\" srcset=\"https:\/\/www.imab-concept.it\/wp-content\/uploads\/2024\/06\/QMC028_madia_imab_concept-200x145.jpg 200w, https:\/\/www.imab-concept.it\/wp-content\/uploads\/2024\/06\/QMC028_madia_imab_concept-400x289.jpg 400w, https:\/\/www.imab-concept.it\/wp-content\/uploads\/2024\/06\/QMC028_madia_imab_concept-600x434.jpg 600w, https:\/\/www.imab-concept.it\/wp-content\/uploads\/2024\/06\/QMC028_madia_imab_concept.jpg 650w\" sizes=\"(max-width: 1024px) 100vw, (max-width: 640px) 100vw, 650px\" \/><\/span><\/div><style type=\"text\/css\">@media only screen and (max-width:1024px) {.fusion-title.fusion-title-25{margin-top:8px!important;margin-bottom:16px!important;}}@media only screen and (max-width:640px) {.fusion-title.fusion-title-25{margin-top:8px!important;margin-bottom:16px!important;}}<\/style><div class=\"fusion-title title fusion-title-25 fusion-sep-none fusion-title-text fusion-title-size-three\" style=\"margin-top:8px;margin-bottom:16px;\"><h3 class=\"title-heading-left\" style=\"margin:0;\">Buffet base en plexiglas<\/h3><\/div><div class=\"fusion-text fusion-text-25\" style=\"transform:translate3d(0,0,0);\"><p>Dans ce meuble modulaire, un \u00e9l\u00e9ment classique comme la porte Linosa en noyer Canaletto s\u2019associe \u00e0 des pieds contemporains en plexiglas qui lui conf\u00e8rent une superbe l\u00e9g\u00e8ret\u00e9.<\/p>\n<\/div><div ><style type=\"text\/css\">.fusion-button.button-24 {border-radius:50px;}<\/style><a class=\"fusion-button button-flat fusion-button-default-size button-default button-24 fusion-button-default-span fusion-button-default-type button_cucine\" target=\"_self\" href=\"https:\/\/www.imab-concept.it\/fr\/collection\/mito-fr\/accessoires-modulables\/\"><span class=\"fusion-button-text\">D\u00c9COUVREZ LES ACCESSOIRES MODULABLES<\/span><\/a><\/div><\/div><\/div><style type=\"text\/css\">.fusion-body .fusion-builder-column-26{width:50% !important;margin-top : 25px;margin-bottom : 25px;}.fusion-builder-column-26 > .fusion-column-wrapper {padding-top : 0px !important;padding-right : 0px !important;margin-right : 3.84%;padding-bottom : 0px !important;padding-left : 0px !important;margin-left : 3.84%;}@media only screen and (max-width:1024px) {.fusion-body .fusion-builder-column-26{width:50% !important;order : 0;}.fusion-builder-column-26 > .fusion-column-wrapper {margin-right : 3.84%;margin-left : 3.84%;}}@media only screen and (max-width:640px) {.fusion-body .fusion-builder-column-26{width:100% !important;order : 0;}.fusion-builder-column-26 > .fusion-column-wrapper {margin-right : 1.92%;margin-left : 1.92%;}}<\/style><div class=\"fusion-layout-column fusion_builder_column fusion-builder-column-27 fusion_builder_column_1_2 1_2 fusion-flex-column fusion-animated\" data-animationType=\"fadeInUp\" data-animationDuration=\"0.3\" data-animationOffset=\"100%\"><div class=\"fusion-column-wrapper fusion-flex-justify-content-flex-start fusion-content-layout-column\" style=\"background-position:left top;background-repeat:no-repeat;-webkit-background-size:cover;-moz-background-size:cover;-o-background-size:cover;background-size:cover;padding: 0px 0px 0px 0px;\"><div ><span class=\" fusion-imageframe imageframe-none imageframe-25 hover-type-zoomin\" style=\"margin-bottom:4%;\"><img decoding=\"async\" width=\"650\" height=\"470\" title=\"QMC031_madia_imab_concept\" src=\"https:\/\/www.imab-concept.it\/wp-content\/uploads\/2024\/06\/QMC031_madia_imab_concept.jpg\" class=\"img-responsive wp-image-14210\" srcset=\"https:\/\/www.imab-concept.it\/wp-content\/uploads\/2024\/06\/QMC031_madia_imab_concept-200x145.jpg 200w, https:\/\/www.imab-concept.it\/wp-content\/uploads\/2024\/06\/QMC031_madia_imab_concept-400x289.jpg 400w, https:\/\/www.imab-concept.it\/wp-content\/uploads\/2024\/06\/QMC031_madia_imab_concept-600x434.jpg 600w, https:\/\/www.imab-concept.it\/wp-content\/uploads\/2024\/06\/QMC031_madia_imab_concept.jpg 650w\" sizes=\"(max-width: 1024px) 100vw, (max-width: 640px) 100vw, 650px\" \/><\/span><\/div><style type=\"text\/css\">@media only screen and (max-width:1024px) {.fusion-title.fusion-title-26{margin-top:8px!important;margin-bottom:16px!important;}}@media only screen and (max-width:640px) {.fusion-title.fusion-title-26{margin-top:8px!important;margin-bottom:16px!important;}}<\/style><div class=\"fusion-title title fusion-title-26 fusion-sep-none fusion-title-text fusion-title-size-three\" style=\"margin-top:8px;margin-bottom:16px;\"><h3 class=\"title-heading-left\" style=\"margin:0;\">Meuble modulaire PET<\/h3><\/div><div class=\"fusion-text fusion-text-26\" style=\"transform:translate3d(0,0,0);\"><p>Dans un meuble pour salon, notre cadre de porte PET Giglio est une option de style qui raffine sa fonction rangement et son esth\u00e9tique.<\/p>\n<\/div><div ><style type=\"text\/css\">.fusion-button.button-25 {border-radius:50px;}<\/style><a class=\"fusion-button button-flat fusion-button-default-size button-default button-25 fusion-button-default-span fusion-button-default-type button_cucine\" target=\"_self\" href=\"https:\/\/www.imab-concept.it\/fr\/collection\/mito-fr\/accessoires-modulables\/\"><span class=\"fusion-button-text\">D\u00c9COUVREZ LES ACCESSOIRES MODULABLES<\/span><\/a><\/div><\/div><\/div><style type=\"text\/css\">.fusion-body .fusion-builder-column-27{width:50% !important;margin-top : 25px;margin-bottom : 25px;}.fusion-builder-column-27 > .fusion-column-wrapper {padding-top : 0px !important;padding-right : 0px !important;margin-right : 3.84%;padding-bottom : 0px !important;padding-left : 0px !important;margin-left : 3.84%;}@media only screen and (max-width:1024px) {.fusion-body .fusion-builder-column-27{width:50% !important;order : 0;}.fusion-builder-column-27 > .fusion-column-wrapper {margin-right : 3.84%;margin-left : 3.84%;}}@media only screen and (max-width:640px) {.fusion-body .fusion-builder-column-27{width:100% !important;order : 0;}.fusion-builder-column-27 > .fusion-column-wrapper {margin-right : 1.92%;margin-left : 1.92%;}}<\/style><div class=\"fusion-layout-column fusion_builder_column fusion-builder-column-28 fusion_builder_column_1_2 1_2 fusion-flex-column fusion-animated\" data-animationType=\"fadeInUp\" data-animationDuration=\"0.3\" data-animationOffset=\"100%\"><div class=\"fusion-column-wrapper fusion-flex-justify-content-flex-start fusion-content-layout-column\" style=\"background-position:left top;background-repeat:no-repeat;-webkit-background-size:cover;-moz-background-size:cover;-o-background-size:cover;background-size:cover;padding: 0px 0px 0px 0px;\"><div ><span class=\" fusion-imageframe imageframe-none imageframe-26 hover-type-zoomin\" style=\"margin-bottom:4%;\"><img decoding=\"async\" width=\"650\" height=\"470\" title=\"QMC027_madia_imab_concept\" src=\"https:\/\/www.imab-concept.it\/wp-content\/uploads\/2024\/06\/QMC027_madia_imab_concept.jpg\" class=\"img-responsive wp-image-14204\" srcset=\"https:\/\/www.imab-concept.it\/wp-content\/uploads\/2024\/06\/QMC027_madia_imab_concept-200x145.jpg 200w, https:\/\/www.imab-concept.it\/wp-content\/uploads\/2024\/06\/QMC027_madia_imab_concept-400x289.jpg 400w, https:\/\/www.imab-concept.it\/wp-content\/uploads\/2024\/06\/QMC027_madia_imab_concept-600x434.jpg 600w, https:\/\/www.imab-concept.it\/wp-content\/uploads\/2024\/06\/QMC027_madia_imab_concept.jpg 650w\" sizes=\"(max-width: 1024px) 100vw, (max-width: 640px) 100vw, 650px\" \/><\/span><\/div><style type=\"text\/css\">@media only screen and (max-width:1024px) {.fusion-title.fusion-title-27{margin-top:8px!important;margin-bottom:16px!important;}}@media only screen and (max-width:640px) {.fusion-title.fusion-title-27{margin-top:8px!important;margin-bottom:16px!important;}}<\/style><div class=\"fusion-title title fusion-title-27 fusion-sep-none fusion-title-text fusion-title-size-three\" style=\"margin-top:8px;margin-bottom:16px;\"><h3 class=\"title-heading-left\" style=\"margin:0;\">Buffet modulaire avec portes en verre<\/h3><\/div><div class=\"fusion-text fusion-text-27\" style=\"transform:translate3d(0,0,0);\"><p>Notre programme de compl\u00e9ments d\u2019ameublement modulaires permet \u00e9galement de r\u00e9aliser les buffets avec des portes en verre. Ce mod\u00e8le associe la finition Cannettato et le verre fum\u00e9.<\/p>\n<\/div><div ><style type=\"text\/css\">.fusion-button.button-26 {border-radius:50px;}<\/style><a class=\"fusion-button button-flat fusion-button-default-size button-default button-26 fusion-button-default-span fusion-button-default-type button_cucine\" target=\"_self\" href=\"https:\/\/www.imab-concept.it\/fr\/collection\/mito-fr\/accessoires-modulables\/\"><span class=\"fusion-button-text\">D\u00c9COUVREZ LES ACCESSOIRES MODULABLES<\/span><\/a><\/div><\/div><\/div><style type=\"text\/css\">.fusion-body .fusion-builder-column-28{width:50% !important;margin-top : 25px;margin-bottom : 25px;}.fusion-builder-column-28 > .fusion-column-wrapper {padding-top : 0px !important;padding-right : 0px !important;margin-right : 3.84%;padding-bottom : 0px !important;padding-left : 0px !important;margin-left : 3.84%;}@media only screen and (max-width:1024px) {.fusion-body .fusion-builder-column-28{width:50% !important;order : 0;}.fusion-builder-column-28 > .fusion-column-wrapper {margin-right : 3.84%;margin-left : 3.84%;}}@media only screen and (max-width:640px) {.fusion-body .fusion-builder-column-28{width:100% !important;order : 0;}.fusion-builder-column-28 > .fusion-column-wrapper {margin-right : 1.92%;margin-left : 1.92%;}}<\/style><div class=\"fusion-layout-column fusion_builder_column fusion-builder-column-29 fusion_builder_column_1_2 1_2 fusion-flex-column fusion-animated\" data-animationType=\"fadeInUp\" data-animationDuration=\"0.3\" data-animationOffset=\"100%\"><div class=\"fusion-column-wrapper fusion-flex-justify-content-flex-start fusion-content-layout-column\" style=\"background-position:left top;background-repeat:no-repeat;-webkit-background-size:cover;-moz-background-size:cover;-o-background-size:cover;background-size:cover;padding: 0px 0px 0px 0px;\"><div ><span class=\" fusion-imageframe imageframe-none imageframe-27 hover-type-zoomin\" style=\"margin-bottom:4%;\"><img decoding=\"async\" width=\"650\" height=\"470\" title=\"QMC032_madia_imab_concept\" src=\"https:\/\/www.imab-concept.it\/wp-content\/uploads\/2024\/06\/QMC032_madia_imab_concept.jpg\" class=\"img-responsive wp-image-14213\" srcset=\"https:\/\/www.imab-concept.it\/wp-content\/uploads\/2024\/06\/QMC032_madia_imab_concept-200x145.jpg 200w, https:\/\/www.imab-concept.it\/wp-content\/uploads\/2024\/06\/QMC032_madia_imab_concept-400x289.jpg 400w, https:\/\/www.imab-concept.it\/wp-content\/uploads\/2024\/06\/QMC032_madia_imab_concept-600x434.jpg 600w, https:\/\/www.imab-concept.it\/wp-content\/uploads\/2024\/06\/QMC032_madia_imab_concept.jpg 650w\" sizes=\"(max-width: 1024px) 100vw, (max-width: 640px) 100vw, 650px\" \/><\/span><\/div><style type=\"text\/css\">@media only screen and (max-width:1024px) {.fusion-title.fusion-title-28{margin-top:8px!important;margin-bottom:16px!important;}}@media only screen and (max-width:640px) {.fusion-title.fusion-title-28{margin-top:8px!important;margin-bottom:16px!important;}}<\/style><div class=\"fusion-title title fusion-title-28 fusion-sep-none fusion-title-text fusion-title-size-three\" style=\"margin-top:8px;margin-bottom:16px;\"><h3 class=\"title-heading-left\" style=\"margin:0;\">Buffet modulaires pour salon<\/h3><\/div><div class=\"fusion-text fusion-text-28\" style=\"transform:translate3d(0,0,0);\"><p>Porte classique ou en verre? Pourquoi choisir? Notre programme de meubles modulaires vous permet cr\u00e9er les mod\u00e8les qui correspondent le mieux \u00e0 vos go\u00fbts et \u00e0 vos besoins.<\/p>\n<\/div><div ><style type=\"text\/css\">.fusion-button.button-27 {border-radius:50px;}<\/style><a class=\"fusion-button button-flat fusion-button-default-size button-default button-27 fusion-button-default-span fusion-button-default-type button_cucine\" target=\"_self\" href=\"https:\/\/www.imab-concept.it\/fr\/collection\/mito-fr\/accessoires-modulables\/\"><span class=\"fusion-button-text\">D\u00c9COUVREZ LES ACCESSOIRES MODULABLES<\/span><\/a><\/div><\/div><\/div><style type=\"text\/css\">.fusion-body .fusion-builder-column-29{width:50% !important;margin-top : 25px;margin-bottom : 25px;}.fusion-builder-column-29 > .fusion-column-wrapper {padding-top : 0px !important;padding-right : 0px !important;margin-right : 3.84%;padding-bottom : 0px !important;padding-left : 0px !important;margin-left : 3.84%;}@media only screen and (max-width:1024px) {.fusion-body .fusion-builder-column-29{width:50% !important;order : 0;}.fusion-builder-column-29 > .fusion-column-wrapper {margin-right : 3.84%;margin-left : 3.84%;}}@media only screen and (max-width:640px) {.fusion-body .fusion-builder-column-29{width:100% !important;order : 0;}.fusion-builder-column-29 > .fusion-column-wrapper {margin-right : 1.92%;margin-left : 1.92%;}}<\/style><div class=\"fusion-layout-column fusion_builder_column fusion-builder-column-30 fusion_builder_column_1_2 1_2 fusion-flex-column fusion-animated\" data-animationType=\"fadeInUp\" data-animationDuration=\"0.3\" data-animationOffset=\"100%\"><div class=\"fusion-column-wrapper fusion-flex-justify-content-flex-start fusion-content-layout-column\" style=\"background-position:left top;background-repeat:no-repeat;-webkit-background-size:cover;-moz-background-size:cover;-o-background-size:cover;background-size:cover;padding: 0px 0px 0px 0px;\"><div ><span class=\" fusion-imageframe imageframe-none imageframe-28 hover-type-zoomin\" style=\"margin-bottom:4%;\"><img decoding=\"async\" width=\"650\" height=\"470\" title=\"QMC034_madia_imab_concept\" src=\"https:\/\/www.imab-concept.it\/wp-content\/uploads\/2024\/06\/QMC034_madia_imab_concept.jpg\" class=\"img-responsive wp-image-14216\" srcset=\"https:\/\/www.imab-concept.it\/wp-content\/uploads\/2024\/06\/QMC034_madia_imab_concept-200x145.jpg 200w, https:\/\/www.imab-concept.it\/wp-content\/uploads\/2024\/06\/QMC034_madia_imab_concept-400x289.jpg 400w, https:\/\/www.imab-concept.it\/wp-content\/uploads\/2024\/06\/QMC034_madia_imab_concept-600x434.jpg 600w, https:\/\/www.imab-concept.it\/wp-content\/uploads\/2024\/06\/QMC034_madia_imab_concept.jpg 650w\" sizes=\"(max-width: 1024px) 100vw, (max-width: 640px) 100vw, 650px\" \/><\/span><\/div><style type=\"text\/css\">@media only screen and (max-width:1024px) {.fusion-title.fusion-title-29{margin-top:8px!important;margin-bottom:16px!important;}}@media only screen and (max-width:640px) {.fusion-title.fusion-title-29{margin-top:8px!important;margin-bottom:16px!important;}}<\/style><div class=\"fusion-title title fusion-title-29 fusion-sep-none fusion-title-text fusion-title-size-three\" style=\"margin-top:8px;margin-bottom:16px;\"><h3 class=\"title-heading-left\" style=\"margin:0;\">Meuble modulaire pour entr\u00e9e<\/h3><\/div><div class=\"fusion-text fusion-text-29\" style=\"transform:translate3d(0,0,0);\"><p>Le buffet sans base est parfait pour l&rsquo;entr\u00e9e, et permet de meubler et d&rsquo;accueillir les objets du quotidien.<\/p>\n<\/div><div ><style type=\"text\/css\">.fusion-button.button-28 {border-radius:50px;}<\/style><a class=\"fusion-button button-flat fusion-button-default-size button-default button-28 fusion-button-default-span fusion-button-default-type button_cucine\" target=\"_self\" href=\"https:\/\/www.imab-concept.it\/fr\/collection\/mito-fr\/accessoires-modulables\/\"><span class=\"fusion-button-text\">D\u00c9COUVREZ LES ACCESSOIRES MODULABLES<\/span><\/a><\/div><\/div><\/div><style type=\"text\/css\">.fusion-body .fusion-builder-column-30{width:50% !important;margin-top : 25px;margin-bottom : 25px;}.fusion-builder-column-30 > .fusion-column-wrapper {padding-top : 0px !important;padding-right : 0px !important;margin-right : 3.84%;padding-bottom : 0px !important;padding-left : 0px !important;margin-left : 3.84%;}@media only screen and (max-width:1024px) {.fusion-body .fusion-builder-column-30{width:50% !important;order : 0;}.fusion-builder-column-30 > .fusion-column-wrapper {margin-right : 3.84%;margin-left : 3.84%;}}@media only screen and (max-width:640px) {.fusion-body .fusion-builder-column-30{width:100% !important;order : 0;}.fusion-builder-column-30 > .fusion-column-wrapper {margin-right : 1.92%;margin-left : 1.92%;}}<\/style><div class=\"fusion-layout-column fusion_builder_column fusion-builder-column-31 fusion_builder_column_1_2 1_2 fusion-flex-column fusion-animated\" data-animationType=\"fadeInUp\" data-animationDuration=\"0.3\" data-animationOffset=\"100%\"><div class=\"fusion-column-wrapper fusion-flex-justify-content-flex-start fusion-content-layout-column\" style=\"background-position:left top;background-repeat:no-repeat;-webkit-background-size:cover;-moz-background-size:cover;-o-background-size:cover;background-size:cover;padding: 0px 0px 0px 0px;\"><div ><span class=\" fusion-imageframe imageframe-none imageframe-29 hover-type-zoomin\" style=\"margin-bottom:4%;\"><img decoding=\"async\" width=\"650\" height=\"470\" title=\"QMC035_madia_imab_concept\" src=\"https:\/\/www.imab-concept.it\/wp-content\/uploads\/2024\/06\/QMC035_madia_imab_concept.jpg\" class=\"img-responsive wp-image-14219\" srcset=\"https:\/\/www.imab-concept.it\/wp-content\/uploads\/2024\/06\/QMC035_madia_imab_concept-200x145.jpg 200w, https:\/\/www.imab-concept.it\/wp-content\/uploads\/2024\/06\/QMC035_madia_imab_concept-400x289.jpg 400w, https:\/\/www.imab-concept.it\/wp-content\/uploads\/2024\/06\/QMC035_madia_imab_concept-600x434.jpg 600w, https:\/\/www.imab-concept.it\/wp-content\/uploads\/2024\/06\/QMC035_madia_imab_concept.jpg 650w\" sizes=\"(max-width: 1024px) 100vw, (max-width: 640px) 100vw, 650px\" \/><\/span><\/div><style type=\"text\/css\">@media only screen and (max-width:1024px) {.fusion-title.fusion-title-30{margin-top:8px!important;margin-bottom:16px!important;}}@media only screen and (max-width:640px) {.fusion-title.fusion-title-30{margin-top:8px!important;margin-bottom:16px!important;}}<\/style><div class=\"fusion-title title fusion-title-30 fusion-sep-none fusion-title-text fusion-title-size-three\" style=\"margin-top:8px;margin-bottom:16px;\"><h3 class=\"title-heading-left\" style=\"margin:0;\">Buffet haut modulaire<\/h3><\/div><div class=\"fusion-text fusion-text-30\" style=\"transform:translate3d(0,0,0);\"><p>Nos \u00e9l\u00e9ments modulaires vous permettent de jouer avec les largeurs comme avec les hauteurs. Vous pouvez ainsi cr\u00e9er ais\u00e9ment le meuble adapt\u00e9 \u00e0 chaque espace et chaque utilisation.<\/p>\n<\/div><div ><style type=\"text\/css\">.fusion-button.button-29 {border-radius:50px;}<\/style><a class=\"fusion-button button-flat fusion-button-default-size button-default button-29 fusion-button-default-span fusion-button-default-type button_cucine\" target=\"_self\" href=\"https:\/\/www.imab-concept.it\/fr\/collection\/mito-fr\/accessoires-modulables\/\"><span class=\"fusion-button-text\">D\u00c9COUVREZ LES ACCESSOIRES MODULABLES<\/span><\/a><\/div><\/div><\/div><style type=\"text\/css\">.fusion-body .fusion-builder-column-31{width:50% !important;margin-top : 25px;margin-bottom : 25px;}.fusion-builder-column-31 > .fusion-column-wrapper {padding-top : 0px !important;padding-right : 0px !important;margin-right : 3.84%;padding-bottom : 0px !important;padding-left : 0px !important;margin-left : 3.84%;}@media only screen and (max-width:1024px) {.fusion-body .fusion-builder-column-31{width:50% !important;order : 0;}.fusion-builder-column-31 > .fusion-column-wrapper {margin-right : 3.84%;margin-left : 3.84%;}}@media only screen and (max-width:640px) {.fusion-body .fusion-builder-column-31{width:100% !important;order : 0;}.fusion-builder-column-31 > .fusion-column-wrapper {margin-right : 1.92%;margin-left : 1.92%;}}<\/style><\/div><style type=\"text\/css\">.fusion-body .fusion-flex-container.fusion-builder-row-3{ padding-top : 0px;margin-top : 0px;padding-right : 0px;padding-bottom : 0px;margin-bottom : 0px;padding-left : 0px;}<\/style><\/div><div class=\"fusion-fullwidth fullwidth-box fusion-builder-row-4 fusion-flex-container box-form hidden nonhundred-percent-fullwidth non-hundred-percent-height-scrolling\" style=\"background-color: rgba(168,168,168,0.21);background-position: center center;background-repeat: no-repeat;border-width: 0px 0px 0px 0px;border-color:#eae9e9;border-style:solid;\" ><div class=\"fusion-builder-row fusion-row fusion-flex-align-items-flex-start\" style=\"max-width:1445.6px;margin-left: calc(-4% \/ 2 );margin-right: calc(-4% \/ 2 );\"><div class=\"fusion-layout-column fusion_builder_column fusion-builder-column-32 fusion_builder_column_1_1 1_1 fusion-flex-column\"><div class=\"fusion-column-wrapper fusion-flex-justify-content-flex-start fusion-content-layout-column\" style=\"background-position:left top;background-repeat:no-repeat;-webkit-background-size:cover;-moz-background-size:cover;-o-background-size:cover;background-size:cover;padding: 0px 0px 0px 0px;\"><div class=\"fusion-text fusion-text-31\" style=\"text-align:left;transform:translate3d(0,0,0);\"><h2>Contactez-nous<\/h2>\n<\/div><div class=\"fusion-text fusion-text-32\" style=\"text-align:left;font-size:20px;transform:translate3d(0,0,0);\"><p class=\"\">Composez avec nous l\u2019am\u00e9nagement de votre maison. Modulable, personnalis\u00e9, 100 % fabriqu\u00e9 en Italie.<br \/>\n\u00c9crivez-nous pour toute question ou demande concernant nos produits.<\/p>\n<\/div><\/div><\/div><style type=\"text\/css\">.fusion-body .fusion-builder-column-32{width:100% !important;margin-top : 25px;margin-bottom : 25px;}.fusion-builder-column-32 > .fusion-column-wrapper {padding-top : 0px !important;padding-right : 0px !important;margin-right : 1.92%;padding-bottom : 0px !important;padding-left : 0px !important;margin-left : 1.92%;}@media only screen and (max-width:1024px) {.fusion-body .fusion-builder-column-32{width:100% !important;order : 0;margin-bottom : 0px;}.fusion-builder-column-32 > .fusion-column-wrapper {margin-right : 1.92%;margin-left : 1.92%;}}@media only screen and (max-width:640px) {.fusion-body .fusion-builder-column-32{width:100% !important;order : 0;margin-bottom : 0px;}.fusion-builder-column-32 > .fusion-column-wrapper {margin-right : 1.92%;margin-left : 1.92%;}}<\/style><div class=\"fusion-layout-column fusion_builder_column fusion-builder-column-33 fusion_builder_column_1_1 1_1 fusion-flex-column\"><div class=\"fusion-column-wrapper fusion-flex-justify-content-flex-start fusion-content-layout-column\" style=\"background-position:left top;background-repeat:no-repeat;-webkit-background-size:cover;-moz-background-size:cover;-o-background-size:cover;background-size:cover;padding: 0px 0px 0px 0px;\">\n<div class=\"wpcf7 no-js\" id=\"wpcf7-f283-o1\" lang=\"en-US\" dir=\"ltr\">\n<div class=\"screen-reader-response\"><p role=\"status\" aria-live=\"polite\" aria-atomic=\"true\"><\/p> <ul><\/ul><\/div>\n<form action=\"\/fr\/wp-json\/wp\/v2\/pages\/11179#wpcf7-f283-o1\" method=\"post\" class=\"wpcf7-form init\" id=\"contact-form\" aria-label=\"Contact form\" novalidate=\"novalidate\" data-status=\"init\">\n<div style=\"display: none;\">\n<input type=\"hidden\" name=\"_wpcf7\" value=\"283\" \/>\n<input type=\"hidden\" name=\"_wpcf7_version\" value=\"5.7.7\" \/>\n<input type=\"hidden\" name=\"_wpcf7_locale\" value=\"en_US\" \/>\n<input type=\"hidden\" name=\"_wpcf7_unit_tag\" value=\"wpcf7-f283-o1\" \/>\n<input type=\"hidden\" name=\"_wpcf7_container_post\" value=\"0\" \/>\n<input type=\"hidden\" name=\"_wpcf7_posted_data_hash\" value=\"\" \/>\n<input type=\"hidden\" name=\"_wpcf7_recaptcha_response\" value=\"\" \/>\n<\/div>\n<p style=\"margin-bottom: 30px;\">Scegli il punto vendita da contattare*\n<\/p>\n<p><span class=\"wpcf7-form-control-wrap\" data-name=\"cf-shop\"><select class=\"wpcf7-form-control wpcf7-select wpcf7-validates-as-required\" id=\"cfshop\" aria-required=\"true\" aria-invalid=\"false\" name=\"cf-shop\"><option value=\"\">&#8212;Please choose an option&#8212;<\/option><\/select><\/span>\n<\/p>\n<div class=\"fusion-columns fusion-clearfix\" style=\"margin-bottom: 30px;\">\n\t<div class=\"col-lg-6 col-md-6 col-sm-12\">\n\t\t<p>Nome*\n\t\t<\/p>\n\t\t<p><span class=\"wpcf7-form-control-wrap\" data-name=\"cf-fname\"><input size=\"40\" class=\"wpcf7-form-control wpcf7-text wpcf7-validates-as-required\" id=\"cffname\" aria-required=\"true\" aria-invalid=\"false\" value=\"\" type=\"text\" name=\"cf-fname\" \/><\/span>\n\t\t<\/p>\n\t<\/div>\n\t<div class=\"col-lg-6 col-md-6 col-sm-12\">\n\t\t<p>Cognome*\n\t\t<\/p>\n\t\t<p><span class=\"wpcf7-form-control-wrap\" data-name=\"cf-lname\"><input size=\"40\" class=\"wpcf7-form-control wpcf7-text wpcf7-validates-as-required\" id=\"cflname\" aria-required=\"true\" aria-invalid=\"false\" value=\"\" type=\"text\" name=\"cf-lname\" \/><\/span>\n\t\t<\/p>\n\t<\/div>\n<\/div>\n<div class=\"fusion-columns fusion-clearfix\" style=\"margin-bottom: 30px;\">\n\t<div class=\"col-lg-6 col-md-6 col-sm-12\">\n\t\t<p>Email*\n\t\t<\/p>\n\t\t<p><span class=\"wpcf7-form-control-wrap\" data-name=\"cf-email\"><input size=\"40\" class=\"wpcf7-form-control wpcf7-text wpcf7-email wpcf7-validates-as-required wpcf7-validates-as-email\" id=\"cfemail\" aria-required=\"true\" aria-invalid=\"false\" value=\"\" type=\"email\" name=\"cf-email\" \/><\/span>\n\t\t<\/p>\n\t<\/div>\n\t<div class=\"col-lg-6 col-md-6 col-sm-12\">\n\t\t<p>Telefono*\n\t\t<\/p>\n\t\t<p><span class=\"wpcf7-form-control-wrap\" data-name=\"cf-tel\"><input size=\"40\" class=\"wpcf7-form-control wpcf7-text wpcf7-validates-as-required\" id=\"cftel\" aria-required=\"true\" aria-invalid=\"false\" value=\"\" type=\"text\" name=\"cf-tel\" \/><\/span>\n\t\t<\/p>\n\t<\/div>\n<\/div>\n<p style=\"margin-bottom: 30px;\">Messaggio*\n<\/p>\n<p><span class=\"wpcf7-form-control-wrap\" data-name=\"cf-msg\"><textarea cols=\"40\" rows=\"10\" class=\"wpcf7-form-control wpcf7-textarea wpcf7-validates-as-required\" id=\"cfmsg\" aria-required=\"true\" aria-invalid=\"false\" name=\"cf-msg\"><\/textarea><\/span>\n<\/p>\n<p><label><span class=\"wpcf7-form-control-wrap\" data-name=\"cf-acceptance\"><span class=\"wpcf7-form-control wpcf7-acceptance\"><span class=\"wpcf7-list-item\"><label><input type=\"checkbox\" name=\"cf-acceptance\" value=\"1\" aria-invalid=\"false\" \/><span class=\"wpcf7-list-item-label\">Accetto l\u2019<a href='https:\/\/www.imab-concept.it\/privacy-policy'>informativa sul trattamento dei dati personali*<\/a><\/span><\/label><\/span><\/span><\/span><br \/>\n<\/label>\n<\/p>\n<p style=\"text-align: right;\"><br \/>\n<input class=\"wpcf7-form-control has-spinner wpcf7-submit\" id=\"gtmSubmit\" type=\"submit\" value=\"Invia\" \/>\n<\/p>\n<p style=\"display:none; visibility:hidden; position:absolute;\"><br \/>\n<span class=\"wpcf7-form-control-wrap\" data-name=\"hidden-email\"><input size=\"40\" class=\"wpcf7-form-control wpcf7-text wpcf7-email wpcf7-validates-as-required wpcf7-validates-as-email\" id=\"cfhiddenemail\" aria-required=\"true\" aria-invalid=\"false\" value=\"\" type=\"email\" name=\"hidden-email\" \/><\/span>\n<\/p>\n<p style=\"display:none; visibility:hidden; position:absolute;\"><br \/>\n<span class=\"wpcf7-form-control-wrap\" data-name=\"hidden-shop\"><input size=\"40\" class=\"wpcf7-form-control wpcf7-text\" id=\"cfhiddenshop\" aria-invalid=\"false\" value=\"\" type=\"text\" name=\"hidden-shop\" \/><\/span>\n<\/p><div class=\"fusion-alert alert custom alert-custom fusion-alert-center wpcf7-response-output fusion-alert-capitalize alert-dismissable\" style=\"border-width:1px;\"><button type=\"button\" class=\"close toggle-alert\" data-dismiss=\"alert\" aria-hidden=\"true\">&times;<\/button><div class=\"fusion-alert-content-wrapper\"><span class=\"fusion-alert-content\"><\/span><\/div><\/div>\n<\/form>\n<\/div>\n<\/div><\/div><style type=\"text\/css\">.fusion-body .fusion-builder-column-33{width:100% !important;margin-top : 25px;margin-bottom : 25px;}.fusion-builder-column-33 > .fusion-column-wrapper {padding-top : 0px !important;padding-right : 0px !important;margin-right : 1.92%;padding-bottom : 0px !important;padding-left : 0px !important;margin-left : 1.92%;}@media only screen and (max-width:1024px) {.fusion-body .fusion-builder-column-33{width:100% !important;order : 0;}.fusion-builder-column-33 > .fusion-column-wrapper {margin-right : 1.92%;margin-left : 1.92%;}}@media only screen and (max-width:640px) {.fusion-body .fusion-builder-column-33{width:100% !important;order : 0;}.fusion-builder-column-33 > .fusion-column-wrapper {margin-right : 1.92%;margin-left : 1.92%;}}<\/style><\/div><style type=\"text\/css\">.fusion-body .fusion-flex-container.fusion-builder-row-4{ padding-top : 30px;margin-top : 40px;padding-right : 0px;padding-bottom : 30px;margin-bottom : 20px;padding-left : 0px;}<\/style><\/div><\/p>\n","protected":false},"excerpt":{"rendered":"","protected":false},"author":6,"featured_media":0,"parent":11143,"menu_order":0,"comment_status":"closed","ping_status":"closed","template":"100-width.php","meta":[],"yoast_head":"<!-- This site is optimized with the Yoast SEO plugin v20.10 - https:\/\/yoast.com\/wordpress\/plugins\/seo\/ -->\n<title>Mobilier de salon modulaires | IMAB Concept<\/title>\n<meta name=\"description\" content=\"Optez pour les meubles de salon modernes IMAB Concept : murs \u00e9quip\u00e9s, meubles TV, meubles de salon et biblioth\u00e8ques. D\u00e9couvrez-vous la collection s\u00e9jours!\" \/>\n<meta name=\"robots\" content=\"index, follow, max-snippet:-1, max-image-preview:large, max-video-preview:-1\" \/>\n<link rel=\"canonical\" href=\"https:\/\/www.imab-concept.it\/fr\/salon\/sejours\/\" \/>\n<meta property=\"og:locale\" content=\"fr_FR\" \/>\n<meta property=\"og:type\" content=\"article\" \/>\n<meta property=\"og:title\" content=\"Mobilier de salon modulaires | IMAB Concept\" \/>\n<meta property=\"og:description\" content=\"Optez pour les meubles de salon modernes IMAB Concept : murs \u00e9quip\u00e9s, meubles TV, meubles de salon et biblioth\u00e8ques. D\u00e9couvrez-vous la collection s\u00e9jours!\" \/>\n<meta property=\"og:url\" content=\"https:\/\/www.imab-concept.it\/fr\/salon\/sejours\/\" \/>\n<meta property=\"og:site_name\" content=\"IMAB Concept\" \/>\n<meta property=\"article:modified_time\" content=\"2025-12-23T10:46:56+00:00\" \/>\n<meta property=\"og:image\" content=\"https:\/\/www.imab-concept.it\/wp-content\/uploads\/2021\/01\/Imab_OG_image_1200x630_SOGGIORNI.jpg\" \/>\n\t<meta property=\"og:image:width\" content=\"1200\" \/>\n\t<meta property=\"og:image:height\" content=\"630\" \/>\n\t<meta property=\"og:image:type\" content=\"image\/jpeg\" \/>\n<meta name=\"twitter:label1\" content=\"Est. reading time\" \/>\n\t<meta name=\"twitter:data1\" content=\"55 minutes\" \/>\n<script type=\"application\/ld+json\" class=\"yoast-schema-graph\">{\"@context\":\"https:\/\/schema.org\",\"@graph\":[{\"@type\":\"WebPage\",\"@id\":\"https:\/\/www.imab-concept.it\/fr\/salon\/sejours\/\",\"url\":\"https:\/\/www.imab-concept.it\/fr\/salon\/sejours\/\",\"name\":\"Mobilier de salon modulaires | IMAB Concept\",\"isPartOf\":{\"@id\":\"https:\/\/www.imab-concept.it\/#website\"},\"datePublished\":\"2020-10-06T13:25:09+00:00\",\"dateModified\":\"2025-12-23T10:46:56+00:00\",\"description\":\"Optez pour les meubles de salon modernes IMAB Concept : murs \u00e9quip\u00e9s, meubles TV, meubles de salon et biblioth\u00e8ques. D\u00e9couvrez-vous la collection s\u00e9jours!\",\"breadcrumb\":{\"@id\":\"https:\/\/www.imab-concept.it\/fr\/salon\/sejours\/#breadcrumb\"},\"inLanguage\":\"fr-FR\",\"potentialAction\":[{\"@type\":\"ReadAction\",\"target\":[\"https:\/\/www.imab-concept.it\/fr\/salon\/sejours\/\"]}]},{\"@type\":\"BreadcrumbList\",\"@id\":\"https:\/\/www.imab-concept.it\/fr\/salon\/sejours\/#breadcrumb\",\"itemListElement\":[{\"@type\":\"ListItem\",\"position\":1,\"name\":\"Home\",\"item\":\"https:\/\/www.imab-concept.it\/fr\/\"},{\"@type\":\"ListItem\",\"position\":2,\"name\":\"Salon\",\"item\":\"https:\/\/www.imab-concept.it\/mobili-living\/\"},{\"@type\":\"ListItem\",\"position\":3,\"name\":\"S\u00e9jours\"}]},{\"@type\":\"WebSite\",\"@id\":\"https:\/\/www.imab-concept.it\/#website\",\"url\":\"https:\/\/www.imab-concept.it\/\",\"name\":\"IMAB Concept\",\"description\":\"Arrediamo con passione\",\"potentialAction\":[{\"@type\":\"SearchAction\",\"target\":{\"@type\":\"EntryPoint\",\"urlTemplate\":\"https:\/\/www.imab-concept.it\/?s={search_term_string}\"},\"query-input\":\"required name=search_term_string\"}],\"inLanguage\":\"fr-FR\"}]}<\/script>\n<!-- \/ Yoast SEO plugin. -->","yoast_head_json":{"title":"Mobilier de salon modulaires | IMAB Concept","description":"Optez pour les meubles de salon modernes IMAB Concept : murs \u00e9quip\u00e9s, meubles TV, meubles de salon et biblioth\u00e8ques. D\u00e9couvrez-vous la collection s\u00e9jours!","robots":{"index":"index","follow":"follow","max-snippet":"max-snippet:-1","max-image-preview":"max-image-preview:large","max-video-preview":"max-video-preview:-1"},"canonical":"https:\/\/www.imab-concept.it\/fr\/salon\/sejours\/","og_locale":"fr_FR","og_type":"article","og_title":"Mobilier de salon modulaires | IMAB Concept","og_description":"Optez pour les meubles de salon modernes IMAB Concept : murs \u00e9quip\u00e9s, meubles TV, meubles de salon et biblioth\u00e8ques. D\u00e9couvrez-vous la collection s\u00e9jours!","og_url":"https:\/\/www.imab-concept.it\/fr\/salon\/sejours\/","og_site_name":"IMAB Concept","article_modified_time":"2025-12-23T10:46:56+00:00","og_image":[{"width":1200,"height":630,"url":"https:\/\/www.imab-concept.it\/wp-content\/uploads\/2021\/01\/Imab_OG_image_1200x630_SOGGIORNI.jpg","type":"image\/jpeg"}],"twitter_misc":{"Est. reading time":"55 minutes"},"schema":{"@context":"https:\/\/schema.org","@graph":[{"@type":"WebPage","@id":"https:\/\/www.imab-concept.it\/fr\/salon\/sejours\/","url":"https:\/\/www.imab-concept.it\/fr\/salon\/sejours\/","name":"Mobilier de salon modulaires | IMAB Concept","isPartOf":{"@id":"https:\/\/www.imab-concept.it\/#website"},"datePublished":"2020-10-06T13:25:09+00:00","dateModified":"2025-12-23T10:46:56+00:00","description":"Optez pour les meubles de salon modernes IMAB Concept : murs \u00e9quip\u00e9s, meubles TV, meubles de salon et biblioth\u00e8ques. D\u00e9couvrez-vous la collection s\u00e9jours!","breadcrumb":{"@id":"https:\/\/www.imab-concept.it\/fr\/salon\/sejours\/#breadcrumb"},"inLanguage":"fr-FR","potentialAction":[{"@type":"ReadAction","target":["https:\/\/www.imab-concept.it\/fr\/salon\/sejours\/"]}]},{"@type":"BreadcrumbList","@id":"https:\/\/www.imab-concept.it\/fr\/salon\/sejours\/#breadcrumb","itemListElement":[{"@type":"ListItem","position":1,"name":"Home","item":"https:\/\/www.imab-concept.it\/fr\/"},{"@type":"ListItem","position":2,"name":"Salon","item":"https:\/\/www.imab-concept.it\/mobili-living\/"},{"@type":"ListItem","position":3,"name":"S\u00e9jours"}]},{"@type":"WebSite","@id":"https:\/\/www.imab-concept.it\/#website","url":"https:\/\/www.imab-concept.it\/","name":"IMAB Concept","description":"Arrediamo con passione","potentialAction":[{"@type":"SearchAction","target":{"@type":"EntryPoint","urlTemplate":"https:\/\/www.imab-concept.it\/?s={search_term_string}"},"query-input":"required name=search_term_string"}],"inLanguage":"fr-FR"}]}},"_links":{"self":[{"href":"https:\/\/www.imab-concept.it\/fr\/wp-json\/wp\/v2\/pages\/11179"}],"collection":[{"href":"https:\/\/www.imab-concept.it\/fr\/wp-json\/wp\/v2\/pages"}],"about":[{"href":"https:\/\/www.imab-concept.it\/fr\/wp-json\/wp\/v2\/types\/page"}],"author":[{"embeddable":true,"href":"https:\/\/www.imab-concept.it\/fr\/wp-json\/wp\/v2\/users\/6"}],"replies":[{"embeddable":true,"href":"https:\/\/www.imab-concept.it\/fr\/wp-json\/wp\/v2\/comments?post=11179"}],"version-history":[{"count":48,"href":"https:\/\/www.imab-concept.it\/fr\/wp-json\/wp\/v2\/pages\/11179\/revisions"}],"predecessor-version":[{"id":19037,"href":"https:\/\/www.imab-concept.it\/fr\/wp-json\/wp\/v2\/pages\/11179\/revisions\/19037"}],"up":[{"embeddable":true,"href":"https:\/\/www.imab-concept.it\/fr\/wp-json\/wp\/v2\/pages\/11143"}],"wp:attachment":[{"href":"https:\/\/www.imab-concept.it\/fr\/wp-json\/wp\/v2\/media?parent=11179"}],"curies":[{"name":"wp","href":"https:\/\/api.w.org\/{rel}","templated":true}]}}