{"id":19612,"date":"2026-01-15T10:50:23","date_gmt":"2026-01-15T09:50:23","guid":{"rendered":"https:\/\/www.imab-concept.it\/collezione\/prodotto\/madeira\/"},"modified":"2026-02-05T15:13:26","modified_gmt":"2026-02-05T14:13:26","slug":"madeira","status":"publish","type":"cucine","link":"https:\/\/www.imab-concept.it\/fr\/collection\/galatea-fr\/madeira\/","title":{"rendered":"Madeira"},"content":{"rendered":"<p><div class=\"fusion-fullwidth fullwidth-box fusion-builder-row-1 fusion-flex-container nonhundred-percent-fullwidth non-hundred-percent-height-scrolling\" style=\"background-color: rgba(255,255,255,0);background-position: center center;background-repeat: no-repeat;border-width: 0px 0px 0px 0px;border-color:#eae9e9;border-style:solid;\" ><div class=\"fusion-builder-row fusion-row fusion-flex-align-items-flex-start\" style=\"max-width:1445.6px;margin-left: calc(-4% \/ 2 );margin-right: calc(-4% \/ 2 );\"><div class=\"fusion-layout-column fusion_builder_column fusion-builder-column-0 fusion_builder_column_1_1 1_1 fusion-flex-column\"><div class=\"fusion-column-wrapper fusion-flex-justify-content-flex-start fusion-content-layout-column\" style=\"background-position:left top;background-repeat:no-repeat;-webkit-background-size:cover;-moz-background-size:cover;-o-background-size:cover;background-size:cover;padding: 0px 0px 0px 0px;\"><div class=\"fusion-text fusion-text-1\" style=\"transform:translate3d(0,0,0);\"><p>La porte Madeira est compos\u00e9e d&rsquo;un cadre en bois massif et d&rsquo;un panneau central en MDF plaqu\u00e9, avec une finition laqu\u00e9e \u00e0 pores ouverts et une \u00e9paisseur de 22 mm. Le mod\u00e8le Madeira est disponible dans la version avec cadre horizontal et prise de main int\u00e9gr\u00e9e. La plinthe est disponible en hauteur H 8 cm.<\/p>\n<\/div><\/div><\/div><style type=\"text\/css\">.fusion-body .fusion-builder-column-0{width:100% !important;margin-top : 0px;margin-bottom : 0px;}.fusion-builder-column-0 > .fusion-column-wrapper {padding-top : 0px !important;padding-right : 0px !important;margin-right : 1.92%;padding-bottom : 0px !important;padding-left : 0px !important;margin-left : 1.92%;}@media only screen and (max-width:1024px) {.fusion-body .fusion-builder-column-0{width:100% !important;}.fusion-builder-column-0 > .fusion-column-wrapper {margin-right : 1.92%;margin-left : 1.92%;}}@media only screen and (max-width:640px) {.fusion-body .fusion-builder-column-0{width:100% !important;}.fusion-builder-column-0 > .fusion-column-wrapper {margin-right : 1.92%;margin-left : 1.92%;}}<\/style><\/div><style type=\"text\/css\">.fusion-body .fusion-flex-container.fusion-builder-row-1{ padding-top : 20px;margin-top : 0px;padding-right : 0px;padding-bottom : 20px;margin-bottom : 0px;padding-left : 0px;}<\/style><\/div><div class=\"fusion-fullwidth fullwidth-box fusion-builder-row-2 fusion-flex-container forced-fullwidth nonhundred-percent-fullwidth non-hundred-percent-height-scrolling\" style=\"background-color: rgba(255,255,255,0);background-position: center center;background-repeat: no-repeat;border-width: 0px 0px 0px 0px;border-color:#eae9e9;border-style:solid;\" ><div class=\"fusion-builder-row fusion-row fusion-flex-align-items-flex-start\" style=\"max-width:1445.6px;margin-left: calc(-4% \/ 2 );margin-right: calc(-4% \/ 2 );\"><div class=\"fusion-layout-column fusion_builder_column fusion-builder-column-1 fusion_builder_column_1_1 1_1 fusion-flex-column\"><div class=\"fusion-column-wrapper fusion-flex-justify-content-flex-start fusion-content-layout-column\" style=\"background-position:left top;background-repeat:no-repeat;-webkit-background-size:cover;-moz-background-size:cover;-o-background-size:cover;background-size:cover;padding: 0px 0px 0px 0px;\"><div class=\"fusion-image-carousel fusion-image-carousel-auto\"><div class=\"fusion-carousel\" data-autoplay=\"no\" data-columns=\"1\" data-itemmargin=\"0\" data-itemwidth=\"180\" data-touchscroll=\"yes\" data-imagesize=\"auto\" data-scrollitems=\"1\"><div class=\"fusion-carousel-positioner\"><ul class=\"fusion-carousel-holder\"><li class=\"fusion-carousel-item\"><div class=\"fusion-carousel-item-wrapper\"><div class=\"fusion-image-wrapper hover-type-none\"><img width=\"1080\" height=\"780\" src=\"https:\/\/www.imab-concept.it\/wp-content\/uploads\/2026\/01\/anta_madeira_bianco_altea.jpg\" class=\"attachment-full size-full\" alt=\"Anta madeira in legno Bianco altea e a telaio con vetro\" decoding=\"async\" srcset=\"https:\/\/www.imab-concept.it\/wp-content\/uploads\/2026\/01\/anta_madeira_bianco_altea-200x144.jpg 200w, https:\/\/www.imab-concept.it\/wp-content\/uploads\/2026\/01\/anta_madeira_bianco_altea-300x217.jpg 300w, https:\/\/www.imab-concept.it\/wp-content\/uploads\/2026\/01\/anta_madeira_bianco_altea-400x289.jpg 400w, https:\/\/www.imab-concept.it\/wp-content\/uploads\/2026\/01\/anta_madeira_bianco_altea-600x433.jpg 600w, https:\/\/www.imab-concept.it\/wp-content\/uploads\/2026\/01\/anta_madeira_bianco_altea-768x555.jpg 768w, https:\/\/www.imab-concept.it\/wp-content\/uploads\/2026\/01\/anta_madeira_bianco_altea-800x578.jpg 800w, https:\/\/www.imab-concept.it\/wp-content\/uploads\/2026\/01\/anta_madeira_bianco_altea-1024x740.jpg 1024w, https:\/\/www.imab-concept.it\/wp-content\/uploads\/2026\/01\/anta_madeira_bianco_altea.jpg 1080w\" sizes=\"(max-width: 1080px) 100vw, 1080px\" \/><\/div><\/div><\/li><li class=\"fusion-carousel-item\"><div class=\"fusion-carousel-item-wrapper\"><div class=\"fusion-image-wrapper hover-type-none\"><img width=\"1080\" height=\"780\" src=\"https:\/\/www.imab-concept.it\/wp-content\/uploads\/2026\/01\/anta_madeira_azzurro_polvere.jpg\" class=\"attachment-full size-full\" alt=\"Anta madeira in legno Azzurro polvere\" decoding=\"async\" srcset=\"https:\/\/www.imab-concept.it\/wp-content\/uploads\/2026\/01\/anta_madeira_azzurro_polvere-200x144.jpg 200w, https:\/\/www.imab-concept.it\/wp-content\/uploads\/2026\/01\/anta_madeira_azzurro_polvere-300x217.jpg 300w, https:\/\/www.imab-concept.it\/wp-content\/uploads\/2026\/01\/anta_madeira_azzurro_polvere-400x289.jpg 400w, https:\/\/www.imab-concept.it\/wp-content\/uploads\/2026\/01\/anta_madeira_azzurro_polvere-600x433.jpg 600w, https:\/\/www.imab-concept.it\/wp-content\/uploads\/2026\/01\/anta_madeira_azzurro_polvere-768x555.jpg 768w, https:\/\/www.imab-concept.it\/wp-content\/uploads\/2026\/01\/anta_madeira_azzurro_polvere-800x578.jpg 800w, https:\/\/www.imab-concept.it\/wp-content\/uploads\/2026\/01\/anta_madeira_azzurro_polvere-1024x740.jpg 1024w, https:\/\/www.imab-concept.it\/wp-content\/uploads\/2026\/01\/anta_madeira_azzurro_polvere.jpg 1080w\" sizes=\"(max-width: 1080px) 100vw, 1080px\" \/><\/div><\/div><\/li><li class=\"fusion-carousel-item\"><div class=\"fusion-carousel-item-wrapper\"><div class=\"fusion-image-wrapper hover-type-none\"><img width=\"1080\" height=\"780\" src=\"https:\/\/www.imab-concept.it\/wp-content\/uploads\/2026\/01\/anta_madeira_nera_pensili.jpg\" class=\"attachment-full size-full\" alt=\"Anta madeira in legno Nero\" decoding=\"async\" srcset=\"https:\/\/www.imab-concept.it\/wp-content\/uploads\/2026\/01\/anta_madeira_nera_pensili-200x144.jpg 200w, https:\/\/www.imab-concept.it\/wp-content\/uploads\/2026\/01\/anta_madeira_nera_pensili-300x217.jpg 300w, https:\/\/www.imab-concept.it\/wp-content\/uploads\/2026\/01\/anta_madeira_nera_pensili-400x289.jpg 400w, https:\/\/www.imab-concept.it\/wp-content\/uploads\/2026\/01\/anta_madeira_nera_pensili-600x433.jpg 600w, https:\/\/www.imab-concept.it\/wp-content\/uploads\/2026\/01\/anta_madeira_nera_pensili-768x555.jpg 768w, https:\/\/www.imab-concept.it\/wp-content\/uploads\/2026\/01\/anta_madeira_nera_pensili-800x578.jpg 800w, https:\/\/www.imab-concept.it\/wp-content\/uploads\/2026\/01\/anta_madeira_nera_pensili-1024x740.jpg 1024w, https:\/\/www.imab-concept.it\/wp-content\/uploads\/2026\/01\/anta_madeira_nera_pensili.jpg 1080w\" sizes=\"(max-width: 1080px) 100vw, 1080px\" \/><\/div><\/div><\/li><li class=\"fusion-carousel-item\"><div class=\"fusion-carousel-item-wrapper\"><div class=\"fusion-image-wrapper hover-type-none\"><img width=\"1080\" height=\"780\" src=\"https:\/\/www.imab-concept.it\/wp-content\/uploads\/2026\/01\/anta_madeira_nera.jpg\" class=\"attachment-full size-full\" alt=\"Anta madeira in legno Nero\" decoding=\"async\" srcset=\"https:\/\/www.imab-concept.it\/wp-content\/uploads\/2026\/01\/anta_madeira_nera-200x144.jpg 200w, https:\/\/www.imab-concept.it\/wp-content\/uploads\/2026\/01\/anta_madeira_nera-300x217.jpg 300w, https:\/\/www.imab-concept.it\/wp-content\/uploads\/2026\/01\/anta_madeira_nera-400x289.jpg 400w, https:\/\/www.imab-concept.it\/wp-content\/uploads\/2026\/01\/anta_madeira_nera-600x433.jpg 600w, https:\/\/www.imab-concept.it\/wp-content\/uploads\/2026\/01\/anta_madeira_nera-768x555.jpg 768w, https:\/\/www.imab-concept.it\/wp-content\/uploads\/2026\/01\/anta_madeira_nera-800x578.jpg 800w, https:\/\/www.imab-concept.it\/wp-content\/uploads\/2026\/01\/anta_madeira_nera-1024x740.jpg 1024w, https:\/\/www.imab-concept.it\/wp-content\/uploads\/2026\/01\/anta_madeira_nera.jpg 1080w\" sizes=\"(max-width: 1080px) 100vw, 1080px\" \/><\/div><\/div><\/li><\/ul><div class=\"fusion-carousel-nav\"><span class=\"fusion-nav-prev\"><\/span><span class=\"fusion-nav-next\"><\/span><\/div><\/div><\/div><\/div><\/div><\/div><style type=\"text\/css\">.fusion-body .fusion-builder-column-1{width:100% !important;margin-top : 25px;margin-bottom : 25px;}.fusion-builder-column-1 > .fusion-column-wrapper {padding-top : 0px !important;padding-right : 0px !important;margin-right : 1.92%;padding-bottom : 0px !important;padding-left : 0px !important;margin-left : 1.92%;}@media only screen and (max-width:1024px) {.fusion-body .fusion-builder-column-1{width:100% !important;order : 0;}.fusion-builder-column-1 > .fusion-column-wrapper {margin-right : 1.92%;margin-left : 1.92%;}}@media only screen and (max-width:640px) {.fusion-body .fusion-builder-column-1{width:100% !important;order : 0;}.fusion-builder-column-1 > .fusion-column-wrapper {margin-right : 1.92%;margin-left : 1.92%;}}<\/style><\/div><style type=\"text\/css\">.fusion-body .fusion-flex-container.fusion-builder-row-2{ padding-top : 20px;margin-top : 0px;padding-right : 0px;padding-bottom : 20px;margin-bottom : 0px;padding-left : 0px;}<\/style><\/div><\/p>\n","protected":false},"excerpt":{"rendered":"","protected":false},"featured_media":0,"menu_order":0,"template":"","meta":[],"collezione":[246],"categoria_imab":[105],"yoast_head":"<!-- This site is optimized with the Yoast SEO plugin v20.10 - https:\/\/yoast.com\/wordpress\/plugins\/seo\/ -->\n<title>Cucine modello Madeira - IMAB Concept<\/title>\n<meta name=\"description\" content=\"Scopri come personalizzare il tuo modello di cucina grazie alle nostre finiture e ai tanti nostri accessori. Rendila unica!\" \/>\n<meta name=\"robots\" content=\"index, follow, max-snippet:-1, max-image-preview:large, max-video-preview:-1\" \/>\n<link rel=\"canonical\" href=\"https:\/\/www.imab-concept.it\/fr\/collection\/galatea-fr\/madeira\/\" \/>\n<meta property=\"og:locale\" content=\"fr_FR\" \/>\n<meta property=\"og:type\" content=\"article\" \/>\n<meta property=\"og:title\" content=\"Cucine modello Madeira - IMAB Concept\" \/>\n<meta property=\"og:description\" content=\"Scopri come personalizzare il tuo modello di cucina grazie alle nostre finiture e ai tanti nostri accessori. Rendila unica!\" \/>\n<meta property=\"og:url\" content=\"https:\/\/www.imab-concept.it\/fr\/collection\/galatea-fr\/madeira\/\" \/>\n<meta property=\"og:site_name\" content=\"IMAB Concept\" \/>\n<meta property=\"article:modified_time\" content=\"2026-02-05T14:13:26+00:00\" \/>\n<meta name=\"twitter:label1\" content=\"Est. reading time\" \/>\n\t<meta name=\"twitter:data1\" content=\"3 minutes\" \/>\n<script type=\"application\/ld+json\" class=\"yoast-schema-graph\">{\"@context\":\"https:\/\/schema.org\",\"@graph\":[{\"@type\":\"WebPage\",\"@id\":\"https:\/\/www.imab-concept.it\/fr\/collection\/galatea-fr\/madeira\/\",\"url\":\"https:\/\/www.imab-concept.it\/fr\/collection\/galatea-fr\/madeira\/\",\"name\":\"Cucine modello Madeira - IMAB Concept\",\"isPartOf\":{\"@id\":\"https:\/\/www.imab-concept.it\/#website\"},\"datePublished\":\"2026-01-15T09:50:23+00:00\",\"dateModified\":\"2026-02-05T14:13:26+00:00\",\"description\":\"Scopri come personalizzare il tuo modello di cucina grazie alle nostre finiture e ai tanti nostri accessori. Rendila unica!\",\"breadcrumb\":{\"@id\":\"https:\/\/www.imab-concept.it\/fr\/collection\/galatea-fr\/madeira\/#breadcrumb\"},\"inLanguage\":\"fr-FR\",\"potentialAction\":[{\"@type\":\"ReadAction\",\"target\":[\"https:\/\/www.imab-concept.it\/fr\/collection\/galatea-fr\/madeira\/\"]}]},{\"@type\":\"BreadcrumbList\",\"@id\":\"https:\/\/www.imab-concept.it\/fr\/collection\/galatea-fr\/madeira\/#breadcrumb\",\"itemListElement\":[{\"@type\":\"ListItem\",\"position\":1,\"name\":\"Home\",\"item\":\"https:\/\/www.imab-concept.it\/fr\/\"},{\"@type\":\"ListItem\",\"position\":2,\"name\":\"Prodotti Imab\",\"item\":\"https:\/\/www.imab-concept.it\/collezione\/%collezione%\/\"},{\"@type\":\"ListItem\",\"position\":3,\"name\":\"Madeira\"}]},{\"@type\":\"WebSite\",\"@id\":\"https:\/\/www.imab-concept.it\/#website\",\"url\":\"https:\/\/www.imab-concept.it\/\",\"name\":\"IMAB Concept\",\"description\":\"Arrediamo con passione\",\"potentialAction\":[{\"@type\":\"SearchAction\",\"target\":{\"@type\":\"EntryPoint\",\"urlTemplate\":\"https:\/\/www.imab-concept.it\/?s={search_term_string}\"},\"query-input\":\"required name=search_term_string\"}],\"inLanguage\":\"fr-FR\"}]}<\/script>\n<!-- \/ Yoast SEO plugin. -->","yoast_head_json":{"title":"Cucine modello Madeira - IMAB Concept","description":"Scopri come personalizzare il tuo modello di cucina grazie alle nostre finiture e ai tanti nostri accessori. Rendila unica!","robots":{"index":"index","follow":"follow","max-snippet":"max-snippet:-1","max-image-preview":"max-image-preview:large","max-video-preview":"max-video-preview:-1"},"canonical":"https:\/\/www.imab-concept.it\/fr\/collection\/galatea-fr\/madeira\/","og_locale":"fr_FR","og_type":"article","og_title":"Cucine modello Madeira - IMAB Concept","og_description":"Scopri come personalizzare il tuo modello di cucina grazie alle nostre finiture e ai tanti nostri accessori. Rendila unica!","og_url":"https:\/\/www.imab-concept.it\/fr\/collection\/galatea-fr\/madeira\/","og_site_name":"IMAB Concept","article_modified_time":"2026-02-05T14:13:26+00:00","twitter_misc":{"Est. reading time":"3 minutes"},"schema":{"@context":"https:\/\/schema.org","@graph":[{"@type":"WebPage","@id":"https:\/\/www.imab-concept.it\/fr\/collection\/galatea-fr\/madeira\/","url":"https:\/\/www.imab-concept.it\/fr\/collection\/galatea-fr\/madeira\/","name":"Cucine modello Madeira - IMAB Concept","isPartOf":{"@id":"https:\/\/www.imab-concept.it\/#website"},"datePublished":"2026-01-15T09:50:23+00:00","dateModified":"2026-02-05T14:13:26+00:00","description":"Scopri come personalizzare il tuo modello di cucina grazie alle nostre finiture e ai tanti nostri accessori. Rendila unica!","breadcrumb":{"@id":"https:\/\/www.imab-concept.it\/fr\/collection\/galatea-fr\/madeira\/#breadcrumb"},"inLanguage":"fr-FR","potentialAction":[{"@type":"ReadAction","target":["https:\/\/www.imab-concept.it\/fr\/collection\/galatea-fr\/madeira\/"]}]},{"@type":"BreadcrumbList","@id":"https:\/\/www.imab-concept.it\/fr\/collection\/galatea-fr\/madeira\/#breadcrumb","itemListElement":[{"@type":"ListItem","position":1,"name":"Home","item":"https:\/\/www.imab-concept.it\/fr\/"},{"@type":"ListItem","position":2,"name":"Prodotti Imab","item":"https:\/\/www.imab-concept.it\/collezione\/%collezione%\/"},{"@type":"ListItem","position":3,"name":"Madeira"}]},{"@type":"WebSite","@id":"https:\/\/www.imab-concept.it\/#website","url":"https:\/\/www.imab-concept.it\/","name":"IMAB Concept","description":"Arrediamo con passione","potentialAction":[{"@type":"SearchAction","target":{"@type":"EntryPoint","urlTemplate":"https:\/\/www.imab-concept.it\/?s={search_term_string}"},"query-input":"required name=search_term_string"}],"inLanguage":"fr-FR"}]}},"_links":{"self":[{"href":"https:\/\/www.imab-concept.it\/fr\/wp-json\/wp\/v2\/cucine\/19612"}],"collection":[{"href":"https:\/\/www.imab-concept.it\/fr\/wp-json\/wp\/v2\/cucine"}],"about":[{"href":"https:\/\/www.imab-concept.it\/fr\/wp-json\/wp\/v2\/types\/cucine"}],"version-history":[{"count":2,"href":"https:\/\/www.imab-concept.it\/fr\/wp-json\/wp\/v2\/cucine\/19612\/revisions"}],"predecessor-version":[{"id":19616,"href":"https:\/\/www.imab-concept.it\/fr\/wp-json\/wp\/v2\/cucine\/19612\/revisions\/19616"}],"wp:attachment":[{"href":"https:\/\/www.imab-concept.it\/fr\/wp-json\/wp\/v2\/media?parent=19612"}],"wp:term":[{"taxonomy":"collezione","embeddable":true,"href":"https:\/\/www.imab-concept.it\/fr\/wp-json\/wp\/v2\/collezione?post=19612"},{"taxonomy":"categoria_imab","embeddable":true,"href":"https:\/\/www.imab-concept.it\/fr\/wp-json\/wp\/v2\/categoria_imab?post=19612"}],"curies":[{"name":"wp","href":"https:\/\/api.w.org\/{rel}","templated":true}]}}