{"id":17018,"date":"2020-10-06T15:31:25","date_gmt":"2020-10-06T13:31:25","guid":{"rendered":"https:\/\/www.imab-concept.it\/muebles-de-dormitorio\/gruppi\/"},"modified":"2026-01-13T11:59:14","modified_gmt":"2026-01-13T10:59:14","slug":"conjuntos","status":"publish","type":"page","link":"https:\/\/www.imab-concept.it\/es\/muebles-de-dormitorio\/conjuntos\/","title":{"rendered":"Conjuntos"},"content":{"rendered":"<p><div class=\"fusion-fullwidth fullwidth-box fusion-builder-row-1 fusion-flex-container hundred-percent-fullwidth non-hundred-percent-height-scrolling\" style=\"background-color: rgba(255,255,255,0);background-position: center center;background-repeat: no-repeat;border-width: 0px 0px 0px 0px;border-color:#eae9e9;border-style:solid;\" ><div class=\"fusion-builder-row fusion-row fusion-flex-align-items-flex-start\" style=\"width:104% !important;max-width:104% !important;margin-left: calc(-4% \/ 2 );margin-right: calc(-4% \/ 2 );\"><div class=\"fusion-layout-column fusion_builder_column fusion-builder-column-0 fusion_builder_column_1_1 1_1 fusion-flex-column\"><div class=\"fusion-column-wrapper fusion-flex-justify-content-flex-start fusion-content-layout-column\" style=\"background-position:left top;background-repeat:no-repeat;-webkit-background-size:cover;-moz-background-size:cover;-o-background-size:cover;background-size:cover;padding: 0px 0px 0px 0px;\"><div class=\"fusion-slider-sc\"><div class=\"fusion-flexslider-loading flexslider flexslider-hover-type-none\" data-slideshow_autoplay=\"0\" data-slideshow_smooth_height=\"0\" data-slideshow_speed=\"3000\" style=\"max-width:100%;height:100%;\"><ul class=\"slides\"><li class=\"image\"><span class=\"fusion-image-hover-element hover-type-none\"><img decoding=\"async\" src=\"https:\/\/www.imab-concept.it\/wp-content\/uploads\/2024\/06\/gruppi_imab_concept_desktop2.jpg\" width=\"2560\" height=\"900\" class=\"wp-image-12562\" srcset=\"https:\/\/www.imab-concept.it\/wp-content\/uploads\/2024\/06\/gruppi_imab_concept_desktop2-200x70.jpg 200w, https:\/\/www.imab-concept.it\/wp-content\/uploads\/2024\/06\/gruppi_imab_concept_desktop2-400x141.jpg 400w, https:\/\/www.imab-concept.it\/wp-content\/uploads\/2024\/06\/gruppi_imab_concept_desktop2-600x211.jpg 600w, https:\/\/www.imab-concept.it\/wp-content\/uploads\/2024\/06\/gruppi_imab_concept_desktop2-800x281.jpg 800w, https:\/\/www.imab-concept.it\/wp-content\/uploads\/2024\/06\/gruppi_imab_concept_desktop2-1200x422.jpg 1200w, https:\/\/www.imab-concept.it\/wp-content\/uploads\/2024\/06\/gruppi_imab_concept_desktop2.jpg 2560w\" sizes=\"(max-width: 1024px) 100vw, (max-width: 640px) 100vw, 2560px\" \/><\/span><\/li><\/ul><\/div><\/div><\/div><\/div><style type=\"text\/css\">.fusion-body .fusion-builder-column-0{width:100% !important;margin-top : 0px;margin-bottom : 0px;}.fusion-builder-column-0 > .fusion-column-wrapper {padding-top : 0px !important;padding-right : 0px !important;margin-right : 1.92%;padding-bottom : 0px !important;padding-left : 0px !important;margin-left : 1.92%;}@media only screen and (max-width:1024px) {.fusion-body .fusion-builder-column-0{width:100% !important;order : 0;}.fusion-builder-column-0 > .fusion-column-wrapper {margin-right : 1.92%;margin-left : 1.92%;}}@media only screen and (max-width:640px) {.fusion-body .fusion-builder-column-0{width:100% !important;order : 0;}.fusion-builder-column-0 > .fusion-column-wrapper {margin-right : 1.92%;margin-left : 1.92%;}}<\/style><\/div><style type=\"text\/css\">.fusion-body .fusion-flex-container.fusion-builder-row-1{ padding-top : 0px;margin-top : 0px;padding-right : 0px;padding-bottom : 0px;margin-bottom : 0px;padding-left : 0px;}<\/style><\/div><div class=\"fusion-fullwidth fullwidth-box fusion-builder-row-2 fusion-flex-container nonhundred-percent-fullwidth non-hundred-percent-height-scrolling fusion-animated\" style=\"background-color: rgba(255,255,255,0);background-position: center bottom;background-repeat: no-repeat;border-width: 0px 0px 0px 0px;border-color:#eae9e9;border-style:solid;\" data-animationType=\"fadeInUp\" data-animationDuration=\"0.3\" data-animationOffset=\"100%\" ><div class=\"fusion-builder-row fusion-row fusion-flex-align-items-flex-start fusion-flex-justify-content-center\" style=\"max-width:1445.6px;margin-left: calc(-4% \/ 2 );margin-right: calc(-4% \/ 2 );\"><div class=\"fusion-layout-column fusion_builder_column fusion-builder-column-1 fusion_builder_column_2_5 2_5 fusion-flex-column\"><div class=\"fusion-column-wrapper fusion-flex-justify-content-flex-start fusion-content-layout-column\" style=\"background-position:left top;background-repeat:no-repeat;-webkit-background-size:cover;-moz-background-size:cover;-o-background-size:cover;background-size:cover;padding: 0px 0px 0px 0px;\"><style type=\"text\/css\">@media only screen and (max-width:1024px) {.fusion-title.fusion-title-1{margin-top:8px!important;margin-bottom:16px!important;}}@media only screen and (max-width:640px) {.fusion-title.fusion-title-1{margin-top:8px!important;margin-bottom:16px!important;}}<\/style><div class=\"fusion-title title fusion-title-1 fusion-sep-none fusion-title-text fusion-title-size-two\" style=\"margin-top:8px;margin-bottom:16px;\"><h2 class=\"title-heading-left\" style=\"margin:0;\">Conjuntos<\/h2><\/div><\/div><\/div><style type=\"text\/css\">.fusion-body .fusion-builder-column-1{width:40% !important;margin-top : 25px;margin-bottom : 25px;}.fusion-builder-column-1 > .fusion-column-wrapper {padding-top : 0px !important;padding-right : 0px !important;margin-right : 4.8%;padding-bottom : 0px !important;padding-left : 0px !important;margin-left : 4.8%;}@media only screen and (max-width:1024px) {.fusion-body .fusion-builder-column-1{width:100% !important;order : 0;}.fusion-builder-column-1 > .fusion-column-wrapper {padding-right : 0% !important;margin-right : 0%;padding-left : 0% !important;margin-left : 0%;}}@media only screen and (max-width:640px) {.fusion-body .fusion-builder-column-1{width:100% !important;order : 0;margin-top : 0px;margin-bottom : 0px;}.fusion-builder-column-1 > .fusion-column-wrapper {padding-top : 0px !important;margin-right : 1.92%;padding-bottom : 0px !important;margin-left : 1.92%;}}<\/style><div class=\"fusion-layout-column fusion_builder_column fusion-builder-column-2 fusion_builder_column_3_5 3_5 fusion-flex-column fusion-animated\" data-animationType=\"fadeIn\" data-animationDuration=\"0.8\" data-animationOffset=\"100%\"><div class=\"fusion-column-wrapper fusion-flex-justify-content-flex-start fusion-content-layout-column\" style=\"background-position:left top;background-repeat:no-repeat;-webkit-background-size:cover;-moz-background-size:cover;-o-background-size:cover;background-size:cover;padding: 0px 3% 0px 0px;\"><div class=\"fusion-builder-row fusion-builder-row-inner fusion-row fusion-flex-align-items-flex-start fusion-flex-justify-content-center\" style=\"width:104% !important;max-width:104% !important;margin-left: calc(-4% \/ 2 );margin-right: calc(-4% \/ 2 );\"><div class=\"fusion-layout-column fusion_builder_column_inner fusion-builder-nested-column-0 fusion_builder_column_inner_1_1 1_1 fusion-flex-column fusion-flex-align-self-flex-start\"><div class=\"fusion-column-wrapper fusion-flex-justify-content-center fusion-content-layout-column\" style=\"background-position:left top;background-repeat:no-repeat;-webkit-background-size:cover;-moz-background-size:cover;-o-background-size:cover;background-size:cover;padding: 0px 0px 0px 0px;\"><div class=\"fusion-text fusion-text-1\" style=\"text-align:left;transform:translate3d(0,0,0);\"><p style=\"text-align: left;\"><strong>Elementos de almacenamiento indispensables con un dise\u00f1o elegante y din\u00e1mico.<\/strong><\/p>\n<p style=\"text-align: left;\">Para completar el mobiliario del dormitorio, hemos creado una l\u00ednea de accesorios que hacen del dormitorio un espacio vivo. Adem\u00e1s de en la funci\u00f3n est\u00e9tica, hemos pensado en la funci\u00f3n pr\u00e1ctica y de almacenaje, dise\u00f1ando una selecci\u00f3n de c\u00f3modas, mesillas y sinfoniers a juego con un dise\u00f1o en el que las formas y los colores son los aut\u00e9nticos protagonistas del dormitorio. Los detalles estructurales, como los tiradores y la geometr\u00eda, se pueden personalizar con diferentes efectos y colores: texturizados, madera y espatulados, as\u00ed como con numerosos matices que se pueden elegir entre acabados lacados y melam\u00ednicos.<\/p>\n<\/div><\/div><\/div><style type=\"text\/css\">.fusion-body .fusion-builder-nested-column-0{width:100% !important;margin-top : 20px;margin-bottom : 20px;}.fusion-builder-nested-column-0 > .fusion-column-wrapper {padding-top : 0px !important;padding-right : 0px !important;margin-right : 2.304%;padding-bottom : 0px !important;padding-left : 0px !important;margin-left : 1.92%;}@media only screen and (max-width:1024px) {.fusion-body .fusion-builder-nested-column-0{width:100% !important;order : 0;margin-top : 0%;}.fusion-builder-nested-column-0 > .fusion-column-wrapper {margin-right : 2.304%;margin-left : 1.92%;}}@media only screen and (max-width:640px) {.fusion-body .fusion-builder-nested-column-0{width:100% !important;order : 0;}.fusion-builder-nested-column-0 > .fusion-column-wrapper {margin-right : 2.304%;margin-left : 1.92%;}}<\/style><\/div><\/div><\/div><style type=\"text\/css\">.fusion-body .fusion-builder-column-2{width:60% !important;margin-top : 25px;margin-bottom : 5px;}.fusion-builder-column-2 > .fusion-column-wrapper {padding-top : 0px !important;padding-right : 3% !important;margin-right : 0%;padding-bottom : 0px !important;padding-left : 0px !important;margin-left : 3.2%;}@media only screen and (max-width:1024px) {.fusion-body .fusion-builder-column-2{width:100% !important;order : 0;margin-top : 0%;margin-bottom : 0%;}.fusion-builder-column-2 > .fusion-column-wrapper {padding-right : 0% !important;margin-right : 0%;padding-left : 0% !important;margin-left : 0%;}}@media only screen and (max-width:640px) {.fusion-body .fusion-builder-column-2{width:100% !important;order : 0;margin-bottom : 0%;}.fusion-builder-column-2 > .fusion-column-wrapper {margin-right : 1.92%;margin-left : 1.92%;}}<\/style><\/div><style type=\"text\/css\">.fusion-body .fusion-flex-container.fusion-builder-row-2{ padding-top : 0px;margin-top : 0px;padding-right : 0px;padding-bottom : 4%;margin-bottom : 0px;padding-left : 0px;}@media only screen and (max-width:1024px) {.fusion-body .fusion-flex-container.fusion-builder-row-2{ padding-top : 0;}}<\/style><\/div><div class=\"fusion-fullwidth fullwidth-box fusion-builder-row-3 fusion-flex-container nonhundred-percent-fullwidth non-hundred-percent-height-scrolling\" style=\"background-color: rgba(255,255,255,0);background-position: center center;background-repeat: no-repeat;border-width: 0px 0px 0px 0px;border-color:#eae9e9;border-style:solid;\" ><div class=\"fusion-builder-row fusion-row fusion-flex-align-items-stretch\" style=\"max-width:1445.6px;margin-left: calc(-4% \/ 2 );margin-right: calc(-4% \/ 2 );\"><div class=\"fusion-layout-column fusion_builder_column fusion-builder-column-3 fusion_builder_column_1_2 1_2 fusion-flex-column fusion-animated\" data-animationType=\"fadeInUp\" data-animationDuration=\"0.3\" data-animationOffset=\"100%\"><div class=\"fusion-column-wrapper fusion-flex-justify-content-flex-start fusion-content-layout-column\" style=\"background-position:left top;background-repeat:no-repeat;-webkit-background-size:cover;-moz-background-size:cover;-o-background-size:cover;background-size:cover;padding: 0px 0px 0px 0px;\"><div ><span class=\" fusion-imageframe imageframe-none imageframe-1 hover-type-zoomin\" style=\"margin-bottom:4%;\"><a href=\"https:\/\/www.imab-concept.it\/wp-content\/uploads\/2021\/12\/bob-A.jpg\" class=\"fusion-lightbox\" data-rel=\"iLightbox[bob]\" data-title=\"bob-A\" title=\"minerva_imab_concept\"><img decoding=\"async\" width=\"650\" height=\"470\" src=\"https:\/\/www.imab-concept.it\/wp-content\/uploads\/2024\/09\/minerva_imab_concept.jpg\" class=\"img-responsive wp-image-17611\" srcset=\"https:\/\/www.imab-concept.it\/wp-content\/uploads\/2024\/09\/minerva_imab_concept-200x145.jpg 200w, https:\/\/www.imab-concept.it\/wp-content\/uploads\/2024\/09\/minerva_imab_concept-400x289.jpg 400w, https:\/\/www.imab-concept.it\/wp-content\/uploads\/2024\/09\/minerva_imab_concept-600x434.jpg 600w, https:\/\/www.imab-concept.it\/wp-content\/uploads\/2024\/09\/minerva_imab_concept.jpg 650w\" sizes=\"(max-width: 1024px) 100vw, (max-width: 640px) 100vw, 650px\" \/><\/a><\/span><\/div><style type=\"text\/css\">@media only screen and (max-width:1024px) {.fusion-title.fusion-title-2{margin-top:8px!important;margin-bottom:16px!important;}}@media only screen and (max-width:640px) {.fusion-title.fusion-title-2{margin-top:8px!important;margin-bottom:16px!important;}}<\/style><div class=\"fusion-title title fusion-title-2 fusion-sep-none fusion-title-text fusion-title-size-three\" style=\"margin-top:8px;margin-bottom:16px;\"><h3 class=\"title-heading-left\" style=\"margin:0;\">Minerva<\/h3><\/div><div class=\"fusion-text fusion-text-2\" style=\"transform:translate3d(0,0,0);\"><p>El lat\u00f3n del marco y los tiradores subraya la linealidad y la limpieza del grupo Minerva. El juego de vac\u00edos en su base aligera el estilo de la habitaci\u00f3n, d\u00e1ndole un efecto moderno y luminoso.<\/p>\n<\/div><div ><style type=\"text\/css\">.fusion-button.button-1 {border-radius:50px;}<\/style><a class=\"fusion-button button-flat fusion-button-default-size button-default button-1 fusion-button-default-span fusion-button-default-type button_cucine\" target=\"_self\" href=\"https:\/\/www.imab-concept.it\/es\/collezione\/conjuntos-y-camas-es\/minerva\/\"><span class=\"fusion-button-text\">DESCUBRE EL MODELO MINERVA<\/span><\/a><\/div><\/div><\/div><style type=\"text\/css\">.fusion-body .fusion-builder-column-3{width:50% !important;margin-top : 25px;margin-bottom : 25px;}.fusion-builder-column-3 > .fusion-column-wrapper {padding-top : 0px !important;padding-right : 0px !important;margin-right : 3.84%;padding-bottom : 0px !important;padding-left : 0px !important;margin-left : 3.84%;}@media only screen and (max-width:1024px) {.fusion-body .fusion-builder-column-3{width:50% !important;order : 0;}.fusion-builder-column-3 > .fusion-column-wrapper {margin-right : 3.84%;margin-left : 3.84%;}}@media only screen and (max-width:640px) {.fusion-body .fusion-builder-column-3{width:100% !important;order : 0;}.fusion-builder-column-3 > .fusion-column-wrapper {margin-right : 1.92%;margin-left : 1.92%;}}<\/style><div class=\"fusion-layout-column fusion_builder_column fusion-builder-column-4 fusion_builder_column_1_2 1_2 fusion-flex-column fusion-animated\" data-animationType=\"fadeInUp\" data-animationDuration=\"0.3\" data-animationOffset=\"100%\"><div class=\"fusion-column-wrapper fusion-flex-justify-content-flex-start fusion-content-layout-column\" style=\"background-position:left top;background-repeat:no-repeat;-webkit-background-size:cover;-moz-background-size:cover;-o-background-size:cover;background-size:cover;padding: 0px 0px 0px 0px;\"><div ><span class=\" fusion-imageframe imageframe-none imageframe-2 hover-type-zoomin\" style=\"margin-bottom:4%;\"><a href=\"https:\/\/www.imab-concept.it\/wp-content\/uploads\/2021\/12\/bob-A.jpg\" class=\"fusion-lightbox\" data-rel=\"iLightbox[bob]\" data-title=\"bob-A\" title=\"elio_imab_concept\"><img decoding=\"async\" width=\"650\" height=\"470\" src=\"https:\/\/www.imab-concept.it\/wp-content\/uploads\/2024\/09\/elio_imab_concept.jpg\" class=\"img-responsive wp-image-17606\" srcset=\"https:\/\/www.imab-concept.it\/wp-content\/uploads\/2024\/09\/elio_imab_concept-200x145.jpg 200w, https:\/\/www.imab-concept.it\/wp-content\/uploads\/2024\/09\/elio_imab_concept-400x289.jpg 400w, https:\/\/www.imab-concept.it\/wp-content\/uploads\/2024\/09\/elio_imab_concept-600x434.jpg 600w, https:\/\/www.imab-concept.it\/wp-content\/uploads\/2024\/09\/elio_imab_concept.jpg 650w\" sizes=\"(max-width: 1024px) 100vw, (max-width: 640px) 100vw, 650px\" \/><\/a><\/span><\/div><style type=\"text\/css\">@media only screen and (max-width:1024px) {.fusion-title.fusion-title-3{margin-top:8px!important;margin-bottom:16px!important;}}@media only screen and (max-width:640px) {.fusion-title.fusion-title-3{margin-top:8px!important;margin-bottom:16px!important;}}<\/style><div class=\"fusion-title title fusion-title-3 fusion-sep-none fusion-title-text fusion-title-size-three\" style=\"margin-top:8px;margin-bottom:16px;\"><h3 class=\"title-heading-left\" style=\"margin:0;\">Elio<\/h3><\/div><div class=\"fusion-text fusion-text-3\" style=\"transform:translate3d(0,0,0);\"><p>El conjunto de dormitorio Elio, con su gola pronunciada disponible en varias esencias de madera, es la idea de almacenaje perfecta para dar un toque de estilo a la habitaci\u00f3n. Es posible jugar con la combinaci\u00f3n de los distintos acabados disponibles para conseguir un ambiente a\u00fan m\u00e1s personalizado.<\/p>\n<\/div><div ><style type=\"text\/css\">.fusion-button.button-2 {border-radius:50px;}<\/style><a class=\"fusion-button button-flat fusion-button-default-size button-default button-2 fusion-button-default-span fusion-button-default-type button_cucine\" target=\"_self\" href=\"https:\/\/www.imab-concept.it\/es\/collezione\/conjuntos-y-camas-es\/elio\/\"><span class=\"fusion-button-text\">DESCUBRE EL MODELO ELIO<\/span><\/a><\/div><\/div><\/div><style type=\"text\/css\">.fusion-body .fusion-builder-column-4{width:50% !important;margin-top : 25px;margin-bottom : 25px;}.fusion-builder-column-4 > .fusion-column-wrapper {padding-top : 0px !important;padding-right : 0px !important;margin-right : 3.84%;padding-bottom : 0px !important;padding-left : 0px !important;margin-left : 3.84%;}@media only screen and (max-width:1024px) {.fusion-body .fusion-builder-column-4{width:50% !important;order : 0;}.fusion-builder-column-4 > .fusion-column-wrapper {margin-right : 3.84%;margin-left : 3.84%;}}@media only screen and (max-width:640px) {.fusion-body .fusion-builder-column-4{width:100% !important;order : 0;}.fusion-builder-column-4 > .fusion-column-wrapper {margin-right : 1.92%;margin-left : 1.92%;}}<\/style><div class=\"fusion-layout-column fusion_builder_column fusion-builder-column-5 fusion_builder_column_1_2 1_2 fusion-flex-column fusion-animated\" data-animationType=\"fadeInUp\" data-animationDuration=\"0.3\" data-animationOffset=\"100%\"><div class=\"fusion-column-wrapper fusion-flex-justify-content-flex-start fusion-content-layout-column\" style=\"background-position:left top;background-repeat:no-repeat;-webkit-background-size:cover;-moz-background-size:cover;-o-background-size:cover;background-size:cover;padding: 0px 0px 0px 0px;\"><div ><span class=\" fusion-imageframe imageframe-none imageframe-3 hover-type-zoomin\" style=\"margin-bottom:4%;\"><a href=\"https:\/\/www.imab-concept.it\/wp-content\/uploads\/2021\/12\/bob-A.jpg\" class=\"fusion-lightbox\" data-rel=\"iLightbox[bob]\" data-title=\"bob-A\" title=\"diana_imab_concept\"><img decoding=\"async\" width=\"650\" height=\"470\" src=\"https:\/\/www.imab-concept.it\/wp-content\/uploads\/2024\/09\/diana_imab_concept.jpg\" class=\"img-responsive wp-image-17602\" srcset=\"https:\/\/www.imab-concept.it\/wp-content\/uploads\/2024\/09\/diana_imab_concept-200x145.jpg 200w, https:\/\/www.imab-concept.it\/wp-content\/uploads\/2024\/09\/diana_imab_concept-400x289.jpg 400w, https:\/\/www.imab-concept.it\/wp-content\/uploads\/2024\/09\/diana_imab_concept-600x434.jpg 600w, https:\/\/www.imab-concept.it\/wp-content\/uploads\/2024\/09\/diana_imab_concept.jpg 650w\" sizes=\"(max-width: 1024px) 100vw, (max-width: 640px) 100vw, 650px\" \/><\/a><\/span><\/div><style type=\"text\/css\">@media only screen and (max-width:1024px) {.fusion-title.fusion-title-4{margin-top:8px!important;margin-bottom:16px!important;}}@media only screen and (max-width:640px) {.fusion-title.fusion-title-4{margin-top:8px!important;margin-bottom:16px!important;}}<\/style><div class=\"fusion-title title fusion-title-4 fusion-sep-none fusion-title-text fusion-title-size-three\" style=\"margin-top:8px;margin-bottom:16px;\"><h3 class=\"title-heading-left\" style=\"margin:0;\">Diana<\/h3><\/div><div class=\"fusion-text fusion-text-4\" style=\"transform:translate3d(0,0,0);\"><p>La combinaci\u00f3n de dos materiales naturales, como la madera y el cristal, da lugar a un conjunto de dormitorios sofisticado y elegante. El espacio vac\u00edo creado por el juego de alturas entre los laterales y la estructura realza la est\u00e9tica del grupo. La encimera de cristal elevada crea un espacio dual de estante y refelexi\u00f3n.<\/p>\n<\/div><div ><style type=\"text\/css\">.fusion-button.button-3 {border-radius:50px;}<\/style><a class=\"fusion-button button-flat fusion-button-default-size button-default button-3 fusion-button-default-span fusion-button-default-type button_cucine\" target=\"_self\" href=\"https:\/\/www.imab-concept.it\/es\/collezione\/conjuntos-y-camas-es\/diana\/\"><span class=\"fusion-button-text\">DESCUBRE EL MODELO DIANA<\/span><\/a><\/div><\/div><\/div><style type=\"text\/css\">.fusion-body .fusion-builder-column-5{width:50% !important;margin-top : 25px;margin-bottom : 25px;}.fusion-builder-column-5 > .fusion-column-wrapper {padding-top : 0px !important;padding-right : 0px !important;margin-right : 3.84%;padding-bottom : 0px !important;padding-left : 0px !important;margin-left : 3.84%;}@media only screen and (max-width:1024px) {.fusion-body .fusion-builder-column-5{width:50% !important;order : 0;}.fusion-builder-column-5 > .fusion-column-wrapper {margin-right : 3.84%;margin-left : 3.84%;}}@media only screen and (max-width:640px) {.fusion-body .fusion-builder-column-5{width:100% !important;order : 0;}.fusion-builder-column-5 > .fusion-column-wrapper {margin-right : 1.92%;margin-left : 1.92%;}}<\/style><div class=\"fusion-layout-column fusion_builder_column fusion-builder-column-6 fusion_builder_column_1_2 1_2 fusion-flex-column fusion-animated\" data-animationType=\"fadeInUp\" data-animationDuration=\"0.3\" data-animationOffset=\"100%\"><div class=\"fusion-column-wrapper fusion-flex-justify-content-flex-start fusion-content-layout-column\" style=\"background-position:left top;background-repeat:no-repeat;-webkit-background-size:cover;-moz-background-size:cover;-o-background-size:cover;background-size:cover;padding: 0px 0px 0px 0px;\"><div ><span class=\" fusion-imageframe imageframe-none imageframe-4 hover-type-zoomin\" style=\"margin-bottom:4%;\"><a href=\"https:\/\/www.imab-concept.it\/wp-content\/uploads\/2021\/12\/bob-A.jpg\" class=\"fusion-lightbox\" data-rel=\"iLightbox[bob]\" data-title=\"bob-A\" title=\"bob-A\"><img decoding=\"async\" width=\"650\" height=\"470\" src=\"https:\/\/www.imab-concept.it\/wp-content\/uploads\/2021\/12\/bob-A.jpg\" class=\"img-responsive wp-image-15303\" srcset=\"https:\/\/www.imab-concept.it\/wp-content\/uploads\/2021\/12\/bob-A-200x145.jpg 200w, https:\/\/www.imab-concept.it\/wp-content\/uploads\/2021\/12\/bob-A-400x289.jpg 400w, https:\/\/www.imab-concept.it\/wp-content\/uploads\/2021\/12\/bob-A-600x434.jpg 600w, https:\/\/www.imab-concept.it\/wp-content\/uploads\/2021\/12\/bob-A.jpg 650w\" sizes=\"(max-width: 1024px) 100vw, (max-width: 640px) 100vw, 650px\" \/><\/a><\/span><\/div><style type=\"text\/css\">@media only screen and (max-width:1024px) {.fusion-title.fusion-title-5{margin-top:8px!important;margin-bottom:16px!important;}}@media only screen and (max-width:640px) {.fusion-title.fusion-title-5{margin-top:8px!important;margin-bottom:16px!important;}}<\/style><div class=\"fusion-title title fusion-title-5 fusion-sep-none fusion-title-text fusion-title-size-three\" style=\"margin-top:8px;margin-bottom:16px;\"><h3 class=\"title-heading-left\" style=\"margin:0;\">Bob<\/h3><\/div><div class=\"fusion-text fusion-text-5\" style=\"transform:translate3d(0,0,0);\"><p>Cl\u00e1sico, pero de car\u00e1cter: la elegancia del mobiliario Bob no pasa ciertamente inobservada en el dormitorio.<\/p>\n<\/div><div ><style type=\"text\/css\">.fusion-button.button-4 {border-radius:50px;}<\/style><a class=\"fusion-button button-flat fusion-button-default-size button-default button-4 fusion-button-default-span fusion-button-default-type button_cucine\" target=\"_self\" href=\"https:\/\/www.imab-concept.it\/es\/collezione\/conjuntos-y-camas-es\/bob\/\"><span class=\"fusion-button-text\">DESCUBRE EL MODELO BOB<\/span><\/a><\/div><\/div><\/div><style type=\"text\/css\">.fusion-body .fusion-builder-column-6{width:50% !important;margin-top : 25px;margin-bottom : 25px;}.fusion-builder-column-6 > .fusion-column-wrapper {padding-top : 0px !important;padding-right : 0px !important;margin-right : 3.84%;padding-bottom : 0px !important;padding-left : 0px !important;margin-left : 3.84%;}@media only screen and (max-width:1024px) {.fusion-body .fusion-builder-column-6{width:50% !important;order : 0;}.fusion-builder-column-6 > .fusion-column-wrapper {margin-right : 3.84%;margin-left : 3.84%;}}@media only screen and (max-width:640px) {.fusion-body .fusion-builder-column-6{width:100% !important;order : 0;}.fusion-builder-column-6 > .fusion-column-wrapper {margin-right : 1.92%;margin-left : 1.92%;}}<\/style><div class=\"fusion-layout-column fusion_builder_column fusion-builder-column-7 fusion_builder_column_1_2 1_2 fusion-flex-column fusion-animated\" data-animationType=\"fadeInUp\" data-animationDuration=\"0.3\" data-animationOffset=\"100%\"><div class=\"fusion-column-wrapper fusion-flex-justify-content-flex-start fusion-content-layout-column\" style=\"background-position:left top;background-repeat:no-repeat;-webkit-background-size:cover;-moz-background-size:cover;-o-background-size:cover;background-size:cover;padding: 0px 0px 0px 0px;\"><div ><span class=\" fusion-imageframe imageframe-none imageframe-5 hover-type-zoomin\" style=\"margin-bottom:4%;\"><a href=\"https:\/\/www.imab-concept.it\/wp-content\/uploads\/2021\/12\/bob-A.jpg\" class=\"fusion-lightbox\" data-rel=\"iLightbox[bob]\" data-title=\"bob-A\" title=\"Tour gruppo notte Imab Concept\"><img decoding=\"async\" width=\"650\" height=\"470\" src=\"https:\/\/www.imab-concept.it\/wp-content\/uploads\/2022\/11\/tour-gruppo-notte-imab-concept.jpg\" class=\"img-responsive wp-image-15548\" srcset=\"https:\/\/www.imab-concept.it\/wp-content\/uploads\/2022\/11\/tour-gruppo-notte-imab-concept-200x145.jpg 200w, https:\/\/www.imab-concept.it\/wp-content\/uploads\/2022\/11\/tour-gruppo-notte-imab-concept-400x289.jpg 400w, https:\/\/www.imab-concept.it\/wp-content\/uploads\/2022\/11\/tour-gruppo-notte-imab-concept-600x434.jpg 600w, https:\/\/www.imab-concept.it\/wp-content\/uploads\/2022\/11\/tour-gruppo-notte-imab-concept.jpg 650w\" sizes=\"(max-width: 1024px) 100vw, (max-width: 640px) 100vw, 650px\" \/><\/a><\/span><\/div><style type=\"text\/css\">@media only screen and (max-width:1024px) {.fusion-title.fusion-title-6{margin-top:8px!important;margin-bottom:16px!important;}}@media only screen and (max-width:640px) {.fusion-title.fusion-title-6{margin-top:8px!important;margin-bottom:16px!important;}}<\/style><div class=\"fusion-title title fusion-title-6 fusion-sep-none fusion-title-text fusion-title-size-three\" style=\"margin-top:8px;margin-bottom:16px;\"><h3 class=\"title-heading-left\" style=\"margin:0;\">Tour<\/h3><\/div><div class=\"fusion-text fusion-text-6\" style=\"transform:translate3d(0,0,0);\"><p>La creatividad y el dise\u00f1o se encuentran en este conjunto de dormitorio personalizable en m\u00e1s de 200 combinaciones de colores. La particularidad del modelo se debe adem\u00e1s al tirador, que facilita la toma y cuyo grosor retoma al de los laterales.<\/p>\n<\/div><div ><style type=\"text\/css\">.fusion-button.button-5 {border-radius:50px;}<\/style><a class=\"fusion-button button-flat fusion-button-default-size button-default button-5 fusion-button-default-span fusion-button-default-type button_cucine\" target=\"_self\" href=\"https:\/\/www.imab-concept.it\/es\/collezione\/conjuntos-y-camas-es\/tour\/\"><span class=\"fusion-button-text\">DESCUBRE EL MODELO TOUR<\/span><\/a><\/div><\/div><\/div><style type=\"text\/css\">.fusion-body .fusion-builder-column-7{width:50% !important;margin-top : 25px;margin-bottom : 25px;}.fusion-builder-column-7 > .fusion-column-wrapper {padding-top : 0px !important;padding-right : 0px !important;margin-right : 3.84%;padding-bottom : 0px !important;padding-left : 0px !important;margin-left : 3.84%;}@media only screen and (max-width:1024px) {.fusion-body .fusion-builder-column-7{width:50% !important;order : 0;}.fusion-builder-column-7 > .fusion-column-wrapper {margin-right : 3.84%;margin-left : 3.84%;}}@media only screen and (max-width:640px) {.fusion-body .fusion-builder-column-7{width:100% !important;order : 0;}.fusion-builder-column-7 > .fusion-column-wrapper {margin-right : 1.92%;margin-left : 1.92%;}}<\/style><div class=\"fusion-layout-column fusion_builder_column fusion-builder-column-8 fusion_builder_column_1_2 1_2 fusion-flex-column fusion-animated\" data-animationType=\"fadeInUp\" data-animationDuration=\"0.3\" data-animationOffset=\"100%\"><div class=\"fusion-column-wrapper fusion-flex-justify-content-flex-start fusion-content-layout-column\" style=\"background-position:left top;background-repeat:no-repeat;-webkit-background-size:cover;-moz-background-size:cover;-o-background-size:cover;background-size:cover;padding: 0px 0px 0px 0px;\"><div ><span class=\" fusion-imageframe imageframe-none imageframe-6 hover-type-zoomin\" style=\"margin-bottom:4%;\"><a href=\"https:\/\/www.imab-concept.it\/wp-content\/uploads\/2021\/12\/bob-A.jpg\" class=\"fusion-lightbox\" data-rel=\"iLightbox[bob]\" data-title=\"bob-A\" title=\"Medea gruppo notte Imab Concept\"><img decoding=\"async\" width=\"650\" height=\"470\" src=\"https:\/\/www.imab-concept.it\/wp-content\/uploads\/2022\/11\/medea-gruppo-notte-imab-concept.jpg\" class=\"img-responsive wp-image-15545\" srcset=\"https:\/\/www.imab-concept.it\/wp-content\/uploads\/2022\/11\/medea-gruppo-notte-imab-concept-200x145.jpg 200w, https:\/\/www.imab-concept.it\/wp-content\/uploads\/2022\/11\/medea-gruppo-notte-imab-concept-400x289.jpg 400w, https:\/\/www.imab-concept.it\/wp-content\/uploads\/2022\/11\/medea-gruppo-notte-imab-concept-600x434.jpg 600w, https:\/\/www.imab-concept.it\/wp-content\/uploads\/2022\/11\/medea-gruppo-notte-imab-concept.jpg 650w\" sizes=\"(max-width: 1024px) 100vw, (max-width: 640px) 100vw, 650px\" \/><\/a><\/span><\/div><style type=\"text\/css\">@media only screen and (max-width:1024px) {.fusion-title.fusion-title-7{margin-top:8px!important;margin-bottom:16px!important;}}@media only screen and (max-width:640px) {.fusion-title.fusion-title-7{margin-top:8px!important;margin-bottom:16px!important;}}<\/style><div class=\"fusion-title title fusion-title-7 fusion-sep-none fusion-title-text fusion-title-size-three\" style=\"margin-top:8px;margin-bottom:16px;\"><h3 class=\"title-heading-left\" style=\"margin:0;\">Medea<\/h3><\/div><div class=\"fusion-text fusion-text-7\" style=\"transform:translate3d(0,0,0);\"><p>Diversos materiales se encuentran para dar vida a este conjunto en el que el dise\u00f1o y la personalizaci\u00f3n son protagonistas. La posibilidad de combinar la madera con el vidrio trasparente o efecto m\u00e1rmol permite definir la habitaci\u00f3n con un car\u00e1cter \u00fanico.<\/p>\n<\/div><div ><style type=\"text\/css\">.fusion-button.button-6 {border-radius:50px;}<\/style><a class=\"fusion-button button-flat fusion-button-default-size button-default button-6 fusion-button-default-span fusion-button-default-type button_cucine\" target=\"_self\" href=\"https:\/\/www.imab-concept.it\/es\/collezione\/conjuntos-y-camas-es\/medea\/\"><span class=\"fusion-button-text\">DESCUBRE EL MODELO MEDEA<\/span><\/a><\/div><\/div><\/div><style type=\"text\/css\">.fusion-body .fusion-builder-column-8{width:50% !important;margin-top : 25px;margin-bottom : 25px;}.fusion-builder-column-8 > .fusion-column-wrapper {padding-top : 0px !important;padding-right : 0px !important;margin-right : 3.84%;padding-bottom : 0px !important;padding-left : 0px !important;margin-left : 3.84%;}@media only screen and (max-width:1024px) {.fusion-body .fusion-builder-column-8{width:50% !important;order : 0;}.fusion-builder-column-8 > .fusion-column-wrapper {margin-right : 3.84%;margin-left : 3.84%;}}@media only screen and (max-width:640px) {.fusion-body .fusion-builder-column-8{width:100% !important;order : 0;}.fusion-builder-column-8 > .fusion-column-wrapper {margin-right : 1.92%;margin-left : 1.92%;}}<\/style><div class=\"fusion-layout-column fusion_builder_column fusion-builder-column-9 fusion_builder_column_1_2 1_2 fusion-flex-column fusion-animated\" data-animationType=\"fadeInUp\" data-animationDuration=\"0.3\" data-animationOffset=\"100%\"><div class=\"fusion-column-wrapper fusion-flex-justify-content-flex-start fusion-content-layout-column\" style=\"background-position:left top;background-repeat:no-repeat;-webkit-background-size:cover;-moz-background-size:cover;-o-background-size:cover;background-size:cover;padding: 0px 0px 0px 0px;\"><div ><span class=\" fusion-imageframe imageframe-none imageframe-7 hover-type-zoomin\" style=\"margin-bottom:4%;\"><a href=\"https:\/\/www.imab-concept.it\/wp-content\/uploads\/2021\/12\/vai.jpg\" class=\"fusion-lightbox\" data-rel=\"iLightbox[vai]\" data-title=\"vai\" title=\"vai gruppo notte imab concept\"><img decoding=\"async\" width=\"650\" height=\"470\" src=\"https:\/\/www.imab-concept.it\/wp-content\/uploads\/2022\/11\/vai-gruppo-notte-imab-concept.jpg\" class=\"img-responsive wp-image-15543\" srcset=\"https:\/\/www.imab-concept.it\/wp-content\/uploads\/2022\/11\/vai-gruppo-notte-imab-concept-200x145.jpg 200w, https:\/\/www.imab-concept.it\/wp-content\/uploads\/2022\/11\/vai-gruppo-notte-imab-concept-400x289.jpg 400w, https:\/\/www.imab-concept.it\/wp-content\/uploads\/2022\/11\/vai-gruppo-notte-imab-concept-600x434.jpg 600w, https:\/\/www.imab-concept.it\/wp-content\/uploads\/2022\/11\/vai-gruppo-notte-imab-concept.jpg 650w\" sizes=\"(max-width: 1024px) 100vw, (max-width: 640px) 100vw, 650px\" \/><\/a><\/span><\/div><style type=\"text\/css\">@media only screen and (max-width:1024px) {.fusion-title.fusion-title-8{margin-top:8px!important;margin-bottom:16px!important;}}@media only screen and (max-width:640px) {.fusion-title.fusion-title-8{margin-top:8px!important;margin-bottom:16px!important;}}<\/style><div class=\"fusion-title title fusion-title-8 fusion-sep-none fusion-title-text fusion-title-size-three\" style=\"margin-top:8px;margin-bottom:16px;\"><h3 class=\"title-heading-left\" style=\"margin:0;\">Vai<\/h3><\/div><div class=\"fusion-text fusion-text-8\" style=\"transform:translate3d(0,0,0);\"><p>La l\u00ednea oblicua que divide en dos la superficie frontal de los elementos de este conjunto crea un efecto din\u00e1mico moderno que resalta la est\u00e9tica de la esencia de madera. Mesitas de noche y c\u00f3modas disponibles.<\/p>\n<\/div><div ><style type=\"text\/css\">.fusion-button.button-7 {border-radius:50px;}<\/style><a class=\"fusion-button button-flat fusion-button-default-size button-default button-7 fusion-button-default-span fusion-button-default-type button_cucine\" target=\"_self\" href=\"https:\/\/www.imab-concept.it\/es\/collezione\/conjuntos-y-camas-es\/vai\/ \"><span class=\"fusion-button-text\">DESCUBRE EL MODELO VAI<\/span><\/a><\/div><\/div><\/div><style type=\"text\/css\">.fusion-body .fusion-builder-column-9{width:50% !important;margin-top : 25px;margin-bottom : 25px;}.fusion-builder-column-9 > .fusion-column-wrapper {padding-top : 0px !important;padding-right : 0px !important;margin-right : 3.84%;padding-bottom : 0px !important;padding-left : 0px !important;margin-left : 3.84%;}@media only screen and (max-width:1024px) {.fusion-body .fusion-builder-column-9{width:50% !important;order : 0;}.fusion-builder-column-9 > .fusion-column-wrapper {margin-right : 3.84%;margin-left : 3.84%;}}@media only screen and (max-width:640px) {.fusion-body .fusion-builder-column-9{width:100% !important;order : 0;}.fusion-builder-column-9 > .fusion-column-wrapper {margin-right : 1.92%;margin-left : 1.92%;}}<\/style><div class=\"fusion-layout-column fusion_builder_column fusion-builder-column-10 fusion_builder_column_1_2 1_2 fusion-flex-column fusion-animated\" data-animationType=\"fadeInUp\" data-animationDuration=\"0.3\" data-animationOffset=\"100%\"><div class=\"fusion-column-wrapper fusion-flex-justify-content-flex-start fusion-content-layout-column\" style=\"background-position:left top;background-repeat:no-repeat;-webkit-background-size:cover;-moz-background-size:cover;-o-background-size:cover;background-size:cover;padding: 0px 0px 0px 0px;\"><div ><span class=\" fusion-imageframe imageframe-none imageframe-8 hover-type-zoomin\" style=\"margin-bottom:4%;\"><a href=\"https:\/\/www.imab-concept.it\/wp-content\/uploads\/2021\/12\/vai.jpg\" class=\"fusion-lightbox\" data-rel=\"iLightbox[vai]\" data-title=\"vai\" title=\"miss_gruppo_notte_imab_concept\"><img decoding=\"async\" width=\"650\" height=\"470\" src=\"https:\/\/www.imab-concept.it\/wp-content\/uploads\/2024\/09\/miss_gruppo_notte_imab_concept.jpg\" class=\"img-responsive wp-image-17615\" srcset=\"https:\/\/www.imab-concept.it\/wp-content\/uploads\/2024\/09\/miss_gruppo_notte_imab_concept-200x145.jpg 200w, https:\/\/www.imab-concept.it\/wp-content\/uploads\/2024\/09\/miss_gruppo_notte_imab_concept-400x289.jpg 400w, https:\/\/www.imab-concept.it\/wp-content\/uploads\/2024\/09\/miss_gruppo_notte_imab_concept-600x434.jpg 600w, https:\/\/www.imab-concept.it\/wp-content\/uploads\/2024\/09\/miss_gruppo_notte_imab_concept.jpg 650w\" sizes=\"(max-width: 1024px) 100vw, (max-width: 640px) 100vw, 650px\" \/><\/a><\/span><\/div><style type=\"text\/css\">@media only screen and (max-width:1024px) {.fusion-title.fusion-title-9{margin-top:8px!important;margin-bottom:16px!important;}}@media only screen and (max-width:640px) {.fusion-title.fusion-title-9{margin-top:8px!important;margin-bottom:16px!important;}}<\/style><div class=\"fusion-title title fusion-title-9 fusion-sep-none fusion-title-text fusion-title-size-three\" style=\"margin-top:8px;margin-bottom:16px;\"><h3 class=\"title-heading-left\" style=\"margin:0;\">Miss<\/h3><\/div><div class=\"fusion-text fusion-text-9\" style=\"transform:translate3d(0,0,0);\"><p>La suave perspectiva de las curvas, las c\u00e1lidas esencias de Noce Biondo y Rovere gessato y el delicado tirador de lat\u00f3n infunden al grupo Miss sinuosidad y delicada feminidad. Ideal para quienes aman una atm\u00f3sfera delicada en la habitaci\u00f3n.<\/p>\n<\/div><div ><style type=\"text\/css\">.fusion-button.button-8 {border-radius:50px;}<\/style><a class=\"fusion-button button-flat fusion-button-default-size button-default button-8 fusion-button-default-span fusion-button-default-type button_cucine\" target=\"_self\" href=\"https:\/\/www.imab-concept.it\/es\/collezione\/conjuntos-y-camas-es\/miss\/\"><span class=\"fusion-button-text\">DESCUBRE EL MODELO MISS<\/span><\/a><\/div><\/div><\/div><style type=\"text\/css\">.fusion-body .fusion-builder-column-10{width:50% !important;margin-top : 25px;margin-bottom : 25px;}.fusion-builder-column-10 > .fusion-column-wrapper {padding-top : 0px !important;padding-right : 0px !important;margin-right : 3.84%;padding-bottom : 0px !important;padding-left : 0px !important;margin-left : 3.84%;}@media only screen and (max-width:1024px) {.fusion-body .fusion-builder-column-10{width:50% !important;order : 0;}.fusion-builder-column-10 > .fusion-column-wrapper {margin-right : 3.84%;margin-left : 3.84%;}}@media only screen and (max-width:640px) {.fusion-body .fusion-builder-column-10{width:100% !important;order : 0;}.fusion-builder-column-10 > .fusion-column-wrapper {margin-right : 1.92%;margin-left : 1.92%;}}<\/style><div class=\"fusion-layout-column fusion_builder_column fusion-builder-column-11 fusion_builder_column_1_2 1_2 fusion-flex-column fusion-animated\" data-animationType=\"fadeInUp\" data-animationDuration=\"0.3\" data-animationOffset=\"100%\"><div class=\"fusion-column-wrapper fusion-flex-justify-content-flex-start fusion-content-layout-column\" style=\"background-position:left top;background-repeat:no-repeat;-webkit-background-size:cover;-moz-background-size:cover;-o-background-size:cover;background-size:cover;padding: 0px 0px 0px 0px;\"><div ><span class=\" fusion-imageframe imageframe-none imageframe-9 hover-type-zoomin\" style=\"margin-bottom:4%;\"><a href=\"https:\/\/www.imab-concept.it\/wp-content\/uploads\/2021\/12\/traccia-A.jpg\" class=\"fusion-lightbox\" data-rel=\"iLightbox[traccia]\" data-title=\"traccia-A\" title=\"traccia-A\"><img decoding=\"async\" width=\"650\" height=\"470\" src=\"https:\/\/www.imab-concept.it\/wp-content\/uploads\/2021\/12\/traccia-A.jpg\" class=\"img-responsive wp-image-15309\" srcset=\"https:\/\/www.imab-concept.it\/wp-content\/uploads\/2021\/12\/traccia-A-200x145.jpg 200w, https:\/\/www.imab-concept.it\/wp-content\/uploads\/2021\/12\/traccia-A-400x289.jpg 400w, https:\/\/www.imab-concept.it\/wp-content\/uploads\/2021\/12\/traccia-A-600x434.jpg 600w, https:\/\/www.imab-concept.it\/wp-content\/uploads\/2021\/12\/traccia-A.jpg 650w\" sizes=\"(max-width: 1024px) 100vw, (max-width: 640px) 100vw, 650px\" \/><\/a><\/span><\/div><style type=\"text\/css\">@media only screen and (max-width:1024px) {.fusion-title.fusion-title-10{margin-top:8px!important;margin-bottom:16px!important;}}@media only screen and (max-width:640px) {.fusion-title.fusion-title-10{margin-top:8px!important;margin-bottom:16px!important;}}<\/style><div class=\"fusion-title title fusion-title-10 fusion-sep-none fusion-title-text fusion-title-size-three\" style=\"margin-top:8px;margin-bottom:16px;\"><h3 class=\"title-heading-left\" style=\"margin:0;\">Traccia<\/h3><\/div><div class=\"fusion-text fusion-text-10\" style=\"transform:translate3d(0,0,0);\"><p>La apertura en gola dibuja en el frontal un detalle est\u00e9tico refinado que caracteriza con estilo todo el grupo. Las esencias de madera se combinan con colores para lograr un efecto crom\u00e1tico de clase. Mesitas de noche y c\u00f3modas disponibles.<\/p>\n<\/div><div ><style type=\"text\/css\">.fusion-button.button-9 {border-radius:50px;}<\/style><a class=\"fusion-button button-flat fusion-button-default-size button-default button-9 fusion-button-default-span fusion-button-default-type button_cucine\" target=\"_self\" href=\"https:\/\/www.imab-concept.it\/es\/collezione\/conjuntos-y-camas-es\/traccia\/\"><span class=\"fusion-button-text\">DESCUBRE EL MODELO TRACCIA<\/span><\/a><\/div><\/div><\/div><style type=\"text\/css\">.fusion-body .fusion-builder-column-11{width:50% !important;margin-top : 25px;margin-bottom : 25px;}.fusion-builder-column-11 > .fusion-column-wrapper {padding-top : 0px !important;padding-right : 0px !important;margin-right : 3.84%;padding-bottom : 0px !important;padding-left : 0px !important;margin-left : 3.84%;}@media only screen and (max-width:1024px) {.fusion-body .fusion-builder-column-11{width:50% !important;order : 0;}.fusion-builder-column-11 > .fusion-column-wrapper {margin-right : 3.84%;margin-left : 3.84%;}}@media only screen and (max-width:640px) {.fusion-body .fusion-builder-column-11{width:100% !important;order : 0;}.fusion-builder-column-11 > .fusion-column-wrapper {margin-right : 1.92%;margin-left : 1.92%;}}<\/style><div class=\"fusion-layout-column fusion_builder_column fusion-builder-column-12 fusion_builder_column_1_2 1_2 fusion-flex-column fusion-animated\" data-animationType=\"fadeInUp\" data-animationDuration=\"0.3\" data-animationOffset=\"100%\"><div class=\"fusion-column-wrapper fusion-flex-justify-content-flex-start fusion-content-layout-column\" style=\"background-position:left top;background-repeat:no-repeat;-webkit-background-size:cover;-moz-background-size:cover;-o-background-size:cover;background-size:cover;padding: 0px 0px 0px 0px;\"><div ><span class=\" fusion-imageframe imageframe-none imageframe-10 hover-type-zoomin\" style=\"margin-bottom:4%;\"><img decoding=\"async\" width=\"650\" height=\"470\" title=\"Road gruppo notte Imab Concept\" src=\"https:\/\/www.imab-concept.it\/wp-content\/uploads\/2022\/11\/road-gruppo-notte-imab-concept-1.jpg\" class=\"img-responsive wp-image-15550\" srcset=\"https:\/\/www.imab-concept.it\/wp-content\/uploads\/2022\/11\/road-gruppo-notte-imab-concept-1-200x145.jpg 200w, https:\/\/www.imab-concept.it\/wp-content\/uploads\/2022\/11\/road-gruppo-notte-imab-concept-1-400x289.jpg 400w, https:\/\/www.imab-concept.it\/wp-content\/uploads\/2022\/11\/road-gruppo-notte-imab-concept-1-600x434.jpg 600w, https:\/\/www.imab-concept.it\/wp-content\/uploads\/2022\/11\/road-gruppo-notte-imab-concept-1.jpg 650w\" sizes=\"(max-width: 1024px) 100vw, (max-width: 640px) 100vw, 650px\" \/><\/span><\/div><style type=\"text\/css\">@media only screen and (max-width:1024px) {.fusion-title.fusion-title-11{margin-top:8px!important;margin-bottom:16px!important;}}@media only screen and (max-width:640px) {.fusion-title.fusion-title-11{margin-top:8px!important;margin-bottom:16px!important;}}<\/style><div class=\"fusion-title title fusion-title-11 fusion-sep-none fusion-title-text fusion-title-size-three\" style=\"margin-top:8px;margin-bottom:16px;\"><h3 class=\"title-heading-left\" style=\"margin:0;\">Road<\/h3><\/div><div class=\"fusion-text fusion-text-11\" style=\"transform:translate3d(0,0,0);\"><p>Soluci\u00f3n en tres formatos, funcionales y vers\u00e1tiles, para todas las necesidades de almacenamiento de la habitaci\u00f3n. La c\u00f3moda, el chifonier y las mesitas de noche de este conjunto son una de nuestras respustas para decorar la zona de descanso.<\/p>\n<\/div><div ><style type=\"text\/css\">.fusion-button.button-10 {border-radius:50px;}<\/style><a class=\"fusion-button button-flat fusion-button-default-size button-default button-10 fusion-button-default-span fusion-button-default-type button_cucine\" target=\"_self\" href=\"https:\/\/www.imab-concept.it\/es\/collezione\/conjuntos-y-camas-es\/road\/\"><span class=\"fusion-button-text\">DESCUBRE EL MODELO ROAD<\/span><\/a><\/div><\/div><\/div><style type=\"text\/css\">.fusion-body .fusion-builder-column-12{width:50% !important;margin-top : 25px;margin-bottom : 25px;}.fusion-builder-column-12 > .fusion-column-wrapper {padding-top : 0px !important;padding-right : 0px !important;margin-right : 3.84%;padding-bottom : 0px !important;padding-left : 0px !important;margin-left : 3.84%;}@media only screen and (max-width:1024px) {.fusion-body .fusion-builder-column-12{width:50% !important;order : 0;}.fusion-builder-column-12 > .fusion-column-wrapper {margin-right : 3.84%;margin-left : 3.84%;}}@media only screen and (max-width:640px) {.fusion-body .fusion-builder-column-12{width:100% !important;order : 0;}.fusion-builder-column-12 > .fusion-column-wrapper {margin-right : 1.92%;margin-left : 1.92%;}}<\/style><div class=\"fusion-layout-column fusion_builder_column fusion-builder-column-13 fusion_builder_column_1_2 1_2 fusion-flex-column fusion-animated\" data-animationType=\"fadeInUp\" data-animationDuration=\"0.3\" data-animationOffset=\"100%\"><div class=\"fusion-column-wrapper fusion-flex-justify-content-flex-start fusion-content-layout-column\" style=\"background-position:left top;background-repeat:no-repeat;-webkit-background-size:cover;-moz-background-size:cover;-o-background-size:cover;background-size:cover;padding: 0px 0px 0px 0px;\"><div ><span class=\" fusion-imageframe imageframe-none imageframe-11 hover-type-zoomin\" style=\"margin-bottom:4%;\"><img decoding=\"async\" width=\"650\" height=\"470\" alt=\"Crea gruppo notte componibile Imab Concept\" title=\"gruppo_notte_crea_imab_concept_2026\" src=\"https:\/\/www.imab-concept.it\/wp-content\/uploads\/2026\/01\/gruppo_notte_crea_imab_concept_2026.jpg\" class=\"img-responsive wp-image-19284\" srcset=\"https:\/\/www.imab-concept.it\/wp-content\/uploads\/2026\/01\/gruppo_notte_crea_imab_concept_2026-200x145.jpg 200w, https:\/\/www.imab-concept.it\/wp-content\/uploads\/2026\/01\/gruppo_notte_crea_imab_concept_2026-400x289.jpg 400w, https:\/\/www.imab-concept.it\/wp-content\/uploads\/2026\/01\/gruppo_notte_crea_imab_concept_2026-600x434.jpg 600w, https:\/\/www.imab-concept.it\/wp-content\/uploads\/2026\/01\/gruppo_notte_crea_imab_concept_2026.jpg 650w\" sizes=\"(max-width: 1024px) 100vw, (max-width: 640px) 100vw, 650px\" \/><\/span><\/div><style type=\"text\/css\">@media only screen and (max-width:1024px) {.fusion-title.fusion-title-12{margin-top:8px!important;margin-bottom:16px!important;}}@media only screen and (max-width:640px) {.fusion-title.fusion-title-12{margin-top:8px!important;margin-bottom:16px!important;}}<\/style><div class=\"fusion-title title fusion-title-12 fusion-sep-none fusion-title-text fusion-title-size-three\" style=\"margin-top:8px;margin-bottom:16px;\"><h3 class=\"title-heading-left\" style=\"margin:0;\">Crea<\/h3><\/div><div class=\"fusion-text fusion-text-12\" style=\"transform:translate3d(0,0,0);\"><p>Una soluci\u00f3n decorativa absolutamente \u00fanica, perfecta para quienes cuentan con poco espacio en el dormitorio. Descubre la modularidad del mobiliario Crea para componer libremente tu habitaci\u00f3n.<\/p>\n<\/div><div ><style type=\"text\/css\">.fusion-button.button-11 {border-radius:50px;}<\/style><a class=\"fusion-button button-flat fusion-button-default-size button-default button-11 fusion-button-default-span fusion-button-default-type button_cucine\" target=\"_self\" href=\" https:\/\/www.imab-concept.it\/es\/collezione\/conjuntos-es\/crea\/\"><span class=\"fusion-button-text\">DESCUBRE EL MODELO CREA<\/span><\/a><\/div><\/div><\/div><style type=\"text\/css\">.fusion-body .fusion-builder-column-13{width:50% !important;margin-top : 25px;margin-bottom : 25px;}.fusion-builder-column-13 > .fusion-column-wrapper {padding-top : 0px !important;padding-right : 0px !important;margin-right : 3.84%;padding-bottom : 0px !important;padding-left : 0px !important;margin-left : 3.84%;}@media only screen and (max-width:1024px) {.fusion-body .fusion-builder-column-13{width:50% !important;order : 0;}.fusion-builder-column-13 > .fusion-column-wrapper {margin-right : 3.84%;margin-left : 3.84%;}}@media only screen and (max-width:640px) {.fusion-body .fusion-builder-column-13{width:100% !important;order : 0;}.fusion-builder-column-13 > .fusion-column-wrapper {margin-right : 1.92%;margin-left : 1.92%;}}<\/style><div class=\"fusion-layout-column fusion_builder_column fusion-builder-column-14 fusion_builder_column_1_2 1_2 fusion-flex-column fusion-animated\" data-animationType=\"fadeInUp\" data-animationDuration=\"0.3\" data-animationOffset=\"100%\"><div class=\"fusion-column-wrapper fusion-flex-justify-content-flex-start fusion-content-layout-column\" style=\"background-position:left top;background-repeat:no-repeat;-webkit-background-size:cover;-moz-background-size:cover;-o-background-size:cover;background-size:cover;padding: 0px 0px 0px 0px;\"><div ><span class=\" fusion-imageframe imageframe-none imageframe-12 hover-type-zoomin\" style=\"margin-bottom:4%;\"><img decoding=\"async\" width=\"650\" height=\"470\" alt=\"Tweet gruppo notte Imab Concept\" title=\"gruppo_notte_tweet_imab_concept_2026\" src=\"https:\/\/www.imab-concept.it\/wp-content\/uploads\/2026\/01\/gruppo_notte_tweet_imab_concept_2026.jpg\" class=\"img-responsive wp-image-19294\" srcset=\"https:\/\/www.imab-concept.it\/wp-content\/uploads\/2026\/01\/gruppo_notte_tweet_imab_concept_2026-200x145.jpg 200w, https:\/\/www.imab-concept.it\/wp-content\/uploads\/2026\/01\/gruppo_notte_tweet_imab_concept_2026-400x289.jpg 400w, https:\/\/www.imab-concept.it\/wp-content\/uploads\/2026\/01\/gruppo_notte_tweet_imab_concept_2026-600x434.jpg 600w, https:\/\/www.imab-concept.it\/wp-content\/uploads\/2026\/01\/gruppo_notte_tweet_imab_concept_2026.jpg 650w\" sizes=\"(max-width: 1024px) 100vw, (max-width: 640px) 100vw, 650px\" \/><\/span><\/div><style type=\"text\/css\">@media only screen and (max-width:1024px) {.fusion-title.fusion-title-13{margin-top:8px!important;margin-bottom:16px!important;}}@media only screen and (max-width:640px) {.fusion-title.fusion-title-13{margin-top:8px!important;margin-bottom:16px!important;}}<\/style><div class=\"fusion-title title fusion-title-13 fusion-sep-none fusion-title-text fusion-title-size-three\" style=\"margin-top:8px;margin-bottom:16px;\"><h3 class=\"title-heading-left\" style=\"margin:0;\">Tweet<\/h3><\/div><div class=\"fusion-text fusion-text-13\" style=\"transform:translate3d(0,0,0);\"><p>Linealidad y modernidad son las caracter\u00edsticas de este conjunto perfecto para decorar la habitaci\u00f3n de tus sue\u00f1os: acogedora, relajante y pr\u00e1ctica. La c\u00f3moda, las mesitas de noche y los chifonieres est\u00e1n disponibles en muchos acabados.<\/p>\n<\/div><div ><style type=\"text\/css\">.fusion-button.button-12 {border-radius:50px;}<\/style><a class=\"fusion-button button-flat fusion-button-default-size button-default button-12 fusion-button-default-span fusion-button-default-type button_cucine\" target=\"_self\" href=\"https:\/\/www.imab-concept.it\/es\/collezione\/conjuntos-y-camas-es\/tweet\/\"><span class=\"fusion-button-text\">DESCUBRE EL MODELO TWEET<\/span><\/a><\/div><\/div><\/div><style type=\"text\/css\">.fusion-body .fusion-builder-column-14{width:50% !important;margin-top : 25px;margin-bottom : 25px;}.fusion-builder-column-14 > .fusion-column-wrapper {padding-top : 0px !important;padding-right : 0px !important;margin-right : 3.84%;padding-bottom : 0px !important;padding-left : 0px !important;margin-left : 3.84%;}@media only screen and (max-width:1024px) {.fusion-body .fusion-builder-column-14{width:50% !important;order : 0;}.fusion-builder-column-14 > .fusion-column-wrapper {margin-right : 3.84%;margin-left : 3.84%;}}@media only screen and (max-width:640px) {.fusion-body .fusion-builder-column-14{width:100% !important;order : 0;}.fusion-builder-column-14 > .fusion-column-wrapper {margin-right : 1.92%;margin-left : 1.92%;}}<\/style><div class=\"fusion-layout-column fusion_builder_column fusion-builder-column-15 fusion_builder_column_1_2 1_2 fusion-flex-column fusion-animated\" data-animationType=\"fadeInUp\" data-animationDuration=\"0.3\" data-animationOffset=\"100%\"><div class=\"fusion-column-wrapper fusion-flex-justify-content-flex-start fusion-content-layout-column\" style=\"background-position:left top;background-repeat:no-repeat;-webkit-background-size:cover;-moz-background-size:cover;-o-background-size:cover;background-size:cover;padding: 0px 0px 0px 0px;\"><div ><span class=\" fusion-imageframe imageframe-none imageframe-13 hover-type-zoomin\" style=\"margin-bottom:4%;\"><img decoding=\"async\" width=\"650\" height=\"470\" title=\"Spot gruppo notte Imab Concept\" src=\"https:\/\/www.imab-concept.it\/wp-content\/uploads\/2022\/11\/spot-gruppo-notte-imab-concept.jpg\" class=\"img-responsive wp-image-15551\" srcset=\"https:\/\/www.imab-concept.it\/wp-content\/uploads\/2022\/11\/spot-gruppo-notte-imab-concept-200x145.jpg 200w, https:\/\/www.imab-concept.it\/wp-content\/uploads\/2022\/11\/spot-gruppo-notte-imab-concept-400x289.jpg 400w, https:\/\/www.imab-concept.it\/wp-content\/uploads\/2022\/11\/spot-gruppo-notte-imab-concept-600x434.jpg 600w, https:\/\/www.imab-concept.it\/wp-content\/uploads\/2022\/11\/spot-gruppo-notte-imab-concept.jpg 650w\" sizes=\"(max-width: 1024px) 100vw, (max-width: 640px) 100vw, 650px\" \/><\/span><\/div><style type=\"text\/css\">@media only screen and (max-width:1024px) {.fusion-title.fusion-title-14{margin-top:8px!important;margin-bottom:16px!important;}}@media only screen and (max-width:640px) {.fusion-title.fusion-title-14{margin-top:8px!important;margin-bottom:16px!important;}}<\/style><div class=\"fusion-title title fusion-title-14 fusion-sep-none fusion-title-text fusion-title-size-three\" style=\"margin-top:8px;margin-bottom:16px;\"><h3 class=\"title-heading-left\" style=\"margin:0;\">Spot<\/h3><\/div><div class=\"fusion-text fusion-text-14\" style=\"transform:translate3d(0,0,0);\"><p>Entre el vintage y lo contempor\u00e1neo, los elementos del grupo de dormitorio Spot evocan \u00e9pocas pasadas. La particularidad del modelo se representa en los frentes de los cajones de distintos espesores, que crean un juego de vol\u00famenes llenos y vac\u00edos y destacan la extrema linealidad de la estructura.<\/p>\n<\/div><div ><style type=\"text\/css\">.fusion-button.button-13 {border-radius:50px;}<\/style><a class=\"fusion-button button-flat fusion-button-default-size button-default button-13 fusion-button-default-span fusion-button-default-type button_cucine\" target=\"_self\" href=\"https:\/\/www.imab-concept.it\/es\/collezione\/conjuntos-y-camas-es\/spot\/\"><span class=\"fusion-button-text\">DESCUBRE EL MODELO SPOT<\/span><\/a><\/div><\/div><\/div><style type=\"text\/css\">.fusion-body .fusion-builder-column-15{width:50% !important;margin-top : 25px;margin-bottom : 25px;}.fusion-builder-column-15 > .fusion-column-wrapper {padding-top : 0px !important;padding-right : 0px !important;margin-right : 3.84%;padding-bottom : 0px !important;padding-left : 0px !important;margin-left : 3.84%;}@media only screen and (max-width:1024px) {.fusion-body .fusion-builder-column-15{width:50% !important;order : 0;}.fusion-builder-column-15 > .fusion-column-wrapper {margin-right : 3.84%;margin-left : 3.84%;}}@media only screen and (max-width:640px) {.fusion-body .fusion-builder-column-15{width:100% !important;order : 0;}.fusion-builder-column-15 > .fusion-column-wrapper {margin-right : 1.92%;margin-left : 1.92%;}}<\/style><\/div><style type=\"text\/css\">.fusion-body .fusion-flex-container.fusion-builder-row-3{ padding-top : 0px;margin-top : 0px;padding-right : 0px;padding-bottom : 0px;margin-bottom : 0px;padding-left : 0px;}<\/style><\/div><\/p>\n","protected":false},"excerpt":{"rendered":"","protected":false},"author":6,"featured_media":0,"parent":16950,"menu_order":0,"comment_status":"closed","ping_status":"closed","template":"100-width.php","meta":[],"yoast_head":"<!-- This site is optimized with the Yoast SEO plugin v20.10 - https:\/\/yoast.com\/wordpress\/plugins\/seo\/ -->\n<title>Conjuntos \u2013 IMAB Concept<\/title>\n<meta name=\"description\" content=\"Conjuntos de IMAB Concept: elementos de almacenamiento con un dise\u00f1o elegante y funcional. Descubre las mesillas de noche, los sinfoniers y las c\u00f3modas que mejor se adapten a tu dormitorio.\" \/>\n<meta name=\"robots\" content=\"index, follow, max-snippet:-1, max-image-preview:large, max-video-preview:-1\" \/>\n<link rel=\"canonical\" href=\"https:\/\/www.imab-concept.it\/es\/muebles-de-dormitorio\/conjuntos\/\" \/>\n<meta property=\"og:locale\" content=\"es_ES\" \/>\n<meta property=\"og:type\" content=\"article\" \/>\n<meta property=\"og:title\" content=\"Conjuntos \u2013 IMAB Concept\" \/>\n<meta property=\"og:description\" content=\"Conjuntos de IMAB Concept: elementos de almacenamiento con un dise\u00f1o elegante y funcional. Descubre las mesillas de noche, los sinfoniers y las c\u00f3modas que mejor se adapten a tu dormitorio.\" \/>\n<meta property=\"og:url\" content=\"https:\/\/www.imab-concept.it\/es\/muebles-de-dormitorio\/conjuntos\/\" \/>\n<meta property=\"og:site_name\" content=\"IMAB Concept\" \/>\n<meta property=\"article:modified_time\" content=\"2026-01-13T10:59:14+00:00\" \/>\n<meta property=\"og:image\" content=\"https:\/\/www.imab-concept.it\/wp-content\/uploads\/2021\/01\/Imab_OG_image_1200x630_GRUPPI.jpg\" \/>\n\t<meta property=\"og:image:width\" content=\"1200\" \/>\n\t<meta property=\"og:image:height\" content=\"630\" \/>\n\t<meta property=\"og:image:type\" content=\"image\/jpeg\" \/>\n<meta name=\"twitter:label1\" content=\"Est. reading time\" \/>\n\t<meta name=\"twitter:data1\" content=\"28 minutos\" \/>\n<script type=\"application\/ld+json\" class=\"yoast-schema-graph\">{\"@context\":\"https:\/\/schema.org\",\"@graph\":[{\"@type\":\"WebPage\",\"@id\":\"https:\/\/www.imab-concept.it\/es\/muebles-de-dormitorio\/conjuntos\/\",\"url\":\"https:\/\/www.imab-concept.it\/es\/muebles-de-dormitorio\/conjuntos\/\",\"name\":\"Conjuntos \u2013 IMAB Concept\",\"isPartOf\":{\"@id\":\"https:\/\/www.imab-concept.it\/#website\"},\"datePublished\":\"2020-10-06T13:31:25+00:00\",\"dateModified\":\"2026-01-13T10:59:14+00:00\",\"description\":\"Conjuntos de IMAB Concept: elementos de almacenamiento con un dise\u00f1o elegante y funcional. Descubre las mesillas de noche, los sinfoniers y las c\u00f3modas que mejor se adapten a tu dormitorio.\",\"breadcrumb\":{\"@id\":\"https:\/\/www.imab-concept.it\/es\/muebles-de-dormitorio\/conjuntos\/#breadcrumb\"},\"inLanguage\":\"es\",\"potentialAction\":[{\"@type\":\"ReadAction\",\"target\":[\"https:\/\/www.imab-concept.it\/es\/muebles-de-dormitorio\/conjuntos\/\"]}]},{\"@type\":\"BreadcrumbList\",\"@id\":\"https:\/\/www.imab-concept.it\/es\/muebles-de-dormitorio\/conjuntos\/#breadcrumb\",\"itemListElement\":[{\"@type\":\"ListItem\",\"position\":1,\"name\":\"Home\",\"item\":\"https:\/\/www.imab-concept.it\/es\/\"},{\"@type\":\"ListItem\",\"position\":2,\"name\":\"Muebles de dormitorio\",\"item\":\"https:\/\/www.imab-concept.it\/es\/muebles-de-dormitorio\/\"},{\"@type\":\"ListItem\",\"position\":3,\"name\":\"Conjuntos\"}]},{\"@type\":\"WebSite\",\"@id\":\"https:\/\/www.imab-concept.it\/#website\",\"url\":\"https:\/\/www.imab-concept.it\/\",\"name\":\"IMAB Concept\",\"description\":\"Arrediamo con passione\",\"potentialAction\":[{\"@type\":\"SearchAction\",\"target\":{\"@type\":\"EntryPoint\",\"urlTemplate\":\"https:\/\/www.imab-concept.it\/?s={search_term_string}\"},\"query-input\":\"required name=search_term_string\"}],\"inLanguage\":\"es\"}]}<\/script>\n<!-- \/ Yoast SEO plugin. -->","yoast_head_json":{"title":"Conjuntos \u2013 IMAB Concept","description":"Conjuntos de IMAB Concept: elementos de almacenamiento con un dise\u00f1o elegante y funcional. Descubre las mesillas de noche, los sinfoniers y las c\u00f3modas que mejor se adapten a tu dormitorio.","robots":{"index":"index","follow":"follow","max-snippet":"max-snippet:-1","max-image-preview":"max-image-preview:large","max-video-preview":"max-video-preview:-1"},"canonical":"https:\/\/www.imab-concept.it\/es\/muebles-de-dormitorio\/conjuntos\/","og_locale":"es_ES","og_type":"article","og_title":"Conjuntos \u2013 IMAB Concept","og_description":"Conjuntos de IMAB Concept: elementos de almacenamiento con un dise\u00f1o elegante y funcional. Descubre las mesillas de noche, los sinfoniers y las c\u00f3modas que mejor se adapten a tu dormitorio.","og_url":"https:\/\/www.imab-concept.it\/es\/muebles-de-dormitorio\/conjuntos\/","og_site_name":"IMAB Concept","article_modified_time":"2026-01-13T10:59:14+00:00","og_image":[{"width":1200,"height":630,"url":"https:\/\/www.imab-concept.it\/wp-content\/uploads\/2021\/01\/Imab_OG_image_1200x630_GRUPPI.jpg","type":"image\/jpeg"}],"twitter_misc":{"Est. reading time":"28 minutos"},"schema":{"@context":"https:\/\/schema.org","@graph":[{"@type":"WebPage","@id":"https:\/\/www.imab-concept.it\/es\/muebles-de-dormitorio\/conjuntos\/","url":"https:\/\/www.imab-concept.it\/es\/muebles-de-dormitorio\/conjuntos\/","name":"Conjuntos \u2013 IMAB Concept","isPartOf":{"@id":"https:\/\/www.imab-concept.it\/#website"},"datePublished":"2020-10-06T13:31:25+00:00","dateModified":"2026-01-13T10:59:14+00:00","description":"Conjuntos de IMAB Concept: elementos de almacenamiento con un dise\u00f1o elegante y funcional. Descubre las mesillas de noche, los sinfoniers y las c\u00f3modas que mejor se adapten a tu dormitorio.","breadcrumb":{"@id":"https:\/\/www.imab-concept.it\/es\/muebles-de-dormitorio\/conjuntos\/#breadcrumb"},"inLanguage":"es","potentialAction":[{"@type":"ReadAction","target":["https:\/\/www.imab-concept.it\/es\/muebles-de-dormitorio\/conjuntos\/"]}]},{"@type":"BreadcrumbList","@id":"https:\/\/www.imab-concept.it\/es\/muebles-de-dormitorio\/conjuntos\/#breadcrumb","itemListElement":[{"@type":"ListItem","position":1,"name":"Home","item":"https:\/\/www.imab-concept.it\/es\/"},{"@type":"ListItem","position":2,"name":"Muebles de dormitorio","item":"https:\/\/www.imab-concept.it\/es\/muebles-de-dormitorio\/"},{"@type":"ListItem","position":3,"name":"Conjuntos"}]},{"@type":"WebSite","@id":"https:\/\/www.imab-concept.it\/#website","url":"https:\/\/www.imab-concept.it\/","name":"IMAB Concept","description":"Arrediamo con passione","potentialAction":[{"@type":"SearchAction","target":{"@type":"EntryPoint","urlTemplate":"https:\/\/www.imab-concept.it\/?s={search_term_string}"},"query-input":"required name=search_term_string"}],"inLanguage":"es"}]}},"_links":{"self":[{"href":"https:\/\/www.imab-concept.it\/es\/wp-json\/wp\/v2\/pages\/17018"}],"collection":[{"href":"https:\/\/www.imab-concept.it\/es\/wp-json\/wp\/v2\/pages"}],"about":[{"href":"https:\/\/www.imab-concept.it\/es\/wp-json\/wp\/v2\/types\/page"}],"author":[{"embeddable":true,"href":"https:\/\/www.imab-concept.it\/es\/wp-json\/wp\/v2\/users\/6"}],"replies":[{"embeddable":true,"href":"https:\/\/www.imab-concept.it\/es\/wp-json\/wp\/v2\/comments?post=17018"}],"version-history":[{"count":22,"href":"https:\/\/www.imab-concept.it\/es\/wp-json\/wp\/v2\/pages\/17018\/revisions"}],"predecessor-version":[{"id":19298,"href":"https:\/\/www.imab-concept.it\/es\/wp-json\/wp\/v2\/pages\/17018\/revisions\/19298"}],"up":[{"embeddable":true,"href":"https:\/\/www.imab-concept.it\/es\/wp-json\/wp\/v2\/pages\/16950"}],"wp:attachment":[{"href":"https:\/\/www.imab-concept.it\/es\/wp-json\/wp\/v2\/media?parent=17018"}],"curies":[{"name":"wp","href":"https:\/\/api.w.org\/{rel}","templated":true}]}}