{"id":17011,"date":"2020-10-06T15:30:59","date_gmt":"2020-10-06T13:30:59","guid":{"rendered":"https:\/\/www.imab-concept.it\/muebles-de-dormitorio\/letti\/"},"modified":"2024-11-19T17:37:17","modified_gmt":"2024-11-19T16:37:17","slug":"camas","status":"publish","type":"page","link":"https:\/\/www.imab-concept.it\/es\/muebles-de-dormitorio\/camas\/","title":{"rendered":"Camas"},"content":{"rendered":"<p><div class=\"fusion-fullwidth fullwidth-box fusion-builder-row-1 fusion-flex-container hundred-percent-fullwidth non-hundred-percent-height-scrolling\" style=\"background-color: rgba(255,255,255,0);background-position: center center;background-repeat: no-repeat;border-width: 0px 0px 0px 0px;border-color:#eae9e9;border-style:solid;\" ><div class=\"fusion-builder-row fusion-row fusion-flex-align-items-flex-start\" style=\"width:104% !important;max-width:104% !important;margin-left: calc(-4% \/ 2 );margin-right: calc(-4% \/ 2 );\"><div class=\"fusion-layout-column fusion_builder_column fusion-builder-column-0 fusion_builder_column_1_1 1_1 fusion-flex-column\"><div class=\"fusion-column-wrapper fusion-flex-justify-content-flex-start fusion-content-layout-column\" style=\"background-position:left top;background-repeat:no-repeat;-webkit-background-size:cover;-moz-background-size:cover;-o-background-size:cover;background-size:cover;padding: 0px 0px 0px 0px;\"><div class=\"fusion-slider-sc\"><div class=\"fusion-flexslider-loading flexslider flexslider-hover-type-none\" data-slideshow_autoplay=\"0\" data-slideshow_smooth_height=\"0\" data-slideshow_speed=\"3000\" style=\"max-width:100%;height:100%;\"><ul class=\"slides\"><li class=\"image\"><span class=\"fusion-image-hover-element hover-type-none\"><img decoding=\"async\" src=\"https:\/\/www.imab-concept.it\/wp-content\/uploads\/2024\/06\/letti_imab_concept_desktop2.jpg\" width=\"2560\" height=\"900\" class=\"wp-image-12566\" srcset=\"https:\/\/www.imab-concept.it\/wp-content\/uploads\/2024\/06\/letti_imab_concept_desktop2-200x70.jpg 200w, https:\/\/www.imab-concept.it\/wp-content\/uploads\/2024\/06\/letti_imab_concept_desktop2-400x141.jpg 400w, https:\/\/www.imab-concept.it\/wp-content\/uploads\/2024\/06\/letti_imab_concept_desktop2-600x211.jpg 600w, https:\/\/www.imab-concept.it\/wp-content\/uploads\/2024\/06\/letti_imab_concept_desktop2-800x281.jpg 800w, https:\/\/www.imab-concept.it\/wp-content\/uploads\/2024\/06\/letti_imab_concept_desktop2-1200x422.jpg 1200w, https:\/\/www.imab-concept.it\/wp-content\/uploads\/2024\/06\/letti_imab_concept_desktop2.jpg 2560w\" sizes=\"(max-width: 1024px) 100vw, (max-width: 640px) 100vw, 2560px\" \/><\/span><\/li><\/ul><\/div><\/div><\/div><\/div><style type=\"text\/css\">.fusion-body .fusion-builder-column-0{width:100% !important;margin-top : 0px;margin-bottom : 0px;}.fusion-builder-column-0 > .fusion-column-wrapper {padding-top : 0px !important;padding-right : 0px !important;margin-right : 1.92%;padding-bottom : 0px !important;padding-left : 0px !important;margin-left : 1.92%;}@media only screen and (max-width:1024px) {.fusion-body .fusion-builder-column-0{width:100% !important;order : 0;}.fusion-builder-column-0 > .fusion-column-wrapper {margin-right : 1.92%;margin-left : 1.92%;}}@media only screen and (max-width:640px) {.fusion-body .fusion-builder-column-0{width:100% !important;order : 0;}.fusion-builder-column-0 > .fusion-column-wrapper {margin-right : 1.92%;margin-left : 1.92%;}}<\/style><\/div><style type=\"text\/css\">.fusion-body .fusion-flex-container.fusion-builder-row-1{ padding-top : 0px;margin-top : 0px;padding-right : 0px;padding-bottom : 0px;margin-bottom : 0px;padding-left : 0px;}<\/style><\/div><div class=\"fusion-fullwidth fullwidth-box fusion-builder-row-2 fusion-flex-container nonhundred-percent-fullwidth non-hundred-percent-height-scrolling fusion-animated\" style=\"background-color: rgba(255,255,255,0);background-position: center bottom;background-repeat: no-repeat;border-width: 0px 0px 0px 0px;border-color:#eae9e9;border-style:solid;\" data-animationType=\"fadeInUp\" data-animationDuration=\"0.3\" data-animationOffset=\"100%\" ><div class=\"fusion-builder-row fusion-row fusion-flex-align-items-flex-start fusion-flex-justify-content-center\" style=\"max-width:1445.6px;margin-left: calc(-4% \/ 2 );margin-right: calc(-4% \/ 2 );\"><div class=\"fusion-layout-column fusion_builder_column fusion-builder-column-1 fusion_builder_column_2_5 2_5 fusion-flex-column\"><div class=\"fusion-column-wrapper fusion-flex-justify-content-flex-start fusion-content-layout-column\" style=\"background-position:left top;background-repeat:no-repeat;-webkit-background-size:cover;-moz-background-size:cover;-o-background-size:cover;background-size:cover;padding: 0px 0px 0px 0px;\"><style type=\"text\/css\">@media only screen and (max-width:1024px) {.fusion-title.fusion-title-1{margin-top:8px!important;margin-bottom:16px!important;}}@media only screen and (max-width:640px) {.fusion-title.fusion-title-1{margin-top:8px!important;margin-bottom:16px!important;}}<\/style><div class=\"fusion-title title fusion-title-1 fusion-sep-none fusion-title-text fusion-title-size-two\" style=\"margin-top:8px;margin-bottom:16px;\"><h2 class=\"title-heading-left\" style=\"margin:0;\">Camas<\/h2><\/div><\/div><\/div><style type=\"text\/css\">.fusion-body .fusion-builder-column-1{width:40% !important;margin-top : 25px;margin-bottom : 25px;}.fusion-builder-column-1 > .fusion-column-wrapper {padding-top : 0px !important;padding-right : 0px !important;margin-right : 4.8%;padding-bottom : 0px !important;padding-left : 0px !important;margin-left : 4.8%;}@media only screen and (max-width:1024px) {.fusion-body .fusion-builder-column-1{width:100% !important;order : 0;}.fusion-builder-column-1 > .fusion-column-wrapper {padding-right : 0% !important;margin-right : 0%;padding-left : 0% !important;margin-left : 0%;}}@media only screen and (max-width:640px) {.fusion-body .fusion-builder-column-1{width:100% !important;order : 0;margin-top : 0px;margin-bottom : 0px;}.fusion-builder-column-1 > .fusion-column-wrapper {padding-top : 0px !important;margin-right : 1.92%;padding-bottom : 0px !important;margin-left : 1.92%;}}<\/style><div class=\"fusion-layout-column fusion_builder_column fusion-builder-column-2 fusion_builder_column_3_5 3_5 fusion-flex-column fusion-animated\" data-animationType=\"fadeIn\" data-animationDuration=\"0.8\" data-animationOffset=\"100%\"><div class=\"fusion-column-wrapper fusion-flex-justify-content-flex-start fusion-content-layout-column\" style=\"background-position:left top;background-repeat:no-repeat;-webkit-background-size:cover;-moz-background-size:cover;-o-background-size:cover;background-size:cover;padding: 0px 3% 0px 0px;\"><div class=\"fusion-builder-row fusion-builder-row-inner fusion-row fusion-flex-align-items-flex-start fusion-flex-justify-content-center\" style=\"width:104% !important;max-width:104% !important;margin-left: calc(-4% \/ 2 );margin-right: calc(-4% \/ 2 );\"><div class=\"fusion-layout-column fusion_builder_column_inner fusion-builder-nested-column-0 fusion_builder_column_inner_1_1 1_1 fusion-flex-column fusion-flex-align-self-flex-start\"><div class=\"fusion-column-wrapper fusion-flex-justify-content-center fusion-content-layout-column\" style=\"background-position:left top;background-repeat:no-repeat;-webkit-background-size:cover;-moz-background-size:cover;-o-background-size:cover;background-size:cover;padding: 0px 0px 0px 0px;\"><div class=\"fusion-text fusion-text-1\" style=\"text-align:left;transform:translate3d(0,0,0);\"><p style=\"text-align: left;\"><strong>Camas para dormir a gusto, algo de lo que no se puede prescindir<\/strong><\/p>\n<p style=\"text-align: left;\">La calidad del sue\u00f1o es importante. Para tener una alta calidad de vida, afrontar el d\u00eda a d\u00eda con el \u00e1nimo adecuado y poder llevar a cabo todas las actividades que exige la vida cotidiana. Con nuestra colecci\u00f3n de camas de matrimonio, individuales y de una plaza y media para dormitorios de matrimonio e infantiles, queremos llevar al hogar de quienes nos eligen nuestra forma de dar importancia al descanso a trav\u00e9s de materiales de calidad, dise\u00f1o 100% Made in Italy, ergonom\u00eda y confort. Amueblamos el dormitorio ideal con nuestras camas.<\/p>\n<\/div><\/div><\/div><style type=\"text\/css\">.fusion-body .fusion-builder-nested-column-0{width:100% !important;margin-top : 20px;margin-bottom : 20px;}.fusion-builder-nested-column-0 > .fusion-column-wrapper {padding-top : 0px !important;padding-right : 0px !important;margin-right : 2.304%;padding-bottom : 0px !important;padding-left : 0px !important;margin-left : 1.92%;}@media only screen and (max-width:1024px) {.fusion-body .fusion-builder-nested-column-0{width:100% !important;order : 0;margin-top : 0%;}.fusion-builder-nested-column-0 > .fusion-column-wrapper {margin-right : 2.304%;margin-left : 1.92%;}}@media only screen and (max-width:640px) {.fusion-body .fusion-builder-nested-column-0{width:100% !important;order : 0;}.fusion-builder-nested-column-0 > .fusion-column-wrapper {margin-right : 2.304%;margin-left : 1.92%;}}<\/style><\/div><\/div><\/div><style type=\"text\/css\">.fusion-body .fusion-builder-column-2{width:60% !important;margin-top : 25px;margin-bottom : 5px;}.fusion-builder-column-2 > .fusion-column-wrapper {padding-top : 0px !important;padding-right : 3% !important;margin-right : 0%;padding-bottom : 0px !important;padding-left : 0px !important;margin-left : 3.2%;}@media only screen and (max-width:1024px) {.fusion-body .fusion-builder-column-2{width:100% !important;order : 0;margin-top : 0%;margin-bottom : 0%;}.fusion-builder-column-2 > .fusion-column-wrapper {padding-right : 0% !important;margin-right : 0%;padding-left : 0% !important;margin-left : 0%;}}@media only screen and (max-width:640px) {.fusion-body .fusion-builder-column-2{width:100% !important;order : 0;margin-bottom : 0%;}.fusion-builder-column-2 > .fusion-column-wrapper {margin-right : 1.92%;margin-left : 1.92%;}}<\/style><\/div><style type=\"text\/css\">.fusion-body .fusion-flex-container.fusion-builder-row-2{ padding-top : 0px;margin-top : 0px;padding-right : 0px;padding-bottom : 4%;margin-bottom : 0px;padding-left : 0px;}@media only screen and (max-width:1024px) {.fusion-body .fusion-flex-container.fusion-builder-row-2{ padding-top : 0;}}<\/style><\/div><div class=\"fusion-fullwidth fullwidth-box fusion-builder-row-3 fusion-flex-container nonhundred-percent-fullwidth non-hundred-percent-height-scrolling\" style=\"background-color: rgba(255,255,255,0);background-position: center center;background-repeat: no-repeat;border-width: 0px 0px 0px 0px;border-color:#eae9e9;border-style:solid;\" ><div class=\"fusion-builder-row fusion-row fusion-flex-align-items-stretch\" style=\"max-width:1445.6px;margin-left: calc(-4% \/ 2 );margin-right: calc(-4% \/ 2 );\"><div class=\"fusion-layout-column fusion_builder_column fusion-builder-column-3 fusion_builder_column_1_2 1_2 fusion-flex-column fusion-animated\" data-animationType=\"fadeInUp\" data-animationDuration=\"0.3\" data-animationOffset=\"100%\"><div class=\"fusion-column-wrapper fusion-flex-justify-content-flex-start fusion-content-layout-column\" style=\"background-position:left top;background-repeat:no-repeat;-webkit-background-size:cover;-moz-background-size:cover;-o-background-size:cover;background-size:cover;padding: 0px 0px 0px 0px;\"><div ><span class=\" fusion-imageframe imageframe-none imageframe-1 hover-type-zoomin\" style=\"margin-bottom:4%;\"><a href=\"https:\/\/www.imab-concept.it\/wp-content\/uploads\/2021\/12\/volley-mixed-A.jpg\" class=\"fusion-lightbox\" data-rel=\"iLightbox[volley]\" data-title=\"volley-mixed-A\" title=\"letto_artemide_imab_concept\"><img decoding=\"async\" width=\"650\" height=\"470\" src=\"https:\/\/www.imab-concept.it\/wp-content\/uploads\/2024\/09\/letto_artemide_imab_concept.jpg\" class=\"img-responsive wp-image-17661\" srcset=\"https:\/\/www.imab-concept.it\/wp-content\/uploads\/2024\/09\/letto_artemide_imab_concept-200x145.jpg 200w, https:\/\/www.imab-concept.it\/wp-content\/uploads\/2024\/09\/letto_artemide_imab_concept-400x289.jpg 400w, https:\/\/www.imab-concept.it\/wp-content\/uploads\/2024\/09\/letto_artemide_imab_concept-600x434.jpg 600w, https:\/\/www.imab-concept.it\/wp-content\/uploads\/2024\/09\/letto_artemide_imab_concept.jpg 650w\" sizes=\"(max-width: 1024px) 100vw, (max-width: 640px) 100vw, 650px\" \/><\/a><\/span><\/div><style type=\"text\/css\">@media only screen and (max-width:1024px) {.fusion-title.fusion-title-2{margin-top:8px!important;margin-bottom:16px!important;}}@media only screen and (max-width:640px) {.fusion-title.fusion-title-2{margin-top:8px!important;margin-bottom:16px!important;}}<\/style><div class=\"fusion-title title fusion-title-2 fusion-sep-none fusion-title-text fusion-title-size-three\" style=\"margin-top:8px;margin-bottom:16px;\"><h3 class=\"title-heading-left\" style=\"margin:0;\">Artemide<\/h3><\/div><div class=\"fusion-text fusion-text-2\" style=\"transform:translate3d(0,0,0);\"><p>La gran boiserie en madera o Cannettato que enmarca la cama Artemide amuebla por s\u00ed sola toda la habitaci\u00f3n, convirtiendo a Artemide en la protagonista de la zona de noche. Para una atm\u00f3sfera m\u00e1s evocadora, se pueden a\u00f1adir LED a la boiserie. En cambio, para aumentar el espacio disponible, puede optar por el mueble de almacenaje.<\/p>\n<\/div><div ><style type=\"text\/css\">.fusion-button.button-1 {border-radius:50px;}<\/style><a class=\"fusion-button button-flat fusion-button-default-size button-default button-1 fusion-button-default-span fusion-button-default-type button_cucine\" target=\"_self\" href=\"https:\/\/www.imab-concept.it\/es\/collezione\/conjuntos-y-camas-es\/camas-de-madera\/\"><span class=\"fusion-button-text\">DESCUBRE LAS CAMAS DE MADERA<\/span><\/a><\/div><\/div><\/div><style type=\"text\/css\">.fusion-body .fusion-builder-column-3{width:50% !important;margin-top : 25px;margin-bottom : 25px;}.fusion-builder-column-3 > .fusion-column-wrapper {padding-top : 0px !important;padding-right : 0px !important;margin-right : 3.84%;padding-bottom : 0px !important;padding-left : 0px !important;margin-left : 3.84%;}@media only screen and (max-width:1024px) {.fusion-body .fusion-builder-column-3{width:50% !important;order : 0;}.fusion-builder-column-3 > .fusion-column-wrapper {margin-right : 3.84%;margin-left : 3.84%;}}@media only screen and (max-width:640px) {.fusion-body .fusion-builder-column-3{width:100% !important;order : 0;}.fusion-builder-column-3 > .fusion-column-wrapper {margin-right : 1.92%;margin-left : 1.92%;}}<\/style><div class=\"fusion-layout-column fusion_builder_column fusion-builder-column-4 fusion_builder_column_1_2 1_2 fusion-flex-column fusion-animated\" data-animationType=\"fadeInUp\" data-animationDuration=\"0.3\" data-animationOffset=\"100%\"><div class=\"fusion-column-wrapper fusion-flex-justify-content-flex-start fusion-content-layout-column\" style=\"background-position:left top;background-repeat:no-repeat;-webkit-background-size:cover;-moz-background-size:cover;-o-background-size:cover;background-size:cover;padding: 0px 0px 0px 0px;\"><div ><span class=\" fusion-imageframe imageframe-none imageframe-2 hover-type-zoomin\" style=\"margin-bottom:4%;\"><a href=\"https:\/\/www.imab-concept.it\/wp-content\/uploads\/2021\/12\/volley-mixed-A.jpg\" class=\"fusion-lightbox\" data-rel=\"iLightbox[volley]\" data-title=\"volley-mixed-A\" title=\"letto_rio_imab_concept\"><img decoding=\"async\" width=\"650\" height=\"470\" src=\"https:\/\/www.imab-concept.it\/wp-content\/uploads\/2024\/09\/letto_rio_imab_concept.jpg\" class=\"img-responsive wp-image-17657\" srcset=\"https:\/\/www.imab-concept.it\/wp-content\/uploads\/2024\/09\/letto_rio_imab_concept-200x145.jpg 200w, https:\/\/www.imab-concept.it\/wp-content\/uploads\/2024\/09\/letto_rio_imab_concept-400x289.jpg 400w, https:\/\/www.imab-concept.it\/wp-content\/uploads\/2024\/09\/letto_rio_imab_concept-600x434.jpg 600w, https:\/\/www.imab-concept.it\/wp-content\/uploads\/2024\/09\/letto_rio_imab_concept.jpg 650w\" sizes=\"(max-width: 1024px) 100vw, (max-width: 640px) 100vw, 650px\" \/><\/a><\/span><\/div><style type=\"text\/css\">@media only screen and (max-width:1024px) {.fusion-title.fusion-title-3{margin-top:8px!important;margin-bottom:16px!important;}}@media only screen and (max-width:640px) {.fusion-title.fusion-title-3{margin-top:8px!important;margin-bottom:16px!important;}}<\/style><div class=\"fusion-title title fusion-title-3 fusion-sep-none fusion-title-text fusion-title-size-three\" style=\"margin-top:8px;margin-bottom:16px;\"><h3 class=\"title-heading-left\" style=\"margin:0;\">Rio<\/h3><\/div><div class=\"fusion-text fusion-text-3\" style=\"transform:translate3d(0,0,0);\"><p>Los cojines del cabecero, elevados por encima del colch\u00f3n, confieren a la cama Rio un car\u00e1cter animado y fresco. Esta caracter\u00edstica ruptura visual expresa una fuerte nota estil\u00edstica para un dormitorio vivo y fresco.<\/p>\n<\/div><div ><style type=\"text\/css\">.fusion-button.button-2 {border-radius:50px;}<\/style><a class=\"fusion-button button-flat fusion-button-default-size button-default button-2 fusion-button-default-span fusion-button-default-type button_cucine\" target=\"_self\" href=\" https:\/\/www.imab-concept.it\/es\/collezione\/conjuntos-y-camas-es\/camas-tapizadas\/\"><span class=\"fusion-button-text\">DESCUBRE LAS CAMAS TAPIZADAS<\/span><\/a><\/div><\/div><\/div><style type=\"text\/css\">.fusion-body .fusion-builder-column-4{width:50% !important;margin-top : 25px;margin-bottom : 25px;}.fusion-builder-column-4 > .fusion-column-wrapper {padding-top : 0px !important;padding-right : 0px !important;margin-right : 3.84%;padding-bottom : 0px !important;padding-left : 0px !important;margin-left : 3.84%;}@media only screen and (max-width:1024px) {.fusion-body .fusion-builder-column-4{width:50% !important;order : 0;}.fusion-builder-column-4 > .fusion-column-wrapper {margin-right : 3.84%;margin-left : 3.84%;}}@media only screen and (max-width:640px) {.fusion-body .fusion-builder-column-4{width:100% !important;order : 0;}.fusion-builder-column-4 > .fusion-column-wrapper {margin-right : 1.92%;margin-left : 1.92%;}}<\/style><div class=\"fusion-layout-column fusion_builder_column fusion-builder-column-5 fusion_builder_column_1_2 1_2 fusion-flex-column fusion-animated\" data-animationType=\"fadeInUp\" data-animationDuration=\"0.3\" data-animationOffset=\"100%\"><div class=\"fusion-column-wrapper fusion-flex-justify-content-flex-start fusion-content-layout-column\" style=\"background-position:left top;background-repeat:no-repeat;-webkit-background-size:cover;-moz-background-size:cover;-o-background-size:cover;background-size:cover;padding: 0px 0px 0px 0px;\"><div ><span class=\" fusion-imageframe imageframe-none imageframe-3 hover-type-zoomin\" style=\"margin-bottom:4%;\"><a href=\"https:\/\/www.imab-concept.it\/wp-content\/uploads\/2021\/12\/volley-mixed-A.jpg\" class=\"fusion-lightbox\" data-rel=\"iLightbox[volley]\" data-title=\"volley-mixed-A\" title=\"letto_nairobi_imab_concept\"><img decoding=\"async\" width=\"650\" height=\"470\" src=\"https:\/\/www.imab-concept.it\/wp-content\/uploads\/2024\/09\/letto_nairobi_imab_concept.jpg\" class=\"img-responsive wp-image-17652\" srcset=\"https:\/\/www.imab-concept.it\/wp-content\/uploads\/2024\/09\/letto_nairobi_imab_concept-200x145.jpg 200w, https:\/\/www.imab-concept.it\/wp-content\/uploads\/2024\/09\/letto_nairobi_imab_concept-400x289.jpg 400w, https:\/\/www.imab-concept.it\/wp-content\/uploads\/2024\/09\/letto_nairobi_imab_concept-600x434.jpg 600w, https:\/\/www.imab-concept.it\/wp-content\/uploads\/2024\/09\/letto_nairobi_imab_concept.jpg 650w\" sizes=\"(max-width: 1024px) 100vw, (max-width: 640px) 100vw, 650px\" \/><\/a><\/span><\/div><style type=\"text\/css\">@media only screen and (max-width:1024px) {.fusion-title.fusion-title-4{margin-top:8px!important;margin-bottom:16px!important;}}@media only screen and (max-width:640px) {.fusion-title.fusion-title-4{margin-top:8px!important;margin-bottom:16px!important;}}<\/style><div class=\"fusion-title title fusion-title-4 fusion-sep-none fusion-title-text fusion-title-size-three\" style=\"margin-top:8px;margin-bottom:16px;\"><h3 class=\"title-heading-left\" style=\"margin:0;\">Nairobi<\/h3><\/div><div class=\"fusion-text fusion-text-4\" style=\"transform:translate3d(0,0,0);\"><p>Limpia y esencial, la cama matrimonial con contenedor Nairobi tiene un dise\u00f1o suave y reconfortante, que la convierte en el lugar seguro para dormir y so\u00f1ar. El cabecero y el marco de la cama son completamente desenfundables para mayor comodidad.<\/p>\n<\/div><div ><style type=\"text\/css\">.fusion-button.button-3 {border-radius:50px;}<\/style><a class=\"fusion-button button-flat fusion-button-default-size button-default button-3 fusion-button-default-span fusion-button-default-type button_cucine\" target=\"_self\" href=\" https:\/\/www.imab-concept.it\/es\/collezione\/conjuntos-y-camas-es\/camas-tapizadas\/\"><span class=\"fusion-button-text\">DESCUBRE LAS CAMAS TAPIZADAS<\/span><\/a><\/div><\/div><\/div><style type=\"text\/css\">.fusion-body .fusion-builder-column-5{width:50% !important;margin-top : 25px;margin-bottom : 25px;}.fusion-builder-column-5 > .fusion-column-wrapper {padding-top : 0px !important;padding-right : 0px !important;margin-right : 3.84%;padding-bottom : 0px !important;padding-left : 0px !important;margin-left : 3.84%;}@media only screen and (max-width:1024px) {.fusion-body .fusion-builder-column-5{width:50% !important;order : 0;}.fusion-builder-column-5 > .fusion-column-wrapper {margin-right : 3.84%;margin-left : 3.84%;}}@media only screen and (max-width:640px) {.fusion-body .fusion-builder-column-5{width:100% !important;order : 0;}.fusion-builder-column-5 > .fusion-column-wrapper {margin-right : 1.92%;margin-left : 1.92%;}}<\/style><div class=\"fusion-layout-column fusion_builder_column fusion-builder-column-6 fusion_builder_column_1_2 1_2 fusion-flex-column fusion-animated\" data-animationType=\"fadeInUp\" data-animationDuration=\"0.3\" data-animationOffset=\"100%\"><div class=\"fusion-column-wrapper fusion-flex-justify-content-flex-start fusion-content-layout-column\" style=\"background-position:left top;background-repeat:no-repeat;-webkit-background-size:cover;-moz-background-size:cover;-o-background-size:cover;background-size:cover;padding: 0px 0px 0px 0px;\"><div ><span class=\" fusion-imageframe imageframe-none imageframe-4 hover-type-zoomin\" style=\"margin-bottom:4%;\"><a href=\"https:\/\/www.imab-concept.it\/wp-content\/uploads\/2021\/12\/volley-mixed-A.jpg\" class=\"fusion-lightbox\" data-rel=\"iLightbox[volley]\" data-title=\"volley-mixed-A\" title=\"letto_tokyo_imab_concept\"><img decoding=\"async\" width=\"650\" height=\"470\" src=\"https:\/\/www.imab-concept.it\/wp-content\/uploads\/2024\/09\/letto_tokyo_imab_concept.jpg\" class=\"img-responsive wp-image-17648\" srcset=\"https:\/\/www.imab-concept.it\/wp-content\/uploads\/2024\/09\/letto_tokyo_imab_concept-200x145.jpg 200w, https:\/\/www.imab-concept.it\/wp-content\/uploads\/2024\/09\/letto_tokyo_imab_concept-400x289.jpg 400w, https:\/\/www.imab-concept.it\/wp-content\/uploads\/2024\/09\/letto_tokyo_imab_concept-600x434.jpg 600w, https:\/\/www.imab-concept.it\/wp-content\/uploads\/2024\/09\/letto_tokyo_imab_concept.jpg 650w\" sizes=\"(max-width: 1024px) 100vw, (max-width: 640px) 100vw, 650px\" \/><\/a><\/span><\/div><style type=\"text\/css\">@media only screen and (max-width:1024px) {.fusion-title.fusion-title-5{margin-top:8px!important;margin-bottom:16px!important;}}@media only screen and (max-width:640px) {.fusion-title.fusion-title-5{margin-top:8px!important;margin-bottom:16px!important;}}<\/style><div class=\"fusion-title title fusion-title-5 fusion-sep-none fusion-title-text fusion-title-size-three\" style=\"margin-top:8px;margin-bottom:16px;\"><h3 class=\"title-heading-left\" style=\"margin:0;\">Tokyo<\/h3><\/div><div class=\"fusion-text fusion-text-5\" style=\"transform:translate3d(0,0,0);\"><p>El suave cabecero tapizado de esta cama hace que regresar a casa sea a\u00fan m\u00e1s acogedor y hospitalario, el nido ideal al que retirarse tras un d\u00eda intenso. El cabecero se adapta a las formas del cuerpo, haci\u00e9ndolo ideal para actividades como la lectura.<\/p>\n<\/div><div ><style type=\"text\/css\">.fusion-button.button-4 {border-radius:50px;}<\/style><a class=\"fusion-button button-flat fusion-button-default-size button-default button-4 fusion-button-default-span fusion-button-default-type button_cucine\" target=\"_self\" href=\" https:\/\/www.imab-concept.it\/es\/collezione\/conjuntos-y-camas-es\/camas-tapizadas\/\"><span class=\"fusion-button-text\">DESCUBRE LAS CAMAS TAPIZADAS<\/span><\/a><\/div><\/div><\/div><style type=\"text\/css\">.fusion-body .fusion-builder-column-6{width:50% !important;margin-top : 25px;margin-bottom : 25px;}.fusion-builder-column-6 > .fusion-column-wrapper {padding-top : 0px !important;padding-right : 0px !important;margin-right : 3.84%;padding-bottom : 0px !important;padding-left : 0px !important;margin-left : 3.84%;}@media only screen and (max-width:1024px) {.fusion-body .fusion-builder-column-6{width:50% !important;order : 0;}.fusion-builder-column-6 > .fusion-column-wrapper {margin-right : 3.84%;margin-left : 3.84%;}}@media only screen and (max-width:640px) {.fusion-body .fusion-builder-column-6{width:100% !important;order : 0;}.fusion-builder-column-6 > .fusion-column-wrapper {margin-right : 1.92%;margin-left : 1.92%;}}<\/style><div class=\"fusion-layout-column fusion_builder_column fusion-builder-column-7 fusion_builder_column_1_2 1_2 fusion-flex-column fusion-animated\" data-animationType=\"fadeInUp\" data-animationDuration=\"0.3\" data-animationOffset=\"100%\"><div class=\"fusion-column-wrapper fusion-flex-justify-content-flex-start fusion-content-layout-column\" style=\"background-position:left top;background-repeat:no-repeat;-webkit-background-size:cover;-moz-background-size:cover;-o-background-size:cover;background-size:cover;padding: 0px 0px 0px 0px;\"><div ><span class=\" fusion-imageframe imageframe-none imageframe-5 hover-type-zoomin\" style=\"margin-bottom:4%;\"><a href=\"https:\/\/www.imab-concept.it\/wp-content\/uploads\/2021\/12\/volley-mixed-A.jpg\" class=\"fusion-lightbox\" data-rel=\"iLightbox[volley]\" data-title=\"volley-mixed-A\" title=\"letto_virgo_imab_concept\"><img decoding=\"async\" width=\"650\" height=\"470\" src=\"https:\/\/www.imab-concept.it\/wp-content\/uploads\/2024\/09\/letto_virgo_imab_concept.jpg\" class=\"img-responsive wp-image-17644\" srcset=\"https:\/\/www.imab-concept.it\/wp-content\/uploads\/2024\/09\/letto_virgo_imab_concept-200x145.jpg 200w, https:\/\/www.imab-concept.it\/wp-content\/uploads\/2024\/09\/letto_virgo_imab_concept-400x289.jpg 400w, https:\/\/www.imab-concept.it\/wp-content\/uploads\/2024\/09\/letto_virgo_imab_concept-600x434.jpg 600w, https:\/\/www.imab-concept.it\/wp-content\/uploads\/2024\/09\/letto_virgo_imab_concept.jpg 650w\" sizes=\"(max-width: 1024px) 100vw, (max-width: 640px) 100vw, 650px\" \/><\/a><\/span><\/div><style type=\"text\/css\">@media only screen and (max-width:1024px) {.fusion-title.fusion-title-6{margin-top:8px!important;margin-bottom:16px!important;}}@media only screen and (max-width:640px) {.fusion-title.fusion-title-6{margin-top:8px!important;margin-bottom:16px!important;}}<\/style><div class=\"fusion-title title fusion-title-6 fusion-sep-none fusion-title-text fusion-title-size-three\" style=\"margin-top:8px;margin-bottom:16px;\"><h3 class=\"title-heading-left\" style=\"margin:0;\">Virgo<\/h3><\/div><div class=\"fusion-text fusion-text-6\" style=\"transform:translate3d(0,0,0);\"><p>El juego de formas entre el desarrollo vertical de la madera y la diagonal del cabecero tapizado aterciopelado conforma geometr\u00edas din\u00e1micas y vitales. La cama Virgo es la uni\u00f3n de estructura y fluidez, de robustez y suavidad.<\/p>\n<\/div><div ><style type=\"text\/css\">.fusion-button.button-5 {border-radius:50px;}<\/style><a class=\"fusion-button button-flat fusion-button-default-size button-default button-5 fusion-button-default-span fusion-button-default-type button_cucine\" target=\"_self\" href=\"https:\/\/www.imab-concept.it\/es\/collezione\/conjuntos-y-camas-es\/camas-mixtas\/\"><span class=\"fusion-button-text\">DESCUBRE LAS CAMAS MIXTAS<\/span><\/a><\/div><\/div><\/div><style type=\"text\/css\">.fusion-body .fusion-builder-column-7{width:50% !important;margin-top : 25px;margin-bottom : 25px;}.fusion-builder-column-7 > .fusion-column-wrapper {padding-top : 0px !important;padding-right : 0px !important;margin-right : 3.84%;padding-bottom : 0px !important;padding-left : 0px !important;margin-left : 3.84%;}@media only screen and (max-width:1024px) {.fusion-body .fusion-builder-column-7{width:50% !important;order : 0;}.fusion-builder-column-7 > .fusion-column-wrapper {margin-right : 3.84%;margin-left : 3.84%;}}@media only screen and (max-width:640px) {.fusion-body .fusion-builder-column-7{width:100% !important;order : 0;}.fusion-builder-column-7 > .fusion-column-wrapper {margin-right : 1.92%;margin-left : 1.92%;}}<\/style><div class=\"fusion-layout-column fusion_builder_column fusion-builder-column-8 fusion_builder_column_1_2 1_2 fusion-flex-column fusion-animated\" data-animationType=\"fadeInUp\" data-animationDuration=\"0.3\" data-animationOffset=\"100%\"><div class=\"fusion-column-wrapper fusion-flex-justify-content-flex-start fusion-content-layout-column\" style=\"background-position:left top;background-repeat:no-repeat;-webkit-background-size:cover;-moz-background-size:cover;-o-background-size:cover;background-size:cover;padding: 0px 0px 0px 0px;\"><div ><span class=\" fusion-imageframe imageframe-none imageframe-6 hover-type-zoomin\" style=\"margin-bottom:4%;\"><a href=\"https:\/\/www.imab-concept.it\/wp-content\/uploads\/2021\/12\/volley-mixed-A.jpg\" class=\"fusion-lightbox\" data-rel=\"iLightbox[volley]\" data-title=\"volley-mixed-A\" title=\"Argo letto matrimoniale contenitore Imab Concept\"><img decoding=\"async\" width=\"650\" height=\"470\" src=\"https:\/\/www.imab-concept.it\/wp-content\/uploads\/2022\/12\/Argo-letto-matrimoniale-legno-imab-concept.jpg\" class=\"img-responsive wp-image-15631\" srcset=\"https:\/\/www.imab-concept.it\/wp-content\/uploads\/2022\/12\/Argo-letto-matrimoniale-legno-imab-concept-200x145.jpg 200w, https:\/\/www.imab-concept.it\/wp-content\/uploads\/2022\/12\/Argo-letto-matrimoniale-legno-imab-concept-400x289.jpg 400w, https:\/\/www.imab-concept.it\/wp-content\/uploads\/2022\/12\/Argo-letto-matrimoniale-legno-imab-concept-600x434.jpg 600w, https:\/\/www.imab-concept.it\/wp-content\/uploads\/2022\/12\/Argo-letto-matrimoniale-legno-imab-concept.jpg 650w\" sizes=\"(max-width: 1024px) 100vw, (max-width: 640px) 100vw, 650px\" \/><\/a><\/span><\/div><style type=\"text\/css\">@media only screen and (max-width:1024px) {.fusion-title.fusion-title-7{margin-top:8px!important;margin-bottom:16px!important;}}@media only screen and (max-width:640px) {.fusion-title.fusion-title-7{margin-top:8px!important;margin-bottom:16px!important;}}<\/style><div class=\"fusion-title title fusion-title-7 fusion-sep-none fusion-title-text fusion-title-size-three\" style=\"margin-top:8px;margin-bottom:16px;\"><h3 class=\"title-heading-left\" style=\"margin:0;\">Argo<\/h3><\/div><div class=\"fusion-text fusion-text-7\" style=\"transform:translate3d(0,0,0);\"><p>Cama matrimonial con contenedor y compartimentos abiertos. \u00a1Todo lo que necesitas al alcance de la mano y disponible en unos pocos movimientos! El cabecero con contenedor, enriquecido con modernos compartimentos abiertos, transforma la habitaci\u00f3n en un concentrado de relax, estilo y organizaci\u00f3n.<\/p>\n<\/div><div ><style type=\"text\/css\">.fusion-button.button-6 {border-radius:50px;}<\/style><a class=\"fusion-button button-flat fusion-button-default-size button-default button-6 fusion-button-default-span fusion-button-default-type button_cucine\" target=\"_self\" href=\"https:\/\/www.imab-concept.it\/es\/collezione\/conjuntos-y-camas-es\/camas-de-madera\/\"><span class=\"fusion-button-text\">DESCUBRE LAS CAMAS DE MADERA<\/span><\/a><\/div><\/div><\/div><style type=\"text\/css\">.fusion-body .fusion-builder-column-8{width:50% !important;margin-top : 25px;margin-bottom : 25px;}.fusion-builder-column-8 > .fusion-column-wrapper {padding-top : 0px !important;padding-right : 0px !important;margin-right : 3.84%;padding-bottom : 0px !important;padding-left : 0px !important;margin-left : 3.84%;}@media only screen and (max-width:1024px) {.fusion-body .fusion-builder-column-8{width:50% !important;order : 0;}.fusion-builder-column-8 > .fusion-column-wrapper {margin-right : 3.84%;margin-left : 3.84%;}}@media only screen and (max-width:640px) {.fusion-body .fusion-builder-column-8{width:100% !important;order : 0;}.fusion-builder-column-8 > .fusion-column-wrapper {margin-right : 1.92%;margin-left : 1.92%;}}<\/style><div class=\"fusion-layout-column fusion_builder_column fusion-builder-column-9 fusion_builder_column_1_2 1_2 fusion-flex-column fusion-animated\" data-animationType=\"fadeInUp\" data-animationDuration=\"0.3\" data-animationOffset=\"100%\"><div class=\"fusion-column-wrapper fusion-flex-justify-content-flex-start fusion-content-layout-column\" style=\"background-position:left top;background-repeat:no-repeat;-webkit-background-size:cover;-moz-background-size:cover;-o-background-size:cover;background-size:cover;padding: 0px 0px 0px 0px;\"><div ><span class=\" fusion-imageframe imageframe-none imageframe-7 hover-type-zoomin\" style=\"margin-bottom:4%;\"><a href=\"https:\/\/www.imab-concept.it\/wp-content\/uploads\/2021\/12\/volley-mixed-A.jpg\" class=\"fusion-lightbox\" data-rel=\"iLightbox[volley]\" data-title=\"volley-mixed-A\" title=\"Dado letto matrimoniale in legno con contenitore Imab concept\"><img decoding=\"async\" width=\"650\" height=\"470\" src=\"https:\/\/www.imab-concept.it\/wp-content\/uploads\/2022\/12\/dado-letto-matrimoniale-legno-imab-concept.jpg\" class=\"img-responsive wp-image-15632\" srcset=\"https:\/\/www.imab-concept.it\/wp-content\/uploads\/2022\/12\/dado-letto-matrimoniale-legno-imab-concept-200x145.jpg 200w, https:\/\/www.imab-concept.it\/wp-content\/uploads\/2022\/12\/dado-letto-matrimoniale-legno-imab-concept-400x289.jpg 400w, https:\/\/www.imab-concept.it\/wp-content\/uploads\/2022\/12\/dado-letto-matrimoniale-legno-imab-concept-600x434.jpg 600w, https:\/\/www.imab-concept.it\/wp-content\/uploads\/2022\/12\/dado-letto-matrimoniale-legno-imab-concept.jpg 650w\" sizes=\"(max-width: 1024px) 100vw, (max-width: 640px) 100vw, 650px\" \/><\/a><\/span><\/div><style type=\"text\/css\">@media only screen and (max-width:1024px) {.fusion-title.fusion-title-8{margin-top:8px!important;margin-bottom:16px!important;}}@media only screen and (max-width:640px) {.fusion-title.fusion-title-8{margin-top:8px!important;margin-bottom:16px!important;}}<\/style><div class=\"fusion-title title fusion-title-8 fusion-sep-none fusion-title-text fusion-title-size-three\" style=\"margin-top:8px;margin-bottom:16px;\"><h3 class=\"title-heading-left\" style=\"margin:0;\">Dado<\/h3><\/div><div class=\"fusion-text fusion-text-8\" style=\"transform:translate3d(0,0,0);\"><p>Cama matrimonial con contenedor. El encanto y la comodidad se unen en esta cama para caracterizar la habitaci\u00f3n con elementos est\u00e9ticos modernos y soluciones estil\u00edsticas que expanden su practicidad. El cabecero presenta compartimentos abiertos donde se pueden mantener libros y otros objetos siempre al alcance de la mano, mientras que el cabecero en efecto suspendido se enriquece con el contenedor y bandejas \u00fatiles para guardar camisas, corbatas y muchos otros accesorios.<\/p>\n<\/div><div ><style type=\"text\/css\">.fusion-button.button-7 {border-radius:50px;}<\/style><a class=\"fusion-button button-flat fusion-button-default-size button-default button-7 fusion-button-default-span fusion-button-default-type button_cucine\" target=\"_self\" href=\"https:\/\/www.imab-concept.it\/es\/collezione\/conjuntos-y-camas-es\/camas-de-madera\/\"><span class=\"fusion-button-text\">DESCUBRE LAS CAMAS DE MADERA<\/span><\/a><\/div><\/div><\/div><style type=\"text\/css\">.fusion-body .fusion-builder-column-9{width:50% !important;margin-top : 25px;margin-bottom : 25px;}.fusion-builder-column-9 > .fusion-column-wrapper {padding-top : 0px !important;padding-right : 0px !important;margin-right : 3.84%;padding-bottom : 0px !important;padding-left : 0px !important;margin-left : 3.84%;}@media only screen and (max-width:1024px) {.fusion-body .fusion-builder-column-9{width:50% !important;order : 0;}.fusion-builder-column-9 > .fusion-column-wrapper {margin-right : 3.84%;margin-left : 3.84%;}}@media only screen and (max-width:640px) {.fusion-body .fusion-builder-column-9{width:100% !important;order : 0;}.fusion-builder-column-9 > .fusion-column-wrapper {margin-right : 1.92%;margin-left : 1.92%;}}<\/style><div class=\"fusion-layout-column fusion_builder_column fusion-builder-column-10 fusion_builder_column_1_2 1_2 fusion-flex-column fusion-animated\" data-animationType=\"fadeInUp\" data-animationDuration=\"0.3\" data-animationOffset=\"100%\"><div class=\"fusion-column-wrapper fusion-flex-justify-content-flex-start fusion-content-layout-column\" style=\"background-position:left top;background-repeat:no-repeat;-webkit-background-size:cover;-moz-background-size:cover;-o-background-size:cover;background-size:cover;padding: 0px 0px 0px 0px;\"><div ><span class=\" fusion-imageframe imageframe-none imageframe-8 hover-type-zoomin\" style=\"margin-bottom:4%;\"><a href=\"https:\/\/www.imab-concept.it\/wp-content\/uploads\/2021\/12\/volley-mixed-A.jpg\" class=\"fusion-lightbox\" data-rel=\"iLightbox[volley]\" data-title=\"volley-mixed-A\" title=\"letto_morbidone_mixed_imab_concept\"><img decoding=\"async\" width=\"650\" height=\"470\" src=\"https:\/\/www.imab-concept.it\/wp-content\/uploads\/2024\/11\/letto_morbidone_mixed_imab_concept-1.jpg\" class=\"img-responsive wp-image-18692\" srcset=\"https:\/\/www.imab-concept.it\/wp-content\/uploads\/2024\/11\/letto_morbidone_mixed_imab_concept-1-200x145.jpg 200w, https:\/\/www.imab-concept.it\/wp-content\/uploads\/2024\/11\/letto_morbidone_mixed_imab_concept-1-400x289.jpg 400w, https:\/\/www.imab-concept.it\/wp-content\/uploads\/2024\/11\/letto_morbidone_mixed_imab_concept-1-600x434.jpg 600w, https:\/\/www.imab-concept.it\/wp-content\/uploads\/2024\/11\/letto_morbidone_mixed_imab_concept-1.jpg 650w\" sizes=\"(max-width: 1024px) 100vw, (max-width: 640px) 100vw, 650px\" \/><\/a><\/span><\/div><style type=\"text\/css\">@media only screen and (max-width:1024px) {.fusion-title.fusion-title-9{margin-top:8px!important;margin-bottom:16px!important;}}@media only screen and (max-width:640px) {.fusion-title.fusion-title-9{margin-top:8px!important;margin-bottom:16px!important;}}<\/style><div class=\"fusion-title title fusion-title-9 fusion-sep-none fusion-title-text fusion-title-size-three\" style=\"margin-top:8px;margin-bottom:16px;\"><h3 class=\"title-heading-left\" style=\"margin:0;\">Morbidone mixed<\/h3><\/div><div class=\"fusion-text fusion-text-9\" style=\"transform:translate3d(0,0,0);\"><p>Un cama de dise\u00f1o sobrio y esencial tambi\u00e9n puede ser suave y confortable, con tejidos crom\u00e1ticos que dan car\u00e1cter a tu espacio.<\/p>\n<\/div><div ><style type=\"text\/css\">.fusion-button.button-8 {border-radius:50px;}<\/style><a class=\"fusion-button button-flat fusion-button-default-size button-default button-8 fusion-button-default-span fusion-button-default-type button_cucine\" target=\"_self\" href=\"https:\/\/www.imab-concept.it\/es\/collezione\/conjuntos-y-camas-es\/camas-mixtas\/\"><span class=\"fusion-button-text\">DESCUBRE LAS CAMAS MIXTAS<\/span><\/a><\/div><\/div><\/div><style type=\"text\/css\">.fusion-body .fusion-builder-column-10{width:50% !important;margin-top : 25px;margin-bottom : 25px;}.fusion-builder-column-10 > .fusion-column-wrapper {padding-top : 0px !important;padding-right : 0px !important;margin-right : 3.84%;padding-bottom : 0px !important;padding-left : 0px !important;margin-left : 3.84%;}@media only screen and (max-width:1024px) {.fusion-body .fusion-builder-column-10{width:50% !important;order : 0;}.fusion-builder-column-10 > .fusion-column-wrapper {margin-right : 3.84%;margin-left : 3.84%;}}@media only screen and (max-width:640px) {.fusion-body .fusion-builder-column-10{width:100% !important;order : 0;}.fusion-builder-column-10 > .fusion-column-wrapper {margin-right : 1.92%;margin-left : 1.92%;}}<\/style><div class=\"fusion-layout-column fusion_builder_column fusion-builder-column-11 fusion_builder_column_1_2 1_2 fusion-flex-column fusion-animated\" data-animationType=\"fadeInUp\" data-animationDuration=\"0.3\" data-animationOffset=\"100%\"><div class=\"fusion-column-wrapper fusion-flex-justify-content-flex-start fusion-content-layout-column\" style=\"background-position:left top;background-repeat:no-repeat;-webkit-background-size:cover;-moz-background-size:cover;-o-background-size:cover;background-size:cover;padding: 0px 0px 0px 0px;\"><div ><span class=\" fusion-imageframe imageframe-none imageframe-9 hover-type-zoomin\" style=\"margin-bottom:4%;\"><a href=\"https:\/\/www.imab-concept.it\/wp-content\/uploads\/2021\/12\/volley-mixed-A.jpg\" class=\"fusion-lightbox\" data-rel=\"iLightbox[volley]\" data-title=\"volley-mixed-A\" title=\"letto_nido_imab_concept\"><img decoding=\"async\" width=\"650\" height=\"470\" src=\"https:\/\/www.imab-concept.it\/wp-content\/uploads\/2024\/11\/letto_nido_imab_concept.jpg\" class=\"img-responsive wp-image-18655\" srcset=\"https:\/\/www.imab-concept.it\/wp-content\/uploads\/2024\/11\/letto_nido_imab_concept-200x145.jpg 200w, https:\/\/www.imab-concept.it\/wp-content\/uploads\/2024\/11\/letto_nido_imab_concept-400x289.jpg 400w, https:\/\/www.imab-concept.it\/wp-content\/uploads\/2024\/11\/letto_nido_imab_concept-600x434.jpg 600w, https:\/\/www.imab-concept.it\/wp-content\/uploads\/2024\/11\/letto_nido_imab_concept.jpg 650w\" sizes=\"(max-width: 1024px) 100vw, (max-width: 640px) 100vw, 650px\" \/><\/a><\/span><\/div><style type=\"text\/css\">@media only screen and (max-width:1024px) {.fusion-title.fusion-title-10{margin-top:8px!important;margin-bottom:16px!important;}}@media only screen and (max-width:640px) {.fusion-title.fusion-title-10{margin-top:8px!important;margin-bottom:16px!important;}}<\/style><div class=\"fusion-title title fusion-title-10 fusion-sep-none fusion-title-text fusion-title-size-three\" style=\"margin-top:8px;margin-bottom:16px;\"><h3 class=\"title-heading-left\" style=\"margin:0;\">Nido<\/h3><\/div><div class=\"fusion-text fusion-text-10\" style=\"transform:translate3d(0,0,0);\"><p>Cama matrimonial con contenedor. Una cama con m\u00faltiples funciones que, adem\u00e1s de garantizar una alta calidad de sue\u00f1o, ofrece la posibilidad de organizar la ropa de cama m\u00e1s voluminosa en su contenedor e integrar, seg\u00fan la disponibilidad de espacio, una o m\u00e1s mesitas de noche al lado del cabecero.<\/p>\n<\/div><div ><style type=\"text\/css\">.fusion-button.button-9 {border-radius:50px;}<\/style><a class=\"fusion-button button-flat fusion-button-default-size button-default button-9 fusion-button-default-span fusion-button-default-type button_cucine\" target=\"_self\" href=\"https:\/\/www.imab-concept.it\/es\/collezione\/conjuntos-y-camas-es\/camas-mixtas\/\"><span class=\"fusion-button-text\">DESCUBRE LAS CAMAS MIXTAS<\/span><\/a><\/div><\/div><\/div><style type=\"text\/css\">.fusion-body .fusion-builder-column-11{width:50% !important;margin-top : 25px;margin-bottom : 25px;}.fusion-builder-column-11 > .fusion-column-wrapper {padding-top : 0px !important;padding-right : 0px !important;margin-right : 3.84%;padding-bottom : 0px !important;padding-left : 0px !important;margin-left : 3.84%;}@media only screen and (max-width:1024px) {.fusion-body .fusion-builder-column-11{width:50% !important;order : 0;}.fusion-builder-column-11 > .fusion-column-wrapper {margin-right : 3.84%;margin-left : 3.84%;}}@media only screen and (max-width:640px) {.fusion-body .fusion-builder-column-11{width:100% !important;order : 0;}.fusion-builder-column-11 > .fusion-column-wrapper {margin-right : 1.92%;margin-left : 1.92%;}}<\/style><div class=\"fusion-layout-column fusion_builder_column fusion-builder-column-12 fusion_builder_column_1_2 1_2 fusion-flex-column fusion-animated\" data-animationType=\"fadeInUp\" data-animationDuration=\"0.3\" data-animationOffset=\"100%\"><div class=\"fusion-column-wrapper fusion-flex-justify-content-flex-start fusion-content-layout-column\" style=\"background-position:left top;background-repeat:no-repeat;-webkit-background-size:cover;-moz-background-size:cover;-o-background-size:cover;background-size:cover;padding: 0px 0px 0px 0px;\"><div ><span class=\" fusion-imageframe imageframe-none imageframe-10 hover-type-zoomin\" style=\"margin-bottom:4%;\"><a href=\"https:\/\/www.imab-concept.it\/wp-content\/uploads\/2021\/12\/volley-mixed-A.jpg\" class=\"fusion-lightbox\" data-rel=\"iLightbox[volley]\" data-title=\"volley-mixed-A\" title=\"Volley letto matrimoniale in legno Imab Concept\"><img decoding=\"async\" width=\"650\" height=\"470\" src=\"https:\/\/www.imab-concept.it\/wp-content\/uploads\/2022\/12\/Volley-letto-matrimoniale-legno-imab-concept.jpg\" class=\"img-responsive wp-image-15635\" srcset=\"https:\/\/www.imab-concept.it\/wp-content\/uploads\/2022\/12\/Volley-letto-matrimoniale-legno-imab-concept-200x145.jpg 200w, https:\/\/www.imab-concept.it\/wp-content\/uploads\/2022\/12\/Volley-letto-matrimoniale-legno-imab-concept-400x289.jpg 400w, https:\/\/www.imab-concept.it\/wp-content\/uploads\/2022\/12\/Volley-letto-matrimoniale-legno-imab-concept-600x434.jpg 600w, https:\/\/www.imab-concept.it\/wp-content\/uploads\/2022\/12\/Volley-letto-matrimoniale-legno-imab-concept.jpg 650w\" sizes=\"(max-width: 1024px) 100vw, (max-width: 640px) 100vw, 650px\" \/><\/a><\/span><\/div><style type=\"text\/css\">@media only screen and (max-width:1024px) {.fusion-title.fusion-title-11{margin-top:8px!important;margin-bottom:16px!important;}}@media only screen and (max-width:640px) {.fusion-title.fusion-title-11{margin-top:8px!important;margin-bottom:16px!important;}}<\/style><div class=\"fusion-title title fusion-title-11 fusion-sep-none fusion-title-text fusion-title-size-three\" style=\"margin-top:8px;margin-bottom:16px;\"><h3 class=\"title-heading-left\" style=\"margin:0;\">Volley<\/h3><\/div><div class=\"fusion-text fusion-text-11\" style=\"transform:translate3d(0,0,0);\"><p>Ha llegado el momento de dormir en plena tranquilidad, gracias a las c\u00f3modas estructuras de dise\u00f1o elegante y contempor\u00e1neo.<\/p>\n<\/div><div ><style type=\"text\/css\">.fusion-button.button-10 {border-radius:50px;}<\/style><a class=\"fusion-button button-flat fusion-button-default-size button-default button-10 fusion-button-default-span fusion-button-default-type button_cucine\" target=\"_self\" href=\"https:\/\/www.imab-concept.it\/es\/collezione\/conjuntos-y-camas-es\/camas-de-madera\/\"><span class=\"fusion-button-text\">DESCUBRE LAS CAMAS DE MADERA<\/span><\/a><\/div><\/div><\/div><style type=\"text\/css\">.fusion-body .fusion-builder-column-12{width:50% !important;margin-top : 25px;margin-bottom : 25px;}.fusion-builder-column-12 > .fusion-column-wrapper {padding-top : 0px !important;padding-right : 0px !important;margin-right : 3.84%;padding-bottom : 0px !important;padding-left : 0px !important;margin-left : 3.84%;}@media only screen and (max-width:1024px) {.fusion-body .fusion-builder-column-12{width:50% !important;order : 0;}.fusion-builder-column-12 > .fusion-column-wrapper {margin-right : 3.84%;margin-left : 3.84%;}}@media only screen and (max-width:640px) {.fusion-body .fusion-builder-column-12{width:100% !important;order : 0;}.fusion-builder-column-12 > .fusion-column-wrapper {margin-right : 1.92%;margin-left : 1.92%;}}<\/style><div class=\"fusion-layout-column fusion_builder_column fusion-builder-column-13 fusion_builder_column_1_2 1_2 fusion-flex-column fusion-animated\" data-animationType=\"fadeInUp\" data-animationDuration=\"0.3\" data-animationOffset=\"100%\"><div class=\"fusion-column-wrapper fusion-flex-justify-content-flex-start fusion-content-layout-column\" style=\"background-position:left top;background-repeat:no-repeat;-webkit-background-size:cover;-moz-background-size:cover;-o-background-size:cover;background-size:cover;padding: 0px 0px 0px 0px;\"><div ><span class=\" fusion-imageframe imageframe-none imageframe-11 hover-type-zoomin\" style=\"margin-bottom:4%;\"><a href=\"https:\/\/www.imab-concept.it\/wp-content\/uploads\/2021\/12\/volley-mixed-A.jpg\" class=\"fusion-lightbox\" data-rel=\"iLightbox[volley]\" data-title=\"volley-mixed-A\" title=\"volley-mixed-A\"><img decoding=\"async\" width=\"650\" height=\"470\" src=\"https:\/\/www.imab-concept.it\/wp-content\/uploads\/2021\/12\/volley-mixed-A.jpg\" class=\"img-responsive wp-image-15295\" srcset=\"https:\/\/www.imab-concept.it\/wp-content\/uploads\/2021\/12\/volley-mixed-A-200x145.jpg 200w, https:\/\/www.imab-concept.it\/wp-content\/uploads\/2021\/12\/volley-mixed-A-400x289.jpg 400w, https:\/\/www.imab-concept.it\/wp-content\/uploads\/2021\/12\/volley-mixed-A-600x434.jpg 600w, https:\/\/www.imab-concept.it\/wp-content\/uploads\/2021\/12\/volley-mixed-A.jpg 650w\" sizes=\"(max-width: 1024px) 100vw, (max-width: 640px) 100vw, 650px\" \/><\/a><\/span><\/div><style type=\"text\/css\">@media only screen and (max-width:1024px) {.fusion-title.fusion-title-12{margin-top:8px!important;margin-bottom:16px!important;}}@media only screen and (max-width:640px) {.fusion-title.fusion-title-12{margin-top:8px!important;margin-bottom:16px!important;}}<\/style><div class=\"fusion-title title fusion-title-12 fusion-sep-none fusion-title-text fusion-title-size-three\" style=\"margin-top:8px;margin-bottom:16px;\"><h3 class=\"title-heading-left\" style=\"margin:0;\">Volley mixed<\/h3><\/div><div class=\"fusion-text fusion-text-12\" style=\"transform:translate3d(0,0,0);\"><p>De vista frontal recta y de per l curvo, las l\u00edneas del cabecero Volley en su versi\u00f3n mixta aporta gran elegancia con su tabique personalizable en numerosos tejidos.<\/p>\n<\/div><div ><style type=\"text\/css\">.fusion-button.button-11 {border-radius:50px;}<\/style><a class=\"fusion-button button-flat fusion-button-default-size button-default button-11 fusion-button-default-span fusion-button-default-type button_cucine\" target=\"_self\" href=\"https:\/\/www.imab-concept.it\/es\/collezione\/conjuntos-y-camas-es\/camas-mixtas\/\"><span class=\"fusion-button-text\">DESCUBRE LAS CAMAS MIXTAS<\/span><\/a><\/div><\/div><\/div><style type=\"text\/css\">.fusion-body .fusion-builder-column-13{width:50% !important;margin-top : 25px;margin-bottom : 25px;}.fusion-builder-column-13 > .fusion-column-wrapper {padding-top : 0px !important;padding-right : 0px !important;margin-right : 3.84%;padding-bottom : 0px !important;padding-left : 0px !important;margin-left : 3.84%;}@media only screen and (max-width:1024px) {.fusion-body .fusion-builder-column-13{width:50% !important;order : 0;}.fusion-builder-column-13 > .fusion-column-wrapper {margin-right : 3.84%;margin-left : 3.84%;}}@media only screen and (max-width:640px) {.fusion-body .fusion-builder-column-13{width:100% !important;order : 0;}.fusion-builder-column-13 > .fusion-column-wrapper {margin-right : 1.92%;margin-left : 1.92%;}}<\/style><div class=\"fusion-layout-column fusion_builder_column fusion-builder-column-14 fusion_builder_column_1_2 1_2 fusion-flex-column fusion-animated\" data-animationType=\"fadeInUp\" data-animationDuration=\"0.3\" data-animationOffset=\"100%\"><div class=\"fusion-column-wrapper fusion-flex-justify-content-flex-start fusion-content-layout-column\" style=\"background-position:left top;background-repeat:no-repeat;-webkit-background-size:cover;-moz-background-size:cover;-o-background-size:cover;background-size:cover;padding: 0px 0px 0px 0px;\"><div ><span class=\" fusion-imageframe imageframe-none imageframe-12 hover-type-zoomin\" style=\"margin-bottom:4%;\"><a href=\"https:\/\/www.imab-concept.it\/wp-content\/uploads\/2021\/12\/kaori-A.jpg\" class=\"fusion-lightbox\" data-rel=\"iLightbox[kaori]\" data-title=\"kaori-A\" title=\"kaori-A\"><img decoding=\"async\" width=\"650\" height=\"470\" src=\"https:\/\/www.imab-concept.it\/wp-content\/uploads\/2021\/12\/kaori-A.jpg\" class=\"img-responsive wp-image-15298\" srcset=\"https:\/\/www.imab-concept.it\/wp-content\/uploads\/2021\/12\/kaori-A-200x145.jpg 200w, https:\/\/www.imab-concept.it\/wp-content\/uploads\/2021\/12\/kaori-A-400x289.jpg 400w, https:\/\/www.imab-concept.it\/wp-content\/uploads\/2021\/12\/kaori-A-600x434.jpg 600w, https:\/\/www.imab-concept.it\/wp-content\/uploads\/2021\/12\/kaori-A.jpg 650w\" sizes=\"(max-width: 1024px) 100vw, (max-width: 640px) 100vw, 650px\" \/><\/a><\/span><\/div><style type=\"text\/css\">@media only screen and (max-width:1024px) {.fusion-title.fusion-title-13{margin-top:8px!important;margin-bottom:16px!important;}}@media only screen and (max-width:640px) {.fusion-title.fusion-title-13{margin-top:8px!important;margin-bottom:16px!important;}}<\/style><div class=\"fusion-title title fusion-title-13 fusion-sep-none fusion-title-text fusion-title-size-three\" style=\"margin-top:8px;margin-bottom:16px;\"><h3 class=\"title-heading-left\" style=\"margin:0;\">Kaori<\/h3><\/div><div class=\"fusion-text fusion-text-13\" style=\"transform:translate3d(0,0,0);\"><p>\u00bfC\u00f3mo aportar calidez a las noches m\u00e1s fr\u00edas? La respuesta reside en el dise\u00f1o que, aunque moderno, no renuncia a la madera. Este material logra aportar una calidez y luminosidad especial a los ambientes nocturnos. La atenci\u00f3n en la acabados y detalles tiende m\u00e1s que nunca a la perfecci\u00f3n.<\/p>\n<\/div><div ><style type=\"text\/css\">.fusion-button.button-12 {border-radius:50px;}<\/style><a class=\"fusion-button button-flat fusion-button-default-size button-default button-12 fusion-button-default-span fusion-button-default-type button_cucine\" target=\"_self\" href=\"https:\/\/www.imab-concept.it\/es\/collezione\/conjuntos-y-camas-es\/camas-de-madera\/\"><span class=\"fusion-button-text\">DESCUBRE LAS CAMAS DE MADERA<\/span><\/a><\/div><\/div><\/div><style type=\"text\/css\">.fusion-body .fusion-builder-column-14{width:50% !important;margin-top : 25px;margin-bottom : 25px;}.fusion-builder-column-14 > .fusion-column-wrapper {padding-top : 0px !important;padding-right : 0px !important;margin-right : 3.84%;padding-bottom : 0px !important;padding-left : 0px !important;margin-left : 3.84%;}@media only screen and (max-width:1024px) {.fusion-body .fusion-builder-column-14{width:50% !important;order : 0;}.fusion-builder-column-14 > .fusion-column-wrapper {margin-right : 3.84%;margin-left : 3.84%;}}@media only screen and (max-width:640px) {.fusion-body .fusion-builder-column-14{width:100% !important;order : 0;}.fusion-builder-column-14 > .fusion-column-wrapper {margin-right : 1.92%;margin-left : 1.92%;}}<\/style><div class=\"fusion-layout-column fusion_builder_column fusion-builder-column-15 fusion_builder_column_1_2 1_2 fusion-flex-column fusion-animated\" data-animationType=\"fadeInUp\" data-animationDuration=\"0.3\" data-animationOffset=\"100%\"><div class=\"fusion-column-wrapper fusion-flex-justify-content-flex-start fusion-content-layout-column\" style=\"background-position:left top;background-repeat:no-repeat;-webkit-background-size:cover;-moz-background-size:cover;-o-background-size:cover;background-size:cover;padding: 0px 0px 0px 0px;\"><div ><span class=\" fusion-imageframe imageframe-none imageframe-13 hover-type-zoomin\" style=\"margin-bottom:4%;\"><a href=\"https:\/\/www.imab-concept.it\/wp-content\/uploads\/2021\/12\/eraA.jpg\" class=\"fusion-lightbox\" data-rel=\"iLightbox[era]\" data-title=\"eraA\" title=\"letto_era_imab_concept\"><img decoding=\"async\" width=\"650\" height=\"470\" src=\"https:\/\/www.imab-concept.it\/wp-content\/uploads\/2024\/11\/letto_era_imab_concept.jpg\" class=\"img-responsive wp-image-18659\" srcset=\"https:\/\/www.imab-concept.it\/wp-content\/uploads\/2024\/11\/letto_era_imab_concept-200x145.jpg 200w, https:\/\/www.imab-concept.it\/wp-content\/uploads\/2024\/11\/letto_era_imab_concept-400x289.jpg 400w, https:\/\/www.imab-concept.it\/wp-content\/uploads\/2024\/11\/letto_era_imab_concept-600x434.jpg 600w, https:\/\/www.imab-concept.it\/wp-content\/uploads\/2024\/11\/letto_era_imab_concept.jpg 650w\" sizes=\"(max-width: 1024px) 100vw, (max-width: 640px) 100vw, 650px\" \/><\/a><\/span><\/div><style type=\"text\/css\">@media only screen and (max-width:1024px) {.fusion-title.fusion-title-14{margin-top:8px!important;margin-bottom:16px!important;}}@media only screen and (max-width:640px) {.fusion-title.fusion-title-14{margin-top:8px!important;margin-bottom:16px!important;}}<\/style><div class=\"fusion-title title fusion-title-14 fusion-sep-none fusion-title-text fusion-title-size-three\" style=\"margin-top:8px;margin-bottom:16px;\"><h3 class=\"title-heading-left\" style=\"margin:0;\">Era<\/h3><\/div><div class=\"fusion-text fusion-text-14\" style=\"transform:translate3d(0,0,0);\"><p>Un buen reposo es posible donde reina el confort. Ligereza estructural, suavidad del cabecero y magn\u00ed cos vol\u00famenes reinterpretados en una clave din\u00e1mica cuyo magnetismo atrae todas las miradas. La elecci\u00f3n del tejido aporta otro toque personal a la propia cama.<\/p>\n<\/div><div ><style type=\"text\/css\">.fusion-button.button-13 {border-radius:50px;}<\/style><a class=\"fusion-button button-flat fusion-button-default-size button-default button-13 fusion-button-default-span fusion-button-default-type button_cucine\" target=\"_self\" href=\" https:\/\/www.imab-concept.it\/es\/collezione\/conjuntos-y-camas-es\/camas-tapizadas\/\"><span class=\"fusion-button-text\">DESCUBRE LAS CAMAS TAPIZADAS<\/span><\/a><\/div><\/div><\/div><style type=\"text\/css\">.fusion-body .fusion-builder-column-15{width:50% !important;margin-top : 25px;margin-bottom : 25px;}.fusion-builder-column-15 > .fusion-column-wrapper {padding-top : 0px !important;padding-right : 0px !important;margin-right : 3.84%;padding-bottom : 0px !important;padding-left : 0px !important;margin-left : 3.84%;}@media only screen and (max-width:1024px) {.fusion-body .fusion-builder-column-15{width:50% !important;order : 0;}.fusion-builder-column-15 > .fusion-column-wrapper {margin-right : 3.84%;margin-left : 3.84%;}}@media only screen and (max-width:640px) {.fusion-body .fusion-builder-column-15{width:100% !important;order : 0;}.fusion-builder-column-15 > .fusion-column-wrapper {margin-right : 1.92%;margin-left : 1.92%;}}<\/style><div class=\"fusion-layout-column fusion_builder_column fusion-builder-column-16 fusion_builder_column_1_2 1_2 fusion-flex-column fusion-animated\" data-animationType=\"fadeInUp\" data-animationDuration=\"0.3\" data-animationOffset=\"100%\"><div class=\"fusion-column-wrapper fusion-flex-justify-content-flex-start fusion-content-layout-column\" style=\"background-position:left top;background-repeat:no-repeat;-webkit-background-size:cover;-moz-background-size:cover;-o-background-size:cover;background-size:cover;padding: 0px 0px 0px 0px;\"><div ><span class=\" fusion-imageframe imageframe-none imageframe-14 hover-type-zoomin\" style=\"margin-bottom:4%;\"><img decoding=\"async\" width=\"650\" height=\"470\" title=\"letto_nora_imab_concept\" src=\"https:\/\/www.imab-concept.it\/wp-content\/uploads\/2024\/11\/letto_nora_imab_concept.jpg\" class=\"img-responsive wp-image-18663\" srcset=\"https:\/\/www.imab-concept.it\/wp-content\/uploads\/2024\/11\/letto_nora_imab_concept-200x145.jpg 200w, https:\/\/www.imab-concept.it\/wp-content\/uploads\/2024\/11\/letto_nora_imab_concept-400x289.jpg 400w, https:\/\/www.imab-concept.it\/wp-content\/uploads\/2024\/11\/letto_nora_imab_concept-600x434.jpg 600w, https:\/\/www.imab-concept.it\/wp-content\/uploads\/2024\/11\/letto_nora_imab_concept.jpg 650w\" sizes=\"(max-width: 1024px) 100vw, (max-width: 640px) 100vw, 650px\" \/><\/span><\/div><style type=\"text\/css\">@media only screen and (max-width:1024px) {.fusion-title.fusion-title-15{margin-top:8px!important;margin-bottom:16px!important;}}@media only screen and (max-width:640px) {.fusion-title.fusion-title-15{margin-top:8px!important;margin-bottom:16px!important;}}<\/style><div class=\"fusion-title title fusion-title-15 fusion-sep-none fusion-title-text fusion-title-size-three\" style=\"margin-top:8px;margin-bottom:16px;\"><h3 class=\"title-heading-left\" style=\"margin:0;\">Nora<\/h3><\/div><div class=\"fusion-text fusion-text-15\" style=\"transform:translate3d(0,0,0);\"><p>\u00bfEst\u00e1s buscando una cama que se destaque en tu dormitorio? La elecci\u00f3n tiene que recaer por cierto en una cama de gran personalidad, expresada en una combinaci\u00f3n de colores alternados en una estructura que ofrece est\u00e9tica y confort para enriquecer una zona noche de alto dise\u00f1o moderno.<\/p>\n<\/div><div ><style type=\"text\/css\">.fusion-button.button-14 {border-radius:50px;}<\/style><a class=\"fusion-button button-flat fusion-button-default-size button-default button-14 fusion-button-default-span fusion-button-default-type button_cucine\" target=\"_self\" href=\" https:\/\/www.imab-concept.it\/es\/collezione\/conjuntos-y-camas-es\/camas-tapizadas\/\"><span class=\"fusion-button-text\">DESCUBRE LAS CAMAS TAPIZADAS<\/span><\/a><\/div><\/div><\/div><style type=\"text\/css\">.fusion-body .fusion-builder-column-16{width:50% !important;margin-top : 25px;margin-bottom : 25px;}.fusion-builder-column-16 > .fusion-column-wrapper {padding-top : 0px !important;padding-right : 0px !important;margin-right : 3.84%;padding-bottom : 0px !important;padding-left : 0px !important;margin-left : 3.84%;}@media only screen and (max-width:1024px) {.fusion-body .fusion-builder-column-16{width:50% !important;order : 0;}.fusion-builder-column-16 > .fusion-column-wrapper {margin-right : 3.84%;margin-left : 3.84%;}}@media only screen and (max-width:640px) {.fusion-body .fusion-builder-column-16{width:100% !important;order : 0;}.fusion-builder-column-16 > .fusion-column-wrapper {margin-right : 1.92%;margin-left : 1.92%;}}<\/style><div class=\"fusion-layout-column fusion_builder_column fusion-builder-column-17 fusion_builder_column_1_2 1_2 fusion-flex-column fusion-animated\" data-animationType=\"fadeInUp\" data-animationDuration=\"0.3\" data-animationOffset=\"100%\"><div class=\"fusion-column-wrapper fusion-flex-justify-content-flex-start fusion-content-layout-column\" style=\"background-position:left top;background-repeat:no-repeat;-webkit-background-size:cover;-moz-background-size:cover;-o-background-size:cover;background-size:cover;padding: 0px 0px 0px 0px;\"><div ><span class=\" fusion-imageframe imageframe-none imageframe-15 hover-type-zoomin\" style=\"margin-bottom:4%;\"><img decoding=\"async\" width=\"670\" height=\"450\" title=\"Imab_categoria_prodotti_670x450_2LT39REY1H5_MC_00\" src=\"http:\/\/www.imab-concept.it\/wp-content\/uploads\/2020\/11\/Imab_categoria_prodotti_670x450_2LT39REY1H5_MC_00.jpg\" class=\"img-responsive wp-image-15051\" srcset=\"https:\/\/www.imab-concept.it\/wp-content\/uploads\/2020\/11\/Imab_categoria_prodotti_670x450_2LT39REY1H5_MC_00-200x134.jpg 200w, https:\/\/www.imab-concept.it\/wp-content\/uploads\/2020\/11\/Imab_categoria_prodotti_670x450_2LT39REY1H5_MC_00-400x269.jpg 400w, https:\/\/www.imab-concept.it\/wp-content\/uploads\/2020\/11\/Imab_categoria_prodotti_670x450_2LT39REY1H5_MC_00-600x403.jpg 600w, https:\/\/www.imab-concept.it\/wp-content\/uploads\/2020\/11\/Imab_categoria_prodotti_670x450_2LT39REY1H5_MC_00.jpg 670w\" sizes=\"(max-width: 1024px) 100vw, (max-width: 640px) 100vw, 670px\" \/><\/span><\/div><style type=\"text\/css\">@media only screen and (max-width:1024px) {.fusion-title.fusion-title-16{margin-top:8px!important;margin-bottom:16px!important;}}@media only screen and (max-width:640px) {.fusion-title.fusion-title-16{margin-top:8px!important;margin-bottom:16px!important;}}<\/style><div class=\"fusion-title title fusion-title-16 fusion-sep-none fusion-title-text fusion-title-size-three\" style=\"margin-top:8px;margin-bottom:16px;\"><h3 class=\"title-heading-left\" style=\"margin:0;\">Esedra mixed<\/h3><\/div><div class=\"fusion-text fusion-text-16\" style=\"transform:translate3d(0,0,0);\"><p>Piel y cristales Swarovski decoran con elegancia el cabecero tapizado de Esedra. Un cama de encanto metropolitano y chic a la vez.<\/p>\n<\/div><div ><style type=\"text\/css\">.fusion-button.button-15 {border-radius:50px;}<\/style><a class=\"fusion-button button-flat fusion-button-default-size button-default button-15 fusion-button-default-span fusion-button-default-type button_cucine\" target=\"_self\" href=\"https:\/\/www.imab-concept.it\/es\/collezione\/conjuntos-y-camas-es\/camas-mixtas\/\"><span class=\"fusion-button-text\">DESCUBRE LAS CAMAS MIXTAS<\/span><\/a><\/div><\/div><\/div><style type=\"text\/css\">.fusion-body .fusion-builder-column-17{width:50% !important;margin-top : 25px;margin-bottom : 25px;}.fusion-builder-column-17 > .fusion-column-wrapper {padding-top : 0px !important;padding-right : 0px !important;margin-right : 3.84%;padding-bottom : 0px !important;padding-left : 0px !important;margin-left : 3.84%;}@media only screen and (max-width:1024px) {.fusion-body .fusion-builder-column-17{width:50% !important;order : 0;}.fusion-builder-column-17 > .fusion-column-wrapper {margin-right : 3.84%;margin-left : 3.84%;}}@media only screen and (max-width:640px) {.fusion-body .fusion-builder-column-17{width:100% !important;order : 0;}.fusion-builder-column-17 > .fusion-column-wrapper {margin-right : 1.92%;margin-left : 1.92%;}}<\/style><div class=\"fusion-layout-column fusion_builder_column fusion-builder-column-18 fusion_builder_column_1_2 1_2 fusion-flex-column fusion-animated\" data-animationType=\"fadeInUp\" data-animationDuration=\"0.3\" data-animationOffset=\"100%\"><div class=\"fusion-column-wrapper fusion-flex-justify-content-flex-start fusion-content-layout-column\" style=\"background-position:left top;background-repeat:no-repeat;-webkit-background-size:cover;-moz-background-size:cover;-o-background-size:cover;background-size:cover;padding: 0px 0px 0px 0px;\"><div ><span class=\" fusion-imageframe imageframe-none imageframe-16 hover-type-zoomin\" style=\"margin-bottom:4%;\"><img decoding=\"async\" width=\"600\" height=\"403\" title=\"Imab_categoria_prodotti_670x450_2LT82REH6_MC_00\" src=\"http:\/\/www.imab-concept.it\/wp-content\/uploads\/2020\/12\/Imab_categoria_prodotti_670x450_2LT82REH6_MC_00-600x403.jpg\" class=\"img-responsive wp-image-15211\" srcset=\"https:\/\/www.imab-concept.it\/wp-content\/uploads\/2020\/12\/Imab_categoria_prodotti_670x450_2LT82REH6_MC_00-200x134.jpg 200w, https:\/\/www.imab-concept.it\/wp-content\/uploads\/2020\/12\/Imab_categoria_prodotti_670x450_2LT82REH6_MC_00-400x269.jpg 400w, https:\/\/www.imab-concept.it\/wp-content\/uploads\/2020\/12\/Imab_categoria_prodotti_670x450_2LT82REH6_MC_00-600x403.jpg 600w, https:\/\/www.imab-concept.it\/wp-content\/uploads\/2020\/12\/Imab_categoria_prodotti_670x450_2LT82REH6_MC_00.jpg 670w\" sizes=\"(max-width: 1024px) 100vw, (max-width: 640px) 100vw, 600px\" \/><\/span><\/div><style type=\"text\/css\">@media only screen and (max-width:1024px) {.fusion-title.fusion-title-17{margin-top:8px!important;margin-bottom:16px!important;}}@media only screen and (max-width:640px) {.fusion-title.fusion-title-17{margin-top:8px!important;margin-bottom:16px!important;}}<\/style><div class=\"fusion-title title fusion-title-17 fusion-sep-none fusion-title-text fusion-title-size-three\" style=\"margin-top:8px;margin-bottom:16px;\"><h3 class=\"title-heading-left\" style=\"margin:0;\">Esedra<\/h3><\/div><div class=\"fusion-text fusion-text-17\" style=\"transform:translate3d(0,0,0);\"><p>Un buen descanso es el primer paso para cuidar de nuestro bienestar. Por tanto, la elecci\u00f3n de la cama suele ser para muchos un momento crucial. Esta es una propuesta ideal para quienes adoran el gusto cl\u00e1sico perfectamente amalgamado a un dise\u00f1o m\u00e1s moderno: el imponente cabecero, decorado con elegantes pespuntes, crea un re nado juego de luces y sombras enriquecido por el car\u00e1cter y tono del tejido en ecopiel.<\/p>\n<\/div><div ><style type=\"text\/css\">.fusion-button.button-16 {border-radius:50px;}<\/style><a class=\"fusion-button button-flat fusion-button-default-size button-default button-16 fusion-button-default-span fusion-button-default-type button_cucine\" target=\"_self\" href=\" https:\/\/www.imab-concept.it\/es\/collezione\/conjuntos-y-camas-es\/camas-tapizadas\/\"><span class=\"fusion-button-text\">DESCUBRE LAS CAMAS TAPIZADAS<\/span><\/a><\/div><\/div><\/div><style type=\"text\/css\">.fusion-body .fusion-builder-column-18{width:50% !important;margin-top : 25px;margin-bottom : 25px;}.fusion-builder-column-18 > .fusion-column-wrapper {padding-top : 0px !important;padding-right : 0px !important;margin-right : 3.84%;padding-bottom : 0px !important;padding-left : 0px !important;margin-left : 3.84%;}@media only screen and (max-width:1024px) {.fusion-body .fusion-builder-column-18{width:50% !important;order : 0;}.fusion-builder-column-18 > .fusion-column-wrapper {margin-right : 3.84%;margin-left : 3.84%;}}@media only screen and (max-width:640px) {.fusion-body .fusion-builder-column-18{width:100% !important;order : 0;}.fusion-builder-column-18 > .fusion-column-wrapper {margin-right : 1.92%;margin-left : 1.92%;}}<\/style><div class=\"fusion-layout-column fusion_builder_column fusion-builder-column-19 fusion_builder_column_1_2 1_2 fusion-flex-column fusion-animated\" data-animationType=\"fadeInUp\" data-animationDuration=\"0.3\" data-animationOffset=\"100%\"><div class=\"fusion-column-wrapper fusion-flex-justify-content-flex-start fusion-content-layout-column\" style=\"background-position:left top;background-repeat:no-repeat;-webkit-background-size:cover;-moz-background-size:cover;-o-background-size:cover;background-size:cover;padding: 0px 0px 0px 0px;\"><div ><span class=\" fusion-imageframe imageframe-none imageframe-17 hover-type-zoomin\" style=\"margin-bottom:4%;\"><img decoding=\"async\" width=\"650\" height=\"470\" title=\"Letto matrimoniale in legno Onda Imab Concept\" src=\"https:\/\/www.imab-concept.it\/wp-content\/uploads\/2022\/11\/onda-letto-matrimoniale-imab-concept.jpg\" class=\"img-responsive wp-image-15599\" srcset=\"https:\/\/www.imab-concept.it\/wp-content\/uploads\/2022\/11\/onda-letto-matrimoniale-imab-concept-200x145.jpg 200w, https:\/\/www.imab-concept.it\/wp-content\/uploads\/2022\/11\/onda-letto-matrimoniale-imab-concept-400x289.jpg 400w, https:\/\/www.imab-concept.it\/wp-content\/uploads\/2022\/11\/onda-letto-matrimoniale-imab-concept-600x434.jpg 600w, https:\/\/www.imab-concept.it\/wp-content\/uploads\/2022\/11\/onda-letto-matrimoniale-imab-concept.jpg 650w\" sizes=\"(max-width: 1024px) 100vw, (max-width: 640px) 100vw, 650px\" \/><\/span><\/div><style type=\"text\/css\">@media only screen and (max-width:1024px) {.fusion-title.fusion-title-18{margin-top:8px!important;margin-bottom:16px!important;}}@media only screen and (max-width:640px) {.fusion-title.fusion-title-18{margin-top:8px!important;margin-bottom:16px!important;}}<\/style><div class=\"fusion-title title fusion-title-18 fusion-sep-none fusion-title-text fusion-title-size-three\" style=\"margin-top:8px;margin-bottom:16px;\"><h3 class=\"title-heading-left\" style=\"margin:0;\">Onda<\/h3><\/div><div class=\"fusion-text fusion-text-18\" style=\"transform:translate3d(0,0,0);\"><p>La personalizaci\u00f3n del estilo del propio dormitorio depende de la elecci\u00f3n de la cama. Con una cama de madera, podr\u00e1s crear un ambiente c\u00e1lido y acogedor para relajarte y escapar de la rutina cotidiana. Funcionalidad y est\u00e9tica son las caracter\u00edsticas principales para organizar al m\u00e1ximo el espacio, pero sin renunciar al gusto.<\/p>\n<\/div><div ><style type=\"text\/css\">.fusion-button.button-17 {border-radius:50px;}<\/style><a class=\"fusion-button button-flat fusion-button-default-size button-default button-17 fusion-button-default-span fusion-button-default-type button_cucine\" target=\"_self\" href=\"https:\/\/www.imab-concept.it\/es\/collezione\/conjuntos-y-camas-es\/camas-de-madera\/\"><span class=\"fusion-button-text\">DESCUBRE LAS CAMAS DE MADERA<\/span><\/a><\/div><\/div><\/div><style type=\"text\/css\">.fusion-body .fusion-builder-column-19{width:50% !important;margin-top : 25px;margin-bottom : 25px;}.fusion-builder-column-19 > .fusion-column-wrapper {padding-top : 0px !important;padding-right : 0px !important;margin-right : 3.84%;padding-bottom : 0px !important;padding-left : 0px !important;margin-left : 3.84%;}@media only screen and (max-width:1024px) {.fusion-body .fusion-builder-column-19{width:50% !important;order : 0;}.fusion-builder-column-19 > .fusion-column-wrapper {margin-right : 3.84%;margin-left : 3.84%;}}@media only screen and (max-width:640px) {.fusion-body .fusion-builder-column-19{width:100% !important;order : 0;}.fusion-builder-column-19 > .fusion-column-wrapper {margin-right : 1.92%;margin-left : 1.92%;}}<\/style><div class=\"fusion-layout-column fusion_builder_column fusion-builder-column-20 fusion_builder_column_1_2 1_2 fusion-flex-column fusion-animated\" data-animationType=\"fadeInUp\" data-animationDuration=\"0.3\" data-animationOffset=\"100%\"><div class=\"fusion-column-wrapper fusion-flex-justify-content-flex-start fusion-content-layout-column\" style=\"background-position:left top;background-repeat:no-repeat;-webkit-background-size:cover;-moz-background-size:cover;-o-background-size:cover;background-size:cover;padding: 0px 0px 0px 0px;\"><div ><span class=\" fusion-imageframe imageframe-none imageframe-18 hover-type-zoomin\" style=\"margin-bottom:4%;\"><img decoding=\"async\" width=\"670\" height=\"450\" title=\"Imab_categoria_prodotti_670x450_2LT20REQ8_MC_00\" src=\"http:\/\/www.imab-concept.it\/wp-content\/uploads\/2020\/12\/Imab_categoria_prodotti_670x450_2LT20REQ8_MC_00.jpg\" class=\"img-responsive wp-image-15182\" srcset=\"https:\/\/www.imab-concept.it\/wp-content\/uploads\/2020\/12\/Imab_categoria_prodotti_670x450_2LT20REQ8_MC_00-200x134.jpg 200w, https:\/\/www.imab-concept.it\/wp-content\/uploads\/2020\/12\/Imab_categoria_prodotti_670x450_2LT20REQ8_MC_00-400x269.jpg 400w, https:\/\/www.imab-concept.it\/wp-content\/uploads\/2020\/12\/Imab_categoria_prodotti_670x450_2LT20REQ8_MC_00-600x403.jpg 600w, https:\/\/www.imab-concept.it\/wp-content\/uploads\/2020\/12\/Imab_categoria_prodotti_670x450_2LT20REQ8_MC_00.jpg 670w\" sizes=\"(max-width: 1024px) 100vw, (max-width: 640px) 100vw, 670px\" \/><\/span><\/div><style type=\"text\/css\">@media only screen and (max-width:1024px) {.fusion-title.fusion-title-19{margin-top:8px!important;margin-bottom:16px!important;}}@media only screen and (max-width:640px) {.fusion-title.fusion-title-19{margin-top:8px!important;margin-bottom:16px!important;}}<\/style><div class=\"fusion-title title fusion-title-19 fusion-sep-none fusion-title-text fusion-title-size-three\" style=\"margin-top:8px;margin-bottom:16px;\"><h3 class=\"title-heading-left\" style=\"margin:0;\">Tab<\/h3><\/div><div class=\"fusion-text fusion-text-19\" style=\"transform:translate3d(0,0,0);\"><p>Un cama bien elegida es el factor clave para coordinar todos los auxiliares decorativos en el dormitorio. Con sus veteados, los acabados madera hacen del auxiliar decorativo un objeto capaz de animar y dar vida al espacio circundante. \u00a1Ya tienes todo lo que necesitas para descansar!<\/p>\n<\/div><div ><style type=\"text\/css\">.fusion-button.button-18 {border-radius:50px;}<\/style><a class=\"fusion-button button-flat fusion-button-default-size button-default button-18 fusion-button-default-span fusion-button-default-type button_cucine\" target=\"_self\" href=\"https:\/\/www.imab-concept.it\/es\/collezione\/conjuntos-y-camas-es\/camas-de-madera\/\"><span class=\"fusion-button-text\">DESCUBRE LAS CAMAS DE MADERA<\/span><\/a><\/div><\/div><\/div><style type=\"text\/css\">.fusion-body .fusion-builder-column-20{width:50% !important;margin-top : 25px;margin-bottom : 25px;}.fusion-builder-column-20 > .fusion-column-wrapper {padding-top : 0px !important;padding-right : 0px !important;margin-right : 3.84%;padding-bottom : 0px !important;padding-left : 0px !important;margin-left : 3.84%;}@media only screen and (max-width:1024px) {.fusion-body .fusion-builder-column-20{width:50% !important;order : 0;}.fusion-builder-column-20 > .fusion-column-wrapper {margin-right : 3.84%;margin-left : 3.84%;}}@media only screen and (max-width:640px) {.fusion-body .fusion-builder-column-20{width:100% !important;order : 0;}.fusion-builder-column-20 > .fusion-column-wrapper {margin-right : 1.92%;margin-left : 1.92%;}}<\/style><div class=\"fusion-layout-column fusion_builder_column fusion-builder-column-21 fusion_builder_column_1_2 1_2 fusion-flex-column fusion-animated\" data-animationType=\"fadeInUp\" data-animationDuration=\"0.3\" data-animationOffset=\"100%\"><div class=\"fusion-column-wrapper fusion-flex-justify-content-flex-start fusion-content-layout-column\" style=\"background-position:left top;background-repeat:no-repeat;-webkit-background-size:cover;-moz-background-size:cover;-o-background-size:cover;background-size:cover;padding: 0px 0px 0px 0px;\"><div ><span class=\" fusion-imageframe imageframe-none imageframe-19 hover-type-zoomin\" style=\"margin-bottom:4%;\"><img decoding=\"async\" width=\"650\" height=\"470\" title=\"letto_polo_imab_concept\" src=\"https:\/\/www.imab-concept.it\/wp-content\/uploads\/2024\/11\/letto_polo_imab_concept.jpg\" class=\"img-responsive wp-image-18667\" srcset=\"https:\/\/www.imab-concept.it\/wp-content\/uploads\/2024\/11\/letto_polo_imab_concept-200x145.jpg 200w, https:\/\/www.imab-concept.it\/wp-content\/uploads\/2024\/11\/letto_polo_imab_concept-400x289.jpg 400w, https:\/\/www.imab-concept.it\/wp-content\/uploads\/2024\/11\/letto_polo_imab_concept-600x434.jpg 600w, https:\/\/www.imab-concept.it\/wp-content\/uploads\/2024\/11\/letto_polo_imab_concept.jpg 650w\" sizes=\"(max-width: 1024px) 100vw, (max-width: 640px) 100vw, 650px\" \/><\/span><\/div><style type=\"text\/css\">@media only screen and (max-width:1024px) {.fusion-title.fusion-title-20{margin-top:8px!important;margin-bottom:16px!important;}}@media only screen and (max-width:640px) {.fusion-title.fusion-title-20{margin-top:8px!important;margin-bottom:16px!important;}}<\/style><div class=\"fusion-title title fusion-title-20 fusion-sep-none fusion-title-text fusion-title-size-three\" style=\"margin-top:8px;margin-bottom:16px;\"><h3 class=\"title-heading-left\" style=\"margin:0;\">Polo<\/h3><\/div><div class=\"fusion-text fusion-text-20\" style=\"transform:translate3d(0,0,0);\"><p>Dise\u00f1o lineal y esencial para quienes desean conjugar el bienestar con la simplicidad. Una simplicidad que sin embargo no signi ca impersonalidad, dado que nada est\u00e1 librado al azar: cada detalle est\u00e1 dise\u00f1ado para suscitar emociones y los elementos combinables son perfectos para que puedas personalizar tu dormitorio.<\/p>\n<\/div><div ><style type=\"text\/css\">.fusion-button.button-19 {border-radius:50px;}<\/style><a class=\"fusion-button button-flat fusion-button-default-size button-default button-19 fusion-button-default-span fusion-button-default-type button_cucine\" target=\"_self\" href=\"https:\/\/www.imab-concept.it\/es\/collezione\/conjuntos-y-camas-es\/camas-de-madera\/\"><span class=\"fusion-button-text\">DESCUBRE LAS CAMAS DE MADERA<\/span><\/a><\/div><\/div><\/div><style type=\"text\/css\">.fusion-body .fusion-builder-column-21{width:50% !important;margin-top : 25px;margin-bottom : 25px;}.fusion-builder-column-21 > .fusion-column-wrapper {padding-top : 0px !important;padding-right : 0px !important;margin-right : 3.84%;padding-bottom : 0px !important;padding-left : 0px !important;margin-left : 3.84%;}@media only screen and (max-width:1024px) {.fusion-body .fusion-builder-column-21{width:50% !important;order : 0;}.fusion-builder-column-21 > .fusion-column-wrapper {margin-right : 3.84%;margin-left : 3.84%;}}@media only screen and (max-width:640px) {.fusion-body .fusion-builder-column-21{width:100% !important;order : 0;}.fusion-builder-column-21 > .fusion-column-wrapper {margin-right : 1.92%;margin-left : 1.92%;}}<\/style><div class=\"fusion-layout-column fusion_builder_column fusion-builder-column-22 fusion_builder_column_1_2 1_2 fusion-flex-column fusion-animated\" data-animationType=\"fadeInUp\" data-animationDuration=\"0.3\" data-animationOffset=\"100%\"><div class=\"fusion-column-wrapper fusion-flex-justify-content-flex-start fusion-content-layout-column\" style=\"background-position:left top;background-repeat:no-repeat;-webkit-background-size:cover;-moz-background-size:cover;-o-background-size:cover;background-size:cover;padding: 0px 0px 0px 0px;\"><div ><span class=\" fusion-imageframe imageframe-none imageframe-20 hover-type-zoomin\" style=\"margin-bottom:4%;\"><img decoding=\"async\" width=\"650\" height=\"470\" title=\"letto_resort_mixed_imab_concept\" src=\"https:\/\/www.imab-concept.it\/wp-content\/uploads\/2024\/11\/letto_resort_mixed_imab_concept.jpg\" class=\"img-responsive wp-image-18671\" srcset=\"https:\/\/www.imab-concept.it\/wp-content\/uploads\/2024\/11\/letto_resort_mixed_imab_concept-200x145.jpg 200w, https:\/\/www.imab-concept.it\/wp-content\/uploads\/2024\/11\/letto_resort_mixed_imab_concept-400x289.jpg 400w, https:\/\/www.imab-concept.it\/wp-content\/uploads\/2024\/11\/letto_resort_mixed_imab_concept-600x434.jpg 600w, https:\/\/www.imab-concept.it\/wp-content\/uploads\/2024\/11\/letto_resort_mixed_imab_concept.jpg 650w\" sizes=\"(max-width: 1024px) 100vw, (max-width: 640px) 100vw, 650px\" \/><\/span><\/div><style type=\"text\/css\">@media only screen and (max-width:1024px) {.fusion-title.fusion-title-21{margin-top:8px!important;margin-bottom:16px!important;}}@media only screen and (max-width:640px) {.fusion-title.fusion-title-21{margin-top:8px!important;margin-bottom:16px!important;}}<\/style><div class=\"fusion-title title fusion-title-21 fusion-sep-none fusion-title-text fusion-title-size-three\" style=\"margin-top:8px;margin-bottom:16px;\"><h3 class=\"title-heading-left\" style=\"margin:0;\">Resort mixed<\/h3><\/div><div class=\"fusion-text fusion-text-21\" style=\"transform:translate3d(0,0,0);\"><p>La concepci\u00f3n actual del mobiliario nocturno da un lugar especial a la cama, que no sirve solo para dormir. Mantiene obviamente su funci\u00f3n principal para un buen reposo, pero se asocia al aporte de una est\u00e9tica fresca y so sticada a la vez, totalmente actualizada. D\u00e9jate sorprender por su estructura ergon\u00f3mica, que parece \u00b1uctuar en el espacio de tu dormitorio con su rol de protagonista.<\/p>\n<\/div><div ><style type=\"text\/css\">.fusion-button.button-20 {border-radius:50px;}<\/style><a class=\"fusion-button button-flat fusion-button-default-size button-default button-20 fusion-button-default-span fusion-button-default-type button_cucine\" target=\"_self\" href=\"https:\/\/www.imab-concept.it\/es\/collezione\/conjuntos-y-camas-es\/camas-mixtas\/\"><span class=\"fusion-button-text\">DESCUBRE LAS CAMAS MIXTAS<\/span><\/a><\/div><\/div><\/div><style type=\"text\/css\">.fusion-body .fusion-builder-column-22{width:50% !important;margin-top : 25px;margin-bottom : 25px;}.fusion-builder-column-22 > .fusion-column-wrapper {padding-top : 0px !important;padding-right : 0px !important;margin-right : 3.84%;padding-bottom : 0px !important;padding-left : 0px !important;margin-left : 3.84%;}@media only screen and (max-width:1024px) {.fusion-body .fusion-builder-column-22{width:50% !important;order : 0;}.fusion-builder-column-22 > .fusion-column-wrapper {margin-right : 3.84%;margin-left : 3.84%;}}@media only screen and (max-width:640px) {.fusion-body .fusion-builder-column-22{width:100% !important;order : 0;}.fusion-builder-column-22 > .fusion-column-wrapper {margin-right : 1.92%;margin-left : 1.92%;}}<\/style><div class=\"fusion-layout-column fusion_builder_column fusion-builder-column-23 fusion_builder_column_1_2 1_2 fusion-flex-column fusion-animated\" data-animationType=\"fadeInUp\" data-animationDuration=\"0.3\" data-animationOffset=\"100%\"><div class=\"fusion-column-wrapper fusion-flex-justify-content-flex-start fusion-content-layout-column\" style=\"background-position:left top;background-repeat:no-repeat;-webkit-background-size:cover;-moz-background-size:cover;-o-background-size:cover;background-size:cover;padding: 0px 0px 0px 0px;\"><div ><span class=\" fusion-imageframe imageframe-none imageframe-21 hover-type-zoomin\" style=\"margin-bottom:4%;\"><img decoding=\"async\" width=\"650\" height=\"470\" title=\"letto_dione_imab_concept\" src=\"https:\/\/www.imab-concept.it\/wp-content\/uploads\/2024\/11\/letto_dione_imab_concept-1.jpg\" class=\"img-responsive wp-image-18679\" srcset=\"https:\/\/www.imab-concept.it\/wp-content\/uploads\/2024\/11\/letto_dione_imab_concept-1-200x145.jpg 200w, https:\/\/www.imab-concept.it\/wp-content\/uploads\/2024\/11\/letto_dione_imab_concept-1-400x289.jpg 400w, https:\/\/www.imab-concept.it\/wp-content\/uploads\/2024\/11\/letto_dione_imab_concept-1-600x434.jpg 600w, https:\/\/www.imab-concept.it\/wp-content\/uploads\/2024\/11\/letto_dione_imab_concept-1.jpg 650w\" sizes=\"(max-width: 1024px) 100vw, (max-width: 640px) 100vw, 650px\" \/><\/span><\/div><style type=\"text\/css\">@media only screen and (max-width:1024px) {.fusion-title.fusion-title-22{margin-top:8px!important;margin-bottom:16px!important;}}@media only screen and (max-width:640px) {.fusion-title.fusion-title-22{margin-top:8px!important;margin-bottom:16px!important;}}<\/style><div class=\"fusion-title title fusion-title-22 fusion-sep-none fusion-title-text fusion-title-size-three\" style=\"margin-top:8px;margin-bottom:16px;\"><h3 class=\"title-heading-left\" style=\"margin:0;\">Dione<\/h3><\/div><div class=\"fusion-text fusion-text-22\" style=\"transform:translate3d(0,0,0);\"><p>La calidad del sue\u00f1o depende por cierto del confort. Si a la comodidad le sumamos el dise\u00f1o, en un estilo cl\u00e1sico que combina la innovaci\u00f3n de materiales y tejidos, aumenta sin duda el car\u00e1cter de esta protagonista del dormitorio. El encanto del azul aporta al ambiente una atm\u00f3sfera misteriosa y acogedora.<\/p>\n<\/div><div ><style type=\"text\/css\">.fusion-button.button-21 {border-radius:50px;}<\/style><a class=\"fusion-button button-flat fusion-button-default-size button-default button-21 fusion-button-default-span fusion-button-default-type button_cucine\" target=\"_self\" href=\" https:\/\/www.imab-concept.it\/es\/collezione\/conjuntos-y-camas-es\/camas-tapizadas\/\"><span class=\"fusion-button-text\">DESCUBRE LAS CAMAS TAPIZADAS<\/span><\/a><\/div><\/div><\/div><style type=\"text\/css\">.fusion-body .fusion-builder-column-23{width:50% !important;margin-top : 25px;margin-bottom : 25px;}.fusion-builder-column-23 > .fusion-column-wrapper {padding-top : 0px !important;padding-right : 0px !important;margin-right : 3.84%;padding-bottom : 0px !important;padding-left : 0px !important;margin-left : 3.84%;}@media only screen and (max-width:1024px) {.fusion-body .fusion-builder-column-23{width:50% !important;order : 0;}.fusion-builder-column-23 > .fusion-column-wrapper {margin-right : 3.84%;margin-left : 3.84%;}}@media only screen and (max-width:640px) {.fusion-body .fusion-builder-column-23{width:100% !important;order : 0;}.fusion-builder-column-23 > .fusion-column-wrapper {margin-right : 1.92%;margin-left : 1.92%;}}<\/style><div class=\"fusion-layout-column fusion_builder_column fusion-builder-column-24 fusion_builder_column_1_2 1_2 fusion-flex-column fusion-animated\" data-animationType=\"fadeInUp\" data-animationDuration=\"0.3\" data-animationOffset=\"100%\"><div class=\"fusion-column-wrapper fusion-flex-justify-content-flex-start fusion-content-layout-column\" style=\"background-position:left top;background-repeat:no-repeat;-webkit-background-size:cover;-moz-background-size:cover;-o-background-size:cover;background-size:cover;padding: 0px 0px 0px 0px;\"><div ><span class=\" fusion-imageframe imageframe-none imageframe-22 hover-type-zoomin\" style=\"margin-bottom:4%;\"><img decoding=\"async\" width=\"670\" height=\"450\" title=\"Imab_categoria_prodotti_670x450_2LT66QEH1_MC_00\" src=\"http:\/\/www.imab-concept.it\/wp-content\/uploads\/2020\/12\/Imab_categoria_prodotti_670x450_2LT66QEH1_MC_00.jpg\" class=\"img-responsive wp-image-15188\" srcset=\"https:\/\/www.imab-concept.it\/wp-content\/uploads\/2020\/12\/Imab_categoria_prodotti_670x450_2LT66QEH1_MC_00-200x134.jpg 200w, https:\/\/www.imab-concept.it\/wp-content\/uploads\/2020\/12\/Imab_categoria_prodotti_670x450_2LT66QEH1_MC_00-400x269.jpg 400w, https:\/\/www.imab-concept.it\/wp-content\/uploads\/2020\/12\/Imab_categoria_prodotti_670x450_2LT66QEH1_MC_00-600x403.jpg 600w, https:\/\/www.imab-concept.it\/wp-content\/uploads\/2020\/12\/Imab_categoria_prodotti_670x450_2LT66QEH1_MC_00.jpg 670w\" sizes=\"(max-width: 1024px) 100vw, (max-width: 640px) 100vw, 670px\" \/><\/span><\/div><style type=\"text\/css\">@media only screen and (max-width:1024px) {.fusion-title.fusion-title-23{margin-top:8px!important;margin-bottom:16px!important;}}@media only screen and (max-width:640px) {.fusion-title.fusion-title-23{margin-top:8px!important;margin-bottom:16px!important;}}<\/style><div class=\"fusion-title title fusion-title-23 fusion-sep-none fusion-title-text fusion-title-size-three\" style=\"margin-top:8px;margin-bottom:16px;\"><h3 class=\"title-heading-left\" style=\"margin:0;\">Dedalo<\/h3><\/div><div class=\"fusion-text fusion-text-23\" style=\"transform:translate3d(0,0,0);\"><p>Camas modernas que decoran la zona nocturna y nos acogen en un suave abrazo durante los momentos de relax. El tapizado garantiza una comodidad sin igual creando un ambiente chic y acogedor. Los colores sugieren un gusto elegante y acogedor, un ambiente donde refugiarnos cada noche, quiz\u00e1s en compa\u00f1\u00eda de un buen libro y una tisana caliente.<\/p>\n<\/div><div ><style type=\"text\/css\">.fusion-button.button-22 {border-radius:50px;}<\/style><a class=\"fusion-button button-flat fusion-button-default-size button-default button-22 fusion-button-default-span fusion-button-default-type button_cucine\" target=\"_self\" href=\" https:\/\/www.imab-concept.it\/es\/collezione\/conjuntos-y-camas-es\/camas-tapizadas\/\"><span class=\"fusion-button-text\">DESCUBRE LAS CAMAS TAPIZADAS<\/span><\/a><\/div><\/div><\/div><style type=\"text\/css\">.fusion-body .fusion-builder-column-24{width:50% !important;margin-top : 25px;margin-bottom : 25px;}.fusion-builder-column-24 > .fusion-column-wrapper {padding-top : 0px !important;padding-right : 0px !important;margin-right : 3.84%;padding-bottom : 0px !important;padding-left : 0px !important;margin-left : 3.84%;}@media only screen and (max-width:1024px) {.fusion-body .fusion-builder-column-24{width:50% !important;order : 0;}.fusion-builder-column-24 > .fusion-column-wrapper {margin-right : 3.84%;margin-left : 3.84%;}}@media only screen and (max-width:640px) {.fusion-body .fusion-builder-column-24{width:100% !important;order : 0;}.fusion-builder-column-24 > .fusion-column-wrapper {margin-right : 1.92%;margin-left : 1.92%;}}<\/style><div class=\"fusion-layout-column fusion_builder_column fusion-builder-column-25 fusion_builder_column_1_2 1_2 fusion-flex-column fusion-animated\" data-animationType=\"fadeInUp\" data-animationDuration=\"0.3\" data-animationOffset=\"100%\"><div class=\"fusion-column-wrapper fusion-flex-justify-content-flex-start fusion-content-layout-column\" style=\"background-position:left top;background-repeat:no-repeat;-webkit-background-size:cover;-moz-background-size:cover;-o-background-size:cover;background-size:cover;padding: 0px 0px 0px 0px;\"><div ><span class=\" fusion-imageframe imageframe-none imageframe-23 hover-type-zoomin\" style=\"margin-bottom:4%;\"><img decoding=\"async\" width=\"650\" height=\"470\" title=\"letto_morbidone_imab_concept\" src=\"https:\/\/www.imab-concept.it\/wp-content\/uploads\/2024\/11\/letto_morbidone_imab_concept.jpg\" class=\"img-responsive wp-image-18683\" srcset=\"https:\/\/www.imab-concept.it\/wp-content\/uploads\/2024\/11\/letto_morbidone_imab_concept-200x145.jpg 200w, https:\/\/www.imab-concept.it\/wp-content\/uploads\/2024\/11\/letto_morbidone_imab_concept-400x289.jpg 400w, https:\/\/www.imab-concept.it\/wp-content\/uploads\/2024\/11\/letto_morbidone_imab_concept-600x434.jpg 600w, https:\/\/www.imab-concept.it\/wp-content\/uploads\/2024\/11\/letto_morbidone_imab_concept.jpg 650w\" sizes=\"(max-width: 1024px) 100vw, (max-width: 640px) 100vw, 650px\" \/><\/span><\/div><style type=\"text\/css\">@media only screen and (max-width:1024px) {.fusion-title.fusion-title-24{margin-top:8px!important;margin-bottom:16px!important;}}@media only screen and (max-width:640px) {.fusion-title.fusion-title-24{margin-top:8px!important;margin-bottom:16px!important;}}<\/style><div class=\"fusion-title title fusion-title-24 fusion-sep-none fusion-title-text fusion-title-size-three\" style=\"margin-top:8px;margin-bottom:16px;\"><h3 class=\"title-heading-left\" style=\"margin:0;\">Morbidone<\/h3><\/div><div class=\"fusion-text fusion-text-24\" style=\"transform:translate3d(0,0,0);\"><p>Dormir es un placer, especialmente cuando el mobiliario responde a tus expectativas y refleja tu propio estilo. El estilo moderno, fresco y contempor\u00e1neo est\u00e1 indisolublemente asociado al relax. El gran cabecero de blando tapizado es el detalle que distingue este modelo de cama.<\/p>\n<\/div><div ><style type=\"text\/css\">.fusion-button.button-23 {border-radius:50px;}<\/style><a class=\"fusion-button button-flat fusion-button-default-size button-default button-23 fusion-button-default-span fusion-button-default-type button_cucine\" target=\"_self\" href=\" https:\/\/www.imab-concept.it\/es\/collezione\/conjuntos-y-camas-es\/camas-tapizadas\/\"><span class=\"fusion-button-text\">DESCUBRE LAS CAMAS TAPIZADAS<\/span><\/a><\/div><\/div><\/div><style type=\"text\/css\">.fusion-body .fusion-builder-column-25{width:50% !important;margin-top : 25px;margin-bottom : 25px;}.fusion-builder-column-25 > .fusion-column-wrapper {padding-top : 0px !important;padding-right : 0px !important;margin-right : 3.84%;padding-bottom : 0px !important;padding-left : 0px !important;margin-left : 3.84%;}@media only screen and (max-width:1024px) {.fusion-body .fusion-builder-column-25{width:50% !important;order : 0;}.fusion-builder-column-25 > .fusion-column-wrapper {margin-right : 3.84%;margin-left : 3.84%;}}@media only screen and (max-width:640px) {.fusion-body .fusion-builder-column-25{width:100% !important;order : 0;}.fusion-builder-column-25 > .fusion-column-wrapper {margin-right : 1.92%;margin-left : 1.92%;}}<\/style><div class=\"fusion-layout-column fusion_builder_column fusion-builder-column-26 fusion_builder_column_1_2 1_2 fusion-flex-column fusion-animated\" data-animationType=\"fadeInUp\" data-animationDuration=\"0.3\" data-animationOffset=\"100%\"><div class=\"fusion-column-wrapper fusion-flex-justify-content-flex-start fusion-content-layout-column\" style=\"background-position:left top;background-repeat:no-repeat;-webkit-background-size:cover;-moz-background-size:cover;-o-background-size:cover;background-size:cover;padding: 0px 0px 0px 0px;\"><div ><span class=\" fusion-imageframe imageframe-none imageframe-24 hover-type-zoomin\" style=\"margin-bottom:4%;\"><img decoding=\"async\" width=\"650\" height=\"470\" title=\"letto_london_imab_concept\" src=\"https:\/\/www.imab-concept.it\/wp-content\/uploads\/2024\/11\/letto_london_imab_concept.jpg\" class=\"img-responsive wp-image-18696\" srcset=\"https:\/\/www.imab-concept.it\/wp-content\/uploads\/2024\/11\/letto_london_imab_concept-200x145.jpg 200w, https:\/\/www.imab-concept.it\/wp-content\/uploads\/2024\/11\/letto_london_imab_concept-400x289.jpg 400w, https:\/\/www.imab-concept.it\/wp-content\/uploads\/2024\/11\/letto_london_imab_concept-600x434.jpg 600w, https:\/\/www.imab-concept.it\/wp-content\/uploads\/2024\/11\/letto_london_imab_concept.jpg 650w\" sizes=\"(max-width: 1024px) 100vw, (max-width: 640px) 100vw, 650px\" \/><\/span><\/div><style type=\"text\/css\">@media only screen and (max-width:1024px) {.fusion-title.fusion-title-25{margin-top:8px!important;margin-bottom:16px!important;}}@media only screen and (max-width:640px) {.fusion-title.fusion-title-25{margin-top:8px!important;margin-bottom:16px!important;}}<\/style><div class=\"fusion-title title fusion-title-25 fusion-sep-none fusion-title-text fusion-title-size-three\" style=\"margin-top:8px;margin-bottom:16px;\"><h3 class=\"title-heading-left\" style=\"margin:0;\">London<\/h3><\/div><div class=\"fusion-text fusion-text-25\" style=\"transform:translate3d(0,0,0);\"><p>El concept consiste en una decoraci\u00f3n relajante que narra una historia de funcionalidad y elegancia. D\u00e9jate inspirar por las propuestas e ideas originales seleccionadas para ti con el \u00fanico objetivo de hacer que tus momentos de relax sean realmente inolvidables.<\/p>\n<\/div><div ><style type=\"text\/css\">.fusion-button.button-24 {border-radius:50px;}<\/style><a class=\"fusion-button button-flat fusion-button-default-size button-default button-24 fusion-button-default-span fusion-button-default-type button_cucine\" target=\"_self\" href=\" https:\/\/www.imab-concept.it\/es\/collezione\/conjuntos-y-camas-es\/camas-tapizadas\/\"><span class=\"fusion-button-text\">DESCUBRE LAS CAMAS TAPIZADAS<\/span><\/a><\/div><\/div><\/div><style type=\"text\/css\">.fusion-body .fusion-builder-column-26{width:50% !important;margin-top : 25px;margin-bottom : 25px;}.fusion-builder-column-26 > .fusion-column-wrapper {padding-top : 0px !important;padding-right : 0px !important;margin-right : 3.84%;padding-bottom : 0px !important;padding-left : 0px !important;margin-left : 3.84%;}@media only screen and (max-width:1024px) {.fusion-body .fusion-builder-column-26{width:50% !important;order : 0;}.fusion-builder-column-26 > .fusion-column-wrapper {margin-right : 3.84%;margin-left : 3.84%;}}@media only screen and (max-width:640px) {.fusion-body .fusion-builder-column-26{width:100% !important;order : 0;}.fusion-builder-column-26 > .fusion-column-wrapper {margin-right : 1.92%;margin-left : 1.92%;}}<\/style><div class=\"fusion-layout-column fusion_builder_column fusion-builder-column-27 fusion_builder_column_1_2 1_2 fusion-flex-column fusion-animated\" data-animationType=\"fadeInUp\" data-animationDuration=\"0.3\" data-animationOffset=\"100%\"><div class=\"fusion-column-wrapper fusion-flex-justify-content-flex-start fusion-content-layout-column\" style=\"background-position:left top;background-repeat:no-repeat;-webkit-background-size:cover;-moz-background-size:cover;-o-background-size:cover;background-size:cover;padding: 0px 0px 0px 0px;\"><div ><span class=\" fusion-imageframe imageframe-none imageframe-25 hover-type-zoomin\" style=\"margin-bottom:4%;\"><img decoding=\"async\" width=\"670\" height=\"450\" title=\"Imab_categoria_prodotti_670x450_2LT84RE37_MC_00\" src=\"http:\/\/www.imab-concept.it\/wp-content\/uploads\/2020\/12\/Imab_categoria_prodotti_670x450_2LT84RE37_MC_00.jpg\" class=\"img-responsive wp-image-15194\" srcset=\"https:\/\/www.imab-concept.it\/wp-content\/uploads\/2020\/12\/Imab_categoria_prodotti_670x450_2LT84RE37_MC_00-200x134.jpg 200w, https:\/\/www.imab-concept.it\/wp-content\/uploads\/2020\/12\/Imab_categoria_prodotti_670x450_2LT84RE37_MC_00-400x269.jpg 400w, https:\/\/www.imab-concept.it\/wp-content\/uploads\/2020\/12\/Imab_categoria_prodotti_670x450_2LT84RE37_MC_00-600x403.jpg 600w, https:\/\/www.imab-concept.it\/wp-content\/uploads\/2020\/12\/Imab_categoria_prodotti_670x450_2LT84RE37_MC_00.jpg 670w\" sizes=\"(max-width: 1024px) 100vw, (max-width: 640px) 100vw, 670px\" \/><\/span><\/div><style type=\"text\/css\">@media only screen and (max-width:1024px) {.fusion-title.fusion-title-26{margin-top:8px!important;margin-bottom:16px!important;}}@media only screen and (max-width:640px) {.fusion-title.fusion-title-26{margin-top:8px!important;margin-bottom:16px!important;}}<\/style><div class=\"fusion-title title fusion-title-26 fusion-sep-none fusion-title-text fusion-title-size-three\" style=\"margin-top:8px;margin-bottom:16px;\"><h3 class=\"title-heading-left\" style=\"margin:0;\">Barcellona<\/h3><\/div><div class=\"fusion-text fusion-text-26\" style=\"transform:translate3d(0,0,0);\"><p>\u00bfAdoras los ambientes m\u00e1gicamente rom\u00e1nticos? Esta es la cama ideal para ti. Un gusto cl\u00e1sico, de evocaci\u00f3n victoriana, reinterpretado en un dise\u00f1o m\u00e1s moderno con materiales que aportan un toque de renovada frescura a tu ambiente nocturno.<\/p>\n<\/div><div ><style type=\"text\/css\">.fusion-button.button-25 {border-radius:50px;}<\/style><a class=\"fusion-button button-flat fusion-button-default-size button-default button-25 fusion-button-default-span fusion-button-default-type button_cucine\" target=\"_self\" href=\" https:\/\/www.imab-concept.it\/es\/collezione\/conjuntos-y-camas-es\/camas-tapizadas\/\"><span class=\"fusion-button-text\">DESCUBRE LAS CAMAS TAPIZADAS<\/span><\/a><\/div><\/div><\/div><style type=\"text\/css\">.fusion-body .fusion-builder-column-27{width:50% !important;margin-top : 25px;margin-bottom : 25px;}.fusion-builder-column-27 > .fusion-column-wrapper {padding-top : 0px !important;padding-right : 0px !important;margin-right : 3.84%;padding-bottom : 0px !important;padding-left : 0px !important;margin-left : 3.84%;}@media only screen and (max-width:1024px) {.fusion-body .fusion-builder-column-27{width:50% !important;order : 0;}.fusion-builder-column-27 > .fusion-column-wrapper {margin-right : 3.84%;margin-left : 3.84%;}}@media only screen and (max-width:640px) {.fusion-body .fusion-builder-column-27{width:100% !important;order : 0;}.fusion-builder-column-27 > .fusion-column-wrapper {margin-right : 1.92%;margin-left : 1.92%;}}<\/style><div class=\"fusion-layout-column fusion_builder_column fusion-builder-column-28 fusion_builder_column_1_2 1_2 fusion-flex-column fusion-animated\" data-animationType=\"fadeInUp\" data-animationDuration=\"0.3\" data-animationOffset=\"100%\"><div class=\"fusion-column-wrapper fusion-flex-justify-content-flex-start fusion-content-layout-column\" style=\"background-position:left top;background-repeat:no-repeat;-webkit-background-size:cover;-moz-background-size:cover;-o-background-size:cover;background-size:cover;padding: 0px 0px 0px 0px;\"><div ><span class=\" fusion-imageframe imageframe-none imageframe-26 hover-type-zoomin\" style=\"margin-bottom:4%;\"><img decoding=\"async\" width=\"650\" height=\"470\" title=\"letto_sommier_imab_concept\" src=\"https:\/\/www.imab-concept.it\/wp-content\/uploads\/2024\/11\/letto_sommier_imab_concept.jpg\" class=\"img-responsive wp-image-18687\" srcset=\"https:\/\/www.imab-concept.it\/wp-content\/uploads\/2024\/11\/letto_sommier_imab_concept-200x145.jpg 200w, https:\/\/www.imab-concept.it\/wp-content\/uploads\/2024\/11\/letto_sommier_imab_concept-400x289.jpg 400w, https:\/\/www.imab-concept.it\/wp-content\/uploads\/2024\/11\/letto_sommier_imab_concept-600x434.jpg 600w, https:\/\/www.imab-concept.it\/wp-content\/uploads\/2024\/11\/letto_sommier_imab_concept.jpg 650w\" sizes=\"(max-width: 1024px) 100vw, (max-width: 640px) 100vw, 650px\" \/><\/span><\/div><style type=\"text\/css\">@media only screen and (max-width:1024px) {.fusion-title.fusion-title-27{margin-top:8px!important;margin-bottom:16px!important;}}@media only screen and (max-width:640px) {.fusion-title.fusion-title-27{margin-top:8px!important;margin-bottom:16px!important;}}<\/style><div class=\"fusion-title title fusion-title-27 fusion-sep-none fusion-title-text fusion-title-size-three\" style=\"margin-top:8px;margin-bottom:16px;\"><h3 class=\"title-heading-left\" style=\"margin:0;\">Sommier<\/h3><\/div><div class=\"fusion-text fusion-text-27\" style=\"transform:translate3d(0,0,0);\"><p>Son much\u00edsimas las soluciones que hacen de tu dormitorio un ambiente completo e innovador, con la cama siempre protagonista. Un mueble de trazos sencillos y lineales de gusto minimalista, donde la ausencia del cabecero se compensa por el equilibrio de l\u00edneas y vol\u00famenes que aportan una fuerte personalidad.<\/p>\n<\/div><div ><style type=\"text\/css\">.fusion-button.button-26 {border-radius:50px;}<\/style><a class=\"fusion-button button-flat fusion-button-default-size button-default button-26 fusion-button-default-span fusion-button-default-type button_cucine\" target=\"_self\" href=\" https:\/\/www.imab-concept.it\/es\/collezione\/conjuntos-y-camas-es\/camas-tapizadas\/\"><span class=\"fusion-button-text\">DESCUBRE LAS CAMAS TAPIZADAS<\/span><\/a><\/div><\/div><\/div><style type=\"text\/css\">.fusion-body .fusion-builder-column-28{width:50% !important;margin-top : 25px;margin-bottom : 25px;}.fusion-builder-column-28 > .fusion-column-wrapper {padding-top : 0px !important;padding-right : 0px !important;margin-right : 3.84%;padding-bottom : 0px !important;padding-left : 0px !important;margin-left : 3.84%;}@media only screen and (max-width:1024px) {.fusion-body .fusion-builder-column-28{width:50% !important;order : 0;}.fusion-builder-column-28 > .fusion-column-wrapper {margin-right : 3.84%;margin-left : 3.84%;}}@media only screen and (max-width:640px) {.fusion-body .fusion-builder-column-28{width:100% !important;order : 0;}.fusion-builder-column-28 > .fusion-column-wrapper {margin-right : 1.92%;margin-left : 1.92%;}}<\/style><div class=\"fusion-layout-column fusion_builder_column fusion-builder-column-29 fusion_builder_column_1_2 1_2 fusion-flex-column fusion-animated\" data-animationType=\"fadeInUp\" data-animationDuration=\"0.3\" data-animationOffset=\"100%\"><div class=\"fusion-column-wrapper fusion-flex-justify-content-flex-start fusion-content-layout-column\" style=\"background-position:left top;background-repeat:no-repeat;-webkit-background-size:cover;-moz-background-size:cover;-o-background-size:cover;background-size:cover;padding: 0px 0px 0px 0px;\"><div ><span class=\" fusion-imageframe imageframe-none imageframe-27 hover-type-zoomin\" style=\"margin-bottom:4%;\"><img decoding=\"async\" width=\"650\" height=\"470\" title=\"Boheme Letto matrimoniale Imab Concept\" src=\"https:\/\/www.imab-concept.it\/wp-content\/uploads\/2022\/11\/boheme-letto-matrimoniale-imab-concept.jpg\" class=\"img-responsive wp-image-15603\" srcset=\"https:\/\/www.imab-concept.it\/wp-content\/uploads\/2022\/11\/boheme-letto-matrimoniale-imab-concept-200x145.jpg 200w, https:\/\/www.imab-concept.it\/wp-content\/uploads\/2022\/11\/boheme-letto-matrimoniale-imab-concept-400x289.jpg 400w, https:\/\/www.imab-concept.it\/wp-content\/uploads\/2022\/11\/boheme-letto-matrimoniale-imab-concept-600x434.jpg 600w, https:\/\/www.imab-concept.it\/wp-content\/uploads\/2022\/11\/boheme-letto-matrimoniale-imab-concept.jpg 650w\" sizes=\"(max-width: 1024px) 100vw, (max-width: 640px) 100vw, 650px\" \/><\/span><\/div><style type=\"text\/css\">@media only screen and (max-width:1024px) {.fusion-title.fusion-title-28{margin-top:8px!important;margin-bottom:16px!important;}}@media only screen and (max-width:640px) {.fusion-title.fusion-title-28{margin-top:8px!important;margin-bottom:16px!important;}}<\/style><div class=\"fusion-title title fusion-title-28 fusion-sep-none fusion-title-text fusion-title-size-three\" style=\"margin-top:8px;margin-bottom:16px;\"><h3 class=\"title-heading-left\" style=\"margin:0;\">Boheme<\/h3><\/div><div class=\"fusion-text fusion-text-28\" style=\"transform:translate3d(0,0,0);\"><p>El proyecto de la zona noche tiene que considerar varios aspectos para garantizar una exitosa combinaci\u00f3n de comodidad, funcionalidad y elegancia. Date el lujo de una soluci\u00f3n que amalgama a la perfecci\u00f3n todos estos aspectos, evocando el estilo bohemio -por ende, exc\u00e9ntrico y vistoso- en clave moderna y de alto dise\u00f1o.<\/p>\n<\/div><div ><style type=\"text\/css\">.fusion-button.button-27 {border-radius:50px;}<\/style><a class=\"fusion-button button-flat fusion-button-default-size button-default button-27 fusion-button-default-span fusion-button-default-type button_cucine\" target=\"_self\" href=\" https:\/\/www.imab-concept.it\/es\/collezione\/conjuntos-y-camas-es\/camas-tapizadas\/\"><span class=\"fusion-button-text\">DESCUBRE LAS CAMAS TAPIZADAS<\/span><\/a><\/div><\/div><\/div><style type=\"text\/css\">.fusion-body .fusion-builder-column-29{width:50% !important;margin-top : 25px;margin-bottom : 25px;}.fusion-builder-column-29 > .fusion-column-wrapper {padding-top : 0px !important;padding-right : 0px !important;margin-right : 3.84%;padding-bottom : 0px !important;padding-left : 0px !important;margin-left : 3.84%;}@media only screen and (max-width:1024px) {.fusion-body .fusion-builder-column-29{width:50% !important;order : 0;}.fusion-builder-column-29 > .fusion-column-wrapper {margin-right : 3.84%;margin-left : 3.84%;}}@media only screen and (max-width:640px) {.fusion-body .fusion-builder-column-29{width:100% !important;order : 0;}.fusion-builder-column-29 > .fusion-column-wrapper {margin-right : 1.92%;margin-left : 1.92%;}}<\/style><\/div><style type=\"text\/css\">.fusion-body .fusion-flex-container.fusion-builder-row-3{ padding-top : 0px;margin-top : 0px;padding-right : 0px;padding-bottom : 0px;margin-bottom : 0px;padding-left : 0px;}<\/style><\/div><\/p>\n","protected":false},"excerpt":{"rendered":"","protected":false},"author":6,"featured_media":0,"parent":16950,"menu_order":0,"comment_status":"closed","ping_status":"closed","template":"100-width.php","meta":[],"yoast_head":"<!-- This site is optimized with the Yoast SEO plugin v20.10 - https:\/\/yoast.com\/wordpress\/plugins\/seo\/ -->\n<title>Camas \u2013 IMAB Concept<\/title>\n<meta name=\"description\" content=\"Las camas de matrimonio, individuales y de una plaza y media de IMAB Concept son ergon\u00f3micas, c\u00f3modas y 100% Made in Italy. Descubre todos los modelos\" \/>\n<meta name=\"robots\" content=\"index, follow, max-snippet:-1, max-image-preview:large, max-video-preview:-1\" \/>\n<link rel=\"canonical\" href=\"https:\/\/www.imab-concept.it\/es\/muebles-de-dormitorio\/camas\/\" \/>\n<meta property=\"og:locale\" content=\"es_ES\" \/>\n<meta property=\"og:type\" content=\"article\" \/>\n<meta property=\"og:title\" content=\"Camas \u2013 IMAB Concept\" \/>\n<meta property=\"og:description\" content=\"Las camas de matrimonio, individuales y de una plaza y media de IMAB Concept son ergon\u00f3micas, c\u00f3modas y 100% Made in Italy. Descubre todos los modelos\" \/>\n<meta property=\"og:url\" content=\"https:\/\/www.imab-concept.it\/es\/muebles-de-dormitorio\/camas\/\" \/>\n<meta property=\"og:site_name\" content=\"IMAB Concept\" \/>\n<meta property=\"article:modified_time\" content=\"2024-11-19T16:37:17+00:00\" \/>\n<meta property=\"og:image\" content=\"https:\/\/www.imab-concept.it\/wp-content\/uploads\/2021\/01\/Imab_OG_image_1200x630_LETTI.jpg\" \/>\n\t<meta property=\"og:image:width\" content=\"1200\" \/>\n\t<meta property=\"og:image:height\" content=\"630\" \/>\n\t<meta property=\"og:image:type\" content=\"image\/jpeg\" \/>\n<meta name=\"twitter:label1\" content=\"Est. reading time\" \/>\n\t<meta name=\"twitter:data1\" content=\"54 minutos\" \/>\n<script type=\"application\/ld+json\" class=\"yoast-schema-graph\">{\"@context\":\"https:\/\/schema.org\",\"@graph\":[{\"@type\":\"WebPage\",\"@id\":\"https:\/\/www.imab-concept.it\/es\/muebles-de-dormitorio\/camas\/\",\"url\":\"https:\/\/www.imab-concept.it\/es\/muebles-de-dormitorio\/camas\/\",\"name\":\"Camas \u2013 IMAB Concept\",\"isPartOf\":{\"@id\":\"https:\/\/www.imab-concept.it\/#website\"},\"datePublished\":\"2020-10-06T13:30:59+00:00\",\"dateModified\":\"2024-11-19T16:37:17+00:00\",\"description\":\"Las camas de matrimonio, individuales y de una plaza y media de IMAB Concept son ergon\u00f3micas, c\u00f3modas y 100% Made in Italy. Descubre todos los modelos\",\"breadcrumb\":{\"@id\":\"https:\/\/www.imab-concept.it\/es\/muebles-de-dormitorio\/camas\/#breadcrumb\"},\"inLanguage\":\"es\",\"potentialAction\":[{\"@type\":\"ReadAction\",\"target\":[\"https:\/\/www.imab-concept.it\/es\/muebles-de-dormitorio\/camas\/\"]}]},{\"@type\":\"BreadcrumbList\",\"@id\":\"https:\/\/www.imab-concept.it\/es\/muebles-de-dormitorio\/camas\/#breadcrumb\",\"itemListElement\":[{\"@type\":\"ListItem\",\"position\":1,\"name\":\"Home\",\"item\":\"https:\/\/www.imab-concept.it\/es\/\"},{\"@type\":\"ListItem\",\"position\":2,\"name\":\"Muebles de dormitorio\",\"item\":\"https:\/\/www.imab-concept.it\/es\/muebles-de-dormitorio\/\"},{\"@type\":\"ListItem\",\"position\":3,\"name\":\"Camas\"}]},{\"@type\":\"WebSite\",\"@id\":\"https:\/\/www.imab-concept.it\/#website\",\"url\":\"https:\/\/www.imab-concept.it\/\",\"name\":\"IMAB Concept\",\"description\":\"Arrediamo con passione\",\"potentialAction\":[{\"@type\":\"SearchAction\",\"target\":{\"@type\":\"EntryPoint\",\"urlTemplate\":\"https:\/\/www.imab-concept.it\/?s={search_term_string}\"},\"query-input\":\"required name=search_term_string\"}],\"inLanguage\":\"es\"}]}<\/script>\n<!-- \/ Yoast SEO plugin. -->","yoast_head_json":{"title":"Camas \u2013 IMAB Concept","description":"Las camas de matrimonio, individuales y de una plaza y media de IMAB Concept son ergon\u00f3micas, c\u00f3modas y 100% Made in Italy. Descubre todos los modelos","robots":{"index":"index","follow":"follow","max-snippet":"max-snippet:-1","max-image-preview":"max-image-preview:large","max-video-preview":"max-video-preview:-1"},"canonical":"https:\/\/www.imab-concept.it\/es\/muebles-de-dormitorio\/camas\/","og_locale":"es_ES","og_type":"article","og_title":"Camas \u2013 IMAB Concept","og_description":"Las camas de matrimonio, individuales y de una plaza y media de IMAB Concept son ergon\u00f3micas, c\u00f3modas y 100% Made in Italy. Descubre todos los modelos","og_url":"https:\/\/www.imab-concept.it\/es\/muebles-de-dormitorio\/camas\/","og_site_name":"IMAB Concept","article_modified_time":"2024-11-19T16:37:17+00:00","og_image":[{"width":1200,"height":630,"url":"https:\/\/www.imab-concept.it\/wp-content\/uploads\/2021\/01\/Imab_OG_image_1200x630_LETTI.jpg","type":"image\/jpeg"}],"twitter_misc":{"Est. reading time":"54 minutos"},"schema":{"@context":"https:\/\/schema.org","@graph":[{"@type":"WebPage","@id":"https:\/\/www.imab-concept.it\/es\/muebles-de-dormitorio\/camas\/","url":"https:\/\/www.imab-concept.it\/es\/muebles-de-dormitorio\/camas\/","name":"Camas \u2013 IMAB Concept","isPartOf":{"@id":"https:\/\/www.imab-concept.it\/#website"},"datePublished":"2020-10-06T13:30:59+00:00","dateModified":"2024-11-19T16:37:17+00:00","description":"Las camas de matrimonio, individuales y de una plaza y media de IMAB Concept son ergon\u00f3micas, c\u00f3modas y 100% Made in Italy. Descubre todos los modelos","breadcrumb":{"@id":"https:\/\/www.imab-concept.it\/es\/muebles-de-dormitorio\/camas\/#breadcrumb"},"inLanguage":"es","potentialAction":[{"@type":"ReadAction","target":["https:\/\/www.imab-concept.it\/es\/muebles-de-dormitorio\/camas\/"]}]},{"@type":"BreadcrumbList","@id":"https:\/\/www.imab-concept.it\/es\/muebles-de-dormitorio\/camas\/#breadcrumb","itemListElement":[{"@type":"ListItem","position":1,"name":"Home","item":"https:\/\/www.imab-concept.it\/es\/"},{"@type":"ListItem","position":2,"name":"Muebles de dormitorio","item":"https:\/\/www.imab-concept.it\/es\/muebles-de-dormitorio\/"},{"@type":"ListItem","position":3,"name":"Camas"}]},{"@type":"WebSite","@id":"https:\/\/www.imab-concept.it\/#website","url":"https:\/\/www.imab-concept.it\/","name":"IMAB Concept","description":"Arrediamo con passione","potentialAction":[{"@type":"SearchAction","target":{"@type":"EntryPoint","urlTemplate":"https:\/\/www.imab-concept.it\/?s={search_term_string}"},"query-input":"required name=search_term_string"}],"inLanguage":"es"}]}},"_links":{"self":[{"href":"https:\/\/www.imab-concept.it\/es\/wp-json\/wp\/v2\/pages\/17011"}],"collection":[{"href":"https:\/\/www.imab-concept.it\/es\/wp-json\/wp\/v2\/pages"}],"about":[{"href":"https:\/\/www.imab-concept.it\/es\/wp-json\/wp\/v2\/types\/page"}],"author":[{"embeddable":true,"href":"https:\/\/www.imab-concept.it\/es\/wp-json\/wp\/v2\/users\/6"}],"replies":[{"embeddable":true,"href":"https:\/\/www.imab-concept.it\/es\/wp-json\/wp\/v2\/comments?post=17011"}],"version-history":[{"count":25,"href":"https:\/\/www.imab-concept.it\/es\/wp-json\/wp\/v2\/pages\/17011\/revisions"}],"predecessor-version":[{"id":18701,"href":"https:\/\/www.imab-concept.it\/es\/wp-json\/wp\/v2\/pages\/17011\/revisions\/18701"}],"up":[{"embeddable":true,"href":"https:\/\/www.imab-concept.it\/es\/wp-json\/wp\/v2\/pages\/16950"}],"wp:attachment":[{"href":"https:\/\/www.imab-concept.it\/es\/wp-json\/wp\/v2\/media?parent=17011"}],"curies":[{"name":"wp","href":"https:\/\/api.w.org\/{rel}","templated":true}]}}