{"id":16983,"date":"2020-10-06T15:30:07","date_gmt":"2020-10-06T13:30:07","guid":{"rendered":"https:\/\/www.imab-concept.it\/muebles-de-dormitorio\/camerette\/"},"modified":"2026-02-04T15:42:14","modified_gmt":"2026-02-04T14:42:14","slug":"dormitorios-infantiles","status":"publish","type":"page","link":"https:\/\/www.imab-concept.it\/es\/muebles-de-dormitorio\/dormitorios-infantiles\/","title":{"rendered":"Dormitorios infantiles"},"content":{"rendered":"<p><div class=\"fusion-fullwidth fullwidth-box fusion-builder-row-1 fusion-flex-container hundred-percent-fullwidth non-hundred-percent-height-scrolling\" style=\"background-color: rgba(255,255,255,0);background-position: center center;background-repeat: no-repeat;border-width: 0px 0px 0px 0px;border-color:#eae9e9;border-style:solid;\" ><div class=\"fusion-builder-row fusion-row fusion-flex-align-items-flex-start\" style=\"width:104% !important;max-width:104% !important;margin-left: calc(-4% \/ 2 );margin-right: calc(-4% \/ 2 );\"><div class=\"fusion-layout-column fusion_builder_column fusion-builder-column-0 fusion_builder_column_1_1 1_1 fusion-flex-column\"><div class=\"fusion-column-wrapper fusion-flex-justify-content-flex-start fusion-content-layout-column\" style=\"background-position:left top;background-repeat:no-repeat;-webkit-background-size:cover;-moz-background-size:cover;-o-background-size:cover;background-size:cover;padding: 0px 0px 0px 0px;\"><div class=\"fusion-slider-sc\"><div class=\"fusion-flexslider-loading flexslider flexslider-hover-type-none\" data-slideshow_autoplay=\"0\" data-slideshow_smooth_height=\"0\" data-slideshow_speed=\"3000\" style=\"max-width:100%;height:100%;\"><ul class=\"slides\"><li class=\"image\"><span class=\"fusion-image-hover-element hover-type-none\"><img decoding=\"async\" src=\"https:\/\/www.imab-concept.it\/wp-content\/uploads\/2024\/06\/camerette-sito_imab-concept.jpg\" width=\"2560\" height=\"900\" class=\"wp-image-12530\" srcset=\"https:\/\/www.imab-concept.it\/wp-content\/uploads\/2024\/06\/camerette-sito_imab-concept-200x70.jpg 200w, https:\/\/www.imab-concept.it\/wp-content\/uploads\/2024\/06\/camerette-sito_imab-concept-400x141.jpg 400w, https:\/\/www.imab-concept.it\/wp-content\/uploads\/2024\/06\/camerette-sito_imab-concept-600x211.jpg 600w, https:\/\/www.imab-concept.it\/wp-content\/uploads\/2024\/06\/camerette-sito_imab-concept-800x281.jpg 800w, https:\/\/www.imab-concept.it\/wp-content\/uploads\/2024\/06\/camerette-sito_imab-concept-1200x422.jpg 1200w, https:\/\/www.imab-concept.it\/wp-content\/uploads\/2024\/06\/camerette-sito_imab-concept.jpg 2560w\" sizes=\"(max-width: 1024px) 100vw, (max-width: 640px) 100vw, 2560px\" \/><\/span><\/li><\/ul><\/div><\/div><\/div><\/div><style type=\"text\/css\">.fusion-body .fusion-builder-column-0{width:100% !important;margin-top : 0px;margin-bottom : 0px;}.fusion-builder-column-0 > .fusion-column-wrapper {padding-top : 0px !important;padding-right : 0px !important;margin-right : 1.92%;padding-bottom : 0px !important;padding-left : 0px !important;margin-left : 1.92%;}@media only screen and (max-width:1024px) {.fusion-body .fusion-builder-column-0{width:100% !important;order : 0;}.fusion-builder-column-0 > .fusion-column-wrapper {margin-right : 1.92%;margin-left : 1.92%;}}@media only screen and (max-width:640px) {.fusion-body .fusion-builder-column-0{width:100% !important;order : 0;}.fusion-builder-column-0 > .fusion-column-wrapper {margin-right : 1.92%;margin-left : 1.92%;}}<\/style><\/div><style type=\"text\/css\">.fusion-body .fusion-flex-container.fusion-builder-row-1{ padding-top : 0px;margin-top : 0px;padding-right : 0px;padding-bottom : 0px;margin-bottom : 0px;padding-left : 0px;}<\/style><\/div><div class=\"fusion-fullwidth fullwidth-box fusion-builder-row-2 fusion-flex-container nonhundred-percent-fullwidth non-hundred-percent-height-scrolling fusion-animated\" style=\"background-color: rgba(255,255,255,0);background-position: center bottom;background-repeat: no-repeat;border-width: 0px 0px 0px 0px;border-color:#eae9e9;border-style:solid;\" data-animationType=\"fadeInUp\" data-animationDuration=\"0.3\" data-animationOffset=\"100%\" ><div class=\"fusion-builder-row fusion-row fusion-flex-align-items-flex-start fusion-flex-justify-content-center\" style=\"max-width:1445.6px;margin-left: calc(-4% \/ 2 );margin-right: calc(-4% \/ 2 );\"><div class=\"fusion-layout-column fusion_builder_column fusion-builder-column-1 fusion_builder_column_2_5 2_5 fusion-flex-column\"><div class=\"fusion-column-wrapper fusion-flex-justify-content-flex-start fusion-content-layout-column\" style=\"background-position:left top;background-repeat:no-repeat;-webkit-background-size:cover;-moz-background-size:cover;-o-background-size:cover;background-size:cover;padding: 0px 0px 0px 0px;\"><style type=\"text\/css\">@media only screen and (max-width:1024px) {.fusion-title.fusion-title-1{margin-top:8px!important;margin-bottom:16px!important;}}@media only screen and (max-width:640px) {.fusion-title.fusion-title-1{margin-top:8px!important;margin-bottom:16px!important;}}<\/style><div class=\"fusion-title title fusion-title-1 fusion-sep-none fusion-title-text fusion-title-size-two\" style=\"margin-top:8px;margin-bottom:16px;\"><h2 class=\"title-heading-left\" style=\"margin:0;\">Dormitorios infantiles<\/h2><\/div><\/div><\/div><style type=\"text\/css\">.fusion-body .fusion-builder-column-1{width:40% !important;margin-top : 25px;margin-bottom : 25px;}.fusion-builder-column-1 > .fusion-column-wrapper {padding-top : 0px !important;padding-right : 0px !important;margin-right : 4.8%;padding-bottom : 0px !important;padding-left : 0px !important;margin-left : 4.8%;}@media only screen and (max-width:1024px) {.fusion-body .fusion-builder-column-1{width:100% !important;order : 0;}.fusion-builder-column-1 > .fusion-column-wrapper {padding-right : 0% !important;margin-right : 0%;padding-left : 0% !important;margin-left : 0%;}}@media only screen and (max-width:640px) {.fusion-body .fusion-builder-column-1{width:100% !important;order : 0;margin-top : 0px;margin-bottom : 0px;}.fusion-builder-column-1 > .fusion-column-wrapper {padding-top : 0px !important;margin-right : 1.92%;padding-bottom : 0px !important;margin-left : 1.92%;}}<\/style><div class=\"fusion-layout-column fusion_builder_column fusion-builder-column-2 fusion_builder_column_3_5 3_5 fusion-flex-column fusion-animated\" data-animationType=\"fadeIn\" data-animationDuration=\"0.8\" data-animationOffset=\"100%\"><div class=\"fusion-column-wrapper fusion-flex-justify-content-flex-start fusion-content-layout-column\" style=\"background-position:left top;background-repeat:no-repeat;-webkit-background-size:cover;-moz-background-size:cover;-o-background-size:cover;background-size:cover;padding: 0px 3% 0px 0px;\"><div class=\"fusion-builder-row fusion-builder-row-inner fusion-row fusion-flex-align-items-flex-start fusion-flex-justify-content-center\" style=\"width:104% !important;max-width:104% !important;margin-left: calc(-4% \/ 2 );margin-right: calc(-4% \/ 2 );\"><div class=\"fusion-layout-column fusion_builder_column_inner fusion-builder-nested-column-0 fusion_builder_column_inner_1_1 1_1 fusion-flex-column fusion-flex-align-self-flex-start\"><div class=\"fusion-column-wrapper fusion-flex-justify-content-center fusion-content-layout-column\" style=\"background-position:left top;background-repeat:no-repeat;-webkit-background-size:cover;-moz-background-size:cover;-o-background-size:cover;background-size:cover;padding: 0px 0px 0px 0px;\"><div class=\"fusion-text fusion-text-1\" style=\"text-align:left;transform:translate3d(0,0,0);\"><p style=\"text-align: left;\"><strong>Dormitorios infantiles modernos para todas las etapas.<\/strong><\/p>\n<p style=\"text-align: left;\">Nuestros dormitorios infantiles est\u00e1n dise\u00f1ados seg\u00fan las necesidades de los ni\u00f1os y j\u00f3venes en cada etapa de su crecimiento, para acompa\u00f1arles con el paso del tiempo y hacer que se sientan siempre como en casa. La funcionalidad y la versatilidad son nuestra respuesta para cuando necesitan estudiar, jugar, recibir a amigos y descansar. A todo ello hemos a\u00f1adido la atenci\u00f3n prestada a la organizaci\u00f3n del espacio en relaci\u00f3n con la disposici\u00f3n de cada elemento del mobiliario de dormitorio. Nuestros dise\u00f1os se caracterizan por una modularidad que ahorra espacio y permite una gran libertad de movimientos, estimulando a la vez la creatividad.<\/p>\n<\/div><\/div><\/div><style type=\"text\/css\">.fusion-body .fusion-builder-nested-column-0{width:100% !important;margin-top : 20px;margin-bottom : 20px;}.fusion-builder-nested-column-0 > .fusion-column-wrapper {padding-top : 0px !important;padding-right : 0px !important;margin-right : 2.304%;padding-bottom : 0px !important;padding-left : 0px !important;margin-left : 1.92%;}@media only screen and (max-width:1024px) {.fusion-body .fusion-builder-nested-column-0{width:100% !important;order : 0;margin-top : 0%;}.fusion-builder-nested-column-0 > .fusion-column-wrapper {margin-right : 2.304%;margin-left : 1.92%;}}@media only screen and (max-width:640px) {.fusion-body .fusion-builder-nested-column-0{width:100% !important;order : 0;}.fusion-builder-nested-column-0 > .fusion-column-wrapper {margin-right : 2.304%;margin-left : 1.92%;}}<\/style><\/div><\/div><\/div><style type=\"text\/css\">.fusion-body .fusion-builder-column-2{width:60% !important;margin-top : 25px;margin-bottom : 5px;}.fusion-builder-column-2 > .fusion-column-wrapper {padding-top : 0px !important;padding-right : 3% !important;margin-right : 0%;padding-bottom : 0px !important;padding-left : 0px !important;margin-left : 3.2%;}@media only screen and (max-width:1024px) {.fusion-body .fusion-builder-column-2{width:100% !important;order : 0;margin-top : 0%;margin-bottom : 0%;}.fusion-builder-column-2 > .fusion-column-wrapper {padding-right : 0% !important;margin-right : 0%;padding-left : 0% !important;margin-left : 0%;}}@media only screen and (max-width:640px) {.fusion-body .fusion-builder-column-2{width:100% !important;order : 0;margin-bottom : 0%;}.fusion-builder-column-2 > .fusion-column-wrapper {margin-right : 1.92%;margin-left : 1.92%;}}<\/style><\/div><style type=\"text\/css\">.fusion-body .fusion-flex-container.fusion-builder-row-2{ padding-top : 0px;margin-top : 0px;padding-right : 0px;padding-bottom : 4%;margin-bottom : 0px;padding-left : 0px;}@media only screen and (max-width:1024px) {.fusion-body .fusion-flex-container.fusion-builder-row-2{ padding-top : 0;}}<\/style><\/div><div class=\"fusion-fullwidth fullwidth-box fusion-builder-row-3 fusion-flex-container nonhundred-percent-fullwidth non-hundred-percent-height-scrolling\" style=\"background-color: rgba(255,255,255,0);background-position: center center;background-repeat: no-repeat;border-width: 0px 0px 0px 0px;border-color:#eae9e9;border-style:solid;\" ><div class=\"fusion-builder-row fusion-row fusion-flex-align-items-stretch\" style=\"max-width:1445.6px;margin-left: calc(-4% \/ 2 );margin-right: calc(-4% \/ 2 );\"><div class=\"fusion-layout-column fusion_builder_column fusion-builder-column-3 fusion_builder_column_1_2 1_2 fusion-flex-column fusion-animated\" data-animationType=\"fadeInUp\" data-animationDuration=\"0.3\" data-animationOffset=\"100%\"><div class=\"fusion-column-wrapper fusion-flex-justify-content-flex-start fusion-content-layout-column\" style=\"background-position:left top;background-repeat:no-repeat;-webkit-background-size:cover;-moz-background-size:cover;-o-background-size:cover;background-size:cover;padding: 0px 0px 0px 0px;\"><div ><span class=\" fusion-imageframe imageframe-none imageframe-1 hover-type-zoomin\" style=\"margin-bottom:4%;\"><img decoding=\"async\" width=\"650\" height=\"470\" alt=\"Cameretta singola con armadio \" title=\"VCJ159_cameretta_singola_next\" src=\"https:\/\/www.imab-concept.it\/wp-content\/uploads\/2026\/01\/VCJ159_cameretta_singola_next.jpg\" class=\"img-responsive wp-image-19546\" srcset=\"https:\/\/www.imab-concept.it\/wp-content\/uploads\/2026\/01\/VCJ159_cameretta_singola_next-200x145.jpg 200w, https:\/\/www.imab-concept.it\/wp-content\/uploads\/2026\/01\/VCJ159_cameretta_singola_next-400x289.jpg 400w, https:\/\/www.imab-concept.it\/wp-content\/uploads\/2026\/01\/VCJ159_cameretta_singola_next-600x434.jpg 600w, https:\/\/www.imab-concept.it\/wp-content\/uploads\/2026\/01\/VCJ159_cameretta_singola_next.jpg 650w\" sizes=\"(max-width: 1024px) 100vw, (max-width: 640px) 100vw, 650px\" \/><\/span><\/div><style type=\"text\/css\">@media only screen and (max-width:1024px) {.fusion-title.fusion-title-2{margin-top:8px!important;margin-bottom:16px!important;}}@media only screen and (max-width:640px) {.fusion-title.fusion-title-2{margin-top:8px!important;margin-bottom:16px!important;}}<\/style><div class=\"fusion-title title fusion-title-2 fusion-sep-none fusion-title-text fusion-title-size-three\" style=\"margin-top:8px;margin-bottom:16px;\"><h3 class=\"title-heading-left\" style=\"margin:0;\">Soluci\u00f3n personalizada para espacios con techos inclinados<\/h3><\/div><div class=\"fusion-text fusion-text-2\" style=\"transform:translate3d(0,0,0);\"><p>Con una est\u00e9tica esencial y ritmos bien marcados, este dormitorio te permite crear la mejor soluci\u00f3n para tu espacio, separando los elementos con una configuraci\u00f3n decorativa original y elegante.<\/p>\n<\/div><div ><style type=\"text\/css\">.fusion-button.button-1 {border-radius:50px;}<\/style><a class=\"fusion-button button-flat fusion-button-default-size button-default button-1 fusion-button-default-span fusion-button-default-type button_cucine\" target=\"_self\" href=\"https:\/\/www.imab-concept.it\/es\/collezione\/jazz-es\/dormitorios-infantiles\/\"><span class=\"fusion-button-text\">DESCUBRE LA COLECCI\u00d3N JAZZ<\/span><\/a><\/div><\/div><\/div><style type=\"text\/css\">.fusion-body .fusion-builder-column-3{width:50% !important;margin-top : 25px;margin-bottom : 25px;}.fusion-builder-column-3 > .fusion-column-wrapper {padding-top : 0px !important;padding-right : 0px !important;margin-right : 3.84%;padding-bottom : 0px !important;padding-left : 0px !important;margin-left : 3.84%;}@media only screen and (max-width:1024px) {.fusion-body .fusion-builder-column-3{width:50% !important;order : 0;}.fusion-builder-column-3 > .fusion-column-wrapper {margin-right : 3.84%;margin-left : 3.84%;}}@media only screen and (max-width:640px) {.fusion-body .fusion-builder-column-3{width:100% !important;order : 0;}.fusion-builder-column-3 > .fusion-column-wrapper {margin-right : 1.92%;margin-left : 1.92%;}}<\/style><div class=\"fusion-layout-column fusion_builder_column fusion-builder-column-4 fusion_builder_column_1_2 1_2 fusion-flex-column fusion-animated\" data-animationType=\"fadeInUp\" data-animationDuration=\"0.3\" data-animationOffset=\"100%\"><div class=\"fusion-column-wrapper fusion-flex-justify-content-flex-start fusion-content-layout-column\" style=\"background-position:left top;background-repeat:no-repeat;-webkit-background-size:cover;-moz-background-size:cover;-o-background-size:cover;background-size:cover;padding: 0px 0px 0px 0px;\"><div ><span class=\" fusion-imageframe imageframe-none imageframe-2 hover-type-zoomin\" style=\"margin-bottom:4%;\"><img decoding=\"async\" width=\"650\" height=\"470\" alt=\"Immagine cameretta cn armadio in Agave a ponte e letto \" title=\"VCJ158_cameretta_ponte_singola_next\" src=\"https:\/\/www.imab-concept.it\/wp-content\/uploads\/2026\/01\/VCJ158_cameretta_ponte_singola_next.jpg\" class=\"img-responsive wp-image-19542\" srcset=\"https:\/\/www.imab-concept.it\/wp-content\/uploads\/2026\/01\/VCJ158_cameretta_ponte_singola_next-200x145.jpg 200w, https:\/\/www.imab-concept.it\/wp-content\/uploads\/2026\/01\/VCJ158_cameretta_ponte_singola_next-400x289.jpg 400w, https:\/\/www.imab-concept.it\/wp-content\/uploads\/2026\/01\/VCJ158_cameretta_ponte_singola_next-600x434.jpg 600w, https:\/\/www.imab-concept.it\/wp-content\/uploads\/2026\/01\/VCJ158_cameretta_ponte_singola_next.jpg 650w\" sizes=\"(max-width: 1024px) 100vw, (max-width: 640px) 100vw, 650px\" \/><\/span><\/div><style type=\"text\/css\">@media only screen and (max-width:1024px) {.fusion-title.fusion-title-3{margin-top:8px!important;margin-bottom:16px!important;}}@media only screen and (max-width:640px) {.fusion-title.fusion-title-3{margin-top:8px!important;margin-bottom:16px!important;}}<\/style><div class=\"fusion-title title fusion-title-3 fusion-sep-none fusion-title-text fusion-title-size-three\" style=\"margin-top:8px;margin-bottom:16px;\"><h3 class=\"title-heading-left\" style=\"margin:0;\">Soluci\u00f3n juvenil compacta y totalmente personalizable<\/h3><\/div><div class=\"fusion-text fusion-text-3\" style=\"transform:translate3d(0,0,0);\"><p>Un dormitorio con todos los elementos personalizables y adaptables a medida, en el que los materiales se unen al color con creatividad y flexibilidad compositiva.<\/p>\n<\/div><div ><style type=\"text\/css\">.fusion-button.button-2 {border-radius:50px;}<\/style><a class=\"fusion-button button-flat fusion-button-default-size button-default button-2 fusion-button-default-span fusion-button-default-type button_cucine\" target=\"_self\" href=\"https:\/\/www.imab-concept.it\/es\/collezione\/jazz-es\/dormitorios-infantiles\/\"><span class=\"fusion-button-text\">DESCUBRE LA COLECCI\u00d3N JAZZ<\/span><\/a><\/div><\/div><\/div><style type=\"text\/css\">.fusion-body .fusion-builder-column-4{width:50% !important;margin-top : 25px;margin-bottom : 25px;}.fusion-builder-column-4 > .fusion-column-wrapper {padding-top : 0px !important;padding-right : 0px !important;margin-right : 3.84%;padding-bottom : 0px !important;padding-left : 0px !important;margin-left : 3.84%;}@media only screen and (max-width:1024px) {.fusion-body .fusion-builder-column-4{width:50% !important;order : 0;}.fusion-builder-column-4 > .fusion-column-wrapper {margin-right : 3.84%;margin-left : 3.84%;}}@media only screen and (max-width:640px) {.fusion-body .fusion-builder-column-4{width:100% !important;order : 0;}.fusion-builder-column-4 > .fusion-column-wrapper {margin-right : 1.92%;margin-left : 1.92%;}}<\/style><div class=\"fusion-layout-column fusion_builder_column fusion-builder-column-5 fusion_builder_column_1_2 1_2 fusion-flex-column fusion-animated\" data-animationType=\"fadeInUp\" data-animationDuration=\"0.3\" data-animationOffset=\"100%\"><div class=\"fusion-column-wrapper fusion-flex-justify-content-flex-start fusion-content-layout-column\" style=\"background-position:left top;background-repeat:no-repeat;-webkit-background-size:cover;-moz-background-size:cover;-o-background-size:cover;background-size:cover;padding: 0px 0px 0px 0px;\"><div ><span class=\" fusion-imageframe imageframe-none imageframe-3 hover-type-zoomin\" style=\"margin-bottom:4%;\"><img decoding=\"async\" width=\"650\" height=\"470\" alt=\"Immagine cameretta singola con soppalco, zona studio e cabinone salvaspazio in giallo e Moka \" title=\"VCJ157_cameretta_con_cabina_next\" src=\"https:\/\/www.imab-concept.it\/wp-content\/uploads\/2026\/01\/VCJ157_cameretta_con_cabina_next.jpg\" class=\"img-responsive wp-image-19538\" srcset=\"https:\/\/www.imab-concept.it\/wp-content\/uploads\/2026\/01\/VCJ157_cameretta_con_cabina_next-200x145.jpg 200w, https:\/\/www.imab-concept.it\/wp-content\/uploads\/2026\/01\/VCJ157_cameretta_con_cabina_next-400x289.jpg 400w, https:\/\/www.imab-concept.it\/wp-content\/uploads\/2026\/01\/VCJ157_cameretta_con_cabina_next-600x434.jpg 600w, https:\/\/www.imab-concept.it\/wp-content\/uploads\/2026\/01\/VCJ157_cameretta_con_cabina_next.jpg 650w\" sizes=\"(max-width: 1024px) 100vw, (max-width: 640px) 100vw, 650px\" \/><\/span><\/div><style type=\"text\/css\">@media only screen and (max-width:1024px) {.fusion-title.fusion-title-4{margin-top:8px!important;margin-bottom:16px!important;}}@media only screen and (max-width:640px) {.fusion-title.fusion-title-4{margin-top:8px!important;margin-bottom:16px!important;}}<\/style><div class=\"fusion-title title fusion-title-4 fusion-sep-none fusion-title-text fusion-title-size-three\" style=\"margin-top:8px;margin-bottom:16px;\"><h3 class=\"title-heading-left\" style=\"margin:0;\">Dormitorio juvenil con cama alta y vestidor transitable<\/h3><\/div><div class=\"fusion-text fusion-text-4\" style=\"transform:translate3d(0,0,0);\"><p>Ideas para amueblar un dormitorio poco espacioso, disponiendo los muebles de otra forma para optimizar el espacio y crear asimismo una habitaci\u00f3n funcional.<\/p>\n<\/div><div ><style type=\"text\/css\">.fusion-button.button-3 {border-radius:50px;}<\/style><a class=\"fusion-button button-flat fusion-button-default-size button-default button-3 fusion-button-default-span fusion-button-default-type button_cucine\" target=\"_self\" href=\"https:\/\/www.imab-concept.it\/es\/collezione\/jazz-es\/dormitorios-infantiles\/\"><span class=\"fusion-button-text\">DESCUBRE LA COLECCI\u00d3N JAZZ<\/span><\/a><\/div><\/div><\/div><style type=\"text\/css\">.fusion-body .fusion-builder-column-5{width:50% !important;margin-top : 25px;margin-bottom : 25px;}.fusion-builder-column-5 > .fusion-column-wrapper {padding-top : 0px !important;padding-right : 0px !important;margin-right : 3.84%;padding-bottom : 0px !important;padding-left : 0px !important;margin-left : 3.84%;}@media only screen and (max-width:1024px) {.fusion-body .fusion-builder-column-5{width:50% !important;order : 0;}.fusion-builder-column-5 > .fusion-column-wrapper {margin-right : 3.84%;margin-left : 3.84%;}}@media only screen and (max-width:640px) {.fusion-body .fusion-builder-column-5{width:100% !important;order : 0;}.fusion-builder-column-5 > .fusion-column-wrapper {margin-right : 1.92%;margin-left : 1.92%;}}<\/style><div class=\"fusion-layout-column fusion_builder_column fusion-builder-column-6 fusion_builder_column_1_2 1_2 fusion-flex-column fusion-animated\" data-animationType=\"fadeInUp\" data-animationDuration=\"0.3\" data-animationOffset=\"100%\"><div class=\"fusion-column-wrapper fusion-flex-justify-content-flex-start fusion-content-layout-column\" style=\"background-position:left top;background-repeat:no-repeat;-webkit-background-size:cover;-moz-background-size:cover;-o-background-size:cover;background-size:cover;padding: 0px 0px 0px 0px;\"><div ><span class=\" fusion-imageframe imageframe-none imageframe-4 hover-type-zoomin\" style=\"margin-bottom:4%;\"><img decoding=\"async\" width=\"650\" height=\"470\" alt=\"Immagine cameretta doppia con soppalco in \" title=\"VCJ156_cameretta_doppia_con_soppalco_next\" src=\"https:\/\/www.imab-concept.it\/wp-content\/uploads\/2026\/01\/VCJ156_cameretta_doppia_con_soppalco_next.jpg\" class=\"img-responsive wp-image-19534\" srcset=\"https:\/\/www.imab-concept.it\/wp-content\/uploads\/2026\/01\/VCJ156_cameretta_doppia_con_soppalco_next-200x145.jpg 200w, https:\/\/www.imab-concept.it\/wp-content\/uploads\/2026\/01\/VCJ156_cameretta_doppia_con_soppalco_next-400x289.jpg 400w, https:\/\/www.imab-concept.it\/wp-content\/uploads\/2026\/01\/VCJ156_cameretta_doppia_con_soppalco_next-600x434.jpg 600w, https:\/\/www.imab-concept.it\/wp-content\/uploads\/2026\/01\/VCJ156_cameretta_doppia_con_soppalco_next.jpg 650w\" sizes=\"(max-width: 1024px) 100vw, (max-width: 640px) 100vw, 650px\" \/><\/span><\/div><style type=\"text\/css\">@media only screen and (max-width:1024px) {.fusion-title.fusion-title-5{margin-top:8px!important;margin-bottom:16px!important;}}@media only screen and (max-width:640px) {.fusion-title.fusion-title-5{margin-top:8px!important;margin-bottom:16px!important;}}<\/style><div class=\"fusion-title title fusion-title-5 fusion-sep-none fusion-title-text fusion-title-size-three\" style=\"margin-top:8px;margin-bottom:16px;\"><h3 class=\"title-heading-left\" style=\"margin:0;\">Dormitorio doble con litera tren y armario integrado<\/h3><\/div><div class=\"fusion-text fusion-text-5\" style=\"transform:translate3d(0,0,0);\"><p>La consigna principal de este dormitorio es:\u00a1ahorrar espacio! Cuando es imprescindible transformar la habitaci\u00f3n seg\u00fan el momento de la jornada.<\/p>\n<\/div><div ><style type=\"text\/css\">.fusion-button.button-4 {border-radius:50px;}<\/style><a class=\"fusion-button button-flat fusion-button-default-size button-default button-4 fusion-button-default-span fusion-button-default-type button_cucine\" target=\"_self\" href=\"https:\/\/www.imab-concept.it\/es\/collezione\/jazz-es\/dormitorios-infantiles\/\"><span class=\"fusion-button-text\">DESCUBRE LA COLECCI\u00d3N JAZZ<\/span><\/a><\/div><\/div><\/div><style type=\"text\/css\">.fusion-body .fusion-builder-column-6{width:50% !important;margin-top : 25px;margin-bottom : 25px;}.fusion-builder-column-6 > .fusion-column-wrapper {padding-top : 0px !important;padding-right : 0px !important;margin-right : 3.84%;padding-bottom : 0px !important;padding-left : 0px !important;margin-left : 3.84%;}@media only screen and (max-width:1024px) {.fusion-body .fusion-builder-column-6{width:50% !important;order : 0;}.fusion-builder-column-6 > .fusion-column-wrapper {margin-right : 3.84%;margin-left : 3.84%;}}@media only screen and (max-width:640px) {.fusion-body .fusion-builder-column-6{width:100% !important;order : 0;}.fusion-builder-column-6 > .fusion-column-wrapper {margin-right : 1.92%;margin-left : 1.92%;}}<\/style><div class=\"fusion-layout-column fusion_builder_column fusion-builder-column-7 fusion_builder_column_1_2 1_2 fusion-flex-column fusion-animated\" data-animationType=\"fadeInUp\" data-animationDuration=\"0.3\" data-animationOffset=\"100%\"><div class=\"fusion-column-wrapper fusion-flex-justify-content-flex-start fusion-content-layout-column\" style=\"background-position:left top;background-repeat:no-repeat;-webkit-background-size:cover;-moz-background-size:cover;-o-background-size:cover;background-size:cover;padding: 0px 0px 0px 0px;\"><div ><span class=\" fusion-imageframe imageframe-none imageframe-5 hover-type-zoomin\" style=\"margin-bottom:4%;\"><img decoding=\"async\" width=\"650\" height=\"470\" alt=\"Immagine con cameretta singola armadio azzurro e libreria \" title=\"VCJ155_cameretta_singola_ponte_libreria_next\" src=\"https:\/\/www.imab-concept.it\/wp-content\/uploads\/2026\/01\/VCJ155_cameretta_singola_ponte_libreria_next.jpg\" class=\"img-responsive wp-image-19530\" srcset=\"https:\/\/www.imab-concept.it\/wp-content\/uploads\/2026\/01\/VCJ155_cameretta_singola_ponte_libreria_next-200x145.jpg 200w, https:\/\/www.imab-concept.it\/wp-content\/uploads\/2026\/01\/VCJ155_cameretta_singola_ponte_libreria_next-400x289.jpg 400w, https:\/\/www.imab-concept.it\/wp-content\/uploads\/2026\/01\/VCJ155_cameretta_singola_ponte_libreria_next-600x434.jpg 600w, https:\/\/www.imab-concept.it\/wp-content\/uploads\/2026\/01\/VCJ155_cameretta_singola_ponte_libreria_next.jpg 650w\" sizes=\"(max-width: 1024px) 100vw, (max-width: 640px) 100vw, 650px\" \/><\/span><\/div><style type=\"text\/css\">@media only screen and (max-width:1024px) {.fusion-title.fusion-title-6{margin-top:8px!important;margin-bottom:16px!important;}}@media only screen and (max-width:640px) {.fusion-title.fusion-title-6{margin-top:8px!important;margin-bottom:16px!important;}}<\/style><div class=\"fusion-title title fusion-title-6 fusion-sep-none fusion-title-text fusion-title-size-three\" style=\"margin-top:8px;margin-bottom:16px;\"><h3 class=\"title-heading-left\" style=\"margin:0;\">Dormitorio con librer\u00eda y zona TV integrada<\/h3><\/div><div class=\"fusion-text fusion-text-6\" style=\"transform:translate3d(0,0,0);\"><p>Un dormitorio ideal para j\u00f3venes, donde todo encuentra su lugar natural y cada uno disfruta de su propio espacio.<\/p>\n<\/div><div ><style type=\"text\/css\">.fusion-button.button-5 {border-radius:50px;}<\/style><a class=\"fusion-button button-flat fusion-button-default-size button-default button-5 fusion-button-default-span fusion-button-default-type button_cucine\" target=\"_self\" href=\"https:\/\/www.imab-concept.it\/es\/collezione\/jazz-es\/dormitorios-infantiles\/\"><span class=\"fusion-button-text\">DESCUBRE LA COLECCI\u00d3N JAZZ<\/span><\/a><\/div><\/div><\/div><style type=\"text\/css\">.fusion-body .fusion-builder-column-7{width:50% !important;margin-top : 25px;margin-bottom : 25px;}.fusion-builder-column-7 > .fusion-column-wrapper {padding-top : 0px !important;padding-right : 0px !important;margin-right : 3.84%;padding-bottom : 0px !important;padding-left : 0px !important;margin-left : 3.84%;}@media only screen and (max-width:1024px) {.fusion-body .fusion-builder-column-7{width:50% !important;order : 0;}.fusion-builder-column-7 > .fusion-column-wrapper {margin-right : 3.84%;margin-left : 3.84%;}}@media only screen and (max-width:640px) {.fusion-body .fusion-builder-column-7{width:100% !important;order : 0;}.fusion-builder-column-7 > .fusion-column-wrapper {margin-right : 1.92%;margin-left : 1.92%;}}<\/style><div class=\"fusion-layout-column fusion_builder_column fusion-builder-column-8 fusion_builder_column_1_2 1_2 fusion-flex-column fusion-animated\" data-animationType=\"fadeInUp\" data-animationDuration=\"0.3\" data-animationOffset=\"100%\"><div class=\"fusion-column-wrapper fusion-flex-justify-content-flex-start fusion-content-layout-column\" style=\"background-position:left top;background-repeat:no-repeat;-webkit-background-size:cover;-moz-background-size:cover;-o-background-size:cover;background-size:cover;padding: 0px 0px 0px 0px;\"><div ><span class=\" fusion-imageframe imageframe-none imageframe-6 hover-type-zoomin\" style=\"margin-bottom:4%;\"><img decoding=\"async\" width=\"650\" height=\"470\" alt=\"immagine cameretta doppia con armadio a ponte in Sandstone\" title=\"VCJ154_cameretta_doppia_ponte_next\" src=\"https:\/\/www.imab-concept.it\/wp-content\/uploads\/2026\/01\/VCJ154_cameretta_doppia_ponte_next.jpg\" class=\"img-responsive wp-image-19526\" srcset=\"https:\/\/www.imab-concept.it\/wp-content\/uploads\/2026\/01\/VCJ154_cameretta_doppia_ponte_next-200x145.jpg 200w, https:\/\/www.imab-concept.it\/wp-content\/uploads\/2026\/01\/VCJ154_cameretta_doppia_ponte_next-400x289.jpg 400w, https:\/\/www.imab-concept.it\/wp-content\/uploads\/2026\/01\/VCJ154_cameretta_doppia_ponte_next-600x434.jpg 600w, https:\/\/www.imab-concept.it\/wp-content\/uploads\/2026\/01\/VCJ154_cameretta_doppia_ponte_next.jpg 650w\" sizes=\"(max-width: 1024px) 100vw, (max-width: 640px) 100vw, 650px\" \/><\/span><\/div><style type=\"text\/css\">@media only screen and (max-width:1024px) {.fusion-title.fusion-title-7{margin-top:8px!important;margin-bottom:16px!important;}}@media only screen and (max-width:640px) {.fusion-title.fusion-title-7{margin-top:8px!important;margin-bottom:16px!important;}}<\/style><div class=\"fusion-title title fusion-title-7 fusion-sep-none fusion-title-text fusion-title-size-three\" style=\"margin-top:8px;margin-bottom:16px;\"><h3 class=\"title-heading-left\" style=\"margin:0;\">Espacio juvenil: puente compacto y zona de estudio<\/h3><\/div><div class=\"fusion-text fusion-text-7\" style=\"transform:translate3d(0,0,0);\"><p>Dormitorio juvenil con zona de estudio, gran armario y camas individuales. Pocos elementos, pero con todo lo que necesita un adolescente.<\/p>\n<\/div><div ><style type=\"text\/css\">.fusion-button.button-6 {border-radius:50px;}<\/style><a class=\"fusion-button button-flat fusion-button-default-size button-default button-6 fusion-button-default-span fusion-button-default-type button_cucine\" target=\"_self\" href=\"https:\/\/www.imab-concept.it\/es\/collezione\/jazz-es\/dormitorios-infantiles\/\"><span class=\"fusion-button-text\">DESCUBRE LA COLECCI\u00d3N JAZZ<\/span><\/a><\/div><\/div><\/div><style type=\"text\/css\">.fusion-body .fusion-builder-column-8{width:50% !important;margin-top : 25px;margin-bottom : 25px;}.fusion-builder-column-8 > .fusion-column-wrapper {padding-top : 0px !important;padding-right : 0px !important;margin-right : 3.84%;padding-bottom : 0px !important;padding-left : 0px !important;margin-left : 3.84%;}@media only screen and (max-width:1024px) {.fusion-body .fusion-builder-column-8{width:50% !important;order : 0;}.fusion-builder-column-8 > .fusion-column-wrapper {margin-right : 3.84%;margin-left : 3.84%;}}@media only screen and (max-width:640px) {.fusion-body .fusion-builder-column-8{width:100% !important;order : 0;}.fusion-builder-column-8 > .fusion-column-wrapper {margin-right : 1.92%;margin-left : 1.92%;}}<\/style><div class=\"fusion-layout-column fusion_builder_column fusion-builder-column-9 fusion_builder_column_1_2 1_2 fusion-flex-column fusion-animated\" data-animationType=\"fadeInUp\" data-animationDuration=\"0.3\" data-animationOffset=\"100%\"><div class=\"fusion-column-wrapper fusion-flex-justify-content-flex-start fusion-content-layout-column\" style=\"background-position:left top;background-repeat:no-repeat;-webkit-background-size:cover;-moz-background-size:cover;-o-background-size:cover;background-size:cover;padding: 0px 0px 0px 0px;\"><div ><span class=\" fusion-imageframe imageframe-none imageframe-7 hover-type-zoomin\" style=\"margin-bottom:4%;\"><img decoding=\"async\" width=\"650\" height=\"470\" title=\"Cameretta a soppalco per bambine Imab Concept\" src=\"https:\/\/www.imab-concept.it\/wp-content\/uploads\/2022\/12\/VCJ118-cameretta-soppalco-imab-concept-princ.jpg\" class=\"img-responsive wp-image-15623\" srcset=\"https:\/\/www.imab-concept.it\/wp-content\/uploads\/2022\/12\/VCJ118-cameretta-soppalco-imab-concept-princ-200x145.jpg 200w, https:\/\/www.imab-concept.it\/wp-content\/uploads\/2022\/12\/VCJ118-cameretta-soppalco-imab-concept-princ-400x289.jpg 400w, https:\/\/www.imab-concept.it\/wp-content\/uploads\/2022\/12\/VCJ118-cameretta-soppalco-imab-concept-princ-600x434.jpg 600w, https:\/\/www.imab-concept.it\/wp-content\/uploads\/2022\/12\/VCJ118-cameretta-soppalco-imab-concept-princ.jpg 650w\" sizes=\"(max-width: 1024px) 100vw, (max-width: 640px) 100vw, 650px\" \/><\/span><\/div><style type=\"text\/css\">@media only screen and (max-width:1024px) {.fusion-title.fusion-title-8{margin-top:8px!important;margin-bottom:16px!important;}}@media only screen and (max-width:640px) {.fusion-title.fusion-title-8{margin-top:8px!important;margin-bottom:16px!important;}}<\/style><div class=\"fusion-title title fusion-title-8 fusion-sep-none fusion-title-text fusion-title-size-three\" style=\"margin-top:8px;margin-bottom:16px;\"><h3 class=\"title-heading-left\" style=\"margin:0;\">Dormitorio de ni\u00f1a con cama alta<\/h3><\/div><div class=\"fusion-text fusion-text-8\" style=\"transform:translate3d(0,0,0);\"><p>Un dormitorio perfectamente adaptado para las ni\u00f1as, en el que todo encuentra su lugar natural y todo el mundo puede disfrutar de su propio espacio. La posici\u00f3n escalonada de las camas tambi\u00e9n permite colocar un peque\u00f1o armario de dos puertas bajo la escalera.<\/p>\n<\/div><div ><style type=\"text\/css\">.fusion-button.button-7 {border-radius:50px;}<\/style><a class=\"fusion-button button-flat fusion-button-default-size button-default button-7 fusion-button-default-span fusion-button-default-type button_cucine\" target=\"_self\" href=\"https:\/\/www.imab-concept.it\/es\/collezione\/jazz-es\/dormitorios-infantiles\/\"><span class=\"fusion-button-text\">DESCUBRE LA COLECCI\u00d3N JAZZ<\/span><\/a><\/div><\/div><\/div><style type=\"text\/css\">.fusion-body .fusion-builder-column-9{width:50% !important;margin-top : 25px;margin-bottom : 25px;}.fusion-builder-column-9 > .fusion-column-wrapper {padding-top : 0px !important;padding-right : 0px !important;margin-right : 3.84%;padding-bottom : 0px !important;padding-left : 0px !important;margin-left : 3.84%;}@media only screen and (max-width:1024px) {.fusion-body .fusion-builder-column-9{width:50% !important;order : 0;}.fusion-builder-column-9 > .fusion-column-wrapper {margin-right : 3.84%;margin-left : 3.84%;}}@media only screen and (max-width:640px) {.fusion-body .fusion-builder-column-9{width:100% !important;order : 0;}.fusion-builder-column-9 > .fusion-column-wrapper {margin-right : 1.92%;margin-left : 1.92%;}}<\/style><div class=\"fusion-layout-column fusion_builder_column fusion-builder-column-10 fusion_builder_column_1_2 1_2 fusion-flex-column fusion-animated\" data-animationType=\"fadeInUp\" data-animationDuration=\"0.3\" data-animationOffset=\"100%\"><div class=\"fusion-column-wrapper fusion-flex-justify-content-flex-start fusion-content-layout-column\" style=\"background-position:left top;background-repeat:no-repeat;-webkit-background-size:cover;-moz-background-size:cover;-o-background-size:cover;background-size:cover;padding: 0px 0px 0px 0px;\"><div ><span class=\" fusion-imageframe imageframe-none imageframe-8 hover-type-zoomin\" style=\"margin-bottom:4%;\"><img decoding=\"async\" width=\"650\" height=\"470\" title=\"Cameretta per due con soppalco Imab Concept\" src=\"https:\/\/www.imab-concept.it\/wp-content\/uploads\/2022\/12\/VCJ117-cameretta-soppalco-imab-concept-princ.jpg\" class=\"img-responsive wp-image-15622\" srcset=\"https:\/\/www.imab-concept.it\/wp-content\/uploads\/2022\/12\/VCJ117-cameretta-soppalco-imab-concept-princ-200x145.jpg 200w, https:\/\/www.imab-concept.it\/wp-content\/uploads\/2022\/12\/VCJ117-cameretta-soppalco-imab-concept-princ-400x289.jpg 400w, https:\/\/www.imab-concept.it\/wp-content\/uploads\/2022\/12\/VCJ117-cameretta-soppalco-imab-concept-princ-600x434.jpg 600w, https:\/\/www.imab-concept.it\/wp-content\/uploads\/2022\/12\/VCJ117-cameretta-soppalco-imab-concept-princ.jpg 650w\" sizes=\"(max-width: 1024px) 100vw, (max-width: 640px) 100vw, 650px\" \/><\/span><\/div><style type=\"text\/css\">@media only screen and (max-width:1024px) {.fusion-title.fusion-title-9{margin-top:8px!important;margin-bottom:16px!important;}}@media only screen and (max-width:640px) {.fusion-title.fusion-title-9{margin-top:8px!important;margin-bottom:16px!important;}}<\/style><div class=\"fusion-title title fusion-title-9 fusion-sep-none fusion-title-text fusion-title-size-three\" style=\"margin-top:8px;margin-bottom:16px;\"><h3 class=\"title-heading-left\" style=\"margin:0;\">Dormitorio infantil doble con cama alta<\/h3><\/div><div class=\"fusion-text fusion-text-9\" style=\"transform:translate3d(0,0,0);\"><p>Propuesta que piensa en todo organizando cada metro cuadrado disponible para dejar el mayor espacio libre posible para jugar. La escalera de acceso a la cama superior tambi\u00e9n se puede utilizar a modo de amplia librer\u00eda.<\/p>\n<\/div><div ><style type=\"text\/css\">.fusion-button.button-8 {border-radius:50px;}<\/style><a class=\"fusion-button button-flat fusion-button-default-size button-default button-8 fusion-button-default-span fusion-button-default-type button_cucine\" target=\"_self\" href=\"https:\/\/www.imab-concept.it\/es\/collezione\/jazz-es\/dormitorios-infantiles\/\"><span class=\"fusion-button-text\">DESCUBRE LA COLECCI\u00d3N JAZZ<\/span><\/a><\/div><\/div><\/div><style type=\"text\/css\">.fusion-body .fusion-builder-column-10{width:50% !important;margin-top : 25px;margin-bottom : 25px;}.fusion-builder-column-10 > .fusion-column-wrapper {padding-top : 0px !important;padding-right : 0px !important;margin-right : 3.84%;padding-bottom : 0px !important;padding-left : 0px !important;margin-left : 3.84%;}@media only screen and (max-width:1024px) {.fusion-body .fusion-builder-column-10{width:50% !important;order : 0;}.fusion-builder-column-10 > .fusion-column-wrapper {margin-right : 3.84%;margin-left : 3.84%;}}@media only screen and (max-width:640px) {.fusion-body .fusion-builder-column-10{width:100% !important;order : 0;}.fusion-builder-column-10 > .fusion-column-wrapper {margin-right : 1.92%;margin-left : 1.92%;}}<\/style><div class=\"fusion-layout-column fusion_builder_column fusion-builder-column-11 fusion_builder_column_1_2 1_2 fusion-flex-column fusion-animated\" data-animationType=\"fadeInUp\" data-animationDuration=\"0.3\" data-animationOffset=\"100%\"><div class=\"fusion-column-wrapper fusion-flex-justify-content-flex-start fusion-content-layout-column\" style=\"background-position:left top;background-repeat:no-repeat;-webkit-background-size:cover;-moz-background-size:cover;-o-background-size:cover;background-size:cover;padding: 0px 0px 0px 0px;\"><div ><span class=\" fusion-imageframe imageframe-none imageframe-9 hover-type-zoomin\" style=\"margin-bottom:4%;\"><img decoding=\"async\" width=\"650\" height=\"470\" title=\"Cameretta 3 letti estraibili Imab Concept\" src=\"https:\/\/www.imab-concept.it\/wp-content\/uploads\/2022\/12\/VCJ116-cameretta-letti-estraibili-imab-concept-princ.jpg\" class=\"img-responsive wp-image-15621\" srcset=\"https:\/\/www.imab-concept.it\/wp-content\/uploads\/2022\/12\/VCJ116-cameretta-letti-estraibili-imab-concept-princ-200x145.jpg 200w, https:\/\/www.imab-concept.it\/wp-content\/uploads\/2022\/12\/VCJ116-cameretta-letti-estraibili-imab-concept-princ-400x289.jpg 400w, https:\/\/www.imab-concept.it\/wp-content\/uploads\/2022\/12\/VCJ116-cameretta-letti-estraibili-imab-concept-princ-600x434.jpg 600w, https:\/\/www.imab-concept.it\/wp-content\/uploads\/2022\/12\/VCJ116-cameretta-letti-estraibili-imab-concept-princ.jpg 650w\" sizes=\"(max-width: 1024px) 100vw, (max-width: 640px) 100vw, 650px\" \/><\/span><\/div><style type=\"text\/css\">@media only screen and (max-width:1024px) {.fusion-title.fusion-title-10{margin-top:8px!important;margin-bottom:16px!important;}}@media only screen and (max-width:640px) {.fusion-title.fusion-title-10{margin-top:8px!important;margin-bottom:16px!important;}}<\/style><div class=\"fusion-title title fusion-title-10 fusion-sep-none fusion-title-text fusion-title-size-three\" style=\"margin-top:8px;margin-bottom:16px;\"><h3 class=\"title-heading-left\" style=\"margin:0;\">Dormitorio infantil con cama nido<\/h3><\/div><div class=\"fusion-text fusion-text-10\" style=\"transform:translate3d(0,0,0);\"><p>El armario puente alberga hasta tres camas nido multiusos que ocupan el m\u00ednimo espacio. Esta soluci\u00f3n ahorra espacio y les encantar\u00e1 tanto a los padres como a los hijos.<\/p>\n<\/div><div ><style type=\"text\/css\">.fusion-button.button-9 {border-radius:50px;}<\/style><a class=\"fusion-button button-flat fusion-button-default-size button-default button-9 fusion-button-default-span fusion-button-default-type button_cucine\" target=\"_self\" href=\"https:\/\/www.imab-concept.it\/es\/collezione\/jazz-es\/dormitorios-infantiles\/\"><span class=\"fusion-button-text\">DESCUBRE LA COLECCI\u00d3N JAZZ<\/span><\/a><\/div><\/div><\/div><style type=\"text\/css\">.fusion-body .fusion-builder-column-11{width:50% !important;margin-top : 25px;margin-bottom : 25px;}.fusion-builder-column-11 > .fusion-column-wrapper {padding-top : 0px !important;padding-right : 0px !important;margin-right : 3.84%;padding-bottom : 0px !important;padding-left : 0px !important;margin-left : 3.84%;}@media only screen and (max-width:1024px) {.fusion-body .fusion-builder-column-11{width:50% !important;order : 0;}.fusion-builder-column-11 > .fusion-column-wrapper {margin-right : 3.84%;margin-left : 3.84%;}}@media only screen and (max-width:640px) {.fusion-body .fusion-builder-column-11{width:100% !important;order : 0;}.fusion-builder-column-11 > .fusion-column-wrapper {margin-right : 1.92%;margin-left : 1.92%;}}<\/style><div class=\"fusion-layout-column fusion_builder_column fusion-builder-column-12 fusion_builder_column_1_2 1_2 fusion-flex-column fusion-animated\" data-animationType=\"fadeInUp\" data-animationDuration=\"0.3\" data-animationOffset=\"100%\"><div class=\"fusion-column-wrapper fusion-flex-justify-content-flex-start fusion-content-layout-column\" style=\"background-position:left top;background-repeat:no-repeat;-webkit-background-size:cover;-moz-background-size:cover;-o-background-size:cover;background-size:cover;padding: 0px 0px 0px 0px;\"><div ><span class=\" fusion-imageframe imageframe-none imageframe-10 hover-type-zoomin\" style=\"margin-bottom:4%;\"><img decoding=\"async\" width=\"650\" height=\"470\" title=\"Cameretta per ragazzo a ponte Imab Concept\" src=\"https:\/\/www.imab-concept.it\/wp-content\/uploads\/2022\/12\/VCJ109-cameretta-ponte-imab-concept-princ.jpg\" class=\"img-responsive wp-image-15620\" srcset=\"https:\/\/www.imab-concept.it\/wp-content\/uploads\/2022\/12\/VCJ109-cameretta-ponte-imab-concept-princ-200x145.jpg 200w, https:\/\/www.imab-concept.it\/wp-content\/uploads\/2022\/12\/VCJ109-cameretta-ponte-imab-concept-princ-400x289.jpg 400w, https:\/\/www.imab-concept.it\/wp-content\/uploads\/2022\/12\/VCJ109-cameretta-ponte-imab-concept-princ-600x434.jpg 600w, https:\/\/www.imab-concept.it\/wp-content\/uploads\/2022\/12\/VCJ109-cameretta-ponte-imab-concept-princ.jpg 650w\" sizes=\"(max-width: 1024px) 100vw, (max-width: 640px) 100vw, 650px\" \/><\/span><\/div><style type=\"text\/css\">@media only screen and (max-width:1024px) {.fusion-title.fusion-title-11{margin-top:8px!important;margin-bottom:16px!important;}}@media only screen and (max-width:640px) {.fusion-title.fusion-title-11{margin-top:8px!important;margin-bottom:16px!important;}}<\/style><div class=\"fusion-title title fusion-title-11 fusion-sep-none fusion-title-text fusion-title-size-three\" style=\"margin-top:8px;margin-bottom:16px;\"><h3 class=\"title-heading-left\" style=\"margin:0;\">Dormitorio infantil con armario puente esquinero<\/h3><\/div><div class=\"fusion-text fusion-text-11\" style=\"transform:translate3d(0,0,0);\"><p>Propuesta en la que el espacio se multiplica gracias al juego de grosor y profundidad, transform\u00e1ndose seg\u00fan las necesidades y dando forma a un entorno muy personal.<\/p>\n<\/div><div ><style type=\"text\/css\">.fusion-button.button-10 {border-radius:50px;}<\/style><a class=\"fusion-button button-flat fusion-button-default-size button-default button-10 fusion-button-default-span fusion-button-default-type button_cucine\" target=\"_self\" href=\"https:\/\/www.imab-concept.it\/es\/collezione\/jazz-es\/dormitorios-infantiles\/\"><span class=\"fusion-button-text\">DESCUBRE LA COLECCI\u00d3N JAZZ<\/span><\/a><\/div><\/div><\/div><style type=\"text\/css\">.fusion-body .fusion-builder-column-12{width:50% !important;margin-top : 25px;margin-bottom : 25px;}.fusion-builder-column-12 > .fusion-column-wrapper {padding-top : 0px !important;padding-right : 0px !important;margin-right : 3.84%;padding-bottom : 0px !important;padding-left : 0px !important;margin-left : 3.84%;}@media only screen and (max-width:1024px) {.fusion-body .fusion-builder-column-12{width:50% !important;order : 0;}.fusion-builder-column-12 > .fusion-column-wrapper {margin-right : 3.84%;margin-left : 3.84%;}}@media only screen and (max-width:640px) {.fusion-body .fusion-builder-column-12{width:100% !important;order : 0;}.fusion-builder-column-12 > .fusion-column-wrapper {margin-right : 1.92%;margin-left : 1.92%;}}<\/style><div class=\"fusion-layout-column fusion_builder_column fusion-builder-column-13 fusion_builder_column_1_2 1_2 fusion-flex-column fusion-animated\" data-animationType=\"fadeInUp\" data-animationDuration=\"0.3\" data-animationOffset=\"100%\"><div class=\"fusion-column-wrapper fusion-flex-justify-content-flex-start fusion-content-layout-column\" style=\"background-position:left top;background-repeat:no-repeat;-webkit-background-size:cover;-moz-background-size:cover;-o-background-size:cover;background-size:cover;padding: 0px 0px 0px 0px;\"><div ><span class=\" fusion-imageframe imageframe-none imageframe-11 hover-type-zoomin\" style=\"margin-bottom:4%;\"><img decoding=\"async\" width=\"650\" height=\"470\" title=\"Cameretta singola per bambina Imab Concept\" src=\"https:\/\/www.imab-concept.it\/wp-content\/uploads\/2022\/12\/VCJ107-cameretta-singola-imab-concept-princ.jpg\" class=\"img-responsive wp-image-15619\" srcset=\"https:\/\/www.imab-concept.it\/wp-content\/uploads\/2022\/12\/VCJ107-cameretta-singola-imab-concept-princ-200x145.jpg 200w, https:\/\/www.imab-concept.it\/wp-content\/uploads\/2022\/12\/VCJ107-cameretta-singola-imab-concept-princ-400x289.jpg 400w, https:\/\/www.imab-concept.it\/wp-content\/uploads\/2022\/12\/VCJ107-cameretta-singola-imab-concept-princ-600x434.jpg 600w, https:\/\/www.imab-concept.it\/wp-content\/uploads\/2022\/12\/VCJ107-cameretta-singola-imab-concept-princ.jpg 650w\" sizes=\"(max-width: 1024px) 100vw, (max-width: 640px) 100vw, 650px\" \/><\/span><\/div><style type=\"text\/css\">@media only screen and (max-width:1024px) {.fusion-title.fusion-title-12{margin-top:8px!important;margin-bottom:16px!important;}}@media only screen and (max-width:640px) {.fusion-title.fusion-title-12{margin-top:8px!important;margin-bottom:16px!important;}}<\/style><div class=\"fusion-title title fusion-title-12 fusion-sep-none fusion-title-text fusion-title-size-three\" style=\"margin-top:8px;margin-bottom:16px;\"><h3 class=\"title-heading-left\" style=\"margin:0;\">Dormitorio de ni\u00f1a<\/h3><\/div><div class=\"fusion-text fusion-text-12\" style=\"transform:translate3d(0,0,0);\"><p>Interpretaci\u00f3n organizada del dormitorio que combina todas las funciones fundamentales de este espacio: descanso, estudio, juego y almacenamiento.<\/p>\n<\/div><div ><style type=\"text\/css\">.fusion-button.button-11 {border-radius:50px;}<\/style><a class=\"fusion-button button-flat fusion-button-default-size button-default button-11 fusion-button-default-span fusion-button-default-type button_cucine\" target=\"_self\" href=\"https:\/\/www.imab-concept.it\/es\/collezione\/jazz-es\/dormitorios-infantiles\/\"><span class=\"fusion-button-text\">DESCUBRE LA COLECCI\u00d3N JAZZ<\/span><\/a><\/div><\/div><\/div><style type=\"text\/css\">.fusion-body .fusion-builder-column-13{width:50% !important;margin-top : 25px;margin-bottom : 25px;}.fusion-builder-column-13 > .fusion-column-wrapper {padding-top : 0px !important;padding-right : 0px !important;margin-right : 3.84%;padding-bottom : 0px !important;padding-left : 0px !important;margin-left : 3.84%;}@media only screen and (max-width:1024px) {.fusion-body .fusion-builder-column-13{width:50% !important;order : 0;}.fusion-builder-column-13 > .fusion-column-wrapper {margin-right : 3.84%;margin-left : 3.84%;}}@media only screen and (max-width:640px) {.fusion-body .fusion-builder-column-13{width:100% !important;order : 0;}.fusion-builder-column-13 > .fusion-column-wrapper {margin-right : 1.92%;margin-left : 1.92%;}}<\/style><div class=\"fusion-layout-column fusion_builder_column fusion-builder-column-14 fusion_builder_column_1_2 1_2 fusion-flex-column fusion-animated\" data-animationType=\"fadeInUp\" data-animationDuration=\"0.3\" data-animationOffset=\"100%\"><div class=\"fusion-column-wrapper fusion-flex-justify-content-flex-start fusion-content-layout-column\" style=\"background-position:left top;background-repeat:no-repeat;-webkit-background-size:cover;-moz-background-size:cover;-o-background-size:cover;background-size:cover;padding: 0px 0px 0px 0px;\"><div ><span class=\" fusion-imageframe imageframe-none imageframe-12 hover-type-zoomin\" style=\"margin-bottom:4%;\"><img decoding=\"async\" width=\"650\" height=\"470\" title=\"Cameretta singola con scrivania estraibile Imab Concept\" src=\"https:\/\/www.imab-concept.it\/wp-content\/uploads\/2022\/12\/VCJ103-cameretta-singola-imab-concept-princ.jpg\" class=\"img-responsive wp-image-15618\" srcset=\"https:\/\/www.imab-concept.it\/wp-content\/uploads\/2022\/12\/VCJ103-cameretta-singola-imab-concept-princ-200x145.jpg 200w, https:\/\/www.imab-concept.it\/wp-content\/uploads\/2022\/12\/VCJ103-cameretta-singola-imab-concept-princ-400x289.jpg 400w, https:\/\/www.imab-concept.it\/wp-content\/uploads\/2022\/12\/VCJ103-cameretta-singola-imab-concept-princ-600x434.jpg 600w, https:\/\/www.imab-concept.it\/wp-content\/uploads\/2022\/12\/VCJ103-cameretta-singola-imab-concept-princ.jpg 650w\" sizes=\"(max-width: 1024px) 100vw, (max-width: 640px) 100vw, 650px\" \/><\/span><\/div><style type=\"text\/css\">@media only screen and (max-width:1024px) {.fusion-title.fusion-title-13{margin-top:8px!important;margin-bottom:16px!important;}}@media only screen and (max-width:640px) {.fusion-title.fusion-title-13{margin-top:8px!important;margin-bottom:16px!important;}}<\/style><div class=\"fusion-title title fusion-title-13 fusion-sep-none fusion-title-text fusion-title-size-three\" style=\"margin-top:8px;margin-bottom:16px;\"><h3 class=\"title-heading-left\" style=\"margin:0;\">Dormitorio individual con escritorio extra\u00edble<\/h3><\/div><div class=\"fusion-text fusion-text-13\" style=\"transform:translate3d(0,0,0);\"><p>Dormitorio totalmente dise\u00f1ado para optimizar el espacio. Se han adoptado tres soluciones: cama con almacenaje, escritorio extra\u00edble y estanter\u00eda con armario en el extremo.<\/p>\n<\/div><div ><style type=\"text\/css\">.fusion-button.button-12 {border-radius:50px;}<\/style><a class=\"fusion-button button-flat fusion-button-default-size button-default button-12 fusion-button-default-span fusion-button-default-type button_cucine\" target=\"_self\" href=\"https:\/\/www.imab-concept.it\/es\/collezione\/jazz-es\/dormitorios-infantiles\/\"><span class=\"fusion-button-text\">DESCUBRE LA COLECCI\u00d3N JAZZ<\/span><\/a><\/div><\/div><\/div><style type=\"text\/css\">.fusion-body .fusion-builder-column-14{width:50% !important;margin-top : 25px;margin-bottom : 25px;}.fusion-builder-column-14 > .fusion-column-wrapper {padding-top : 0px !important;padding-right : 0px !important;margin-right : 3.84%;padding-bottom : 0px !important;padding-left : 0px !important;margin-left : 3.84%;}@media only screen and (max-width:1024px) {.fusion-body .fusion-builder-column-14{width:50% !important;order : 0;}.fusion-builder-column-14 > .fusion-column-wrapper {margin-right : 3.84%;margin-left : 3.84%;}}@media only screen and (max-width:640px) {.fusion-body .fusion-builder-column-14{width:100% !important;order : 0;}.fusion-builder-column-14 > .fusion-column-wrapper {margin-right : 1.92%;margin-left : 1.92%;}}<\/style><div class=\"fusion-layout-column fusion_builder_column fusion-builder-column-15 fusion_builder_column_1_2 1_2 fusion-flex-column fusion-animated\" data-animationType=\"fadeInUp\" data-animationDuration=\"0.3\" data-animationOffset=\"100%\"><div class=\"fusion-column-wrapper fusion-flex-justify-content-flex-start fusion-content-layout-column\" style=\"background-position:left top;background-repeat:no-repeat;-webkit-background-size:cover;-moz-background-size:cover;-o-background-size:cover;background-size:cover;padding: 0px 0px 0px 0px;\"><div ><span class=\" fusion-imageframe imageframe-none imageframe-13 hover-type-zoomin\" style=\"margin-bottom:4%;\"><img decoding=\"async\" width=\"650\" height=\"470\" title=\"VCJ100 Cameretta singola Imab Concept\" src=\"https:\/\/www.imab-concept.it\/wp-content\/uploads\/2022\/11\/VCJ100-cameretta-singola-imab-concept.jpg\" class=\"img-responsive wp-image-15612\" srcset=\"https:\/\/www.imab-concept.it\/wp-content\/uploads\/2022\/11\/VCJ100-cameretta-singola-imab-concept-200x145.jpg 200w, https:\/\/www.imab-concept.it\/wp-content\/uploads\/2022\/11\/VCJ100-cameretta-singola-imab-concept-400x289.jpg 400w, https:\/\/www.imab-concept.it\/wp-content\/uploads\/2022\/11\/VCJ100-cameretta-singola-imab-concept-600x434.jpg 600w, https:\/\/www.imab-concept.it\/wp-content\/uploads\/2022\/11\/VCJ100-cameretta-singola-imab-concept.jpg 650w\" sizes=\"(max-width: 1024px) 100vw, (max-width: 640px) 100vw, 650px\" \/><\/span><\/div><style type=\"text\/css\">@media only screen and (max-width:1024px) {.fusion-title.fusion-title-14{margin-top:8px!important;margin-bottom:16px!important;}}@media only screen and (max-width:640px) {.fusion-title.fusion-title-14{margin-top:8px!important;margin-bottom:16px!important;}}<\/style><div class=\"fusion-title title fusion-title-14 fusion-sep-none fusion-title-text fusion-title-size-three\" style=\"margin-top:8px;margin-bottom:16px;\"><h3 class=\"title-heading-left\" style=\"margin:0;\">Dormitorio individual juvenil<\/h3><\/div><div class=\"fusion-text fusion-text-14\" style=\"transform:translate3d(0,0,0);\"><p>Idea pr\u00e1ctica y bonita para amueblar el dormitorio de un adolescente. Cama individual con bolsillos de almacenamiento, pr\u00e1ctica zona de estudio, estanter\u00eda y amplio armario con soporte para TV. No le falta nada de nada.<\/p>\n<\/div><div ><style type=\"text\/css\">.fusion-button.button-13 {border-radius:50px;}<\/style><a class=\"fusion-button button-flat fusion-button-default-size button-default button-13 fusion-button-default-span fusion-button-default-type button_cucine\" target=\"_self\" href=\"https:\/\/www.imab-concept.it\/es\/collezione\/jazz-es\/dormitorios-infantiles\/\"><span class=\"fusion-button-text\">DESCUBRE LA COLECCI\u00d3N JAZZ<\/span><\/a><\/div><\/div><\/div><style type=\"text\/css\">.fusion-body .fusion-builder-column-15{width:50% !important;margin-top : 25px;margin-bottom : 25px;}.fusion-builder-column-15 > .fusion-column-wrapper {padding-top : 0px !important;padding-right : 0px !important;margin-right : 3.84%;padding-bottom : 0px !important;padding-left : 0px !important;margin-left : 3.84%;}@media only screen and (max-width:1024px) {.fusion-body .fusion-builder-column-15{width:50% !important;order : 0;}.fusion-builder-column-15 > .fusion-column-wrapper {margin-right : 3.84%;margin-left : 3.84%;}}@media only screen and (max-width:640px) {.fusion-body .fusion-builder-column-15{width:100% !important;order : 0;}.fusion-builder-column-15 > .fusion-column-wrapper {margin-right : 1.92%;margin-left : 1.92%;}}<\/style><div class=\"fusion-layout-column fusion_builder_column fusion-builder-column-16 fusion_builder_column_1_2 1_2 fusion-flex-column fusion-animated\" data-animationType=\"fadeInUp\" data-animationDuration=\"0.3\" data-animationOffset=\"100%\"><div class=\"fusion-column-wrapper fusion-flex-justify-content-flex-start fusion-content-layout-column\" style=\"background-position:left top;background-repeat:no-repeat;-webkit-background-size:cover;-moz-background-size:cover;-o-background-size:cover;background-size:cover;padding: 0px 0px 0px 0px;\"><div ><span class=\" fusion-imageframe imageframe-none imageframe-14 hover-type-zoomin\" style=\"margin-bottom:4%;\"><img decoding=\"async\" width=\"650\" height=\"470\" title=\"VCJ105 Cameretta con armadio angolare Imab Concept\" src=\"https:\/\/www.imab-concept.it\/wp-content\/uploads\/2022\/11\/VCJ105-cameretta-singola-imab-concept.jpg\" class=\"img-responsive wp-image-15614\" srcset=\"https:\/\/www.imab-concept.it\/wp-content\/uploads\/2022\/11\/VCJ105-cameretta-singola-imab-concept-200x145.jpg 200w, https:\/\/www.imab-concept.it\/wp-content\/uploads\/2022\/11\/VCJ105-cameretta-singola-imab-concept-400x289.jpg 400w, https:\/\/www.imab-concept.it\/wp-content\/uploads\/2022\/11\/VCJ105-cameretta-singola-imab-concept-600x434.jpg 600w, https:\/\/www.imab-concept.it\/wp-content\/uploads\/2022\/11\/VCJ105-cameretta-singola-imab-concept.jpg 650w\" sizes=\"(max-width: 1024px) 100vw, (max-width: 640px) 100vw, 650px\" \/><\/span><\/div><style type=\"text\/css\">@media only screen and (max-width:1024px) {.fusion-title.fusion-title-15{margin-top:8px!important;margin-bottom:16px!important;}}@media only screen and (max-width:640px) {.fusion-title.fusion-title-15{margin-top:8px!important;margin-bottom:16px!important;}}<\/style><div class=\"fusion-title title fusion-title-15 fusion-sep-none fusion-title-text fusion-title-size-three\" style=\"margin-top:8px;margin-bottom:16px;\"><h3 class=\"title-heading-left\" style=\"margin:0;\">Dormitorio infantil con armario esquinero<\/h3><\/div><div class=\"fusion-text fusion-text-15\" style=\"transform:translate3d(0,0,0);\"><p>Gracias a la h\u00e1bil interacci\u00f3n de compartimentos abiertos y cerrados, esta soluci\u00f3n permite aprovechar las dos esquinas del dormitorio, que si no estar\u00edan infrautilizadas. El dormitorio de los ni\u00f1os se transforma de este modo en un lugar de descanso y estudio, pero tambi\u00e9n de diversi\u00f3n, gracias al espacio sin muebles.<\/p>\n<\/div><div ><style type=\"text\/css\">.fusion-button.button-14 {border-radius:50px;}<\/style><a class=\"fusion-button button-flat fusion-button-default-size button-default button-14 fusion-button-default-span fusion-button-default-type button_cucine\" target=\"_self\" href=\"https:\/\/www.imab-concept.it\/es\/collezione\/jazz-es\/dormitorios-infantiles\/\"><span class=\"fusion-button-text\">DESCUBRE LA COLECCI\u00d3N JAZZ<\/span><\/a><\/div><\/div><\/div><style type=\"text\/css\">.fusion-body .fusion-builder-column-16{width:50% !important;margin-top : 25px;margin-bottom : 25px;}.fusion-builder-column-16 > .fusion-column-wrapper {padding-top : 0px !important;padding-right : 0px !important;margin-right : 3.84%;padding-bottom : 0px !important;padding-left : 0px !important;margin-left : 3.84%;}@media only screen and (max-width:1024px) {.fusion-body .fusion-builder-column-16{width:50% !important;order : 0;}.fusion-builder-column-16 > .fusion-column-wrapper {margin-right : 3.84%;margin-left : 3.84%;}}@media only screen and (max-width:640px) {.fusion-body .fusion-builder-column-16{width:100% !important;order : 0;}.fusion-builder-column-16 > .fusion-column-wrapper {margin-right : 1.92%;margin-left : 1.92%;}}<\/style><div class=\"fusion-layout-column fusion_builder_column fusion-builder-column-17 fusion_builder_column_1_2 1_2 fusion-flex-column fusion-animated\" data-animationType=\"fadeInUp\" data-animationDuration=\"0.3\" data-animationOffset=\"100%\"><div class=\"fusion-column-wrapper fusion-flex-justify-content-flex-start fusion-content-layout-column\" style=\"background-position:left top;background-repeat:no-repeat;-webkit-background-size:cover;-moz-background-size:cover;-o-background-size:cover;background-size:cover;padding: 0px 0px 0px 0px;\"><div ><span class=\" fusion-imageframe imageframe-none imageframe-15 hover-type-zoomin\" style=\"margin-bottom:4%;\"><img decoding=\"async\" width=\"650\" height=\"470\" title=\"VCJ106 Cameretta pratica con letto singolo contenitore\" src=\"https:\/\/www.imab-concept.it\/wp-content\/uploads\/2022\/11\/VCJ106-cameretta-singola-imab-concept.jpg\" class=\"img-responsive wp-image-15615\" srcset=\"https:\/\/www.imab-concept.it\/wp-content\/uploads\/2022\/11\/VCJ106-cameretta-singola-imab-concept-200x145.jpg 200w, https:\/\/www.imab-concept.it\/wp-content\/uploads\/2022\/11\/VCJ106-cameretta-singola-imab-concept-400x289.jpg 400w, https:\/\/www.imab-concept.it\/wp-content\/uploads\/2022\/11\/VCJ106-cameretta-singola-imab-concept-600x434.jpg 600w, https:\/\/www.imab-concept.it\/wp-content\/uploads\/2022\/11\/VCJ106-cameretta-singola-imab-concept.jpg 650w\" sizes=\"(max-width: 1024px) 100vw, (max-width: 640px) 100vw, 650px\" \/><\/span><\/div><style type=\"text\/css\">@media only screen and (max-width:1024px) {.fusion-title.fusion-title-16{margin-top:8px!important;margin-bottom:16px!important;}}@media only screen and (max-width:640px) {.fusion-title.fusion-title-16{margin-top:8px!important;margin-bottom:16px!important;}}<\/style><div class=\"fusion-title title fusion-title-16 fusion-sep-none fusion-title-text fusion-title-size-three\" style=\"margin-top:8px;margin-bottom:16px;\"><h3 class=\"title-heading-left\" style=\"margin:0;\">Dormitorio infantil con canap\u00e9<\/h3><\/div><div class=\"fusion-text fusion-text-16\" style=\"transform:translate3d(0,0,0);\"><p>Soluci\u00f3n din\u00e1mica y moderna totalmente a medida gracias a la gran modularidad de nuestros muebles. Numerosas estanter\u00edas para guardar juegos y libros, un amplio escritorio y el canap\u00e9 de la cama son ideales para los m\u00e1s peque\u00f1os y para sus padres.<\/p>\n<\/div><div ><style type=\"text\/css\">.fusion-button.button-15 {border-radius:50px;}<\/style><a class=\"fusion-button button-flat fusion-button-default-size button-default button-15 fusion-button-default-span fusion-button-default-type button_cucine\" target=\"_self\" href=\"https:\/\/www.imab-concept.it\/es\/collezione\/jazz-es\/dormitorios-infantiles\/\"><span class=\"fusion-button-text\">DESCUBRE LA COLECCI\u00d3N JAZZ<\/span><\/a><\/div><\/div><\/div><style type=\"text\/css\">.fusion-body .fusion-builder-column-17{width:50% !important;margin-top : 25px;margin-bottom : 25px;}.fusion-builder-column-17 > .fusion-column-wrapper {padding-top : 0px !important;padding-right : 0px !important;margin-right : 3.84%;padding-bottom : 0px !important;padding-left : 0px !important;margin-left : 3.84%;}@media only screen and (max-width:1024px) {.fusion-body .fusion-builder-column-17{width:50% !important;order : 0;}.fusion-builder-column-17 > .fusion-column-wrapper {margin-right : 3.84%;margin-left : 3.84%;}}@media only screen and (max-width:640px) {.fusion-body .fusion-builder-column-17{width:100% !important;order : 0;}.fusion-builder-column-17 > .fusion-column-wrapper {margin-right : 1.92%;margin-left : 1.92%;}}<\/style><div class=\"fusion-layout-column fusion_builder_column fusion-builder-column-18 fusion_builder_column_1_2 1_2 fusion-flex-column fusion-animated\" data-animationType=\"fadeInUp\" data-animationDuration=\"0.3\" data-animationOffset=\"100%\"><div class=\"fusion-column-wrapper fusion-flex-justify-content-flex-start fusion-content-layout-column\" style=\"background-position:left top;background-repeat:no-repeat;-webkit-background-size:cover;-moz-background-size:cover;-o-background-size:cover;background-size:cover;padding: 0px 0px 0px 0px;\"><div ><span class=\" fusion-imageframe imageframe-none imageframe-16 hover-type-zoomin\" style=\"margin-bottom:4%;\"><img decoding=\"async\" width=\"650\" height=\"470\" title=\"VCJ104 Cameretta con armadio a ponte Imab Concept\" src=\"https:\/\/www.imab-concept.it\/wp-content\/uploads\/2022\/11\/VCJ104-cameretta-ponte-imab-concept.jpg\" class=\"img-responsive wp-image-15613\" srcset=\"https:\/\/www.imab-concept.it\/wp-content\/uploads\/2022\/11\/VCJ104-cameretta-ponte-imab-concept-200x145.jpg 200w, https:\/\/www.imab-concept.it\/wp-content\/uploads\/2022\/11\/VCJ104-cameretta-ponte-imab-concept-400x289.jpg 400w, https:\/\/www.imab-concept.it\/wp-content\/uploads\/2022\/11\/VCJ104-cameretta-ponte-imab-concept-600x434.jpg 600w, https:\/\/www.imab-concept.it\/wp-content\/uploads\/2022\/11\/VCJ104-cameretta-ponte-imab-concept.jpg 650w\" sizes=\"(max-width: 1024px) 100vw, (max-width: 640px) 100vw, 650px\" \/><\/span><\/div><style type=\"text\/css\">@media only screen and (max-width:1024px) {.fusion-title.fusion-title-17{margin-top:8px!important;margin-bottom:16px!important;}}@media only screen and (max-width:640px) {.fusion-title.fusion-title-17{margin-top:8px!important;margin-bottom:16px!important;}}<\/style><div class=\"fusion-title title fusion-title-17 fusion-sep-none fusion-title-text fusion-title-size-three\" style=\"margin-top:8px;margin-bottom:16px;\"><h3 class=\"title-heading-left\" style=\"margin:0;\">Dormitorio infantil con armario puente<\/h3><\/div><div class=\"fusion-text fusion-text-17\" style=\"transform:translate3d(0,0,0);\"><p>Propuesta que redefine el espacio y el concepto de dormitorio gracias a una soluci\u00f3n que es todo un ejemplo de funcionalidad y confort. El armario y la cama se pueden organizar con poco espacio para dejar sitio de sobra para el escritorio y los juegos.<\/p>\n<\/div><div ><style type=\"text\/css\">.fusion-button.button-16 {border-radius:50px;}<\/style><a class=\"fusion-button button-flat fusion-button-default-size button-default button-16 fusion-button-default-span fusion-button-default-type button_cucine\" target=\"_self\" href=\"https:\/\/www.imab-concept.it\/es\/collezione\/jazz-es\/dormitorios-infantiles\/\"><span class=\"fusion-button-text\">DESCUBRE LA COLECCI\u00d3N JAZZ<\/span><\/a><\/div><\/div><\/div><style type=\"text\/css\">.fusion-body .fusion-builder-column-18{width:50% !important;margin-top : 25px;margin-bottom : 25px;}.fusion-builder-column-18 > .fusion-column-wrapper {padding-top : 0px !important;padding-right : 0px !important;margin-right : 3.84%;padding-bottom : 0px !important;padding-left : 0px !important;margin-left : 3.84%;}@media only screen and (max-width:1024px) {.fusion-body .fusion-builder-column-18{width:50% !important;order : 0;}.fusion-builder-column-18 > .fusion-column-wrapper {margin-right : 3.84%;margin-left : 3.84%;}}@media only screen and (max-width:640px) {.fusion-body .fusion-builder-column-18{width:100% !important;order : 0;}.fusion-builder-column-18 > .fusion-column-wrapper {margin-right : 1.92%;margin-left : 1.92%;}}<\/style><div class=\"fusion-layout-column fusion_builder_column fusion-builder-column-19 fusion_builder_column_1_2 1_2 fusion-flex-column fusion-animated\" data-animationType=\"fadeInUp\" data-animationDuration=\"0.3\" data-animationOffset=\"100%\"><div class=\"fusion-column-wrapper fusion-flex-justify-content-flex-start fusion-content-layout-column\" style=\"background-position:left top;background-repeat:no-repeat;-webkit-background-size:cover;-moz-background-size:cover;-o-background-size:cover;background-size:cover;padding: 0px 0px 0px 0px;\"><div ><span class=\" fusion-imageframe imageframe-none imageframe-17 hover-type-zoomin\" style=\"margin-bottom:4%;\"><img decoding=\"async\" width=\"650\" height=\"470\" title=\"VCJ119 Cameretta con letto trasformabile Imab Concept\" src=\"https:\/\/www.imab-concept.it\/wp-content\/uploads\/2022\/11\/VCJ119-cameretta-letto-scomparsa-imab-concept.jpg\" class=\"img-responsive wp-image-15616\" srcset=\"https:\/\/www.imab-concept.it\/wp-content\/uploads\/2022\/11\/VCJ119-cameretta-letto-scomparsa-imab-concept-200x145.jpg 200w, https:\/\/www.imab-concept.it\/wp-content\/uploads\/2022\/11\/VCJ119-cameretta-letto-scomparsa-imab-concept-400x289.jpg 400w, https:\/\/www.imab-concept.it\/wp-content\/uploads\/2022\/11\/VCJ119-cameretta-letto-scomparsa-imab-concept-600x434.jpg 600w, https:\/\/www.imab-concept.it\/wp-content\/uploads\/2022\/11\/VCJ119-cameretta-letto-scomparsa-imab-concept.jpg 650w\" sizes=\"(max-width: 1024px) 100vw, (max-width: 640px) 100vw, 650px\" \/><\/span><\/div><style type=\"text\/css\">@media only screen and (max-width:1024px) {.fusion-title.fusion-title-18{margin-top:8px!important;margin-bottom:16px!important;}}@media only screen and (max-width:640px) {.fusion-title.fusion-title-18{margin-top:8px!important;margin-bottom:16px!important;}}<\/style><div class=\"fusion-title title fusion-title-18 fusion-sep-none fusion-title-text fusion-title-size-three\" style=\"margin-top:8px;margin-bottom:16px;\"><h3 class=\"title-heading-left\" style=\"margin:0;\">Dormitorio infantil compacto con cama extra\u00edble<\/h3><\/div><div class=\"fusion-text fusion-text-18\" style=\"transform:translate3d(0,0,0);\"><p>Cuando el espacio dise\u00f1a el dormitorio, una cama transformable ser\u00e1 el punto de equilibrio entre organizaci\u00f3n, practicidad y comodidad y te permitir\u00e1 no tener que renunciar a nada.<\/p>\n<\/div><div ><style type=\"text\/css\">.fusion-button.button-17 {border-radius:50px;}<\/style><a class=\"fusion-button button-flat fusion-button-default-size button-default button-17 fusion-button-default-span fusion-button-default-type button_cucine\" target=\"_self\" href=\"https:\/\/www.imab-concept.it\/es\/collezione\/jazz-es\/dormitorios-infantiles\/\"><span class=\"fusion-button-text\">DESCUBRE LA COLECCI\u00d3N JAZZ<\/span><\/a><\/div><\/div><\/div><style type=\"text\/css\">.fusion-body .fusion-builder-column-19{width:50% !important;margin-top : 25px;margin-bottom : 25px;}.fusion-builder-column-19 > .fusion-column-wrapper {padding-top : 0px !important;padding-right : 0px !important;margin-right : 3.84%;padding-bottom : 0px !important;padding-left : 0px !important;margin-left : 3.84%;}@media only screen and (max-width:1024px) {.fusion-body .fusion-builder-column-19{width:50% !important;order : 0;}.fusion-builder-column-19 > .fusion-column-wrapper {margin-right : 3.84%;margin-left : 3.84%;}}@media only screen and (max-width:640px) {.fusion-body .fusion-builder-column-19{width:100% !important;order : 0;}.fusion-builder-column-19 > .fusion-column-wrapper {margin-right : 1.92%;margin-left : 1.92%;}}<\/style><div class=\"fusion-layout-column fusion_builder_column fusion-builder-column-20 fusion_builder_column_1_2 1_2 fusion-flex-column fusion-animated\" data-animationType=\"fadeInUp\" data-animationDuration=\"0.3\" data-animationOffset=\"100%\"><div class=\"fusion-column-wrapper fusion-flex-justify-content-flex-start fusion-content-layout-column\" style=\"background-position:left top;background-repeat:no-repeat;-webkit-background-size:cover;-moz-background-size:cover;-o-background-size:cover;background-size:cover;padding: 0px 0px 0px 0px;\"><div ><span class=\" fusion-imageframe imageframe-none imageframe-18 hover-type-zoomin\" style=\"margin-bottom:4%;\"><img decoding=\"async\" width=\"650\" height=\"470\" title=\"Cameretta con letto a scomparsa Imab Concept\" src=\"https:\/\/www.imab-concept.it\/wp-content\/uploads\/2022\/11\/VCJ120-cameretta-letto-scomparsa-imab-concept.jpg\" class=\"img-responsive wp-image-15617\" srcset=\"https:\/\/www.imab-concept.it\/wp-content\/uploads\/2022\/11\/VCJ120-cameretta-letto-scomparsa-imab-concept-200x145.jpg 200w, https:\/\/www.imab-concept.it\/wp-content\/uploads\/2022\/11\/VCJ120-cameretta-letto-scomparsa-imab-concept-400x289.jpg 400w, https:\/\/www.imab-concept.it\/wp-content\/uploads\/2022\/11\/VCJ120-cameretta-letto-scomparsa-imab-concept-600x434.jpg 600w, https:\/\/www.imab-concept.it\/wp-content\/uploads\/2022\/11\/VCJ120-cameretta-letto-scomparsa-imab-concept.jpg 650w\" sizes=\"(max-width: 1024px) 100vw, (max-width: 640px) 100vw, 650px\" \/><\/span><\/div><style type=\"text\/css\">@media only screen and (max-width:1024px) {.fusion-title.fusion-title-19{margin-top:8px!important;margin-bottom:16px!important;}}@media only screen and (max-width:640px) {.fusion-title.fusion-title-19{margin-top:8px!important;margin-bottom:16px!important;}}<\/style><div class=\"fusion-title title fusion-title-19 fusion-sep-none fusion-title-text fusion-title-size-three\" style=\"margin-top:8px;margin-bottom:16px;\"><h3 class=\"title-heading-left\" style=\"margin:0;\">Dormitorio con cama extra\u00edble<\/h3><\/div><div class=\"fusion-text fusion-text-19\" style=\"transform:translate3d(0,0,0);\"><p>Esta soluci\u00f3n compacta, ideal para amueblar dormitorios peque\u00f1os, combina dise\u00f1o y practicidad ocupando el m\u00ednimo espacio posible. Todo ello en un espacio reducido con todo lo necesario y con elementos de almacenamiento adicionales que se pueden colocar junto a la cama.<\/p>\n<\/div><div ><style type=\"text\/css\">.fusion-button.button-18 {border-radius:50px;}<\/style><a class=\"fusion-button button-flat fusion-button-default-size button-default button-18 fusion-button-default-span fusion-button-default-type button_cucine\" target=\"_self\" href=\"https:\/\/www.imab-concept.it\/es\/collezione\/jazz-es\/dormitorios-infantiles\/\"><span class=\"fusion-button-text\">DESCUBRE LA COLECCI\u00d3N JAZZ<\/span><\/a><\/div><\/div><\/div><style type=\"text\/css\">.fusion-body .fusion-builder-column-20{width:50% !important;margin-top : 25px;margin-bottom : 25px;}.fusion-builder-column-20 > .fusion-column-wrapper {padding-top : 0px !important;padding-right : 0px !important;margin-right : 3.84%;padding-bottom : 0px !important;padding-left : 0px !important;margin-left : 3.84%;}@media only screen and (max-width:1024px) {.fusion-body .fusion-builder-column-20{width:50% !important;order : 0;}.fusion-builder-column-20 > .fusion-column-wrapper {margin-right : 3.84%;margin-left : 3.84%;}}@media only screen and (max-width:640px) {.fusion-body .fusion-builder-column-20{width:100% !important;order : 0;}.fusion-builder-column-20 > .fusion-column-wrapper {margin-right : 1.92%;margin-left : 1.92%;}}<\/style><\/div><style type=\"text\/css\">.fusion-body .fusion-flex-container.fusion-builder-row-3{ padding-top : 0px;margin-top : 0px;padding-right : 0px;padding-bottom : 0px;margin-bottom : 0px;padding-left : 0px;}<\/style><\/div><\/p>\n","protected":false},"excerpt":{"rendered":"","protected":false},"author":6,"featured_media":0,"parent":16950,"menu_order":0,"comment_status":"closed","ping_status":"closed","template":"100-width.php","meta":[],"yoast_head":"<!-- This site is optimized with the Yoast SEO plugin v20.10 - https:\/\/yoast.com\/wordpress\/plugins\/seo\/ -->\n<title>Dormitorios infantiles modernos \u2013 IMAB Concept<\/title>\n<meta name=\"description\" content=\"Los dormitorios infantiles y juveniles de IMAB Concept se adaptan siempre a las necesidades de tus hijos a medida que van creciendo. Descubre todos los dormitorios infantiles en la web\" \/>\n<meta name=\"robots\" content=\"index, follow, max-snippet:-1, max-image-preview:large, max-video-preview:-1\" \/>\n<link rel=\"canonical\" href=\"https:\/\/www.imab-concept.it\/es\/muebles-de-dormitorio\/dormitorios-infantiles\/\" \/>\n<meta property=\"og:locale\" content=\"es_ES\" \/>\n<meta property=\"og:type\" content=\"article\" \/>\n<meta property=\"og:title\" content=\"Dormitorios infantiles modernos \u2013 IMAB Concept\" \/>\n<meta property=\"og:description\" content=\"Los dormitorios infantiles y juveniles de IMAB Concept se adaptan siempre a las necesidades de tus hijos a medida que van creciendo. Descubre todos los dormitorios infantiles en la web\" \/>\n<meta property=\"og:url\" content=\"https:\/\/www.imab-concept.it\/es\/muebles-de-dormitorio\/dormitorios-infantiles\/\" \/>\n<meta property=\"og:site_name\" content=\"IMAB Concept\" \/>\n<meta property=\"article:modified_time\" content=\"2026-02-04T14:42:14+00:00\" \/>\n<meta property=\"og:image\" content=\"https:\/\/www.imab-concept.it\/wp-content\/uploads\/2021\/01\/Imab_OG_image_1200x630_CAMERETTE.jpg\" \/>\n\t<meta property=\"og:image:width\" content=\"1200\" \/>\n\t<meta property=\"og:image:height\" content=\"630\" \/>\n\t<meta property=\"og:image:type\" content=\"image\/jpeg\" \/>\n<meta name=\"twitter:label1\" content=\"Est. reading time\" \/>\n\t<meta name=\"twitter:data1\" content=\"35 minutos\" \/>\n<script type=\"application\/ld+json\" class=\"yoast-schema-graph\">{\"@context\":\"https:\/\/schema.org\",\"@graph\":[{\"@type\":\"WebPage\",\"@id\":\"https:\/\/www.imab-concept.it\/es\/muebles-de-dormitorio\/dormitorios-infantiles\/\",\"url\":\"https:\/\/www.imab-concept.it\/es\/muebles-de-dormitorio\/dormitorios-infantiles\/\",\"name\":\"Dormitorios infantiles modernos \u2013 IMAB Concept\",\"isPartOf\":{\"@id\":\"https:\/\/www.imab-concept.it\/#website\"},\"datePublished\":\"2020-10-06T13:30:07+00:00\",\"dateModified\":\"2026-02-04T14:42:14+00:00\",\"description\":\"Los dormitorios infantiles y juveniles de IMAB Concept se adaptan siempre a las necesidades de tus hijos a medida que van creciendo. Descubre todos los dormitorios infantiles en la web\",\"breadcrumb\":{\"@id\":\"https:\/\/www.imab-concept.it\/es\/muebles-de-dormitorio\/dormitorios-infantiles\/#breadcrumb\"},\"inLanguage\":\"es\",\"potentialAction\":[{\"@type\":\"ReadAction\",\"target\":[\"https:\/\/www.imab-concept.it\/es\/muebles-de-dormitorio\/dormitorios-infantiles\/\"]}]},{\"@type\":\"BreadcrumbList\",\"@id\":\"https:\/\/www.imab-concept.it\/es\/muebles-de-dormitorio\/dormitorios-infantiles\/#breadcrumb\",\"itemListElement\":[{\"@type\":\"ListItem\",\"position\":1,\"name\":\"Home\",\"item\":\"https:\/\/www.imab-concept.it\/es\/\"},{\"@type\":\"ListItem\",\"position\":2,\"name\":\"Muebles de dormitorio\",\"item\":\"https:\/\/www.imab-concept.it\/es\/muebles-de-dormitorio\/\"},{\"@type\":\"ListItem\",\"position\":3,\"name\":\"Dormitorios infantiles\"}]},{\"@type\":\"WebSite\",\"@id\":\"https:\/\/www.imab-concept.it\/#website\",\"url\":\"https:\/\/www.imab-concept.it\/\",\"name\":\"IMAB Concept\",\"description\":\"Arrediamo con passione\",\"potentialAction\":[{\"@type\":\"SearchAction\",\"target\":{\"@type\":\"EntryPoint\",\"urlTemplate\":\"https:\/\/www.imab-concept.it\/?s={search_term_string}\"},\"query-input\":\"required name=search_term_string\"}],\"inLanguage\":\"es\"}]}<\/script>\n<!-- \/ Yoast SEO plugin. -->","yoast_head_json":{"title":"Dormitorios infantiles modernos \u2013 IMAB Concept","description":"Los dormitorios infantiles y juveniles de IMAB Concept se adaptan siempre a las necesidades de tus hijos a medida que van creciendo. Descubre todos los dormitorios infantiles en la web","robots":{"index":"index","follow":"follow","max-snippet":"max-snippet:-1","max-image-preview":"max-image-preview:large","max-video-preview":"max-video-preview:-1"},"canonical":"https:\/\/www.imab-concept.it\/es\/muebles-de-dormitorio\/dormitorios-infantiles\/","og_locale":"es_ES","og_type":"article","og_title":"Dormitorios infantiles modernos \u2013 IMAB Concept","og_description":"Los dormitorios infantiles y juveniles de IMAB Concept se adaptan siempre a las necesidades de tus hijos a medida que van creciendo. Descubre todos los dormitorios infantiles en la web","og_url":"https:\/\/www.imab-concept.it\/es\/muebles-de-dormitorio\/dormitorios-infantiles\/","og_site_name":"IMAB Concept","article_modified_time":"2026-02-04T14:42:14+00:00","og_image":[{"width":1200,"height":630,"url":"https:\/\/www.imab-concept.it\/wp-content\/uploads\/2021\/01\/Imab_OG_image_1200x630_CAMERETTE.jpg","type":"image\/jpeg"}],"twitter_misc":{"Est. reading time":"35 minutos"},"schema":{"@context":"https:\/\/schema.org","@graph":[{"@type":"WebPage","@id":"https:\/\/www.imab-concept.it\/es\/muebles-de-dormitorio\/dormitorios-infantiles\/","url":"https:\/\/www.imab-concept.it\/es\/muebles-de-dormitorio\/dormitorios-infantiles\/","name":"Dormitorios infantiles modernos \u2013 IMAB Concept","isPartOf":{"@id":"https:\/\/www.imab-concept.it\/#website"},"datePublished":"2020-10-06T13:30:07+00:00","dateModified":"2026-02-04T14:42:14+00:00","description":"Los dormitorios infantiles y juveniles de IMAB Concept se adaptan siempre a las necesidades de tus hijos a medida que van creciendo. Descubre todos los dormitorios infantiles en la web","breadcrumb":{"@id":"https:\/\/www.imab-concept.it\/es\/muebles-de-dormitorio\/dormitorios-infantiles\/#breadcrumb"},"inLanguage":"es","potentialAction":[{"@type":"ReadAction","target":["https:\/\/www.imab-concept.it\/es\/muebles-de-dormitorio\/dormitorios-infantiles\/"]}]},{"@type":"BreadcrumbList","@id":"https:\/\/www.imab-concept.it\/es\/muebles-de-dormitorio\/dormitorios-infantiles\/#breadcrumb","itemListElement":[{"@type":"ListItem","position":1,"name":"Home","item":"https:\/\/www.imab-concept.it\/es\/"},{"@type":"ListItem","position":2,"name":"Muebles de dormitorio","item":"https:\/\/www.imab-concept.it\/es\/muebles-de-dormitorio\/"},{"@type":"ListItem","position":3,"name":"Dormitorios infantiles"}]},{"@type":"WebSite","@id":"https:\/\/www.imab-concept.it\/#website","url":"https:\/\/www.imab-concept.it\/","name":"IMAB Concept","description":"Arrediamo con passione","potentialAction":[{"@type":"SearchAction","target":{"@type":"EntryPoint","urlTemplate":"https:\/\/www.imab-concept.it\/?s={search_term_string}"},"query-input":"required name=search_term_string"}],"inLanguage":"es"}]}},"_links":{"self":[{"href":"https:\/\/www.imab-concept.it\/es\/wp-json\/wp\/v2\/pages\/16983"}],"collection":[{"href":"https:\/\/www.imab-concept.it\/es\/wp-json\/wp\/v2\/pages"}],"about":[{"href":"https:\/\/www.imab-concept.it\/es\/wp-json\/wp\/v2\/types\/page"}],"author":[{"embeddable":true,"href":"https:\/\/www.imab-concept.it\/es\/wp-json\/wp\/v2\/users\/6"}],"replies":[{"embeddable":true,"href":"https:\/\/www.imab-concept.it\/es\/wp-json\/wp\/v2\/comments?post=16983"}],"version-history":[{"count":9,"href":"https:\/\/www.imab-concept.it\/es\/wp-json\/wp\/v2\/pages\/16983\/revisions"}],"predecessor-version":[{"id":19589,"href":"https:\/\/www.imab-concept.it\/es\/wp-json\/wp\/v2\/pages\/16983\/revisions\/19589"}],"up":[{"embeddable":true,"href":"https:\/\/www.imab-concept.it\/es\/wp-json\/wp\/v2\/pages\/16950"}],"wp:attachment":[{"href":"https:\/\/www.imab-concept.it\/es\/wp-json\/wp\/v2\/media?parent=16983"}],"curies":[{"name":"wp","href":"https:\/\/api.w.org\/{rel}","templated":true}]}}